{"id":18300,"date":"2026-04-24T11:19:58","date_gmt":"2026-04-24T08:19:58","guid":{"rendered":"https:\/\/egn.com\/fi\/?post_type=event&#038;p=18300"},"modified":"2026-04-24T12:05:20","modified_gmt":"2026-04-24T09:05:20","slug":"tekoaly-talousjohto-budjetointi-ennustaminen-ja-raportointi-tekoalyn-aikakaudella","status":"publish","type":"event","link":"https:\/\/egn.com\/fi\/tapahtumat\/tekoaly-talousjohto-budjetointi-ennustaminen-ja-raportointi-tekoalyn-aikakaudella\/","title":{"rendered":"Teko\u00e4ly &amp; talousjohto \u2013 budjetointi, ennustaminen ja raportointi teko\u00e4lyn aikakaudella\u00a0"},"content":{"rendered":"\n<h2 class=\"wp-block-heading\" id=\"h-egn-x-awanto-webinaari\">EGN x Awanto webinaari<\/h2>\n\n\n\n<p>Teko\u00e4ly tulee muuttamaan taloushallinnon arkea ennenn\u00e4kem\u00e4tt\u00f6m\u00e4ll\u00e4 tavalla. Sek\u00e4 ty\u00f6tavat ett\u00e4 ty\u00f6v\u00e4lineet tulevat kehittym\u00e4\u00e4n. Oleellinen kysymys monelle organisaatiolle on, miten suhtautua t\u00e4h\u00e4n kehitykseen investointien ja ty\u00f6tapojen organisoitumisen n\u00e4k\u00f6kulmasta.<\/p>\n\n\n\n<p>T\u00e4ss\u00e4 webinaarissa keskustelemme konkreettisin esimerkein teko\u00e4lyn soveltamisesta erityisesti budjetoinnin, ennustamisen ja raportoinnin n\u00e4k\u00f6kulmasta.<\/p>\n\n\n\n<p>CFO, talousp\u00e4\u00e4llikk\u00f6, controller tai muu raportoinnin ammattilainen, tule kuulemaan miten teko\u00e4lyn mahdollisuudet hy\u00f6dynnet\u00e4\u00e4n parhaalla mahdollisella tavalla.<\/p>\n\n\n\n<p>Webinaarissa tiivis katsaus seuraaviin teemoihin:<\/p>\n\n\n\n<ul class=\"wp-block-list\">\n<li>Mit\u00e4 teko\u00e4lyn hy\u00f6dynt\u00e4misest\u00e4 budjetoinnin, ennustamisen ja raportoinnin tukena tulisi tiet\u00e4\u00e4 toukokuussa 2026.<\/li>\n\n\n\n<li>Millaisia teko\u00e4lyn aikaansaamia konkreettisia muutoksia taloushallinnossa voimme odottaa l\u00e4hivuosilta.<\/li>\n\n\n\n<li>Miten valmistelet tiimisi teko\u00e4lysovelluksien k\u00e4ytt\u00f6\u00f6nottoon.<\/li>\n<\/ul>\n\n\n\n<p>Webinaarin j\u00e4lkeen on mahdollista sopia jatkokeskusteluista Markuksen ja muun tiimin kanssa.<\/p>\n\n\n\n<p>L\u00e4mpim\u00e4sti tervetuloa linjoille!<\/p>\n\n\n\n<p><\/p>\n","protected":false},"excerpt":{"rendered":"<p>EGN ja Awanto k\u00e4sittelev\u00e4t webinaarissa teko\u00e4lyn konkreettisia sovelluksia taloushallinnossa, erityisesti budjetoinnin, ennustamisen ja raportoinnin n\u00e4k\u00f6kulmasta.<\/p>\n","protected":false},"featured_media":18303,"menu_order":0,"template":"","format":"standard","meta":{"_acf_changed":true},"class_list":["post-18300","event","type-event","status-publish","format-standard","has-post-thumbnail","hentry"],"acf":[],"yoast_head":"<title>Teko\u00e4ly &amp; talousjohto \u2013 budjetointi, ennustaminen ja raportointi teko\u00e4lyn aikakaudella\u00a0 | EGN Finland<\/title>\n<meta name=\"robots\" content=\"index, follow, max-snippet:-1, max-image-preview:large, max-video-preview:-1\" \/>\n<link rel=\"canonical\" href=\"https:\/\/egn.com\/fi\/tapahtumat\/tekoaly-talousjohto-budjetointi-ennustaminen-ja-raportointi-tekoalyn-aikakaudella\/\" \/>\n<meta property=\"og:locale\" content=\"fi_FI\" \/>\n<meta property=\"og:type\" content=\"article\" \/>\n<meta property=\"og:title\" content=\"Teko\u00e4ly &amp; talousjohto \u2013 budjetointi, ennustaminen ja raportointi teko\u00e4lyn aikakaudella\u00a0\" \/>\n<meta property=\"og:description\" content=\"EGN ja Awanto k\u00e4sittelev\u00e4t webinaarissa teko\u00e4lyn konkreettisia sovelluksia taloushallinnossa, erityisesti budjetoinnin, ennustamisen ja raportoinnin n\u00e4k\u00f6kulmasta.\" \/>\n<meta property=\"og:url\" content=\"https:\/\/egn.com\/fi\/tapahtumat\/tekoaly-talousjohto-budjetointi-ennustaminen-ja-raportointi-tekoalyn-aikakaudella\/\" \/>\n<meta property=\"og:site_name\" content=\"EGN Finland\" \/>\n<meta property=\"article:publisher\" content=\"https:\/\/www.facebook.com\/EGNSuomi\" \/>\n<meta property=\"article:modified_time\" content=\"2026-04-24T09:05:20+00:00\" \/>\n<meta property=\"og:image\" content=\"https:\/\/egn.com\/fi\/wp-content\/uploads\/sites\/8\/2026\/04\/event-hero-fi.jpg\" \/>\n\t<meta property=\"og:image:width\" content=\"1920\" \/>\n\t<meta property=\"og:image:height\" content=\"1080\" \/>\n\t<meta property=\"og:image:type\" content=\"image\/jpeg\" \/>\n<meta name=\"twitter:card\" content=\"summary_large_image\" \/>\n<meta name=\"twitter:label1\" content=\"Arvioitu lukuaika\" \/>\n\t<meta name=\"twitter:data1\" content=\"1 minuutti\" \/>\n<script type=\"application\/ld+json\" class=\"yoast-schema-graph\">{\"@context\":\"https:\\\/\\\/schema.org\",\"@graph\":[{\"@type\":\"WebPage\",\"@id\":\"https:\\\/\\\/egn.com\\\/fi\\\/tapahtumat\\\/tekoaly-talousjohto-budjetointi-ennustaminen-ja-raportointi-tekoalyn-aikakaudella\\\/\",\"url\":\"https:\\\/\\\/egn.com\\\/fi\\\/tapahtumat\\\/tekoaly-talousjohto-budjetointi-ennustaminen-ja-raportointi-tekoalyn-aikakaudella\\\/\",\"name\":\"Teko\u00e4ly &amp; talousjohto \u2013 budjetointi, ennustaminen ja raportointi teko\u00e4lyn aikakaudella\u00a0 | EGN Finland\",\"isPartOf\":{\"@id\":\"https:\\\/\\\/egn.com\\\/fi\\\/#website\"},\"primaryImageOfPage\":{\"@id\":\"https:\\\/\\\/egn.com\\\/fi\\\/tapahtumat\\\/tekoaly-talousjohto-budjetointi-ennustaminen-ja-raportointi-tekoalyn-aikakaudella\\\/#primaryimage\"},\"image\":{\"@id\":\"https:\\\/\\\/egn.com\\\/fi\\\/tapahtumat\\\/tekoaly-talousjohto-budjetointi-ennustaminen-ja-raportointi-tekoalyn-aikakaudella\\\/#primaryimage\"},\"thumbnailUrl\":\"https:\\\/\\\/egn.com\\\/fi\\\/wp-content\\\/uploads\\\/sites\\\/8\\\/2026\\\/04\\\/event-hero-fi.jpg\",\"datePublished\":\"2026-04-24T08:19:58+00:00\",\"dateModified\":\"2026-04-24T09:05:20+00:00\",\"breadcrumb\":{\"@id\":\"https:\\\/\\\/egn.com\\\/fi\\\/tapahtumat\\\/tekoaly-talousjohto-budjetointi-ennustaminen-ja-raportointi-tekoalyn-aikakaudella\\\/#breadcrumb\"},\"inLanguage\":\"fi\",\"potentialAction\":[{\"@type\":\"ReadAction\",\"target\":[\"https:\\\/\\\/egn.com\\\/fi\\\/tapahtumat\\\/tekoaly-talousjohto-budjetointi-ennustaminen-ja-raportointi-tekoalyn-aikakaudella\\\/\"]}]},{\"@type\":\"ImageObject\",\"inLanguage\":\"fi\",\"@id\":\"https:\\\/\\\/egn.com\\\/fi\\\/tapahtumat\\\/tekoaly-talousjohto-budjetointi-ennustaminen-ja-raportointi-tekoalyn-aikakaudella\\\/#primaryimage\",\"url\":\"https:\\\/\\\/egn.com\\\/fi\\\/wp-content\\\/uploads\\\/sites\\\/8\\\/2026\\\/04\\\/event-hero-fi.jpg\",\"contentUrl\":\"https:\\\/\\\/egn.com\\\/fi\\\/wp-content\\\/uploads\\\/sites\\\/8\\\/2026\\\/04\\\/event-hero-fi.jpg\",\"width\":1920,\"height\":1080},{\"@type\":\"BreadcrumbList\",\"@id\":\"https:\\\/\\\/egn.com\\\/fi\\\/tapahtumat\\\/tekoaly-talousjohto-budjetointi-ennustaminen-ja-raportointi-tekoalyn-aikakaudella\\\/#breadcrumb\",\"itemListElement\":[{\"@type\":\"ListItem\",\"position\":1,\"name\":\"Etusivu\",\"item\":\"https:\\\/\\\/egn.com\\\/fi\\\/\"},{\"@type\":\"ListItem\",\"position\":2,\"name\":\"Events\",\"item\":\"https:\\\/\\\/egn.com\\\/fi\\\/tapahtumat\\\/\"},{\"@type\":\"ListItem\",\"position\":3,\"name\":\"Teko\u00e4ly &amp; talousjohto \u2013 budjetoin&hellip;\"}]},{\"@type\":\"WebSite\",\"@id\":\"https:\\\/\\\/egn.com\\\/fi\\\/#website\",\"url\":\"https:\\\/\\\/egn.com\\\/fi\\\/\",\"name\":\"EGN Finland\",\"description\":\"\",\"publisher\":{\"@id\":\"https:\\\/\\\/egn.com\\\/fi\\\/#organization\"},\"potentialAction\":[{\"@type\":\"SearchAction\",\"target\":{\"@type\":\"EntryPoint\",\"urlTemplate\":\"https:\\\/\\\/egn.com\\\/fi\\\/?s={search_term_string}\"},\"query-input\":{\"@type\":\"PropertyValueSpecification\",\"valueRequired\":true,\"valueName\":\"search_term_string\"}}],\"inLanguage\":\"fi\"},{\"@type\":\"Organization\",\"@id\":\"https:\\\/\\\/egn.com\\\/fi\\\/#organization\",\"name\":\"EGN Suomi\",\"alternateName\":\"EGN\",\"url\":\"https:\\\/\\\/egn.com\\\/fi\\\/\",\"logo\":{\"@type\":\"ImageObject\",\"inLanguage\":\"fi\",\"@id\":\"https:\\\/\\\/egn.com\\\/fi\\\/#\\\/schema\\\/logo\\\/image\\\/\",\"url\":\"https:\\\/\\\/egn.com\\\/fi\\\/wp-content\\\/uploads\\\/sites\\\/8\\\/2026\\\/02\\\/EGN.png\",\"contentUrl\":\"https:\\\/\\\/egn.com\\\/fi\\\/wp-content\\\/uploads\\\/sites\\\/8\\\/2026\\\/02\\\/EGN.png\",\"width\":2185,\"height\":699,\"caption\":\"EGN Suomi\"},\"image\":{\"@id\":\"https:\\\/\\\/egn.com\\\/fi\\\/#\\\/schema\\\/logo\\\/image\\\/\"},\"sameAs\":[\"https:\\\/\\\/www.facebook.com\\\/EGNSuomi\",\"https:\\\/\\\/www.linkedin.com\\\/company\\\/egn-suomi\"],\"description\":\"EGN Suomi perustettiin loppuvuodesta 2011 ja toiminta aloitettiin myynti- ja toimitusjohtajien kollegaryhmill\u00e4. T\u00e4n\u00e4 p\u00e4iv\u00e4n\u00e4 meill\u00e4 on yli 40 ryhm\u00e4\u00e4, joissa yhdistyv\u00e4t suurimpien yritysten huippuammattilaiset ja luottamukselliset, ammattitaitoisesti fasilitoidut tapaamiset.\",\"email\":\"info.fi@egn.com\",\"telephone\":\"+358 20 741 9540\"}]}<\/script>","yoast_head_json":{"title":"Teko\u00e4ly &amp; talousjohto \u2013 budjetointi, ennustaminen ja raportointi teko\u00e4lyn aikakaudella\u00a0 | EGN Finland","robots":{"index":"index","follow":"follow","max-snippet":"max-snippet:-1","max-image-preview":"max-image-preview:large","max-video-preview":"max-video-preview:-1"},"canonical":"https:\/\/egn.com\/fi\/tapahtumat\/tekoaly-talousjohto-budjetointi-ennustaminen-ja-raportointi-tekoalyn-aikakaudella\/","og_locale":"fi_FI","og_type":"article","og_title":"Teko\u00e4ly &amp; talousjohto \u2013 budjetointi, ennustaminen ja raportointi teko\u00e4lyn aikakaudella\u00a0","og_description":"EGN ja Awanto k\u00e4sittelev\u00e4t webinaarissa teko\u00e4lyn konkreettisia sovelluksia taloushallinnossa, erityisesti budjetoinnin, ennustamisen ja raportoinnin n\u00e4k\u00f6kulmasta.","og_url":"https:\/\/egn.com\/fi\/tapahtumat\/tekoaly-talousjohto-budjetointi-ennustaminen-ja-raportointi-tekoalyn-aikakaudella\/","og_site_name":"EGN Finland","article_publisher":"https:\/\/www.facebook.com\/EGNSuomi","article_modified_time":"2026-04-24T09:05:20+00:00","og_image":[{"width":1920,"height":1080,"url":"https:\/\/egn.com\/fi\/wp-content\/uploads\/sites\/8\/2026\/04\/event-hero-fi.jpg","type":"image\/jpeg"}],"twitter_card":"summary_large_image","twitter_misc":{"Arvioitu lukuaika":"1 minuutti"},"schema":{"@context":"https:\/\/schema.org","@graph":[{"@type":"WebPage","@id":"https:\/\/egn.com\/fi\/tapahtumat\/tekoaly-talousjohto-budjetointi-ennustaminen-ja-raportointi-tekoalyn-aikakaudella\/","url":"https:\/\/egn.com\/fi\/tapahtumat\/tekoaly-talousjohto-budjetointi-ennustaminen-ja-raportointi-tekoalyn-aikakaudella\/","name":"Teko\u00e4ly &amp; talousjohto \u2013 budjetointi, ennustaminen ja raportointi teko\u00e4lyn aikakaudella\u00a0 | EGN Finland","isPartOf":{"@id":"https:\/\/egn.com\/fi\/#website"},"primaryImageOfPage":{"@id":"https:\/\/egn.com\/fi\/tapahtumat\/tekoaly-talousjohto-budjetointi-ennustaminen-ja-raportointi-tekoalyn-aikakaudella\/#primaryimage"},"image":{"@id":"https:\/\/egn.com\/fi\/tapahtumat\/tekoaly-talousjohto-budjetointi-ennustaminen-ja-raportointi-tekoalyn-aikakaudella\/#primaryimage"},"thumbnailUrl":"https:\/\/egn.com\/fi\/wp-content\/uploads\/sites\/8\/2026\/04\/event-hero-fi.jpg","datePublished":"2026-04-24T08:19:58+00:00","dateModified":"2026-04-24T09:05:20+00:00","breadcrumb":{"@id":"https:\/\/egn.com\/fi\/tapahtumat\/tekoaly-talousjohto-budjetointi-ennustaminen-ja-raportointi-tekoalyn-aikakaudella\/#breadcrumb"},"inLanguage":"fi","potentialAction":[{"@type":"ReadAction","target":["https:\/\/egn.com\/fi\/tapahtumat\/tekoaly-talousjohto-budjetointi-ennustaminen-ja-raportointi-tekoalyn-aikakaudella\/"]}]},{"@type":"ImageObject","inLanguage":"fi","@id":"https:\/\/egn.com\/fi\/tapahtumat\/tekoaly-talousjohto-budjetointi-ennustaminen-ja-raportointi-tekoalyn-aikakaudella\/#primaryimage","url":"https:\/\/egn.com\/fi\/wp-content\/uploads\/sites\/8\/2026\/04\/event-hero-fi.jpg","contentUrl":"https:\/\/egn.com\/fi\/wp-content\/uploads\/sites\/8\/2026\/04\/event-hero-fi.jpg","width":1920,"height":1080},{"@type":"BreadcrumbList","@id":"https:\/\/egn.com\/fi\/tapahtumat\/tekoaly-talousjohto-budjetointi-ennustaminen-ja-raportointi-tekoalyn-aikakaudella\/#breadcrumb","itemListElement":[{"@type":"ListItem","position":1,"name":"Etusivu","item":"https:\/\/egn.com\/fi\/"},{"@type":"ListItem","position":2,"name":"Events","item":"https:\/\/egn.com\/fi\/tapahtumat\/"},{"@type":"ListItem","position":3,"name":"Teko\u00e4ly &amp; talousjohto \u2013 budjetoin&hellip;"}]},{"@type":"WebSite","@id":"https:\/\/egn.com\/fi\/#website","url":"https:\/\/egn.com\/fi\/","name":"EGN Finland","description":"","publisher":{"@id":"https:\/\/egn.com\/fi\/#organization"},"potentialAction":[{"@type":"SearchAction","target":{"@type":"EntryPoint","urlTemplate":"https:\/\/egn.com\/fi\/?s={search_term_string}"},"query-input":{"@type":"PropertyValueSpecification","valueRequired":true,"valueName":"search_term_string"}}],"inLanguage":"fi"},{"@type":"Organization","@id":"https:\/\/egn.com\/fi\/#organization","name":"EGN Suomi","alternateName":"EGN","url":"https:\/\/egn.com\/fi\/","logo":{"@type":"ImageObject","inLanguage":"fi","@id":"https:\/\/egn.com\/fi\/#\/schema\/logo\/image\/","url":"https:\/\/egn.com\/fi\/wp-content\/uploads\/sites\/8\/2026\/02\/EGN.png","contentUrl":"https:\/\/egn.com\/fi\/wp-content\/uploads\/sites\/8\/2026\/02\/EGN.png","width":2185,"height":699,"caption":"EGN Suomi"},"image":{"@id":"https:\/\/egn.com\/fi\/#\/schema\/logo\/image\/"},"sameAs":["https:\/\/www.facebook.com\/EGNSuomi","https:\/\/www.linkedin.com\/company\/egn-suomi"],"description":"EGN Suomi perustettiin loppuvuodesta 2011 ja toiminta aloitettiin myynti- ja toimitusjohtajien kollegaryhmill\u00e4. T\u00e4n\u00e4 p\u00e4iv\u00e4n\u00e4 meill\u00e4 on yli 40 ryhm\u00e4\u00e4, joissa yhdistyv\u00e4t suurimpien yritysten huippuammattilaiset ja luottamukselliset, ammattitaitoisesti fasilitoidut tapaamiset.","email":"info.fi@egn.com","telephone":"+358 20 741 9540"}]}},"_links":{"self":[{"href":"https:\/\/egn.com\/fi\/wp-json\/wp\/v2\/event\/18300","targetHints":{"allow":["GET"]}}],"collection":[{"href":"https:\/\/egn.com\/fi\/wp-json\/wp\/v2\/event"}],"about":[{"href":"https:\/\/egn.com\/fi\/wp-json\/wp\/v2\/types\/event"}],"wp:featuredmedia":[{"embeddable":true,"href":"https:\/\/egn.com\/fi\/wp-json\/wp\/v2\/media\/18303"}],"wp:attachment":[{"href":"https:\/\/egn.com\/fi\/wp-json\/wp\/v2\/media?parent=18300"}],"curies":[{"name":"wp","href":"https:\/\/api.w.org\/{rel}","templated":true}]}}