{"id":10727,"date":"2024-01-11T15:37:06","date_gmt":"2024-01-11T13:37:06","guid":{"rendered":"https:\/\/egn.com\/se\/?post_type=events&#038;p=10727"},"modified":"2024-02-26T14:39:25","modified_gmt":"2024-02-26T12:39:25","slug":"egn-inspiration-hur-inkluderande-ar-du-och-din-verksamhet","status":"publish","type":"event","link":"https:\/\/egn.com\/se\/events\/egn-inspiration-hur-inkluderande-ar-du-och-din-verksamhet\/","title":{"rendered":"EGN Inspiration &#8211; Charbel Gabro &#8211; Hur inkluderande \u00e4r du och din verksamhet?"},"content":{"rendered":"\t\t<div data-elementor-type=\"wp-post\" data-elementor-id=\"10727\" class=\"elementor elementor-10727\">\n\t\t\t\t\t\t<section class=\"elementor-section elementor-top-section elementor-element elementor-element-cd11d4c elementor-section-boxed elementor-section-height-default elementor-section-height-default\" data-id=\"cd11d4c\" data-element_type=\"section\">\n\t\t\t\t\t\t<div class=\"elementor-container elementor-column-gap-default\">\n\t\t\t\t\t<div class=\"elementor-column elementor-col-100 elementor-top-column elementor-element elementor-element-c91a62c\" data-id=\"c91a62c\" data-element_type=\"column\">\n\t\t\t<div class=\"elementor-widget-wrap elementor-element-populated\">\n\t\t\t\t\t\t<div class=\"elementor-element elementor-element-1feff53 elementor-widget elementor-widget-text-editor\" data-id=\"1feff53\" data-element_type=\"widget\" data-widget_type=\"text-editor.default\">\n\t\t\t\t<div class=\"elementor-widget-container\">\n\t\t\t\t\t\t\t\t\t<p style=\"text-align: center\"><strong>Skrolla l\u00e4ngre ned p\u00e5 sidan f\u00f6r att se f\u00f6rel\u00e4sningen i efterhand<\/strong><br \/>Digital och kostnadsfri f\u00f6rel\u00e4sning med Prisbel\u00f6nte talaren <a href=\"https:\/\/www.linkedin.com\/in\/charbelgabro\/\">Charbel Gabro<\/a><\/p>\t\t\t\t\t\t\t\t<\/div>\n\t\t\t\t<\/div>\n\t\t\t\t<div class=\"elementor-element elementor-element-cc810ff elementor-widget-divider--view-line elementor-widget elementor-widget-divider\" data-id=\"cc810ff\" data-element_type=\"widget\" data-widget_type=\"divider.default\">\n\t\t\t\t<div class=\"elementor-widget-container\">\n\t\t\t\t\t\t\t<div class=\"elementor-divider\">\n\t\t\t<span class=\"elementor-divider-separator\">\n\t\t\t\t\t\t<\/span>\n\t\t<\/div>\n\t\t\t\t\t\t<\/div>\n\t\t\t\t<\/div>\n\t\t\t\t<div class=\"elementor-element elementor-element-dbc4059 pp-buttons-halign-center pp-buttons-valign-middle pp-buttons-stack-none elementor-widget elementor-widget-pp-buttons\" data-id=\"dbc4059\" data-element_type=\"widget\" data-widget_type=\"pp-buttons.default\">\n\t\t\t\t<div class=\"elementor-widget-container\">\n\t\t\t\t\t\t\t<div class=\"pp-buttons-group\">\n\t\t\t\t\t\t\t\t\t\t\t<a href=\"#elementor-action%3Aaction%3Dpopup%3Aopen%26settings%3DeyJpZCI6IjEwOTE1IiwidG9nZ2xlIjpmYWxzZX0%3D\" class=\"pp-button elementor-button elementor-size-lg elementor-repeater-item-e4eef9a \">\n\t\t\t\t\t<div class=\"pp-button-content-wrapper\">\n\t\t\t\t\t\t<span class=\"pp-button-content-inner pp-icon-before\">\n\t\t\t\t\t\t\t\n\t\t\t\t\t\t\t\t<span class=\"pp-button-title\">\n\t\t\t\t\t\t\t\t\tAnm\u00e4l dig h\u00e4r!\t\t\t\t\t\t\t\t<\/span>\n\t\t\t\t\t\t\t\t\t\t\t\t\t<\/span>\n\t\t\t\t\t<\/div>\n\t\t\t\t<\/a>\n\t\t\t\t\t\t\t\t\t\t<\/div>\t\t\t\t<\/div>\n\t\t\t\t<\/div>\n\t\t\t\t<div class=\"elementor-element elementor-element-682b7c7 elementor-widget-divider--view-line elementor-widget elementor-widget-divider\" data-id=\"682b7c7\" data-element_type=\"widget\" data-widget_type=\"divider.default\">\n\t\t\t\t<div class=\"elementor-widget-container\">\n\t\t\t\t\t\t\t<div class=\"elementor-divider\">\n\t\t\t<span class=\"elementor-divider-separator\">\n\t\t\t\t\t\t<\/span>\n\t\t<\/div>\n\t\t\t\t\t\t<\/div>\n\t\t\t\t<\/div>\n\t\t\t\t<div class=\"elementor-element elementor-element-0b6da81 elementor-widget elementor-widget-text-editor\" data-id=\"0b6da81\" data-element_type=\"widget\" data-widget_type=\"text-editor.default\">\n\t\t\t\t<div class=\"elementor-widget-container\">\n\t\t\t\t\t\t\t\t\t<h2 style=\"text-align: center\" style=\"text-align: center\" id=\"inkludera-flera-for-att-bygga-broar-istallet-for-murar\"><strong>Inkludera flera f\u00f6r att bygga broar ist\u00e4llet f\u00f6r murar<\/strong><\/h2><p>Att arbeta med m\u00e5ngfald och inkludering som ledare \u00e4r inte alltid enkelt d\u00e5<br \/>utmaningarna uppst\u00e5r n\u00e4r missf\u00f6rst\u00e5nd tar plats. Den allm\u00e4nt v\u00e4xande kompetensbristen kan bero p\u00e5 att vi tenderar att umg\u00e5s med de som liknar oss sj\u00e4lva,<br \/>vilket s\u00e5klart skapar en trygghetsk\u00e4nsla men samtidigt s\u00e5 \u00f6kar klyftorna. Vi<br \/>forts\u00e4tter att rekrytera p\u00e5 bekant vis, ofta m\u00e4nniskor som liknar oss sj\u00e4lva.<\/p><p>Men, om du med en \u00f6kad insikt och f\u00f6rst\u00e5else f\u00f6r andras olikheter och deras<br \/>kulturella bakgrund s\u00e5 skapas en perspektivt\u00e4thet som i sin tur leder till att vi<br \/>v\u00e5gar f\u00f6r\u00e4ndra v\u00e5ra tanke- och beteendem\u00f6nster.<\/p><p>Den h\u00e4r f\u00f6rel\u00e4sningen grundar sig i forskning och praktiska v\u00e4rderings\u00f6vningar<br \/>som syftar till att \u00f6ka f\u00f6rst\u00e5elsen f\u00f6r att avdramatisera kulturkrockar.<\/p><p>Under morgonen ges \u00e4ven m\u00f6jlighet till sj\u00e4lvreflektion, diskussioner och<br \/>fr\u00e5gest\u00e4llningar som grundar sig i hur inkluderande du och din verksamhet\u00a0<span style=\"font-size: 1rem\">\u00e4r.<\/span><\/p><p><strong>I den h\u00e4r f\u00f6rel\u00e4sningen kommer du bl.a f\u00e5 inspiration kring:<\/strong><br \/>\u2714\ufe0f Skapandet av en inkluderande arbetsmilj\u00f6 och ett nytt tankes\u00e4tt vid framtida rekryteringar. F\u00f6r att inkludera fler och bygga broar mellan m\u00e4nniskor.<br \/>\u2714\ufe0f Djupare f\u00f6rst\u00e5else f\u00f6r dom kulturkrockar som kan uppst\u00e5, sett fr\u00e5n ett forskningsperspektiv.\u00a0<br \/>\u2714\ufe0f Aha-upplevelser som ger insikt i de utmaningar som m\u00e4nniskor p\u00e5 flykt g\u00e5r igenom i m\u00f6tet Sverige.<\/p><p>Varmt v\u00e4lkommen att anm\u00e4la dig och dina kollegor till detta inspirerande webinar!<\/p><p><a href=\"https:\/\/egn.com\/se\/events\/\">Anm\u00e4l dig till v\u00e5ra kommande webinars &amp; Events h\u00e4r.<\/a><\/p>\t\t\t\t\t\t\t\t<\/div>\n\t\t\t\t<\/div>\n\t\t\t\t<div class=\"elementor-element elementor-element-705a384 elementor-widget elementor-widget-video\" data-id=\"705a384\" data-element_type=\"widget\" data-settings=\"{&quot;video_type&quot;:&quot;vimeo&quot;,&quot;start&quot;:&quot;0&quot;}\" data-widget_type=\"video.default\">\n\t\t\t\t<div class=\"elementor-widget-container\">\n\t\t\t\t\t\t\t<div class=\"elementor-wrapper elementor-open-inline\">\n\t\t\t<iframe class=\"elementor-video-iframe\" allowfullscreen allow=\"clipboard-write\" title=\"vimeo-videospelare\" src=\"https:\/\/player.vimeo.com\/video\/916691950?color&amp;autopause=0&amp;loop=0&amp;muted=0&amp;title=0&amp;portrait=1&amp;byline=1#t=\"><\/iframe>\t\t<\/div>\n\t\t\t\t\t\t<\/div>\n\t\t\t\t<\/div>\n\t\t\t\t<div class=\"elementor-element elementor-element-ed7d1c6 pp-buttons-halign-center pp-buttons-valign-middle pp-buttons-stack-none elementor-widget elementor-widget-pp-buttons\" data-id=\"ed7d1c6\" data-element_type=\"widget\" data-widget_type=\"pp-buttons.default\">\n\t\t\t\t<div class=\"elementor-widget-container\">\n\t\t\t\t\t\t\t<div class=\"pp-buttons-group\">\n\t\t\t\t\t\t\t\t\t\t\t<a href=\"#elementor-action%3Aaction%3Dpopup%3Aopen%26settings%3DeyJpZCI6IjEwOTE1IiwidG9nZ2xlIjpmYWxzZX0%3D\" class=\"pp-button elementor-button elementor-size-lg elementor-repeater-item-e4eef9a \">\n\t\t\t\t\t<div class=\"pp-button-content-wrapper\">\n\t\t\t\t\t\t<span class=\"pp-button-content-inner pp-icon-before\">\n\t\t\t\t\t\t\t\n\t\t\t\t\t\t\t\t<span class=\"pp-button-title\">\n\t\t\t\t\t\t\t\t\tAnm\u00e4l dig h\u00e4r!\t\t\t\t\t\t\t\t<\/span>\n\t\t\t\t\t\t\t\t\t\t\t\t\t<\/span>\n\t\t\t\t\t<\/div>\n\t\t\t\t<\/a>\n\t\t\t\t\t\t\t\t\t\t<\/div>\t\t\t\t<\/div>\n\t\t\t\t<\/div>\n\t\t\t\t<div class=\"elementor-element elementor-element-8e4d1d6 elementor-widget-divider--view-line elementor-widget elementor-widget-divider\" data-id=\"8e4d1d6\" data-element_type=\"widget\" data-widget_type=\"divider.default\">\n\t\t\t\t<div class=\"elementor-widget-container\">\n\t\t\t\t\t\t\t<div class=\"elementor-divider\">\n\t\t\t<span class=\"elementor-divider-separator\">\n\t\t\t\t\t\t<\/span>\n\t\t<\/div>\n\t\t\t\t\t\t<\/div>\n\t\t\t\t<\/div>\n\t\t\t\t<div class=\"elementor-element elementor-element-28e14b1 elementor-widget elementor-widget-author-box\" data-id=\"28e14b1\" data-element_type=\"widget\" data-widget_type=\"author-box.default\">\n\t\t\t\t<div class=\"elementor-widget-container\">\n\t\t\t\t\t\t\t<div class=\"elementor-author-box\">\n\t\t\t\t\t\t\t<a href=\"https:\/\/www.linkedin.com\/in\/charbelgabro\/\" class=\"elementor-author-box__avatar\">\n\t\t\t\t\t<img decoding=\"async\" src=\"https:\/\/egn.com\/se\/wp-content\/uploads\/sites\/6\/2023\/12\/Pressbild-3-300x203.jpg\" alt=\"M\u00f6t Charbel Gabro\" loading=\"lazy\">\n\t\t\t\t<\/a>\n\t\t\t\n\t\t\t<div class=\"elementor-author-box__text\">\n\t\t\t\t\t\t\t\t\t<a href=\"https:\/\/www.linkedin.com\/in\/charbelgabro\/\">\n\t\t\t\t\t\t<h4 class=\"elementor-author-box__name\">\n\t\t\t\t\t\t\tM\u00f6t Charbel Gabro\t\t\t\t\t\t<\/h4>\n\t\t\t\t\t<\/a>\n\t\t\t\t\n\t\t\t\t\t\t\t\t\t<div class=\"elementor-author-box__bio\">\n\t\t\t\t\t\t<p>Med en bakgrund som flykting, uppvuxen i utsatta omr\u00e5den och senare arbete med nyanl\u00e4nda och ungdomar skr\u00e4ddarsyr Charbel f\u00f6rel\u00e4sningar och workshops f\u00f6r offentlig och privat sektor. Charbel har vunnit flera priser f\u00f6r sin talarkonst, inklusive Stora talarpriset - \u00c5rets talare 2019.<\/p>\n\t\t\t\t\t<\/div>\n\t\t\t\t\n\t\t\t\t\t\t\t<\/div>\n\t\t<\/div>\n\t\t\t\t\t\t<\/div>\n\t\t\t\t<\/div>\n\t\t\t\t<div class=\"elementor-element elementor-element-856ebcb elementor-widget elementor-widget-text-editor\" data-id=\"856ebcb\" data-element_type=\"widget\" data-widget_type=\"text-editor.default\">\n\t\t\t\t<div class=\"elementor-widget-container\">\n\t\t\t\t\t\t\t\t\t<p>Charbel \u00e4r inte bara en fantastisk talare utan ha ocks\u00e5 medverkat i flertalet k\u00e4nda poddar och som programledare i Karlavagnen.<br \/>Han \u00e4r ocks\u00e5 initiativtagare till:<br \/><a href=\"https:\/\/eldsjalsdagarna.se\/\">Eldsj\u00e4lsdagarna<\/a>\u00a0&#8211; som syftar till att lyfta de eldsj\u00e4lar som alltid delar med sig.<br \/><a href=\"https:\/\/www.samtalsringen.se\/\">Samtalsringen<\/a> &#8211; syftar till att genom en samtalsmetodik g\u00f6ra unga grabbar s\u00e5bara f\u00f6r att bli modiga m\u00e4n.<br \/><a href=\"https:\/\/www.tiktok.com\/@charbelgabro\/video\/7306171390925835553\">F\u00f6rortsinspiration<\/a> \u2013 Ett Eventkoncept som \u00e4r till f\u00f6r att skapa en tryggare vardag f\u00f6r ungdomar som lever i de mest utsatta omr\u00e5dena i Sverige.<\/p>\t\t\t\t\t\t\t\t<\/div>\n\t\t\t\t<\/div>\n\t\t\t\t<div class=\"elementor-element elementor-element-6560ec5 elementor-widget-divider--view-line elementor-widget elementor-widget-divider\" data-id=\"6560ec5\" data-element_type=\"widget\" data-widget_type=\"divider.default\">\n\t\t\t\t<div class=\"elementor-widget-container\">\n\t\t\t\t\t\t\t<div class=\"elementor-divider\">\n\t\t\t<span class=\"elementor-divider-separator\">\n\t\t\t\t\t\t<\/span>\n\t\t<\/div>\n\t\t\t\t\t\t<\/div>\n\t\t\t\t<\/div>\n\t\t\t\t\t<\/div>\n\t\t<\/div>\n\t\t\t\t\t<\/div>\n\t\t<\/section>\n\t\t\t\t<\/div>\n\t\t","protected":false},"excerpt":{"rendered":"<p>Skrolla l\u00e4ngre ned p\u00e5 sidan f\u00f6r att se f\u00f6rel\u00e4sningen i efterhandDigital och kostnadsfri f\u00f6rel\u00e4sning med Prisbel\u00f6nte talaren Charbel Gabro Anm\u00e4l dig h\u00e4r! Inkludera flera f\u00f6r att bygga broar ist\u00e4llet f\u00f6r murar Att arbeta med m\u00e5ngfald och inkludering som ledare \u00e4r inte alltid enkelt d\u00e5utmaningarna uppst\u00e5r n\u00e4r missf\u00f6rst\u00e5nd tar plats. Den allm\u00e4nt v\u00e4xande kompetensbristen kan bero<a href=\"https:\/\/egn.com\/se\/events\/egn-inspiration-hur-inkluderande-ar-du-och-din-verksamhet\/\">Forts\u00e4tt l\u00e4sa <span class=\"sr-only\">&#8221;EGN Inspiration &#8211; Charbel Gabro &#8211; Hur inkluderande \u00e4r du och din verksamhet?&#8221;<\/span><\/a><\/p>\n","protected":false},"featured_media":10752,"menu_order":0,"template":"","format":"standard","meta":{"_acf_changed":false,"footnotes":""},"event-type":[],"class_list":["post-10727","event","type-event","status-publish","format-standard","has-post-thumbnail","hentry"],"acf":[],"yoast_head":"<title>EGN Inspiration | Hur inkluderande \u00e4r du &amp; din verksamhet?| EGN.se<\/title>\n<meta name=\"description\" content=\"EGN Sverige s webinar i februari inneh\u00e5ller Charbel Gabros f\u00f6rel\u00e4sning - Hur inkluderande \u00e4r du och din verksamhet? Kostnadsfritt webinar\" \/>\n<meta name=\"robots\" content=\"index, follow, max-snippet:-1, max-image-preview:large, max-video-preview:-1\" \/>\n<link rel=\"canonical\" href=\"https:\/\/egn.com\/se\/events\/egn-inspiration-hur-inkluderande-ar-du-och-din-verksamhet\/\" \/>\n<meta property=\"og:locale\" content=\"sv_SE\" \/>\n<meta property=\"og:type\" content=\"article\" \/>\n<meta property=\"og:title\" content=\"EGN Inspiration - Hur inkluderande \u00e4r du och din verksamhet?\" \/>\n<meta property=\"og:description\" content=\"EGN Sverige s webinar i februari inneh\u00e5ller Charbel Gabros f\u00f6rel\u00e4sning - Hur inkluderande \u00e4r du och din verksamhet? Kostnadsfritt webinar\" \/>\n<meta property=\"og:url\" content=\"https:\/\/egn.com\/se\/events\/egn-inspiration-hur-inkluderande-ar-du-och-din-verksamhet\/\" \/>\n<meta property=\"og:site_name\" content=\"EGN Sverige\" \/>\n<meta property=\"article:publisher\" content=\"https:\/\/www.facebook.com\/egnsverige\/\" \/>\n<meta property=\"article:modified_time\" content=\"2024-02-26T12:39:25+00:00\" \/>\n<meta property=\"og:image\" content=\"https:\/\/egn.com\/se\/wp-content\/uploads\/sites\/6\/2023\/12\/hero_mailchimp_Charbel-Gabro.jpg\" \/>\n\t<meta property=\"og:image:width\" content=\"1090\" \/>\n\t<meta property=\"og:image:height\" content=\"722\" \/>\n\t<meta property=\"og:image:type\" content=\"image\/jpeg\" \/>\n<meta name=\"twitter:card\" content=\"summary_large_image\" \/>\n<meta name=\"twitter:title\" content=\"EGN Inspiration - Charbel Gabro - Hur inkluderande \u00e4r du och din verksamhet?\" \/>\n<meta name=\"twitter:label1\" content=\"Ber\u00e4knad l\u00e4stid\" \/>\n\t<meta name=\"twitter:data1\" content=\"3 minuter\" \/>\n<script type=\"application\/ld+json\" class=\"yoast-schema-graph\">{\"@context\":\"https:\\\/\\\/schema.org\",\"@graph\":[{\"@type\":\"WebPage\",\"@id\":\"https:\\\/\\\/egn.com\\\/se\\\/events\\\/egn-inspiration-hur-inkluderande-ar-du-och-din-verksamhet\\\/\",\"url\":\"https:\\\/\\\/egn.com\\\/se\\\/events\\\/egn-inspiration-hur-inkluderande-ar-du-och-din-verksamhet\\\/\",\"name\":\"EGN Inspiration | Hur inkluderande \u00e4r du & din verksamhet?| EGN.se\",\"isPartOf\":{\"@id\":\"https:\\\/\\\/egn.com\\\/se\\\/#website\"},\"primaryImageOfPage\":{\"@id\":\"https:\\\/\\\/egn.com\\\/se\\\/events\\\/egn-inspiration-hur-inkluderande-ar-du-och-din-verksamhet\\\/#primaryimage\"},\"image\":{\"@id\":\"https:\\\/\\\/egn.com\\\/se\\\/events\\\/egn-inspiration-hur-inkluderande-ar-du-och-din-verksamhet\\\/#primaryimage\"},\"thumbnailUrl\":\"https:\\\/\\\/egn.com\\\/se\\\/wp-content\\\/uploads\\\/sites\\\/6\\\/2023\\\/12\\\/inspiration_homepage-Charbel-Gabro-1.jpg\",\"datePublished\":\"2024-01-11T13:37:06+00:00\",\"dateModified\":\"2024-02-26T12:39:25+00:00\",\"description\":\"EGN Sverige s webinar i februari inneh\u00e5ller Charbel Gabros f\u00f6rel\u00e4sning - Hur inkluderande \u00e4r du och din verksamhet? Kostnadsfritt webinar\",\"breadcrumb\":{\"@id\":\"https:\\\/\\\/egn.com\\\/se\\\/events\\\/egn-inspiration-hur-inkluderande-ar-du-och-din-verksamhet\\\/#breadcrumb\"},\"inLanguage\":\"sv-SE\",\"potentialAction\":[{\"@type\":\"ReadAction\",\"target\":[\"https:\\\/\\\/egn.com\\\/se\\\/events\\\/egn-inspiration-hur-inkluderande-ar-du-och-din-verksamhet\\\/\"]}]},{\"@type\":\"ImageObject\",\"inLanguage\":\"sv-SE\",\"@id\":\"https:\\\/\\\/egn.com\\\/se\\\/events\\\/egn-inspiration-hur-inkluderande-ar-du-och-din-verksamhet\\\/#primaryimage\",\"url\":\"https:\\\/\\\/egn.com\\\/se\\\/wp-content\\\/uploads\\\/sites\\\/6\\\/2023\\\/12\\\/inspiration_homepage-Charbel-Gabro-1.jpg\",\"contentUrl\":\"https:\\\/\\\/egn.com\\\/se\\\/wp-content\\\/uploads\\\/sites\\\/6\\\/2023\\\/12\\\/inspiration_homepage-Charbel-Gabro-1.jpg\",\"width\":1090,\"height\":722,\"caption\":\"Bild med CHarbel GAbro till h\u00f6ger och Info om engs webinar som charbel kommer h\u00e5lla till h\u00f6ger\"},{\"@type\":\"BreadcrumbList\",\"@id\":\"https:\\\/\\\/egn.com\\\/se\\\/events\\\/egn-inspiration-hur-inkluderande-ar-du-och-din-verksamhet\\\/#breadcrumb\",\"itemListElement\":[{\"@type\":\"ListItem\",\"position\":1,\"name\":\"Hem\",\"item\":\"https:\\\/\\\/egn.com\\\/se\\\/\"},{\"@type\":\"ListItem\",\"position\":2,\"name\":\"Events\",\"item\":\"https:\\\/\\\/egn.com\\\/se\\\/events\\\/\"},{\"@type\":\"ListItem\",\"position\":3,\"name\":\"EGN Inspiration &#8211; Charbel Gabro &#&hellip;\"}]},{\"@type\":\"WebSite\",\"@id\":\"https:\\\/\\\/egn.com\\\/se\\\/#website\",\"url\":\"https:\\\/\\\/egn.com\\\/se\\\/\",\"name\":\"EGN Sverige\",\"description\":\"Professionella n\u00e4tverk f\u00f6r ledare och specialister\",\"publisher\":{\"@id\":\"https:\\\/\\\/egn.com\\\/se\\\/#organization\"},\"potentialAction\":[{\"@type\":\"SearchAction\",\"target\":{\"@type\":\"EntryPoint\",\"urlTemplate\":\"https:\\\/\\\/egn.com\\\/se\\\/?s={search_term_string}\"},\"query-input\":{\"@type\":\"PropertyValueSpecification\",\"valueRequired\":true,\"valueName\":\"search_term_string\"}}],\"inLanguage\":\"sv-SE\"},{\"@type\":\"Organization\",\"@id\":\"https:\\\/\\\/egn.com\\\/se\\\/#organization\",\"name\":\"EGN Sverige\",\"alternateName\":\"EGN\",\"url\":\"https:\\\/\\\/egn.com\\\/se\\\/\",\"logo\":{\"@type\":\"ImageObject\",\"inLanguage\":\"sv-SE\",\"@id\":\"https:\\\/\\\/egn.com\\\/se\\\/#\\\/schema\\\/logo\\\/image\\\/\",\"url\":\"https:\\\/\\\/egn.com\\\/se\\\/wp-content\\\/uploads\\\/sites\\\/6\\\/2026\\\/02\\\/EGN.png\",\"contentUrl\":\"https:\\\/\\\/egn.com\\\/se\\\/wp-content\\\/uploads\\\/sites\\\/6\\\/2026\\\/02\\\/EGN.png\",\"width\":2185,\"height\":699,\"caption\":\"EGN Sverige\"},\"image\":{\"@id\":\"https:\\\/\\\/egn.com\\\/se\\\/#\\\/schema\\\/logo\\\/image\\\/\"},\"sameAs\":[\"https:\\\/\\\/www.facebook.com\\\/egnsverige\\\/\",\"https:\\\/\\\/www.instagram.com\\\/egnsverige\",\"https:\\\/\\\/www.linkedin.com\\\/company\\\/executives-global-network\"],\"description\":\"EGN Sverige \u00e4r Sveriges st\u00f6rsta kompetensn\u00e4tverk f\u00f6r chefer och ledare som vill utveckla sitt ledarskap. Vi jobbar f\u00f6r att chefer och ledare tillsammans ska utvecklas och hj\u00e4lpa varandra med de utmaningar som man st\u00f6ter p\u00e5 i sin profession.\",\"email\":\"info@egn.se\",\"telephone\":\"+468210722\",\"vatID\":\"556739-7905\"}]}<\/script>","yoast_head_json":{"title":"EGN Inspiration | Hur inkluderande \u00e4r du & din verksamhet?| EGN.se","description":"EGN Sverige s webinar i februari inneh\u00e5ller Charbel Gabros f\u00f6rel\u00e4sning - Hur inkluderande \u00e4r du och din verksamhet? Kostnadsfritt webinar","robots":{"index":"index","follow":"follow","max-snippet":"max-snippet:-1","max-image-preview":"max-image-preview:large","max-video-preview":"max-video-preview:-1"},"canonical":"https:\/\/egn.com\/se\/events\/egn-inspiration-hur-inkluderande-ar-du-och-din-verksamhet\/","og_locale":"sv_SE","og_type":"article","og_title":"EGN Inspiration - Hur inkluderande \u00e4r du och din verksamhet?","og_description":"EGN Sverige s webinar i februari inneh\u00e5ller Charbel Gabros f\u00f6rel\u00e4sning - Hur inkluderande \u00e4r du och din verksamhet? Kostnadsfritt webinar","og_url":"https:\/\/egn.com\/se\/events\/egn-inspiration-hur-inkluderande-ar-du-och-din-verksamhet\/","og_site_name":"EGN Sverige","article_publisher":"https:\/\/www.facebook.com\/egnsverige\/","article_modified_time":"2024-02-26T12:39:25+00:00","og_image":[{"width":1090,"height":722,"url":"https:\/\/egn.com\/se\/wp-content\/uploads\/sites\/6\/2023\/12\/hero_mailchimp_Charbel-Gabro.jpg","type":"image\/jpeg"}],"twitter_card":"summary_large_image","twitter_title":"EGN Inspiration - Charbel Gabro - Hur inkluderande \u00e4r du och din verksamhet?","twitter_misc":{"Ber\u00e4knad l\u00e4stid":"3 minuter"},"schema":{"@context":"https:\/\/schema.org","@graph":[{"@type":"WebPage","@id":"https:\/\/egn.com\/se\/events\/egn-inspiration-hur-inkluderande-ar-du-och-din-verksamhet\/","url":"https:\/\/egn.com\/se\/events\/egn-inspiration-hur-inkluderande-ar-du-och-din-verksamhet\/","name":"EGN Inspiration | Hur inkluderande \u00e4r du & din verksamhet?| EGN.se","isPartOf":{"@id":"https:\/\/egn.com\/se\/#website"},"primaryImageOfPage":{"@id":"https:\/\/egn.com\/se\/events\/egn-inspiration-hur-inkluderande-ar-du-och-din-verksamhet\/#primaryimage"},"image":{"@id":"https:\/\/egn.com\/se\/events\/egn-inspiration-hur-inkluderande-ar-du-och-din-verksamhet\/#primaryimage"},"thumbnailUrl":"https:\/\/egn.com\/se\/wp-content\/uploads\/sites\/6\/2023\/12\/inspiration_homepage-Charbel-Gabro-1.jpg","datePublished":"2024-01-11T13:37:06+00:00","dateModified":"2024-02-26T12:39:25+00:00","description":"EGN Sverige s webinar i februari inneh\u00e5ller Charbel Gabros f\u00f6rel\u00e4sning - Hur inkluderande \u00e4r du och din verksamhet? Kostnadsfritt webinar","breadcrumb":{"@id":"https:\/\/egn.com\/se\/events\/egn-inspiration-hur-inkluderande-ar-du-och-din-verksamhet\/#breadcrumb"},"inLanguage":"sv-SE","potentialAction":[{"@type":"ReadAction","target":["https:\/\/egn.com\/se\/events\/egn-inspiration-hur-inkluderande-ar-du-och-din-verksamhet\/"]}]},{"@type":"ImageObject","inLanguage":"sv-SE","@id":"https:\/\/egn.com\/se\/events\/egn-inspiration-hur-inkluderande-ar-du-och-din-verksamhet\/#primaryimage","url":"https:\/\/egn.com\/se\/wp-content\/uploads\/sites\/6\/2023\/12\/inspiration_homepage-Charbel-Gabro-1.jpg","contentUrl":"https:\/\/egn.com\/se\/wp-content\/uploads\/sites\/6\/2023\/12\/inspiration_homepage-Charbel-Gabro-1.jpg","width":1090,"height":722,"caption":"Bild med CHarbel GAbro till h\u00f6ger och Info om engs webinar som charbel kommer h\u00e5lla till h\u00f6ger"},{"@type":"BreadcrumbList","@id":"https:\/\/egn.com\/se\/events\/egn-inspiration-hur-inkluderande-ar-du-och-din-verksamhet\/#breadcrumb","itemListElement":[{"@type":"ListItem","position":1,"name":"Hem","item":"https:\/\/egn.com\/se\/"},{"@type":"ListItem","position":2,"name":"Events","item":"https:\/\/egn.com\/se\/events\/"},{"@type":"ListItem","position":3,"name":"EGN Inspiration &#8211; Charbel Gabro &#&hellip;"}]},{"@type":"WebSite","@id":"https:\/\/egn.com\/se\/#website","url":"https:\/\/egn.com\/se\/","name":"EGN Sverige","description":"Professionella n\u00e4tverk f\u00f6r ledare och specialister","publisher":{"@id":"https:\/\/egn.com\/se\/#organization"},"potentialAction":[{"@type":"SearchAction","target":{"@type":"EntryPoint","urlTemplate":"https:\/\/egn.com\/se\/?s={search_term_string}"},"query-input":{"@type":"PropertyValueSpecification","valueRequired":true,"valueName":"search_term_string"}}],"inLanguage":"sv-SE"},{"@type":"Organization","@id":"https:\/\/egn.com\/se\/#organization","name":"EGN Sverige","alternateName":"EGN","url":"https:\/\/egn.com\/se\/","logo":{"@type":"ImageObject","inLanguage":"sv-SE","@id":"https:\/\/egn.com\/se\/#\/schema\/logo\/image\/","url":"https:\/\/egn.com\/se\/wp-content\/uploads\/sites\/6\/2026\/02\/EGN.png","contentUrl":"https:\/\/egn.com\/se\/wp-content\/uploads\/sites\/6\/2026\/02\/EGN.png","width":2185,"height":699,"caption":"EGN Sverige"},"image":{"@id":"https:\/\/egn.com\/se\/#\/schema\/logo\/image\/"},"sameAs":["https:\/\/www.facebook.com\/egnsverige\/","https:\/\/www.instagram.com\/egnsverige","https:\/\/www.linkedin.com\/company\/executives-global-network"],"description":"EGN Sverige \u00e4r Sveriges st\u00f6rsta kompetensn\u00e4tverk f\u00f6r chefer och ledare som vill utveckla sitt ledarskap. Vi jobbar f\u00f6r att chefer och ledare tillsammans ska utvecklas och hj\u00e4lpa varandra med de utmaningar som man st\u00f6ter p\u00e5 i sin profession.","email":"info@egn.se","telephone":"+468210722","vatID":"556739-7905"}]}},"_links":{"self":[{"href":"https:\/\/egn.com\/se\/wp-json\/wp\/v2\/event\/10727","targetHints":{"allow":["GET"]}}],"collection":[{"href":"https:\/\/egn.com\/se\/wp-json\/wp\/v2\/event"}],"about":[{"href":"https:\/\/egn.com\/se\/wp-json\/wp\/v2\/types\/event"}],"version-history":[{"count":82,"href":"https:\/\/egn.com\/se\/wp-json\/wp\/v2\/event\/10727\/revisions"}],"predecessor-version":[{"id":11136,"href":"https:\/\/egn.com\/se\/wp-json\/wp\/v2\/event\/10727\/revisions\/11136"}],"wp:featuredmedia":[{"embeddable":true,"href":"https:\/\/egn.com\/se\/wp-json\/wp\/v2\/media\/10752"}],"wp:attachment":[{"href":"https:\/\/egn.com\/se\/wp-json\/wp\/v2\/media?parent=10727"}],"wp:term":[{"taxonomy":"event-type","embeddable":true,"href":"https:\/\/egn.com\/se\/wp-json\/wp\/v2\/event-type?post=10727"}],"curies":[{"name":"wp","href":"https:\/\/api.w.org\/{rel}","templated":true}]}}