{"id":11133,"date":"2024-02-29T15:36:38","date_gmt":"2024-02-29T13:36:38","guid":{"rendered":"https:\/\/egn.com\/se\/?post_type=events&#038;p=11133"},"modified":"2024-12-19T14:06:19","modified_gmt":"2024-12-19T12:06:19","slug":"egn-inspiration-forandringsdrivet-ledarskap","status":"publish","type":"event","link":"https:\/\/egn.com\/se\/events\/egn-inspiration-forandringsdrivet-ledarskap\/","title":{"rendered":"EGN Inspiration &#8211; F\u00f6r\u00e4ndringsdrivet Ledarskap"},"content":{"rendered":"\t\t<div data-elementor-type=\"wp-post\" data-elementor-id=\"11133\" class=\"elementor elementor-11133\">\n\t\t\t\t\t\t<section class=\"elementor-section elementor-top-section elementor-element elementor-element-cd11d4c elementor-section-boxed elementor-section-height-default elementor-section-height-default\" data-id=\"cd11d4c\" data-element_type=\"section\">\n\t\t\t\t\t\t<div class=\"elementor-container elementor-column-gap-default\">\n\t\t\t\t\t<div class=\"elementor-column elementor-col-100 elementor-top-column elementor-element elementor-element-c91a62c\" data-id=\"c91a62c\" data-element_type=\"column\">\n\t\t\t<div class=\"elementor-widget-wrap elementor-element-populated\">\n\t\t\t\t\t\t<div class=\"elementor-element elementor-element-a020868 elementor-widget elementor-widget-text-editor\" data-id=\"a020868\" data-element_type=\"widget\" data-widget_type=\"text-editor.default\">\n\t\t\t\t<div class=\"elementor-widget-container\">\n\t\t\t\t\t\t\t\t\t<h3 style=\"text-align: center\" style=\"text-align: center\" id=\"vad-ar-grejen-med-forandringsdrivet-ledarskap\"><strong>Vad \u00e4r grejen med f\u00f6r\u00e4ndringsdrivet ledarskap?\u00a0<\/strong><\/h3><div style=\"text-align: center\"><strong>Skrolla ner p\u00e5 sidan f\u00f6r att se f\u00f6rel\u00e4sningen i efterhand!<\/strong><\/div><div style=\"text-align: center\">Med f\u00f6r\u00e4ndringsexsperterna Maria Widstr\u00f6m och Kristina Von knorring<\/div>\t\t\t\t\t\t\t\t<\/div>\n\t\t\t\t<\/div>\n\t\t\t\t<div class=\"elementor-element elementor-element-ec3d67f elementor-widget-divider--view-line elementor-widget elementor-widget-divider\" data-id=\"ec3d67f\" data-element_type=\"widget\" data-widget_type=\"divider.default\">\n\t\t\t\t<div class=\"elementor-widget-container\">\n\t\t\t\t\t\t\t<div class=\"elementor-divider\">\n\t\t\t<span class=\"elementor-divider-separator\">\n\t\t\t\t\t\t<\/span>\n\t\t<\/div>\n\t\t\t\t\t\t<\/div>\n\t\t\t\t<\/div>\n\t\t\t\t<div class=\"elementor-element elementor-element-f10d34b pp-buttons-halign-center elementor-hidden-desktop elementor-hidden-tablet elementor-hidden-mobile pp-buttons-valign-middle pp-buttons-stack-none elementor-widget elementor-widget-pp-buttons\" data-id=\"f10d34b\" data-element_type=\"widget\" data-widget_type=\"pp-buttons.default\">\n\t\t\t\t<div class=\"elementor-widget-container\">\n\t\t\t\t\t\t\t<div class=\"pp-buttons-group\">\n\t\t\t\t\t\t\t\t\t\t\t<a href=\"#elementor-action%3Aaction%3Dpopup%3Aopen%26settings%3DeyJpZCI6IjEwOTE1IiwidG9nZ2xlIjpmYWxzZX0%3D\" class=\"pp-button elementor-button elementor-size-lg elementor-repeater-item-e4eef9a \">\n\t\t\t\t\t<div class=\"pp-button-content-wrapper\">\n\t\t\t\t\t\t<span class=\"pp-button-content-inner pp-icon-before\">\n\t\t\t\t\t\t\t\n\t\t\t\t\t\t\t\t<span class=\"pp-button-title\">\n\t\t\t\t\t\t\t\t\tAnm\u00e4l dig h\u00e4r!\t\t\t\t\t\t\t\t<\/span>\n\t\t\t\t\t\t\t\t\t\t\t\t\t<\/span>\n\t\t\t\t\t<\/div>\n\t\t\t\t<\/a>\n\t\t\t\t\t\t\t\t\t\t<\/div>\t\t\t\t<\/div>\n\t\t\t\t<\/div>\n\t\t\t\t<div class=\"elementor-element elementor-element-50157f4 elementor-widget elementor-widget-text-editor\" data-id=\"50157f4\" data-element_type=\"widget\" data-widget_type=\"text-editor.default\">\n\t\t\t\t<div class=\"elementor-widget-container\">\n\t\t\t\t\t\t\t\t\t<p>I tuffa och utmanande tider, d\u00e4r os\u00e4kerheten om framtiden \u00e4r p\u00e5taglig, \u00e4r chefers f\u00f6rm\u00e5ga att leda i f\u00f6r\u00e4ndring kritisk f\u00f6r att organisationen ska kunna utvecklas och \u00f6verleva p\u00e5 sikt.<\/p><p>Samtidigt \u00e4r det vanligt att chefer k\u00e4nner sig ensamma och utl\u00e4mnade inf\u00f6r utmaningen att balansera sin tid och fokus mellan den dagliga verksamheten och l\u00e5ngsiktigt f\u00f6r\u00e4ndringsarbete.<\/p><p>Nu \u00e4r f\u00f6r\u00e4ndringsexperterna Maria Widstr\u00f6m och Kristina von Knorring tillbaka f\u00f6r att rikta str\u00e5lkastarljuset p\u00e5 det <strong>F\u00f6r\u00e4ndringsdrivna Ledarskapet. <\/strong><\/p><p>Hur kan du som chef hitta en naturlig del i de f\u00f6r\u00e4ndringar som p\u00e5g\u00e5r i din verksamhet och p\u00e5 vilket s\u00e4tt kan ett st\u00e4rkt ledarskap i f\u00f6r\u00e4ndring ge st\u00f6rre genomslagskraft f\u00f6r hela organisationen?<\/p>\t\t\t\t\t\t\t\t<\/div>\n\t\t\t\t<\/div>\n\t\t\t\t<div class=\"elementor-element elementor-element-0b6da81 elementor-widget elementor-widget-text-editor\" data-id=\"0b6da81\" data-element_type=\"widget\" data-widget_type=\"text-editor.default\">\n\t\t\t\t<div class=\"elementor-widget-container\">\n\t\t\t\t\t\t\t\t\t<p><strong>I den h\u00e4r f\u00f6rel\u00e4sningen f\u00e5r du:<\/strong><br \/>\u2714\ufe0f Tips p\u00e5 hur du som chef kan trygga f\u00f6r\u00e4ndringsresor f\u00f6r dig sj\u00e4lv som f\u00f6r dina medarbetare <br \/>\u2714\ufe0f V\u00e4gledning i hur du st\u00e4rker din \u00e5terh\u00e4mtningsf\u00f6rm\u00e5ga i tuffa milj\u00f6er <br \/>\u2714\ufe0f Chefens checklista \u2013 fr\u00e5gor att s\u00e4kra i varje f\u00f6r\u00e4ndringsinitiativ<\/p>\t\t\t\t\t\t\t\t<\/div>\n\t\t\t\t<\/div>\n\t\t\t\t<div class=\"elementor-element elementor-element-93cce6f elementor-widget elementor-widget-video\" data-id=\"93cce6f\" data-element_type=\"widget\" data-settings=\"{&quot;video_type&quot;:&quot;vimeo&quot;}\" data-widget_type=\"video.default\">\n\t\t\t\t<div class=\"elementor-widget-container\">\n\t\t\t\t\t\t\t<div class=\"elementor-wrapper elementor-open-inline\">\n\t\t\t<iframe class=\"elementor-video-iframe\" allowfullscreen allow=\"clipboard-write\" title=\"vimeo-videospelare\" src=\"https:\/\/player.vimeo.com\/video\/927451772?color&amp;autopause=0&amp;loop=0&amp;muted=0&amp;title=1&amp;portrait=1&amp;byline=1#t=\"><\/iframe>\t\t<\/div>\n\t\t\t\t\t\t<\/div>\n\t\t\t\t<\/div>\n\t\t\t\t<div class=\"elementor-element elementor-element-446992c pp-buttons-halign-center elementor-hidden-desktop elementor-hidden-tablet elementor-hidden-mobile pp-buttons-valign-middle pp-buttons-stack-none elementor-widget elementor-widget-pp-buttons\" data-id=\"446992c\" data-element_type=\"widget\" data-widget_type=\"pp-buttons.default\">\n\t\t\t\t<div class=\"elementor-widget-container\">\n\t\t\t\t\t\t\t<div class=\"pp-buttons-group\">\n\t\t\t\t\t\t\t\t\t\t\t<a href=\"#elementor-action%3Aaction%3Dpopup%3Aopen%26settings%3DeyJpZCI6IjEwOTE1IiwidG9nZ2xlIjpmYWxzZX0%3D\" class=\"pp-button elementor-button elementor-size-lg elementor-repeater-item-e4eef9a \">\n\t\t\t\t\t<div class=\"pp-button-content-wrapper\">\n\t\t\t\t\t\t<span class=\"pp-button-content-inner pp-icon-before\">\n\t\t\t\t\t\t\t\n\t\t\t\t\t\t\t\t<span class=\"pp-button-title\">\n\t\t\t\t\t\t\t\t\tAnm\u00e4l dig h\u00e4r!\t\t\t\t\t\t\t\t<\/span>\n\t\t\t\t\t\t\t\t\t\t\t\t\t<\/span>\n\t\t\t\t\t<\/div>\n\t\t\t\t<\/a>\n\t\t\t\t\t\t\t\t\t\t<\/div>\t\t\t\t<\/div>\n\t\t\t\t<\/div>\n\t\t\t\t\t<\/div>\n\t\t<\/div>\n\t\t\t\t\t<\/div>\n\t\t<\/section>\n\t\t\t\t<section class=\"elementor-section elementor-top-section elementor-element elementor-element-0ef2b62 elementor-section-boxed elementor-section-height-default elementor-section-height-default\" data-id=\"0ef2b62\" data-element_type=\"section\">\n\t\t\t\t\t\t<div class=\"elementor-container elementor-column-gap-default\">\n\t\t\t\t\t<div class=\"elementor-column elementor-col-100 elementor-top-column elementor-element elementor-element-69a1017\" data-id=\"69a1017\" data-element_type=\"column\">\n\t\t\t<div class=\"elementor-widget-wrap\">\n\t\t\t\t\t\t\t<\/div>\n\t\t<\/div>\n\t\t\t\t\t<\/div>\n\t\t<\/section>\n\t\t\t\t<section class=\"elementor-section elementor-top-section elementor-element elementor-element-dcb8413 elementor-section-boxed elementor-section-height-default elementor-section-height-default\" data-id=\"dcb8413\" data-element_type=\"section\">\n\t\t\t\t\t\t<div class=\"elementor-container elementor-column-gap-default\">\n\t\t\t\t\t<div class=\"elementor-column elementor-col-100 elementor-top-column elementor-element elementor-element-f38bea6\" data-id=\"f38bea6\" data-element_type=\"column\">\n\t\t\t<div class=\"elementor-widget-wrap elementor-element-populated\">\n\t\t\t\t\t\t<div class=\"elementor-element elementor-element-52a328e elementor-widget elementor-widget-author-box\" data-id=\"52a328e\" data-element_type=\"widget\" data-widget_type=\"author-box.default\">\n\t\t\t\t<div class=\"elementor-widget-container\">\n\t\t\t\t\t\t\t<div class=\"elementor-author-box\">\n\t\t\t\t\t\t\t<a href=\"https:\/\/improviate.se\/\" class=\"elementor-author-box__avatar\">\n\t\t\t\t\t<img decoding=\"async\" src=\"https:\/\/egn.com\/se\/wp-content\/uploads\/sites\/6\/2024\/02\/Maria-Kristina-2024-02-19-092911-e1709212510974-275x300.png\" alt=\"M\u00f6t Kristina och Maria\" loading=\"lazy\">\n\t\t\t\t<\/a>\n\t\t\t\n\t\t\t<div class=\"elementor-author-box__text\">\n\t\t\t\t\t\t\t\t\t<a href=\"https:\/\/improviate.se\/\">\n\t\t\t\t\t\t<h4 class=\"elementor-author-box__name\">\n\t\t\t\t\t\t\tM\u00f6t Kristina och Maria\t\t\t\t\t\t<\/h4>\n\t\t\t\t\t<\/a>\n\t\t\t\t\n\t\t\t\t\t\t\t\t\t<div class=\"elementor-author-box__bio\">\n\t\t\t\t\t\t<p>Maria Widstr\u00f6m och Kristina von Knorring har b\u00e5da l\u00e5ng erfarenhet av f\u00f6r\u00e4ndringsledning och att leda i olika typer av f\u00f6r\u00e4ndringar. Tillsammans driver de f\u00f6retaget Improviate som \u00e4r ett av Sveriges ledande konsult- och utbildningsf\u00f6retag inom f\u00f6r\u00e4ndringsledning d\u00e4r de tillsammans med sina kollegor inspirerar, bygger och st\u00e4rker ledare och organisationers f\u00f6rm\u00e5ga att driva framg\u00e5ngsrik f\u00f6r\u00e4ndring.<\/p>\n\t\t\t\t\t<\/div>\n\t\t\t\t\n\t\t\t\t\t\t\t<\/div>\n\t\t<\/div>\n\t\t\t\t\t\t<\/div>\n\t\t\t\t<\/div>\n\t\t\t\t<div class=\"elementor-element elementor-element-c2f76e6 elementor-widget elementor-widget-text-editor\" data-id=\"c2f76e6\" data-element_type=\"widget\" data-widget_type=\"text-editor.default\">\n\t\t\t\t<div class=\"elementor-widget-container\">\n\t\t\t\t\t\t\t\t\t<p>Se \u00e4ven F\u00f6rel\u00e4sningen fr\u00e5n 2023 som var mer \u00f6vergripande om f\u00f6r\u00e4ndringsledning med Maria och Kristina.<\/p><p>Klicka p\u00e5 bilden nedan f\u00f6r att se den i efterhand. Du beh\u00f6ver inte ha sett den f\u00f6r att h\u00e4nga med i f\u00f6rel\u00e4sningen den 22 mars som mer riktar in sig med p\u00e5 det f\u00f6r\u00e4ndringsdrivna ledarskapet<\/p>\t\t\t\t\t\t\t\t<\/div>\n\t\t\t\t<\/div>\n\t\t\t\t<div class=\"elementor-element elementor-element-be8c0f4 pp-buttons-halign-center pp-buttons-valign-middle pp-buttons-stack-none elementor-widget elementor-widget-pp-buttons\" data-id=\"be8c0f4\" data-element_type=\"widget\" data-widget_type=\"pp-buttons.default\">\n\t\t\t\t<div class=\"elementor-widget-container\">\n\t\t\t\t\t\t\t<div class=\"pp-buttons-group\">\n\t\t\t\t\t\t\t\t\t\t\t<a href=\"https:\/\/egn.com\/se\/events\/egn-inspiration-maria-widstrom-forandringsledning\/\" class=\"pp-button elementor-button elementor-size-lg elementor-repeater-item-e4eef9a \">\n\t\t\t\t\t<div class=\"pp-button-content-wrapper\">\n\t\t\t\t\t\t<span class=\"pp-button-content-inner pp-icon-before\">\n\t\t\t\t\t\t\t\n\t\t\t\t\t\t\t\t<span class=\"pp-button-title\">\n\t\t\t\t\t\t\t\t\tSE DEL 1 H\u00c4R OM F\u00d6R\u00c4NDRINGSLEDNING\t\t\t\t\t\t\t\t<\/span>\n\t\t\t\t\t\t\t\t\t\t\t\t\t<\/span>\n\t\t\t\t\t<\/div>\n\t\t\t\t<\/a>\n\t\t\t\t\t\t\t\t\t\t<\/div>\t\t\t\t<\/div>\n\t\t\t\t<\/div>\n\t\t\t\t\t<\/div>\n\t\t<\/div>\n\t\t\t\t\t<\/div>\n\t\t<\/section>\n\t\t\t\t<\/div>\n\t\t","protected":false},"excerpt":{"rendered":"<p>Vad \u00e4r grejen med f\u00f6r\u00e4ndringsdrivet ledarskap?\u00a0 Skrolla ner p\u00e5 sidan f\u00f6r att se f\u00f6rel\u00e4sningen i efterhand!Med f\u00f6r\u00e4ndringsexsperterna Maria Widstr\u00f6m och Kristina Von knorring Anm\u00e4l dig h\u00e4r! I tuffa och utmanande tider, d\u00e4r os\u00e4kerheten om framtiden \u00e4r p\u00e5taglig, \u00e4r chefers f\u00f6rm\u00e5ga att leda i f\u00f6r\u00e4ndring kritisk f\u00f6r att organisationen ska kunna utvecklas och \u00f6verleva p\u00e5 sikt.<a href=\"https:\/\/egn.com\/se\/events\/egn-inspiration-forandringsdrivet-ledarskap\/\">Forts\u00e4tt l\u00e4sa <span class=\"sr-only\">&#8221;EGN Inspiration &#8211; F\u00f6r\u00e4ndringsdrivet Ledarskap&#8221;<\/span><\/a><\/p>\n","protected":false},"featured_media":11159,"menu_order":0,"template":"","format":"standard","meta":{"_acf_changed":false,"footnotes":""},"event-type":[],"class_list":["post-11133","event","type-event","status-publish","format-standard","has-post-thumbnail","hentry"],"acf":[],"yoast_head":"<title>EGN Inspiration | F\u00f6r\u00e4ndringsdrivet ledarskap | EGN.se<\/title>\n<meta name=\"description\" content=\"EGN Sverige genomf\u00f6r varje m\u00e5nad event f\u00f6r att skapa inspiration och ge dig som ledare fler insikter och komma fram\u00e5t i din roll\" \/>\n<meta name=\"robots\" content=\"index, follow, max-snippet:-1, max-image-preview:large, max-video-preview:-1\" \/>\n<link rel=\"canonical\" href=\"https:\/\/egn.com\/se\/events\/egn-inspiration-forandringsdrivet-ledarskap\/\" \/>\n<meta property=\"og:locale\" content=\"sv_SE\" \/>\n<meta property=\"og:type\" content=\"article\" \/>\n<meta property=\"og:title\" content=\"EGN Inspiration 22 Mars - Vad \u00e4r grejen med f\u00f6r\u00e4ndringsdrivet ledarskap?\" \/>\n<meta property=\"og:description\" content=\"EGN Sverige genomf\u00f6r varje m\u00e5nad event f\u00f6r att skapa inspiration och ge dig som ledare fler insikter och komma fram\u00e5t i din roll\" \/>\n<meta property=\"og:url\" content=\"https:\/\/egn.com\/se\/events\/egn-inspiration-forandringsdrivet-ledarskap\/\" \/>\n<meta property=\"og:site_name\" content=\"EGN Sverige\" \/>\n<meta property=\"article:publisher\" content=\"https:\/\/www.facebook.com\/egnsverige\/\" \/>\n<meta property=\"article:modified_time\" content=\"2024-12-19T12:06:19+00:00\" \/>\n<meta property=\"og:image\" content=\"https:\/\/egn.com\/se\/wp-content\/uploads\/sites\/6\/2024\/02\/inspiration_homepage_kopia-1.jpg\" \/>\n\t<meta property=\"og:image:width\" content=\"1090\" \/>\n\t<meta property=\"og:image:height\" content=\"722\" \/>\n\t<meta property=\"og:image:type\" content=\"image\/jpeg\" \/>\n<meta name=\"twitter:card\" content=\"summary_large_image\" \/>\n<meta name=\"twitter:title\" content=\"EGN Inspiration - F\u00f6r\u00e4ndringsdrivet Ledarskap\" \/>\n<meta name=\"twitter:label1\" content=\"Ber\u00e4knad l\u00e4stid\" \/>\n\t<meta name=\"twitter:data1\" content=\"2 minuter\" \/>\n<script type=\"application\/ld+json\" class=\"yoast-schema-graph\">{\"@context\":\"https:\\\/\\\/schema.org\",\"@graph\":[{\"@type\":\"WebPage\",\"@id\":\"https:\\\/\\\/egn.com\\\/se\\\/events\\\/egn-inspiration-forandringsdrivet-ledarskap\\\/\",\"url\":\"https:\\\/\\\/egn.com\\\/se\\\/events\\\/egn-inspiration-forandringsdrivet-ledarskap\\\/\",\"name\":\"EGN Inspiration | F\u00f6r\u00e4ndringsdrivet ledarskap | EGN.se\",\"isPartOf\":{\"@id\":\"https:\\\/\\\/egn.com\\\/se\\\/#website\"},\"primaryImageOfPage\":{\"@id\":\"https:\\\/\\\/egn.com\\\/se\\\/events\\\/egn-inspiration-forandringsdrivet-ledarskap\\\/#primaryimage\"},\"image\":{\"@id\":\"https:\\\/\\\/egn.com\\\/se\\\/events\\\/egn-inspiration-forandringsdrivet-ledarskap\\\/#primaryimage\"},\"thumbnailUrl\":\"https:\\\/\\\/egn.com\\\/se\\\/wp-content\\\/uploads\\\/sites\\\/6\\\/2024\\\/02\\\/inspiration_homepage_kopia-vanlig.jpg\",\"datePublished\":\"2024-02-29T13:36:38+00:00\",\"dateModified\":\"2024-12-19T12:06:19+00:00\",\"description\":\"EGN Sverige genomf\u00f6r varje m\u00e5nad event f\u00f6r att skapa inspiration och ge dig som ledare fler insikter och komma fram\u00e5t i din roll\",\"breadcrumb\":{\"@id\":\"https:\\\/\\\/egn.com\\\/se\\\/events\\\/egn-inspiration-forandringsdrivet-ledarskap\\\/#breadcrumb\"},\"inLanguage\":\"sv-SE\",\"potentialAction\":[{\"@type\":\"ReadAction\",\"target\":[\"https:\\\/\\\/egn.com\\\/se\\\/events\\\/egn-inspiration-forandringsdrivet-ledarskap\\\/\"]}]},{\"@type\":\"ImageObject\",\"inLanguage\":\"sv-SE\",\"@id\":\"https:\\\/\\\/egn.com\\\/se\\\/events\\\/egn-inspiration-forandringsdrivet-ledarskap\\\/#primaryimage\",\"url\":\"https:\\\/\\\/egn.com\\\/se\\\/wp-content\\\/uploads\\\/sites\\\/6\\\/2024\\\/02\\\/inspiration_homepage_kopia-vanlig.jpg\",\"contentUrl\":\"https:\\\/\\\/egn.com\\\/se\\\/wp-content\\\/uploads\\\/sites\\\/6\\\/2024\\\/02\\\/inspiration_homepage_kopia-vanlig.jpg\",\"width\":1090,\"height\":722,\"caption\":\"Maria widstr\u00f6m och Kristina von knorring st\u00e5r tillsammans i bild till h\u00f6ger\"},{\"@type\":\"BreadcrumbList\",\"@id\":\"https:\\\/\\\/egn.com\\\/se\\\/events\\\/egn-inspiration-forandringsdrivet-ledarskap\\\/#breadcrumb\",\"itemListElement\":[{\"@type\":\"ListItem\",\"position\":1,\"name\":\"Hem\",\"item\":\"https:\\\/\\\/egn.com\\\/se\\\/\"},{\"@type\":\"ListItem\",\"position\":2,\"name\":\"Events\",\"item\":\"https:\\\/\\\/egn.com\\\/se\\\/events\\\/\"},{\"@type\":\"ListItem\",\"position\":3,\"name\":\"EGN Inspiration &#8211; F\u00f6r\u00e4ndringsdri&hellip;\"}]},{\"@type\":\"WebSite\",\"@id\":\"https:\\\/\\\/egn.com\\\/se\\\/#website\",\"url\":\"https:\\\/\\\/egn.com\\\/se\\\/\",\"name\":\"EGN Sverige\",\"description\":\"Professionella n\u00e4tverk f\u00f6r ledare och specialister\",\"publisher\":{\"@id\":\"https:\\\/\\\/egn.com\\\/se\\\/#organization\"},\"potentialAction\":[{\"@type\":\"SearchAction\",\"target\":{\"@type\":\"EntryPoint\",\"urlTemplate\":\"https:\\\/\\\/egn.com\\\/se\\\/?s={search_term_string}\"},\"query-input\":{\"@type\":\"PropertyValueSpecification\",\"valueRequired\":true,\"valueName\":\"search_term_string\"}}],\"inLanguage\":\"sv-SE\"},{\"@type\":\"Organization\",\"@id\":\"https:\\\/\\\/egn.com\\\/se\\\/#organization\",\"name\":\"EGN Sverige\",\"alternateName\":\"EGN\",\"url\":\"https:\\\/\\\/egn.com\\\/se\\\/\",\"logo\":{\"@type\":\"ImageObject\",\"inLanguage\":\"sv-SE\",\"@id\":\"https:\\\/\\\/egn.com\\\/se\\\/#\\\/schema\\\/logo\\\/image\\\/\",\"url\":\"https:\\\/\\\/egn.com\\\/se\\\/wp-content\\\/uploads\\\/sites\\\/6\\\/2026\\\/02\\\/EGN.png\",\"contentUrl\":\"https:\\\/\\\/egn.com\\\/se\\\/wp-content\\\/uploads\\\/sites\\\/6\\\/2026\\\/02\\\/EGN.png\",\"width\":2185,\"height\":699,\"caption\":\"EGN Sverige\"},\"image\":{\"@id\":\"https:\\\/\\\/egn.com\\\/se\\\/#\\\/schema\\\/logo\\\/image\\\/\"},\"sameAs\":[\"https:\\\/\\\/www.facebook.com\\\/egnsverige\\\/\",\"https:\\\/\\\/www.instagram.com\\\/egnsverige\",\"https:\\\/\\\/www.linkedin.com\\\/company\\\/executives-global-network\"],\"description\":\"EGN Sverige \u00e4r Sveriges st\u00f6rsta kompetensn\u00e4tverk f\u00f6r chefer och ledare som vill utveckla sitt ledarskap. Vi jobbar f\u00f6r att chefer och ledare tillsammans ska utvecklas och hj\u00e4lpa varandra med de utmaningar som man st\u00f6ter p\u00e5 i sin profession.\",\"email\":\"info@egn.se\",\"telephone\":\"+468210722\",\"vatID\":\"556739-7905\"}]}<\/script>","yoast_head_json":{"title":"EGN Inspiration | F\u00f6r\u00e4ndringsdrivet ledarskap | EGN.se","description":"EGN Sverige genomf\u00f6r varje m\u00e5nad event f\u00f6r att skapa inspiration och ge dig som ledare fler insikter och komma fram\u00e5t i din roll","robots":{"index":"index","follow":"follow","max-snippet":"max-snippet:-1","max-image-preview":"max-image-preview:large","max-video-preview":"max-video-preview:-1"},"canonical":"https:\/\/egn.com\/se\/events\/egn-inspiration-forandringsdrivet-ledarskap\/","og_locale":"sv_SE","og_type":"article","og_title":"EGN Inspiration 22 Mars - Vad \u00e4r grejen med f\u00f6r\u00e4ndringsdrivet ledarskap?","og_description":"EGN Sverige genomf\u00f6r varje m\u00e5nad event f\u00f6r att skapa inspiration och ge dig som ledare fler insikter och komma fram\u00e5t i din roll","og_url":"https:\/\/egn.com\/se\/events\/egn-inspiration-forandringsdrivet-ledarskap\/","og_site_name":"EGN Sverige","article_publisher":"https:\/\/www.facebook.com\/egnsverige\/","article_modified_time":"2024-12-19T12:06:19+00:00","og_image":[{"width":1090,"height":722,"url":"https:\/\/egn.com\/se\/wp-content\/uploads\/sites\/6\/2024\/02\/inspiration_homepage_kopia-1.jpg","type":"image\/jpeg"}],"twitter_card":"summary_large_image","twitter_title":"EGN Inspiration - F\u00f6r\u00e4ndringsdrivet Ledarskap","twitter_misc":{"Ber\u00e4knad l\u00e4stid":"2 minuter"},"schema":{"@context":"https:\/\/schema.org","@graph":[{"@type":"WebPage","@id":"https:\/\/egn.com\/se\/events\/egn-inspiration-forandringsdrivet-ledarskap\/","url":"https:\/\/egn.com\/se\/events\/egn-inspiration-forandringsdrivet-ledarskap\/","name":"EGN Inspiration | F\u00f6r\u00e4ndringsdrivet ledarskap | EGN.se","isPartOf":{"@id":"https:\/\/egn.com\/se\/#website"},"primaryImageOfPage":{"@id":"https:\/\/egn.com\/se\/events\/egn-inspiration-forandringsdrivet-ledarskap\/#primaryimage"},"image":{"@id":"https:\/\/egn.com\/se\/events\/egn-inspiration-forandringsdrivet-ledarskap\/#primaryimage"},"thumbnailUrl":"https:\/\/egn.com\/se\/wp-content\/uploads\/sites\/6\/2024\/02\/inspiration_homepage_kopia-vanlig.jpg","datePublished":"2024-02-29T13:36:38+00:00","dateModified":"2024-12-19T12:06:19+00:00","description":"EGN Sverige genomf\u00f6r varje m\u00e5nad event f\u00f6r att skapa inspiration och ge dig som ledare fler insikter och komma fram\u00e5t i din roll","breadcrumb":{"@id":"https:\/\/egn.com\/se\/events\/egn-inspiration-forandringsdrivet-ledarskap\/#breadcrumb"},"inLanguage":"sv-SE","potentialAction":[{"@type":"ReadAction","target":["https:\/\/egn.com\/se\/events\/egn-inspiration-forandringsdrivet-ledarskap\/"]}]},{"@type":"ImageObject","inLanguage":"sv-SE","@id":"https:\/\/egn.com\/se\/events\/egn-inspiration-forandringsdrivet-ledarskap\/#primaryimage","url":"https:\/\/egn.com\/se\/wp-content\/uploads\/sites\/6\/2024\/02\/inspiration_homepage_kopia-vanlig.jpg","contentUrl":"https:\/\/egn.com\/se\/wp-content\/uploads\/sites\/6\/2024\/02\/inspiration_homepage_kopia-vanlig.jpg","width":1090,"height":722,"caption":"Maria widstr\u00f6m och Kristina von knorring st\u00e5r tillsammans i bild till h\u00f6ger"},{"@type":"BreadcrumbList","@id":"https:\/\/egn.com\/se\/events\/egn-inspiration-forandringsdrivet-ledarskap\/#breadcrumb","itemListElement":[{"@type":"ListItem","position":1,"name":"Hem","item":"https:\/\/egn.com\/se\/"},{"@type":"ListItem","position":2,"name":"Events","item":"https:\/\/egn.com\/se\/events\/"},{"@type":"ListItem","position":3,"name":"EGN Inspiration &#8211; F\u00f6r\u00e4ndringsdri&hellip;"}]},{"@type":"WebSite","@id":"https:\/\/egn.com\/se\/#website","url":"https:\/\/egn.com\/se\/","name":"EGN Sverige","description":"Professionella n\u00e4tverk f\u00f6r ledare och specialister","publisher":{"@id":"https:\/\/egn.com\/se\/#organization"},"potentialAction":[{"@type":"SearchAction","target":{"@type":"EntryPoint","urlTemplate":"https:\/\/egn.com\/se\/?s={search_term_string}"},"query-input":{"@type":"PropertyValueSpecification","valueRequired":true,"valueName":"search_term_string"}}],"inLanguage":"sv-SE"},{"@type":"Organization","@id":"https:\/\/egn.com\/se\/#organization","name":"EGN Sverige","alternateName":"EGN","url":"https:\/\/egn.com\/se\/","logo":{"@type":"ImageObject","inLanguage":"sv-SE","@id":"https:\/\/egn.com\/se\/#\/schema\/logo\/image\/","url":"https:\/\/egn.com\/se\/wp-content\/uploads\/sites\/6\/2026\/02\/EGN.png","contentUrl":"https:\/\/egn.com\/se\/wp-content\/uploads\/sites\/6\/2026\/02\/EGN.png","width":2185,"height":699,"caption":"EGN Sverige"},"image":{"@id":"https:\/\/egn.com\/se\/#\/schema\/logo\/image\/"},"sameAs":["https:\/\/www.facebook.com\/egnsverige\/","https:\/\/www.instagram.com\/egnsverige","https:\/\/www.linkedin.com\/company\/executives-global-network"],"description":"EGN Sverige \u00e4r Sveriges st\u00f6rsta kompetensn\u00e4tverk f\u00f6r chefer och ledare som vill utveckla sitt ledarskap. Vi jobbar f\u00f6r att chefer och ledare tillsammans ska utvecklas och hj\u00e4lpa varandra med de utmaningar som man st\u00f6ter p\u00e5 i sin profession.","email":"info@egn.se","telephone":"+468210722","vatID":"556739-7905"}]}},"_links":{"self":[{"href":"https:\/\/egn.com\/se\/wp-json\/wp\/v2\/event\/11133","targetHints":{"allow":["GET"]}}],"collection":[{"href":"https:\/\/egn.com\/se\/wp-json\/wp\/v2\/event"}],"about":[{"href":"https:\/\/egn.com\/se\/wp-json\/wp\/v2\/types\/event"}],"version-history":[{"count":36,"href":"https:\/\/egn.com\/se\/wp-json\/wp\/v2\/event\/11133\/revisions"}],"predecessor-version":[{"id":13465,"href":"https:\/\/egn.com\/se\/wp-json\/wp\/v2\/event\/11133\/revisions\/13465"}],"wp:featuredmedia":[{"embeddable":true,"href":"https:\/\/egn.com\/se\/wp-json\/wp\/v2\/media\/11159"}],"wp:attachment":[{"href":"https:\/\/egn.com\/se\/wp-json\/wp\/v2\/media?parent=11133"}],"wp:term":[{"taxonomy":"event-type","embeddable":true,"href":"https:\/\/egn.com\/se\/wp-json\/wp\/v2\/event-type?post=11133"}],"curies":[{"name":"wp","href":"https:\/\/api.w.org\/{rel}","templated":true}]}}