{"id":11190,"date":"2024-03-04T17:28:41","date_gmt":"2024-03-04T15:28:41","guid":{"rendered":"https:\/\/egn.com\/se\/?post_type=events&#038;p=11190"},"modified":"2024-12-19T13:54:24","modified_gmt":"2024-12-19T11:54:24","slug":"egn-inspiration-fran-kris-till-samarbete","status":"publish","type":"event","link":"https:\/\/egn.com\/se\/events\/egn-inspiration-fran-kris-till-samarbete\/","title":{"rendered":"EGN Inspiration &#8211; Fr\u00e5n Kris Till Samarbete"},"content":{"rendered":"\t\t<div data-elementor-type=\"wp-post\" data-elementor-id=\"11190\" class=\"elementor elementor-11190\">\n\t\t\t\t\t\t<section class=\"elementor-section elementor-top-section elementor-element elementor-element-cd11d4c elementor-section-boxed elementor-section-height-default elementor-section-height-default\" data-id=\"cd11d4c\" data-element_type=\"section\">\n\t\t\t\t\t\t<div class=\"elementor-container elementor-column-gap-default\">\n\t\t\t\t\t<div class=\"elementor-column elementor-col-100 elementor-top-column elementor-element elementor-element-c91a62c\" data-id=\"c91a62c\" data-element_type=\"column\">\n\t\t\t<div class=\"elementor-widget-wrap elementor-element-populated\">\n\t\t\t\t\t\t<div class=\"elementor-element elementor-element-a020868 elementor-widget elementor-widget-text-editor\" data-id=\"a020868\" data-element_type=\"widget\" data-widget_type=\"text-editor.default\">\n\t\t\t\t<div class=\"elementor-widget-container\">\n\t\t\t\t\t\t\t\t\t<h3 style=\"text-align: center\" style=\"text-align: center\" id=\"foretagens-anpassningar-vid-global-turbulens\"><strong>F\u00f6retagens Anpassningar vid global turbulens<\/strong><\/h3><div style=\"text-align: center\"><b>Se f\u00f6rel\u00e4sningn i efterhand h\u00e4r nedan<\/b><\/div>\t\t\t\t\t\t\t\t<\/div>\n\t\t\t\t<\/div>\n\t\t\t\t<div class=\"elementor-element elementor-element-ec3d67f elementor-widget-divider--view-line elementor-widget elementor-widget-divider\" data-id=\"ec3d67f\" data-element_type=\"widget\" data-widget_type=\"divider.default\">\n\t\t\t\t<div class=\"elementor-widget-container\">\n\t\t\t\t\t\t\t<div class=\"elementor-divider\">\n\t\t\t<span class=\"elementor-divider-separator\">\n\t\t\t\t\t\t<\/span>\n\t\t<\/div>\n\t\t\t\t\t\t<\/div>\n\t\t\t\t<\/div>\n\t\t\t\t<div class=\"elementor-element elementor-element-e4af4ea elementor-widget elementor-widget-video\" data-id=\"e4af4ea\" data-element_type=\"widget\" data-settings=\"{&quot;video_type&quot;:&quot;vimeo&quot;}\" data-widget_type=\"video.default\">\n\t\t\t\t<div class=\"elementor-widget-container\">\n\t\t\t\t\t\t\t<div class=\"elementor-wrapper elementor-open-inline\">\n\t\t\t<iframe class=\"elementor-video-iframe\" allowfullscreen allow=\"clipboard-write\" title=\"vimeo-videospelare\" src=\"https:\/\/player.vimeo.com\/video\/951110127?color&amp;autopause=0&amp;loop=0&amp;muted=0&amp;title=1&amp;portrait=1&amp;byline=1#t=\"><\/iframe>\t\t<\/div>\n\t\t\t\t\t\t<\/div>\n\t\t\t\t<\/div>\n\t\t\t\t<div class=\"elementor-element elementor-element-f10d34b pp-buttons-halign-center elementor-hidden-desktop elementor-hidden-tablet elementor-hidden-mobile pp-buttons-valign-middle pp-buttons-stack-none elementor-widget elementor-widget-pp-buttons\" data-id=\"f10d34b\" data-element_type=\"widget\" data-widget_type=\"pp-buttons.default\">\n\t\t\t\t<div class=\"elementor-widget-container\">\n\t\t\t\t\t\t\t<div class=\"pp-buttons-group\">\n\t\t\t\t\t\t\t\t\t\t\t<a href=\"#elementor-action%3Aaction%3Dpopup%3Aopen%26settings%3DeyJpZCI6IjEwOTE1IiwidG9nZ2xlIjpmYWxzZX0%3D\" class=\"pp-button elementor-button elementor-size-lg elementor-repeater-item-e4eef9a \">\n\t\t\t\t\t<div class=\"pp-button-content-wrapper\">\n\t\t\t\t\t\t<span class=\"pp-button-content-inner pp-icon-before\">\n\t\t\t\t\t\t\t\n\t\t\t\t\t\t\t\t<span class=\"pp-button-title\">\n\t\t\t\t\t\t\t\t\tAnm\u00e4l dig h\u00e4r!\t\t\t\t\t\t\t\t<\/span>\n\t\t\t\t\t\t\t\t\t\t\t\t\t<\/span>\n\t\t\t\t\t<\/div>\n\t\t\t\t<\/a>\n\t\t\t\t\t\t\t\t\t\t<\/div>\t\t\t\t<\/div>\n\t\t\t\t<\/div>\n\t\t\t\t<div class=\"elementor-element elementor-element-50157f4 elementor-widget elementor-widget-text-editor\" data-id=\"50157f4\" data-element_type=\"widget\" data-widget_type=\"text-editor.default\">\n\t\t\t\t<div class=\"elementor-widget-container\">\n\t\t\t\t\t\t\t\t\t<p>De senaste \u00e5ren har varit k\u00e4nnetecknade av \u00f6kade geopolitiska och inrikespolitiska sp\u00e4nningar samt begynnande skiften inom global handel. 2024 riskerar att bli \u00e4nnu v\u00e4rre med \u00f6kade globala sp\u00e4nningar, bland annat p\u00e5 grund av rivaliteten mellan USA och Kina och Rysslands aggressionskrig i Europa, men ocks\u00e5 inom sakpolitiska omr\u00e5den. Flera av stormakterna forts\u00e4tter att pr\u00e4glas av djup misstro samtidigt som medelstora stater str\u00e4var alltmer efter inflytande. Det skapar b\u00e5de os\u00e4kerheter men \u00f6ppnar ocks\u00e5 f\u00f6r nya samarbeten. Mer \u00e4n halva av jordens befolkning ska g\u00e5 till val under 2024, vilket kan leda till maktvakuum och maktkamp men \u00e4ven positiva utfall. <br \/><br \/>Klarsynthet, enighet och strategisk uth\u00e5llighet blir avg\u00f6rande f\u00f6r hur v\u00e4stliga akt\u00f6rer, b\u00e5de inom politik och n\u00e4ringsliv, lyckas hantera utmaningarna. Samtidigt utg\u00f6r partnerskapen med nya allierade en viktig \u00e5terf\u00f6rs\u00e4kring f\u00f6r Sverige som vi b\u00f6r anv\u00e4nda, uppr\u00e4tth\u00e5lla och utveckla. Parallellt b\u00f6rjar nu planeringen f\u00f6r en f\u00f6rs\u00f6rjningsberedskap och totalf\u00f6rsvaret i Sverige att accelerera. N\u00e4ringslivet utg\u00f6r h\u00e4r ryggraden, men vi har ett system som bygger p\u00e5 att staten \u00e4r den centrala akt\u00f6ren. <br \/><br \/>Hur ser vi till att Sverige snabbt \u00f6kar sin robusthet, att n\u00e4ringslivets och marknadens principer och f\u00f6ruts\u00e4ttningar blir utg\u00e5ngspunkten i det system och struktur som vi h\u00e5ller p\u00e5 att bygga? \u00c4r det genomf\u00f6rbart och vad inneb\u00e4r den nya geopolitiska situationen i kombination med ett tufft s\u00e4kerhetsl\u00e4ge i Sverige f\u00f6r v\u00e5rt samh\u00e4lle och det privat-offentliga samarbetet?<\/p>\t\t\t\t\t\t\t\t<\/div>\n\t\t\t\t<\/div>\n\t\t\t\t<div class=\"elementor-element elementor-element-0b6da81 elementor-widget elementor-widget-text-editor\" data-id=\"0b6da81\" data-element_type=\"widget\" data-widget_type=\"text-editor.default\">\n\t\t\t\t<div class=\"elementor-widget-container\">\n\t\t\t\t\t\t\t\t\t<p><strong>I den h\u00e4r f\u00f6rel\u00e4sningen f\u00e5r du:<\/strong><br \/>\u2714\ufe0f Insikter om hur f\u00f6retag och samh\u00e4llet kan navigera genom en tid av \u00f6kande globala sp\u00e4nningar<br \/>\u2714\ufe0f B\u00e4ttre f\u00f6rst\u00e5else f\u00f6r de utmaningar och m\u00f6jligheter som f\u00f6religger, f\u00f6r f\u00f6retagen, samh\u00e4llet och Sverige.<\/p><p style=\"text-align: center\">Varmt v\u00e4lkommen att anm\u00e4la dig helt kostnadsfritt!<\/p>\t\t\t\t\t\t\t\t<\/div>\n\t\t\t\t<\/div>\n\t\t\t\t<div class=\"elementor-element elementor-element-446992c pp-buttons-halign-center elementor-hidden-desktop elementor-hidden-tablet elementor-hidden-mobile pp-buttons-valign-middle pp-buttons-stack-none elementor-widget elementor-widget-pp-buttons\" data-id=\"446992c\" data-element_type=\"widget\" data-widget_type=\"pp-buttons.default\">\n\t\t\t\t<div class=\"elementor-widget-container\">\n\t\t\t\t\t\t\t<div class=\"pp-buttons-group\">\n\t\t\t\t\t\t\t\t\t\t\t<a href=\"#elementor-action%3Aaction%3Dpopup%3Aopen%26settings%3DeyJpZCI6IjEwOTE1IiwidG9nZ2xlIjpmYWxzZX0%3D\" class=\"pp-button elementor-button elementor-size-lg elementor-repeater-item-e4eef9a \">\n\t\t\t\t\t<div class=\"pp-button-content-wrapper\">\n\t\t\t\t\t\t<span class=\"pp-button-content-inner pp-icon-before\">\n\t\t\t\t\t\t\t\n\t\t\t\t\t\t\t\t<span class=\"pp-button-title\">\n\t\t\t\t\t\t\t\t\tAnm\u00e4l dig h\u00e4r!\t\t\t\t\t\t\t\t<\/span>\n\t\t\t\t\t\t\t\t\t\t\t\t\t<\/span>\n\t\t\t\t\t<\/div>\n\t\t\t\t<\/a>\n\t\t\t\t\t\t\t\t\t\t<\/div>\t\t\t\t<\/div>\n\t\t\t\t<\/div>\n\t\t\t\t\t<\/div>\n\t\t<\/div>\n\t\t\t\t\t<\/div>\n\t\t<\/section>\n\t\t\t\t<section class=\"elementor-section elementor-top-section elementor-element elementor-element-0ef2b62 elementor-section-boxed elementor-section-height-default elementor-section-height-default\" data-id=\"0ef2b62\" data-element_type=\"section\">\n\t\t\t\t\t\t<div class=\"elementor-container elementor-column-gap-default\">\n\t\t\t\t\t<div class=\"elementor-column elementor-col-100 elementor-top-column elementor-element elementor-element-69a1017\" data-id=\"69a1017\" data-element_type=\"column\">\n\t\t\t<div class=\"elementor-widget-wrap\">\n\t\t\t\t\t\t\t<\/div>\n\t\t<\/div>\n\t\t\t\t\t<\/div>\n\t\t<\/section>\n\t\t\t\t<section class=\"elementor-section elementor-top-section elementor-element elementor-element-dcb8413 elementor-section-boxed elementor-section-height-default elementor-section-height-default\" data-id=\"dcb8413\" data-element_type=\"section\">\n\t\t\t\t\t\t<div class=\"elementor-container elementor-column-gap-default\">\n\t\t\t\t\t<div class=\"elementor-column elementor-col-100 elementor-top-column elementor-element elementor-element-f38bea6\" data-id=\"f38bea6\" data-element_type=\"column\">\n\t\t\t<div class=\"elementor-widget-wrap elementor-element-populated\">\n\t\t\t\t\t\t<div class=\"elementor-element elementor-element-52a328e elementor-widget elementor-widget-author-box\" data-id=\"52a328e\" data-element_type=\"widget\" data-widget_type=\"author-box.default\">\n\t\t\t\t<div class=\"elementor-widget-container\">\n\t\t\t\t\t\t\t<div class=\"elementor-author-box\">\n\t\t\t\t\t\t\t<a href=\"https:\/\/www.svensktnaringsliv.se\/\" class=\"elementor-author-box__avatar\">\n\t\t\t\t\t<img decoding=\"async\" src=\"https:\/\/egn.com\/se\/wp-content\/uploads\/sites\/6\/2024\/03\/johan_sjB6berg_03-edit-300x200.jpg\" alt=\"M\u00f6t Johan Sj\u00f6berg\" loading=\"lazy\">\n\t\t\t\t<\/a>\n\t\t\t\n\t\t\t<div class=\"elementor-author-box__text\">\n\t\t\t\t\t\t\t\t\t<a href=\"https:\/\/www.svensktnaringsliv.se\/\">\n\t\t\t\t\t\t<h4 class=\"elementor-author-box__name\">\n\t\t\t\t\t\t\tM\u00f6t Johan Sj\u00f6berg\t\t\t\t\t\t<\/h4>\n\t\t\t\t\t<\/a>\n\t\t\t\t\n\t\t\t\t\t\t\t\t\t<div class=\"elementor-author-box__bio\">\n\t\t\t\t\t\t<p>Efter avslutad masterutbildning i Uppsala har jag arbetet i ett flertal olika ledande befattningar inom statsf\u00f6rvaltningen och n\u00e4ringslivet, b\u00e5de i Sverige och utomlands. Inom underr\u00e4ttelsetj\u00e4nsten, som diplomat och f\u00f6rhandlare, inom regeringskansliet, aff\u00e4rsutvecklingschef liksom under de senaste \u00e5ren som ansvarig f\u00f6r s\u00e4kerhets- och f\u00f6rsvarspolicy inom Svenskt N\u00e4ringsliv.<\/p>\n\t\t\t\t\t<\/div>\n\t\t\t\t\n\t\t\t\t\t\t\t<\/div>\n\t\t<\/div>\n\t\t\t\t\t\t<\/div>\n\t\t\t\t<\/div>\n\t\t\t\t\t<\/div>\n\t\t<\/div>\n\t\t\t\t\t<\/div>\n\t\t<\/section>\n\t\t\t\t<\/div>\n\t\t","protected":false},"excerpt":{"rendered":"<p>F\u00f6retagens Anpassningar vid global turbulens Se f\u00f6rel\u00e4sningn i efterhand h\u00e4r nedan Anm\u00e4l dig h\u00e4r! De senaste \u00e5ren har varit k\u00e4nnetecknade av \u00f6kade geopolitiska och inrikespolitiska sp\u00e4nningar samt begynnande skiften inom global handel. 2024 riskerar att bli \u00e4nnu v\u00e4rre med \u00f6kade globala sp\u00e4nningar, bland annat p\u00e5 grund av rivaliteten mellan USA och Kina och Rysslands aggressionskrig<a href=\"https:\/\/egn.com\/se\/events\/egn-inspiration-fran-kris-till-samarbete\/\">Forts\u00e4tt l\u00e4sa <span class=\"sr-only\">&#8221;EGN Inspiration &#8211; Fr\u00e5n Kris Till Samarbete&#8221;<\/span><\/a><\/p>\n","protected":false},"featured_media":11194,"menu_order":0,"template":"","format":"standard","meta":{"_acf_changed":false,"footnotes":""},"event-type":[],"class_list":["post-11190","event","type-event","status-publish","format-standard","has-post-thumbnail","hentry"],"acf":[],"yoast_head":"<title>EGN Inspiration | Fr\u00e5n kris till samarbete | EGN.se<\/title>\n<meta name=\"description\" content=\"EGN Sverige genomf\u00f6r varje m\u00e5nad event f\u00f6r att skapa inspiration och ge dig som ledare fler insikter och komma fram\u00e5t i din roll\" \/>\n<meta name=\"robots\" content=\"index, follow, max-snippet:-1, max-image-preview:large, max-video-preview:-1\" \/>\n<link rel=\"canonical\" href=\"https:\/\/egn.com\/se\/events\/egn-inspiration-fran-kris-till-samarbete\/\" \/>\n<meta property=\"og:locale\" content=\"sv_SE\" \/>\n<meta property=\"og:type\" content=\"article\" \/>\n<meta property=\"og:title\" content=\"EGN Inspiration 24 Maj - Fr\u00e5n kris till samarbete\" \/>\n<meta property=\"og:description\" content=\"De senaste \u00e5ren har k\u00e4nnetecknats av \u00f6kade geopolitiska och inrikespolitiska sp\u00e4nningar samt begynnande skiften inom global handel. 2024 riskerar att bli \u00e4nnu v\u00e4rre med \u00f6kade globala sp\u00e4nningar. Anm\u00e4l dig till den kommande kostnadsfria f\u00f6rel\u00e4sningen den 24 maj\" \/>\n<meta property=\"og:url\" content=\"https:\/\/egn.com\/se\/events\/egn-inspiration-fran-kris-till-samarbete\/\" \/>\n<meta property=\"og:site_name\" content=\"EGN Sverige\" \/>\n<meta property=\"article:publisher\" content=\"https:\/\/www.facebook.com\/egnsverige\/\" \/>\n<meta property=\"article:modified_time\" content=\"2024-12-19T11:54:24+00:00\" \/>\n<meta property=\"og:image\" content=\"https:\/\/egn.com\/se\/wp-content\/uploads\/sites\/6\/2024\/03\/inspiration_homepage_kopia-uppstyrd-samarbete.jpg\" \/>\n\t<meta property=\"og:image:width\" content=\"1090\" \/>\n\t<meta property=\"og:image:height\" content=\"722\" \/>\n\t<meta property=\"og:image:type\" content=\"image\/jpeg\" \/>\n<meta name=\"twitter:card\" content=\"summary_large_image\" \/>\n<meta name=\"twitter:title\" content=\"EGN Inspiration - Fr\u00e5n Kris Till Samarbete\" \/>\n<meta name=\"twitter:label1\" content=\"Ber\u00e4knad l\u00e4stid\" \/>\n\t<meta name=\"twitter:data1\" content=\"2 minuter\" \/>\n<script type=\"application\/ld+json\" class=\"yoast-schema-graph\">{\"@context\":\"https:\\\/\\\/schema.org\",\"@graph\":[{\"@type\":\"WebPage\",\"@id\":\"https:\\\/\\\/egn.com\\\/se\\\/events\\\/egn-inspiration-fran-kris-till-samarbete\\\/\",\"url\":\"https:\\\/\\\/egn.com\\\/se\\\/events\\\/egn-inspiration-fran-kris-till-samarbete\\\/\",\"name\":\"EGN Inspiration | Fr\u00e5n kris till samarbete | EGN.se\",\"isPartOf\":{\"@id\":\"https:\\\/\\\/egn.com\\\/se\\\/#website\"},\"primaryImageOfPage\":{\"@id\":\"https:\\\/\\\/egn.com\\\/se\\\/events\\\/egn-inspiration-fran-kris-till-samarbete\\\/#primaryimage\"},\"image\":{\"@id\":\"https:\\\/\\\/egn.com\\\/se\\\/events\\\/egn-inspiration-fran-kris-till-samarbete\\\/#primaryimage\"},\"thumbnailUrl\":\"https:\\\/\\\/egn.com\\\/se\\\/wp-content\\\/uploads\\\/sites\\\/6\\\/2024\\\/03\\\/inspiration_homepage_kopia-uppstyrd-sam-4.jpg\",\"datePublished\":\"2024-03-04T15:28:41+00:00\",\"dateModified\":\"2024-12-19T11:54:24+00:00\",\"description\":\"EGN Sverige genomf\u00f6r varje m\u00e5nad event f\u00f6r att skapa inspiration och ge dig som ledare fler insikter och komma fram\u00e5t i din roll\",\"breadcrumb\":{\"@id\":\"https:\\\/\\\/egn.com\\\/se\\\/events\\\/egn-inspiration-fran-kris-till-samarbete\\\/#breadcrumb\"},\"inLanguage\":\"sv-SE\",\"potentialAction\":[{\"@type\":\"ReadAction\",\"target\":[\"https:\\\/\\\/egn.com\\\/se\\\/events\\\/egn-inspiration-fran-kris-till-samarbete\\\/\"]}]},{\"@type\":\"ImageObject\",\"inLanguage\":\"sv-SE\",\"@id\":\"https:\\\/\\\/egn.com\\\/se\\\/events\\\/egn-inspiration-fran-kris-till-samarbete\\\/#primaryimage\",\"url\":\"https:\\\/\\\/egn.com\\\/se\\\/wp-content\\\/uploads\\\/sites\\\/6\\\/2024\\\/03\\\/inspiration_homepage_kopia-uppstyrd-sam-4.jpg\",\"contentUrl\":\"https:\\\/\\\/egn.com\\\/se\\\/wp-content\\\/uploads\\\/sites\\\/6\\\/2024\\\/03\\\/inspiration_homepage_kopia-uppstyrd-sam-4.jpg\",\"width\":1090,\"height\":722},{\"@type\":\"BreadcrumbList\",\"@id\":\"https:\\\/\\\/egn.com\\\/se\\\/events\\\/egn-inspiration-fran-kris-till-samarbete\\\/#breadcrumb\",\"itemListElement\":[{\"@type\":\"ListItem\",\"position\":1,\"name\":\"Hem\",\"item\":\"https:\\\/\\\/egn.com\\\/se\\\/\"},{\"@type\":\"ListItem\",\"position\":2,\"name\":\"Events\",\"item\":\"https:\\\/\\\/egn.com\\\/se\\\/events\\\/\"},{\"@type\":\"ListItem\",\"position\":3,\"name\":\"EGN Inspiration &#8211; Fr\u00e5n Kris Till &hellip;\"}]},{\"@type\":\"WebSite\",\"@id\":\"https:\\\/\\\/egn.com\\\/se\\\/#website\",\"url\":\"https:\\\/\\\/egn.com\\\/se\\\/\",\"name\":\"EGN Sverige\",\"description\":\"Professionella n\u00e4tverk f\u00f6r ledare och specialister\",\"publisher\":{\"@id\":\"https:\\\/\\\/egn.com\\\/se\\\/#organization\"},\"potentialAction\":[{\"@type\":\"SearchAction\",\"target\":{\"@type\":\"EntryPoint\",\"urlTemplate\":\"https:\\\/\\\/egn.com\\\/se\\\/?s={search_term_string}\"},\"query-input\":{\"@type\":\"PropertyValueSpecification\",\"valueRequired\":true,\"valueName\":\"search_term_string\"}}],\"inLanguage\":\"sv-SE\"},{\"@type\":\"Organization\",\"@id\":\"https:\\\/\\\/egn.com\\\/se\\\/#organization\",\"name\":\"EGN Sverige\",\"alternateName\":\"EGN\",\"url\":\"https:\\\/\\\/egn.com\\\/se\\\/\",\"logo\":{\"@type\":\"ImageObject\",\"inLanguage\":\"sv-SE\",\"@id\":\"https:\\\/\\\/egn.com\\\/se\\\/#\\\/schema\\\/logo\\\/image\\\/\",\"url\":\"https:\\\/\\\/egn.com\\\/se\\\/wp-content\\\/uploads\\\/sites\\\/6\\\/2026\\\/02\\\/EGN.png\",\"contentUrl\":\"https:\\\/\\\/egn.com\\\/se\\\/wp-content\\\/uploads\\\/sites\\\/6\\\/2026\\\/02\\\/EGN.png\",\"width\":2185,\"height\":699,\"caption\":\"EGN Sverige\"},\"image\":{\"@id\":\"https:\\\/\\\/egn.com\\\/se\\\/#\\\/schema\\\/logo\\\/image\\\/\"},\"sameAs\":[\"https:\\\/\\\/www.facebook.com\\\/egnsverige\\\/\",\"https:\\\/\\\/www.instagram.com\\\/egnsverige\",\"https:\\\/\\\/www.linkedin.com\\\/company\\\/executives-global-network\"],\"description\":\"EGN Sverige \u00e4r Sveriges st\u00f6rsta kompetensn\u00e4tverk f\u00f6r chefer och ledare som vill utveckla sitt ledarskap. Vi jobbar f\u00f6r att chefer och ledare tillsammans ska utvecklas och hj\u00e4lpa varandra med de utmaningar som man st\u00f6ter p\u00e5 i sin profession.\",\"email\":\"info@egn.se\",\"telephone\":\"+468210722\",\"vatID\":\"556739-7905\"}]}<\/script>","yoast_head_json":{"title":"EGN Inspiration | Fr\u00e5n kris till samarbete | EGN.se","description":"EGN Sverige genomf\u00f6r varje m\u00e5nad event f\u00f6r att skapa inspiration och ge dig som ledare fler insikter och komma fram\u00e5t i din roll","robots":{"index":"index","follow":"follow","max-snippet":"max-snippet:-1","max-image-preview":"max-image-preview:large","max-video-preview":"max-video-preview:-1"},"canonical":"https:\/\/egn.com\/se\/events\/egn-inspiration-fran-kris-till-samarbete\/","og_locale":"sv_SE","og_type":"article","og_title":"EGN Inspiration 24 Maj - Fr\u00e5n kris till samarbete","og_description":"De senaste \u00e5ren har k\u00e4nnetecknats av \u00f6kade geopolitiska och inrikespolitiska sp\u00e4nningar samt begynnande skiften inom global handel. 2024 riskerar att bli \u00e4nnu v\u00e4rre med \u00f6kade globala sp\u00e4nningar. Anm\u00e4l dig till den kommande kostnadsfria f\u00f6rel\u00e4sningen den 24 maj","og_url":"https:\/\/egn.com\/se\/events\/egn-inspiration-fran-kris-till-samarbete\/","og_site_name":"EGN Sverige","article_publisher":"https:\/\/www.facebook.com\/egnsverige\/","article_modified_time":"2024-12-19T11:54:24+00:00","og_image":[{"width":1090,"height":722,"url":"https:\/\/egn.com\/se\/wp-content\/uploads\/sites\/6\/2024\/03\/inspiration_homepage_kopia-uppstyrd-samarbete.jpg","type":"image\/jpeg"}],"twitter_card":"summary_large_image","twitter_title":"EGN Inspiration - Fr\u00e5n Kris Till Samarbete","twitter_misc":{"Ber\u00e4knad l\u00e4stid":"2 minuter"},"schema":{"@context":"https:\/\/schema.org","@graph":[{"@type":"WebPage","@id":"https:\/\/egn.com\/se\/events\/egn-inspiration-fran-kris-till-samarbete\/","url":"https:\/\/egn.com\/se\/events\/egn-inspiration-fran-kris-till-samarbete\/","name":"EGN Inspiration | Fr\u00e5n kris till samarbete | EGN.se","isPartOf":{"@id":"https:\/\/egn.com\/se\/#website"},"primaryImageOfPage":{"@id":"https:\/\/egn.com\/se\/events\/egn-inspiration-fran-kris-till-samarbete\/#primaryimage"},"image":{"@id":"https:\/\/egn.com\/se\/events\/egn-inspiration-fran-kris-till-samarbete\/#primaryimage"},"thumbnailUrl":"https:\/\/egn.com\/se\/wp-content\/uploads\/sites\/6\/2024\/03\/inspiration_homepage_kopia-uppstyrd-sam-4.jpg","datePublished":"2024-03-04T15:28:41+00:00","dateModified":"2024-12-19T11:54:24+00:00","description":"EGN Sverige genomf\u00f6r varje m\u00e5nad event f\u00f6r att skapa inspiration och ge dig som ledare fler insikter och komma fram\u00e5t i din roll","breadcrumb":{"@id":"https:\/\/egn.com\/se\/events\/egn-inspiration-fran-kris-till-samarbete\/#breadcrumb"},"inLanguage":"sv-SE","potentialAction":[{"@type":"ReadAction","target":["https:\/\/egn.com\/se\/events\/egn-inspiration-fran-kris-till-samarbete\/"]}]},{"@type":"ImageObject","inLanguage":"sv-SE","@id":"https:\/\/egn.com\/se\/events\/egn-inspiration-fran-kris-till-samarbete\/#primaryimage","url":"https:\/\/egn.com\/se\/wp-content\/uploads\/sites\/6\/2024\/03\/inspiration_homepage_kopia-uppstyrd-sam-4.jpg","contentUrl":"https:\/\/egn.com\/se\/wp-content\/uploads\/sites\/6\/2024\/03\/inspiration_homepage_kopia-uppstyrd-sam-4.jpg","width":1090,"height":722},{"@type":"BreadcrumbList","@id":"https:\/\/egn.com\/se\/events\/egn-inspiration-fran-kris-till-samarbete\/#breadcrumb","itemListElement":[{"@type":"ListItem","position":1,"name":"Hem","item":"https:\/\/egn.com\/se\/"},{"@type":"ListItem","position":2,"name":"Events","item":"https:\/\/egn.com\/se\/events\/"},{"@type":"ListItem","position":3,"name":"EGN Inspiration &#8211; Fr\u00e5n Kris Till &hellip;"}]},{"@type":"WebSite","@id":"https:\/\/egn.com\/se\/#website","url":"https:\/\/egn.com\/se\/","name":"EGN Sverige","description":"Professionella n\u00e4tverk f\u00f6r ledare och specialister","publisher":{"@id":"https:\/\/egn.com\/se\/#organization"},"potentialAction":[{"@type":"SearchAction","target":{"@type":"EntryPoint","urlTemplate":"https:\/\/egn.com\/se\/?s={search_term_string}"},"query-input":{"@type":"PropertyValueSpecification","valueRequired":true,"valueName":"search_term_string"}}],"inLanguage":"sv-SE"},{"@type":"Organization","@id":"https:\/\/egn.com\/se\/#organization","name":"EGN Sverige","alternateName":"EGN","url":"https:\/\/egn.com\/se\/","logo":{"@type":"ImageObject","inLanguage":"sv-SE","@id":"https:\/\/egn.com\/se\/#\/schema\/logo\/image\/","url":"https:\/\/egn.com\/se\/wp-content\/uploads\/sites\/6\/2026\/02\/EGN.png","contentUrl":"https:\/\/egn.com\/se\/wp-content\/uploads\/sites\/6\/2026\/02\/EGN.png","width":2185,"height":699,"caption":"EGN Sverige"},"image":{"@id":"https:\/\/egn.com\/se\/#\/schema\/logo\/image\/"},"sameAs":["https:\/\/www.facebook.com\/egnsverige\/","https:\/\/www.instagram.com\/egnsverige","https:\/\/www.linkedin.com\/company\/executives-global-network"],"description":"EGN Sverige \u00e4r Sveriges st\u00f6rsta kompetensn\u00e4tverk f\u00f6r chefer och ledare som vill utveckla sitt ledarskap. Vi jobbar f\u00f6r att chefer och ledare tillsammans ska utvecklas och hj\u00e4lpa varandra med de utmaningar som man st\u00f6ter p\u00e5 i sin profession.","email":"info@egn.se","telephone":"+468210722","vatID":"556739-7905"}]}},"_links":{"self":[{"href":"https:\/\/egn.com\/se\/wp-json\/wp\/v2\/event\/11190","targetHints":{"allow":["GET"]}}],"collection":[{"href":"https:\/\/egn.com\/se\/wp-json\/wp\/v2\/event"}],"about":[{"href":"https:\/\/egn.com\/se\/wp-json\/wp\/v2\/types\/event"}],"version-history":[{"count":13,"href":"https:\/\/egn.com\/se\/wp-json\/wp\/v2\/event\/11190\/revisions"}],"predecessor-version":[{"id":13457,"href":"https:\/\/egn.com\/se\/wp-json\/wp\/v2\/event\/11190\/revisions\/13457"}],"wp:featuredmedia":[{"embeddable":true,"href":"https:\/\/egn.com\/se\/wp-json\/wp\/v2\/media\/11194"}],"wp:attachment":[{"href":"https:\/\/egn.com\/se\/wp-json\/wp\/v2\/media?parent=11190"}],"wp:term":[{"taxonomy":"event-type","embeddable":true,"href":"https:\/\/egn.com\/se\/wp-json\/wp\/v2\/event-type?post=11190"}],"curies":[{"name":"wp","href":"https:\/\/api.w.org\/{rel}","templated":true}]}}