{"id":8449,"date":"2022-12-09T10:06:56","date_gmt":"2022-12-09T08:06:56","guid":{"rendered":"https:\/\/egn.com\/se\/?post_type=events&#038;p=8449"},"modified":"2022-12-09T10:06:56","modified_gmt":"2022-12-09T08:06:56","slug":"globalt-webinar-future-of-work-be-prepared-for-a-new-year","status":"publish","type":"event","link":"https:\/\/egn.com\/se\/events\/globalt-webinar-future-of-work-be-prepared-for-a-new-year\/","title":{"rendered":"Globalt Webinar &#8211; Future of work: Be prepared for a new year"},"content":{"rendered":"\t\t<div data-elementor-type=\"wp-post\" data-elementor-id=\"8449\" class=\"elementor elementor-8449\">\n\t\t\t\t\t\t<section class=\"elementor-section elementor-top-section elementor-element elementor-element-3dfe87e elementor-section-boxed elementor-section-height-default elementor-section-height-default\" data-id=\"3dfe87e\" data-element_type=\"section\">\n\t\t\t\t\t\t<div class=\"elementor-container elementor-column-gap-default\">\n\t\t\t\t\t<div class=\"elementor-column elementor-col-100 elementor-top-column elementor-element elementor-element-8cad967\" data-id=\"8cad967\" data-element_type=\"column\">\n\t\t\t<div class=\"elementor-widget-wrap elementor-element-populated\">\n\t\t\t\t\t\t<div class=\"elementor-element elementor-element-03cd621 elementor-widget elementor-widget-text-editor\" data-id=\"03cd621\" data-element_type=\"widget\" data-widget_type=\"text-editor.default\">\n\t\t\t\t<div class=\"elementor-widget-container\">\n\t\t\t\t\t\t\t\t\t<p style=\"text-align: center\"><strong>Torsdag 15 november kl 09:00-10:00<\/strong><br \/>Engelskspr\u00e5kig, digital och kostnadsfri f\u00f6rel\u00e4sning<\/p>\t\t\t\t\t\t\t\t<\/div>\n\t\t\t\t<\/div>\n\t\t\t\t<div class=\"elementor-element elementor-element-aa0bb43 elementor-widget elementor-widget-text-editor\" data-id=\"aa0bb43\" data-element_type=\"widget\" data-widget_type=\"text-editor.default\">\n\t\t\t\t<div class=\"elementor-widget-container\">\n\t\t\t\t\t\t\t\t\t<h2 id=\"arbetets-framtid-forbered-dig-infor-ett-nytt-ar\">Arbetets framtid: F\u00f6rbered dig inf\u00f6r ett nytt \u00e5r!<\/h2><p>Delta i s\u00e4songens sista EGN Global-webbseminarium den 15 december kl. 9.00-10.00 med <a href=\"https:\/\/www.linkedin.com\/in\/jpoulter\/\">James Poulter<\/a> och f\u00e5 insikter om hur man bygger en innovationskultur.<\/p><p>James Poulter \u00e4r VD f\u00f6r ett av Storbritanniens ledande r\u00f6stteknikf\u00f6retag<a href=\"https:\/\/vixenlabs.co\/\"> Vixen Labs<\/a> och tidigare chef f\u00f6r <a href=\"https:\/\/www.lego.com\/sv-se\">LEGO Groups<\/a> team f\u00f6r nya plattformar och partnerskap.<\/p><p>I det h\u00e4r webbseminariet kommer James Poulter att ta dig med p\u00e5 en genomg\u00e5ng av vad som kr\u00e4vs f\u00f6r att bygga en innovationskultur \u00e5r 2023 och vad som kr\u00e4vs f\u00f6r att f\u00f6retag ska kunna utvecklas till de nya arbetss\u00e4tten efter COVID-19:s inverkan.<\/p><p>Med hj\u00e4lp av n\u00e5gra exempel fr\u00e5n hans tid p\u00e5 Lego, Edelman och Ogilvy tittar James p\u00e5 vilka nya kontroller (CTL) som m\u00e5ste inf\u00f6ras, vad som kan beh\u00f6va \u00e4ndras (ALT) f\u00f6r att ditt team ska kunna vara innovativt, arbeta tillsammans och kanske fortfarande arbeta hemifr\u00e5n med en ny balans mellan arbete och privatliv &#8211; och vad som m\u00e5ste tas bort (DEL) fr\u00e5n tidigare arbetss\u00e4tt.<\/p><h4><strong>Om James Poulter<\/strong><\/h4><p>James Poulter \u00e4r grundare och VD f\u00f6r Vixen Labs, ett av Storbritanniens ledande f\u00f6retag inom r\u00f6stteknik, och han \u00e4r en tankeledare och talare.<\/p><p>Tidigare var James chef f\u00f6r LEGO-koncernens team f\u00f6r nya plattformar och partnerskap som en del av divisionen f\u00f6r digitalt konsumentengagemang, d\u00e4r han s\u00f6kte efter ny teknik, nya plattformar och nya partners f\u00f6r att bygga upp ett digitalt konsumentengagemang med LEGO:s kunder, shoppare och konsumenter p\u00e5 global niv\u00e5.<\/p><p>F\u00f6rutom att utforma och utveckla sociala funktioner som LEGO Lifes emoji-tangentbord, anpassade figurer och modereringssystem, \u00f6vervakade James lanseringen av LEGOs globala partnerskap med GIPHY, vilket ledde till att LEGO-kanalen fick \u00f6ver 1 miljard GIF-visningar under det f\u00f6rsta \u00e5ret.<\/p><p>James har ocks\u00e5 varit chef f\u00f6r sociala medier f\u00f6r LEGOs sociala n\u00e4tverk f\u00f6r barn, LEGO Life &#8211; som lanserades globalt 2017 och sedan dess har vuxit till \u00f6ver 2 miljoner aktiva anv\u00e4ndare som regelbundet l\u00e4gger upp sitt inneh\u00e5ll p\u00e5 v\u00e4rldens f\u00f6rsta globala och s\u00e4kra sociala n\u00e4tverk f\u00f6r barn.<\/p><p>Innan James b\u00f6rjade p\u00e5 LEGO arbetade han f\u00f6r ett antal av v\u00e4rldens ledande marknadsf\u00f6rings-, reklam- och PR-byr\u00e5er, bland annat Edelman och Ogilvy, och ledde digitala marknadsf\u00f6rings-, mobila och sociala kampanjer b\u00e5de i EMEA och globalt samt nya aff\u00e4rer f\u00f6r kunder som Diageo, Unilever, Bose, PayPal, HP och Adobe.<\/p><p>Varmt v\u00e4lkomna att anm\u00e4la er kostnadsfritt!<\/p>\t\t\t\t\t\t\t\t<\/div>\n\t\t\t\t<\/div>\n\t\t\t\t\t<\/div>\n\t\t<\/div>\n\t\t\t\t\t<\/div>\n\t\t<\/section>\n\t\t\t\t<\/div>\n\t\t","protected":false},"excerpt":{"rendered":"<p>Torsdag 15 november kl 09:00-10:00 Engelskspr\u00e5kig, digital och kostnadsfri f\u00f6rel\u00e4sning Arbetets framtid: F\u00f6rbered dig inf\u00f6r ett nytt \u00e5r! Delta i s\u00e4songens sista EGN Global-webbseminarium den 15 december kl. 9.00-10.00 med James Poulter och f\u00e5 insikter om hur man bygger en innovationskultur. James Poulter \u00e4r VD f\u00f6r ett av Storbritanniens ledande r\u00f6stteknikf\u00f6retag Vixen Labs och tidigare<a href=\"https:\/\/egn.com\/se\/events\/globalt-webinar-future-of-work-be-prepared-for-a-new-year\/\">Forts\u00e4tt l\u00e4sa <span class=\"sr-only\">&#8221;Globalt Webinar &#8211; Future of work: Be prepared for a new year&#8221;<\/span><\/a><\/p>\n","protected":false},"featured_media":8450,"menu_order":0,"template":"","format":"standard","meta":{"_acf_changed":false,"footnotes":""},"event-type":[],"class_list":["post-8449","event","type-event","status-publish","format-standard","has-post-thumbnail","hentry"],"acf":[],"yoast_head":"<title>Globalt Webinar - Future of work: Be prepared for a new year | egn.se<\/title>\n<meta name=\"description\" content=\"EGN Sverige genomf\u00f6r varje m\u00e5nad digitala f\u00f6rel\u00e4sningar. I november kommer vi f\u00e5 veta mer om hur vi f\u00f6retag rustar oss kommande \u00e5rs arbete\" \/>\n<meta name=\"robots\" content=\"index, follow, max-snippet:-1, max-image-preview:large, max-video-preview:-1\" \/>\n<link rel=\"canonical\" href=\"https:\/\/egn.com\/se\/events\/globalt-webinar-future-of-work-be-prepared-for-a-new-year\/\" \/>\n<meta property=\"og:locale\" content=\"sv_SE\" \/>\n<meta property=\"og:type\" content=\"article\" \/>\n<meta property=\"og:title\" content=\"Globalt Webinar - Future of work: Be prepared for a new year\" \/>\n<meta property=\"og:description\" content=\"EGN Sverige genomf\u00f6r varje m\u00e5nad digitala f\u00f6rel\u00e4sningar. I november kommer vi f\u00e5 veta mer om hur vi f\u00f6retag rustar oss kommande \u00e5rs arbete\" \/>\n<meta property=\"og:url\" content=\"https:\/\/egn.com\/se\/events\/globalt-webinar-future-of-work-be-prepared-for-a-new-year\/\" \/>\n<meta property=\"og:site_name\" content=\"EGN Sverige\" \/>\n<meta property=\"article:publisher\" content=\"https:\/\/www.facebook.com\/egnsverige\/\" \/>\n<meta property=\"og:image\" content=\"https:\/\/egn.com\/se\/wp-content\/uploads\/sites\/6\/2022\/12\/globalweb_homepage-DEC22_2.jpg\" \/>\n\t<meta property=\"og:image:width\" content=\"1090\" \/>\n\t<meta property=\"og:image:height\" content=\"722\" \/>\n\t<meta property=\"og:image:type\" content=\"image\/jpeg\" \/>\n<meta name=\"twitter:card\" content=\"summary_large_image\" \/>\n<meta name=\"twitter:label1\" content=\"Ber\u00e4knad l\u00e4stid\" \/>\n\t<meta name=\"twitter:data1\" content=\"2 minuter\" \/>\n<script type=\"application\/ld+json\" class=\"yoast-schema-graph\">{\"@context\":\"https:\\\/\\\/schema.org\",\"@graph\":[{\"@type\":\"WebPage\",\"@id\":\"https:\\\/\\\/egn.com\\\/se\\\/events\\\/globalt-webinar-future-of-work-be-prepared-for-a-new-year\\\/\",\"url\":\"https:\\\/\\\/egn.com\\\/se\\\/events\\\/globalt-webinar-future-of-work-be-prepared-for-a-new-year\\\/\",\"name\":\"Globalt Webinar - Future of work: Be prepared for a new year | egn.se\",\"isPartOf\":{\"@id\":\"https:\\\/\\\/egn.com\\\/se\\\/#website\"},\"primaryImageOfPage\":{\"@id\":\"https:\\\/\\\/egn.com\\\/se\\\/events\\\/globalt-webinar-future-of-work-be-prepared-for-a-new-year\\\/#primaryimage\"},\"image\":{\"@id\":\"https:\\\/\\\/egn.com\\\/se\\\/events\\\/globalt-webinar-future-of-work-be-prepared-for-a-new-year\\\/#primaryimage\"},\"thumbnailUrl\":\"https:\\\/\\\/egn.com\\\/se\\\/wp-content\\\/uploads\\\/sites\\\/6\\\/2022\\\/12\\\/globalweb_homepage-DEC22_2.jpg\",\"datePublished\":\"2022-12-09T08:06:56+00:00\",\"description\":\"EGN Sverige genomf\u00f6r varje m\u00e5nad digitala f\u00f6rel\u00e4sningar. I november kommer vi f\u00e5 veta mer om hur vi f\u00f6retag rustar oss kommande \u00e5rs arbete\",\"breadcrumb\":{\"@id\":\"https:\\\/\\\/egn.com\\\/se\\\/events\\\/globalt-webinar-future-of-work-be-prepared-for-a-new-year\\\/#breadcrumb\"},\"inLanguage\":\"sv-SE\",\"potentialAction\":[{\"@type\":\"ReadAction\",\"target\":[\"https:\\\/\\\/egn.com\\\/se\\\/events\\\/globalt-webinar-future-of-work-be-prepared-for-a-new-year\\\/\"]}]},{\"@type\":\"ImageObject\",\"inLanguage\":\"sv-SE\",\"@id\":\"https:\\\/\\\/egn.com\\\/se\\\/events\\\/globalt-webinar-future-of-work-be-prepared-for-a-new-year\\\/#primaryimage\",\"url\":\"https:\\\/\\\/egn.com\\\/se\\\/wp-content\\\/uploads\\\/sites\\\/6\\\/2022\\\/12\\\/globalweb_homepage-DEC22_2.jpg\",\"contentUrl\":\"https:\\\/\\\/egn.com\\\/se\\\/wp-content\\\/uploads\\\/sites\\\/6\\\/2022\\\/12\\\/globalweb_homepage-DEC22_2.jpg\",\"width\":1090,\"height\":722},{\"@type\":\"BreadcrumbList\",\"@id\":\"https:\\\/\\\/egn.com\\\/se\\\/events\\\/globalt-webinar-future-of-work-be-prepared-for-a-new-year\\\/#breadcrumb\",\"itemListElement\":[{\"@type\":\"ListItem\",\"position\":1,\"name\":\"Hem\",\"item\":\"https:\\\/\\\/egn.com\\\/se\\\/\"},{\"@type\":\"ListItem\",\"position\":2,\"name\":\"Events\",\"item\":\"https:\\\/\\\/egn.com\\\/se\\\/events\\\/\"},{\"@type\":\"ListItem\",\"position\":3,\"name\":\"Globalt Webinar &#8211; Future of work: &hellip;\"}]},{\"@type\":\"WebSite\",\"@id\":\"https:\\\/\\\/egn.com\\\/se\\\/#website\",\"url\":\"https:\\\/\\\/egn.com\\\/se\\\/\",\"name\":\"EGN Sverige\",\"description\":\"Professionella n\u00e4tverk f\u00f6r ledare och specialister\",\"publisher\":{\"@id\":\"https:\\\/\\\/egn.com\\\/se\\\/#organization\"},\"potentialAction\":[{\"@type\":\"SearchAction\",\"target\":{\"@type\":\"EntryPoint\",\"urlTemplate\":\"https:\\\/\\\/egn.com\\\/se\\\/?s={search_term_string}\"},\"query-input\":{\"@type\":\"PropertyValueSpecification\",\"valueRequired\":true,\"valueName\":\"search_term_string\"}}],\"inLanguage\":\"sv-SE\"},{\"@type\":\"Organization\",\"@id\":\"https:\\\/\\\/egn.com\\\/se\\\/#organization\",\"name\":\"EGN Sverige\",\"alternateName\":\"EGN\",\"url\":\"https:\\\/\\\/egn.com\\\/se\\\/\",\"logo\":{\"@type\":\"ImageObject\",\"inLanguage\":\"sv-SE\",\"@id\":\"https:\\\/\\\/egn.com\\\/se\\\/#\\\/schema\\\/logo\\\/image\\\/\",\"url\":\"https:\\\/\\\/egn.com\\\/se\\\/wp-content\\\/uploads\\\/sites\\\/6\\\/2026\\\/02\\\/EGN.png\",\"contentUrl\":\"https:\\\/\\\/egn.com\\\/se\\\/wp-content\\\/uploads\\\/sites\\\/6\\\/2026\\\/02\\\/EGN.png\",\"width\":2185,\"height\":699,\"caption\":\"EGN Sverige\"},\"image\":{\"@id\":\"https:\\\/\\\/egn.com\\\/se\\\/#\\\/schema\\\/logo\\\/image\\\/\"},\"sameAs\":[\"https:\\\/\\\/www.facebook.com\\\/egnsverige\\\/\",\"https:\\\/\\\/www.instagram.com\\\/egnsverige\",\"https:\\\/\\\/www.linkedin.com\\\/company\\\/executives-global-network\"],\"description\":\"EGN Sverige \u00e4r Sveriges st\u00f6rsta kompetensn\u00e4tverk f\u00f6r chefer och ledare som vill utveckla sitt ledarskap. Vi jobbar f\u00f6r att chefer och ledare tillsammans ska utvecklas och hj\u00e4lpa varandra med de utmaningar som man st\u00f6ter p\u00e5 i sin profession.\",\"email\":\"info@egn.se\",\"telephone\":\"+468210722\",\"vatID\":\"556739-7905\"}]}<\/script>","yoast_head_json":{"title":"Globalt Webinar - Future of work: Be prepared for a new year | egn.se","description":"EGN Sverige genomf\u00f6r varje m\u00e5nad digitala f\u00f6rel\u00e4sningar. I november kommer vi f\u00e5 veta mer om hur vi f\u00f6retag rustar oss kommande \u00e5rs arbete","robots":{"index":"index","follow":"follow","max-snippet":"max-snippet:-1","max-image-preview":"max-image-preview:large","max-video-preview":"max-video-preview:-1"},"canonical":"https:\/\/egn.com\/se\/events\/globalt-webinar-future-of-work-be-prepared-for-a-new-year\/","og_locale":"sv_SE","og_type":"article","og_title":"Globalt Webinar - Future of work: Be prepared for a new year","og_description":"EGN Sverige genomf\u00f6r varje m\u00e5nad digitala f\u00f6rel\u00e4sningar. I november kommer vi f\u00e5 veta mer om hur vi f\u00f6retag rustar oss kommande \u00e5rs arbete","og_url":"https:\/\/egn.com\/se\/events\/globalt-webinar-future-of-work-be-prepared-for-a-new-year\/","og_site_name":"EGN Sverige","article_publisher":"https:\/\/www.facebook.com\/egnsverige\/","og_image":[{"width":1090,"height":722,"url":"https:\/\/egn.com\/se\/wp-content\/uploads\/sites\/6\/2022\/12\/globalweb_homepage-DEC22_2.jpg","type":"image\/jpeg"}],"twitter_card":"summary_large_image","twitter_misc":{"Ber\u00e4knad l\u00e4stid":"2 minuter"},"schema":{"@context":"https:\/\/schema.org","@graph":[{"@type":"WebPage","@id":"https:\/\/egn.com\/se\/events\/globalt-webinar-future-of-work-be-prepared-for-a-new-year\/","url":"https:\/\/egn.com\/se\/events\/globalt-webinar-future-of-work-be-prepared-for-a-new-year\/","name":"Globalt Webinar - Future of work: Be prepared for a new year | egn.se","isPartOf":{"@id":"https:\/\/egn.com\/se\/#website"},"primaryImageOfPage":{"@id":"https:\/\/egn.com\/se\/events\/globalt-webinar-future-of-work-be-prepared-for-a-new-year\/#primaryimage"},"image":{"@id":"https:\/\/egn.com\/se\/events\/globalt-webinar-future-of-work-be-prepared-for-a-new-year\/#primaryimage"},"thumbnailUrl":"https:\/\/egn.com\/se\/wp-content\/uploads\/sites\/6\/2022\/12\/globalweb_homepage-DEC22_2.jpg","datePublished":"2022-12-09T08:06:56+00:00","description":"EGN Sverige genomf\u00f6r varje m\u00e5nad digitala f\u00f6rel\u00e4sningar. I november kommer vi f\u00e5 veta mer om hur vi f\u00f6retag rustar oss kommande \u00e5rs arbete","breadcrumb":{"@id":"https:\/\/egn.com\/se\/events\/globalt-webinar-future-of-work-be-prepared-for-a-new-year\/#breadcrumb"},"inLanguage":"sv-SE","potentialAction":[{"@type":"ReadAction","target":["https:\/\/egn.com\/se\/events\/globalt-webinar-future-of-work-be-prepared-for-a-new-year\/"]}]},{"@type":"ImageObject","inLanguage":"sv-SE","@id":"https:\/\/egn.com\/se\/events\/globalt-webinar-future-of-work-be-prepared-for-a-new-year\/#primaryimage","url":"https:\/\/egn.com\/se\/wp-content\/uploads\/sites\/6\/2022\/12\/globalweb_homepage-DEC22_2.jpg","contentUrl":"https:\/\/egn.com\/se\/wp-content\/uploads\/sites\/6\/2022\/12\/globalweb_homepage-DEC22_2.jpg","width":1090,"height":722},{"@type":"BreadcrumbList","@id":"https:\/\/egn.com\/se\/events\/globalt-webinar-future-of-work-be-prepared-for-a-new-year\/#breadcrumb","itemListElement":[{"@type":"ListItem","position":1,"name":"Hem","item":"https:\/\/egn.com\/se\/"},{"@type":"ListItem","position":2,"name":"Events","item":"https:\/\/egn.com\/se\/events\/"},{"@type":"ListItem","position":3,"name":"Globalt Webinar &#8211; Future of work: &hellip;"}]},{"@type":"WebSite","@id":"https:\/\/egn.com\/se\/#website","url":"https:\/\/egn.com\/se\/","name":"EGN Sverige","description":"Professionella n\u00e4tverk f\u00f6r ledare och specialister","publisher":{"@id":"https:\/\/egn.com\/se\/#organization"},"potentialAction":[{"@type":"SearchAction","target":{"@type":"EntryPoint","urlTemplate":"https:\/\/egn.com\/se\/?s={search_term_string}"},"query-input":{"@type":"PropertyValueSpecification","valueRequired":true,"valueName":"search_term_string"}}],"inLanguage":"sv-SE"},{"@type":"Organization","@id":"https:\/\/egn.com\/se\/#organization","name":"EGN Sverige","alternateName":"EGN","url":"https:\/\/egn.com\/se\/","logo":{"@type":"ImageObject","inLanguage":"sv-SE","@id":"https:\/\/egn.com\/se\/#\/schema\/logo\/image\/","url":"https:\/\/egn.com\/se\/wp-content\/uploads\/sites\/6\/2026\/02\/EGN.png","contentUrl":"https:\/\/egn.com\/se\/wp-content\/uploads\/sites\/6\/2026\/02\/EGN.png","width":2185,"height":699,"caption":"EGN Sverige"},"image":{"@id":"https:\/\/egn.com\/se\/#\/schema\/logo\/image\/"},"sameAs":["https:\/\/www.facebook.com\/egnsverige\/","https:\/\/www.instagram.com\/egnsverige","https:\/\/www.linkedin.com\/company\/executives-global-network"],"description":"EGN Sverige \u00e4r Sveriges st\u00f6rsta kompetensn\u00e4tverk f\u00f6r chefer och ledare som vill utveckla sitt ledarskap. Vi jobbar f\u00f6r att chefer och ledare tillsammans ska utvecklas och hj\u00e4lpa varandra med de utmaningar som man st\u00f6ter p\u00e5 i sin profession.","email":"info@egn.se","telephone":"+468210722","vatID":"556739-7905"}]}},"_links":{"self":[{"href":"https:\/\/egn.com\/se\/wp-json\/wp\/v2\/event\/8449","targetHints":{"allow":["GET"]}}],"collection":[{"href":"https:\/\/egn.com\/se\/wp-json\/wp\/v2\/event"}],"about":[{"href":"https:\/\/egn.com\/se\/wp-json\/wp\/v2\/types\/event"}],"version-history":[{"count":9,"href":"https:\/\/egn.com\/se\/wp-json\/wp\/v2\/event\/8449\/revisions"}],"predecessor-version":[{"id":8528,"href":"https:\/\/egn.com\/se\/wp-json\/wp\/v2\/event\/8449\/revisions\/8528"}],"wp:featuredmedia":[{"embeddable":true,"href":"https:\/\/egn.com\/se\/wp-json\/wp\/v2\/media\/8450"}],"wp:attachment":[{"href":"https:\/\/egn.com\/se\/wp-json\/wp\/v2\/media?parent=8449"}],"wp:term":[{"taxonomy":"event-type","embeddable":true,"href":"https:\/\/egn.com\/se\/wp-json\/wp\/v2\/event-type?post=8449"}],"curies":[{"name":"wp","href":"https:\/\/api.w.org\/{rel}","templated":true}]}}