{"id":8589,"date":"2023-02-07T15:15:14","date_gmt":"2023-02-07T13:15:14","guid":{"rendered":"https:\/\/egn.com\/se\/?post_type=events&#038;p=8589"},"modified":"2023-03-31T11:50:01","modified_gmt":"2023-03-31T09:50:01","slug":"egn-inspiration-forbattrad-arbetsformaga","status":"publish","type":"event","link":"https:\/\/egn.com\/se\/events\/egn-inspiration-forbattrad-arbetsformaga\/","title":{"rendered":"EGN Inspiration &#8211; Mats B\u00f6rjesson &#8211; F\u00f6rb\u00e4ttrad arbetsf\u00f6rm\u00e5ga"},"content":{"rendered":"\t\t<div data-elementor-type=\"wp-post\" data-elementor-id=\"8589\" class=\"elementor elementor-8589\">\n\t\t\t\t\t\t<section class=\"elementor-section elementor-top-section elementor-element elementor-element-cd11d4c elementor-section-boxed elementor-section-height-default elementor-section-height-default\" data-id=\"cd11d4c\" data-element_type=\"section\">\n\t\t\t\t\t\t<div class=\"elementor-container elementor-column-gap-default\">\n\t\t\t\t\t<div class=\"elementor-column elementor-col-100 elementor-top-column elementor-element elementor-element-c91a62c\" data-id=\"c91a62c\" data-element_type=\"column\">\n\t\t\t<div class=\"elementor-widget-wrap elementor-element-populated\">\n\t\t\t\t\t\t<div class=\"elementor-element elementor-element-27f677d elementor-widget elementor-widget-text-editor\" data-id=\"27f677d\" data-element_type=\"widget\" data-widget_type=\"text-editor.default\">\n\t\t\t\t<div class=\"elementor-widget-container\">\n\t\t\t\t\t\t\t\t\t<p style=\"text-align: center\"><strong>Fredag 31 mars kl 08:00-09:00<\/strong><br \/>F\u00f6rel\u00e4sningen \u00e4r digital och kostnadsfri<\/p>\t\t\t\t\t\t\t\t<\/div>\n\t\t\t\t<\/div>\n\t\t\t\t<div class=\"elementor-element elementor-element-f56d14a elementor-widget elementor-widget-video\" data-id=\"f56d14a\" data-element_type=\"widget\" data-settings=\"{&quot;video_type&quot;:&quot;vimeo&quot;}\" data-widget_type=\"video.default\">\n\t\t\t\t<div class=\"elementor-widget-container\">\n\t\t\t\t\t\t\t<div class=\"elementor-wrapper elementor-open-inline\">\n\t\t\t<iframe class=\"elementor-video-iframe\" allowfullscreen allow=\"clipboard-write\" title=\"vimeo-videospelare\" src=\"https:\/\/player.vimeo.com\/video\/813491357?color&amp;autopause=0&amp;loop=0&amp;muted=0&amp;title=1&amp;portrait=1&amp;byline=1#t=\"><\/iframe>\t\t<\/div>\n\t\t\t\t\t\t<\/div>\n\t\t\t\t<\/div>\n\t\t\t\t<div class=\"elementor-element elementor-element-dbc4059 pp-buttons-halign-center elementor-hidden-desktop pp-buttons-valign-middle pp-buttons-stack-none elementor-widget elementor-widget-pp-buttons\" data-id=\"dbc4059\" data-element_type=\"widget\" data-widget_type=\"pp-buttons.default\">\n\t\t\t\t<div class=\"elementor-widget-container\">\n\t\t\t\t\t\t\t<div class=\"pp-buttons-group\">\n\t\t\t\t\t\t\t\t\t\t\t<a href=\"http:\/\/eepurl.com\/gRzusj\" class=\"pp-button elementor-button elementor-size-sm elementor-repeater-item-e4eef9a \">\n\t\t\t\t\t<div class=\"pp-button-content-wrapper\">\n\t\t\t\t\t\t<span class=\"pp-button-content-inner pp-icon-before\">\n\t\t\t\t\t\t\t\n\t\t\t\t\t\t\t\t<span class=\"pp-button-title\">\n\t\t\t\t\t\t\t\t\tAnm\u00e4l dig h\u00e4r!\t\t\t\t\t\t\t\t<\/span>\n\t\t\t\t\t\t\t\t\t\t\t\t\t<\/span>\n\t\t\t\t\t<\/div>\n\t\t\t\t<\/a>\n\t\t\t\t\t\t\t\t\t\t<\/div>\t\t\t\t<\/div>\n\t\t\t\t<\/div>\n\t\t\t\t<div class=\"elementor-element elementor-element-0b6da81 elementor-widget elementor-widget-text-editor\" data-id=\"0b6da81\" data-element_type=\"widget\" data-widget_type=\"text-editor.default\">\n\t\t\t\t<div class=\"elementor-widget-container\">\n\t\t\t\t\t\t\t\t\t<h5><strong>F\u00f6r en f\u00f6rb\u00e4ttrad arbetsf\u00f6rm\u00e5ga &#8211; vad kr\u00e4vs?<\/strong><\/h5>\n<p>Allt fler svenskar n\u00e5r inte upp till rekommendationer om fysisk aktivitet och vi \u00e4r alltmer stillasittande, b\u00e5de p\u00e5 jobbet och p\u00e5 fritiden. Hur p\u00e5verkar det h\u00e4lsan och v\u00e5r arbetsf\u00f6rm\u00e5ga?<\/p>\n<p>H\u00e4lsofr\u00e4mjande insatser i form av fysisk aktivitet kan leda till m\u00e5nga positiva effekter d\u00e4ribland en f\u00f6rb\u00e4ttrad sj\u00e4lvupplevd h\u00e4lsa och arbetsf\u00f6rm\u00e5ga, \u00f6kad f\u00f6rm\u00e5ga att hantera fysiska och psykiska p\u00e5frestningar och en st\u00f6rre m\u00f6jlighet till snabbare \u00e5terh\u00e4mtning.<\/p>\n<p>Mats B\u00f6rjesson \u00e4r professor i idrottsfysiologi p\u00e5 Institutionen f\u00f6r neurovetenskap och fysiologi, Sahlgrenska akademin och f\u00f6rest\u00e5ndare Centrum f\u00f6r h\u00e4lsa- och prestationsutveckling (CHP), Institutionen f\u00f6r kost och idrottsvetenskap, G\u00f6teborgs universitet och \u00d6stra Sjukhuset.<\/p>\n<p>Han redog\u00f6r f\u00f6r definitionen av en god arbetsf\u00f6rm\u00e5ga och p\u00e5 vilket s\u00e4tt f\u00f6rebyggande friskv\u00e5rd kan f\u00f6rebygga stress, oro, \u00e5ngest och sm\u00e4rta och d\u00e4rmed \u00f6ka f\u00f6ruts\u00e4ttningarna f\u00f6r att fler medarbetare ska kunna skatta en god arbetsf\u00f6rm\u00e5ga p\u00e5 en arbetsplats.<\/p>\n<p>Mats \u00e4r den fj\u00e4rde delen i den f\u00f6rel\u00e4sningsserie vi har tagit fram tillsammans med <a href=\"https:\/\/imr.se\/\">IMR<\/a> som handlar om h\u00e5llbara medarbetare och h\u00e5llbart ledarskap. Du kan ta del av de andra f\u00f6rel\u00e4sningarna eller anm\u00e4la dig till dom&nbsp;<a href=\"https:\/\/egn.com\/se\/events\/\">H\u00c4R<\/a>.&nbsp;<\/p>\t\t\t\t\t\t\t\t<\/div>\n\t\t\t\t<\/div>\n\t\t\t\t\t<\/div>\n\t\t<\/div>\n\t\t\t\t\t<\/div>\n\t\t<\/section>\n\t\t\t\t<\/div>\n\t\t","protected":false},"excerpt":{"rendered":"<p>Fredag 31 mars kl 08:00-09:00F\u00f6rel\u00e4sningen \u00e4r digital och kostnadsfri https:\/\/vimeo.com\/813491357 Anm\u00e4l dig h\u00e4r! F\u00f6r en f\u00f6rb\u00e4ttrad arbetsf\u00f6rm\u00e5ga &#8211; vad kr\u00e4vs? Allt fler svenskar n\u00e5r inte upp till rekommendationer om fysisk aktivitet och vi \u00e4r alltmer stillasittande, b\u00e5de p\u00e5 jobbet och p\u00e5 fritiden. Hur p\u00e5verkar det h\u00e4lsan och v\u00e5r arbetsf\u00f6rm\u00e5ga? H\u00e4lsofr\u00e4mjande insatser i form av fysisk<a href=\"https:\/\/egn.com\/se\/events\/egn-inspiration-forbattrad-arbetsformaga\/\">Forts\u00e4tt l\u00e4sa <span class=\"sr-only\">&#8221;EGN Inspiration &#8211; Mats B\u00f6rjesson &#8211; F\u00f6rb\u00e4ttrad arbetsf\u00f6rm\u00e5ga&#8221;<\/span><\/a><\/p>\n","protected":false},"featured_media":8591,"menu_order":0,"template":"","format":"standard","meta":{"_acf_changed":false,"footnotes":""},"event-type":[],"class_list":["post-8589","event","type-event","status-publish","format-standard","has-post-thumbnail","hentry"],"acf":[],"yoast_head":"<title>EGN Inspiration | F\u00f6rb\u00e4ttrad arbetsf\u00f6rm\u00e5ga | EGN.se<\/title>\n<meta name=\"robots\" content=\"index, follow, max-snippet:-1, max-image-preview:large, max-video-preview:-1\" \/>\n<link rel=\"canonical\" href=\"https:\/\/egn.com\/se\/events\/egn-inspiration-forbattrad-arbetsformaga\/\" \/>\n<meta property=\"og:locale\" content=\"sv_SE\" \/>\n<meta property=\"og:type\" content=\"article\" \/>\n<meta property=\"og:title\" content=\"EGN Inspiration med Mats B\u00f6rjesson om f\u00f6rb\u00e4ttrad arbetsf\u00f6rm\u00e5ga\" \/>\n<meta property=\"og:description\" content=\"H\u00e4lsofr\u00e4mjande insatser i form av fysisk aktivitet kan leda till m\u00e5nga positiva effekter d\u00e4ribland en f\u00f6rb\u00e4ttrad sj\u00e4lvupplevd h\u00e4lsa och arbetsf\u00f6rm\u00e5ga, \u00f6kad f\u00f6rm\u00e5ga att hantera fysiska och psykiska p\u00e5frestningar och en st\u00f6rre m\u00f6jlighet till snabbare \u00e5terh\u00e4mtning.\" \/>\n<meta property=\"og:url\" content=\"https:\/\/egn.com\/se\/events\/egn-inspiration-forbattrad-arbetsformaga\/\" \/>\n<meta property=\"og:site_name\" content=\"EGN Sverige\" \/>\n<meta property=\"article:publisher\" content=\"https:\/\/www.facebook.com\/egnsverige\/\" \/>\n<meta property=\"article:modified_time\" content=\"2023-03-31T09:50:01+00:00\" \/>\n<meta property=\"og:image\" content=\"https:\/\/egn.com\/se\/wp-content\/uploads\/sites\/6\/2022\/12\/inspiration_homepage_MATSBORJESSON-1.jpg\" \/>\n\t<meta property=\"og:image:width\" content=\"1090\" \/>\n\t<meta property=\"og:image:height\" content=\"722\" \/>\n\t<meta property=\"og:image:type\" content=\"image\/jpeg\" \/>\n<meta name=\"twitter:card\" content=\"summary_large_image\" \/>\n<meta name=\"twitter:title\" content=\"EGN Inspiration - Mats B\u00f6rjesson - F\u00f6rb\u00e4ttrad arbetsf\u00f6rm\u00e5ga\" \/>\n<meta name=\"twitter:label1\" content=\"Ber\u00e4knad l\u00e4stid\" \/>\n\t<meta name=\"twitter:data1\" content=\"1 minut\" \/>\n<script type=\"application\/ld+json\" class=\"yoast-schema-graph\">{\"@context\":\"https:\\\/\\\/schema.org\",\"@graph\":[{\"@type\":\"WebPage\",\"@id\":\"https:\\\/\\\/egn.com\\\/se\\\/events\\\/egn-inspiration-forbattrad-arbetsformaga\\\/\",\"url\":\"https:\\\/\\\/egn.com\\\/se\\\/events\\\/egn-inspiration-forbattrad-arbetsformaga\\\/\",\"name\":\"EGN Inspiration | F\u00f6rb\u00e4ttrad arbetsf\u00f6rm\u00e5ga | EGN.se\",\"isPartOf\":{\"@id\":\"https:\\\/\\\/egn.com\\\/se\\\/#website\"},\"primaryImageOfPage\":{\"@id\":\"https:\\\/\\\/egn.com\\\/se\\\/events\\\/egn-inspiration-forbattrad-arbetsformaga\\\/#primaryimage\"},\"image\":{\"@id\":\"https:\\\/\\\/egn.com\\\/se\\\/events\\\/egn-inspiration-forbattrad-arbetsformaga\\\/#primaryimage\"},\"thumbnailUrl\":\"https:\\\/\\\/egn.com\\\/se\\\/wp-content\\\/uploads\\\/sites\\\/6\\\/2022\\\/12\\\/inspiration_homepage_MATSBORJESSON-1.jpg\",\"datePublished\":\"2023-02-07T13:15:14+00:00\",\"dateModified\":\"2023-03-31T09:50:01+00:00\",\"breadcrumb\":{\"@id\":\"https:\\\/\\\/egn.com\\\/se\\\/events\\\/egn-inspiration-forbattrad-arbetsformaga\\\/#breadcrumb\"},\"inLanguage\":\"sv-SE\",\"potentialAction\":[{\"@type\":\"ReadAction\",\"target\":[\"https:\\\/\\\/egn.com\\\/se\\\/events\\\/egn-inspiration-forbattrad-arbetsformaga\\\/\"]}]},{\"@type\":\"ImageObject\",\"inLanguage\":\"sv-SE\",\"@id\":\"https:\\\/\\\/egn.com\\\/se\\\/events\\\/egn-inspiration-forbattrad-arbetsformaga\\\/#primaryimage\",\"url\":\"https:\\\/\\\/egn.com\\\/se\\\/wp-content\\\/uploads\\\/sites\\\/6\\\/2022\\\/12\\\/inspiration_homepage_MATSBORJESSON-1.jpg\",\"contentUrl\":\"https:\\\/\\\/egn.com\\\/se\\\/wp-content\\\/uploads\\\/sites\\\/6\\\/2022\\\/12\\\/inspiration_homepage_MATSBORJESSON-1.jpg\",\"width\":1090,\"height\":722},{\"@type\":\"BreadcrumbList\",\"@id\":\"https:\\\/\\\/egn.com\\\/se\\\/events\\\/egn-inspiration-forbattrad-arbetsformaga\\\/#breadcrumb\",\"itemListElement\":[{\"@type\":\"ListItem\",\"position\":1,\"name\":\"Hem\",\"item\":\"https:\\\/\\\/egn.com\\\/se\\\/\"},{\"@type\":\"ListItem\",\"position\":2,\"name\":\"Events\",\"item\":\"https:\\\/\\\/egn.com\\\/se\\\/events\\\/\"},{\"@type\":\"ListItem\",\"position\":3,\"name\":\"EGN Inspiration &#8211; Mats B\u00f6rjesson &hellip;\"}]},{\"@type\":\"WebSite\",\"@id\":\"https:\\\/\\\/egn.com\\\/se\\\/#website\",\"url\":\"https:\\\/\\\/egn.com\\\/se\\\/\",\"name\":\"EGN Sverige\",\"description\":\"Professionella n\u00e4tverk f\u00f6r ledare och specialister\",\"publisher\":{\"@id\":\"https:\\\/\\\/egn.com\\\/se\\\/#organization\"},\"potentialAction\":[{\"@type\":\"SearchAction\",\"target\":{\"@type\":\"EntryPoint\",\"urlTemplate\":\"https:\\\/\\\/egn.com\\\/se\\\/?s={search_term_string}\"},\"query-input\":{\"@type\":\"PropertyValueSpecification\",\"valueRequired\":true,\"valueName\":\"search_term_string\"}}],\"inLanguage\":\"sv-SE\"},{\"@type\":\"Organization\",\"@id\":\"https:\\\/\\\/egn.com\\\/se\\\/#organization\",\"name\":\"EGN Sverige\",\"alternateName\":\"EGN\",\"url\":\"https:\\\/\\\/egn.com\\\/se\\\/\",\"logo\":{\"@type\":\"ImageObject\",\"inLanguage\":\"sv-SE\",\"@id\":\"https:\\\/\\\/egn.com\\\/se\\\/#\\\/schema\\\/logo\\\/image\\\/\",\"url\":\"https:\\\/\\\/egn.com\\\/se\\\/wp-content\\\/uploads\\\/sites\\\/6\\\/2026\\\/02\\\/EGN.png\",\"contentUrl\":\"https:\\\/\\\/egn.com\\\/se\\\/wp-content\\\/uploads\\\/sites\\\/6\\\/2026\\\/02\\\/EGN.png\",\"width\":2185,\"height\":699,\"caption\":\"EGN Sverige\"},\"image\":{\"@id\":\"https:\\\/\\\/egn.com\\\/se\\\/#\\\/schema\\\/logo\\\/image\\\/\"},\"sameAs\":[\"https:\\\/\\\/www.facebook.com\\\/egnsverige\\\/\",\"https:\\\/\\\/www.instagram.com\\\/egnsverige\",\"https:\\\/\\\/www.linkedin.com\\\/company\\\/executives-global-network\"],\"description\":\"EGN Sverige \u00e4r Sveriges st\u00f6rsta kompetensn\u00e4tverk f\u00f6r chefer och ledare som vill utveckla sitt ledarskap. Vi jobbar f\u00f6r att chefer och ledare tillsammans ska utvecklas och hj\u00e4lpa varandra med de utmaningar som man st\u00f6ter p\u00e5 i sin profession.\",\"email\":\"info@egn.se\",\"telephone\":\"+468210722\",\"vatID\":\"556739-7905\"}]}<\/script>","yoast_head_json":{"title":"EGN Inspiration | F\u00f6rb\u00e4ttrad arbetsf\u00f6rm\u00e5ga | EGN.se","robots":{"index":"index","follow":"follow","max-snippet":"max-snippet:-1","max-image-preview":"max-image-preview:large","max-video-preview":"max-video-preview:-1"},"canonical":"https:\/\/egn.com\/se\/events\/egn-inspiration-forbattrad-arbetsformaga\/","og_locale":"sv_SE","og_type":"article","og_title":"EGN Inspiration med Mats B\u00f6rjesson om f\u00f6rb\u00e4ttrad arbetsf\u00f6rm\u00e5ga","og_description":"H\u00e4lsofr\u00e4mjande insatser i form av fysisk aktivitet kan leda till m\u00e5nga positiva effekter d\u00e4ribland en f\u00f6rb\u00e4ttrad sj\u00e4lvupplevd h\u00e4lsa och arbetsf\u00f6rm\u00e5ga, \u00f6kad f\u00f6rm\u00e5ga att hantera fysiska och psykiska p\u00e5frestningar och en st\u00f6rre m\u00f6jlighet till snabbare \u00e5terh\u00e4mtning.","og_url":"https:\/\/egn.com\/se\/events\/egn-inspiration-forbattrad-arbetsformaga\/","og_site_name":"EGN Sverige","article_publisher":"https:\/\/www.facebook.com\/egnsverige\/","article_modified_time":"2023-03-31T09:50:01+00:00","og_image":[{"width":1090,"height":722,"url":"https:\/\/egn.com\/se\/wp-content\/uploads\/sites\/6\/2022\/12\/inspiration_homepage_MATSBORJESSON-1.jpg","type":"image\/jpeg"}],"twitter_card":"summary_large_image","twitter_title":"EGN Inspiration - Mats B\u00f6rjesson - F\u00f6rb\u00e4ttrad arbetsf\u00f6rm\u00e5ga","twitter_misc":{"Ber\u00e4knad l\u00e4stid":"1 minut"},"schema":{"@context":"https:\/\/schema.org","@graph":[{"@type":"WebPage","@id":"https:\/\/egn.com\/se\/events\/egn-inspiration-forbattrad-arbetsformaga\/","url":"https:\/\/egn.com\/se\/events\/egn-inspiration-forbattrad-arbetsformaga\/","name":"EGN Inspiration | F\u00f6rb\u00e4ttrad arbetsf\u00f6rm\u00e5ga | EGN.se","isPartOf":{"@id":"https:\/\/egn.com\/se\/#website"},"primaryImageOfPage":{"@id":"https:\/\/egn.com\/se\/events\/egn-inspiration-forbattrad-arbetsformaga\/#primaryimage"},"image":{"@id":"https:\/\/egn.com\/se\/events\/egn-inspiration-forbattrad-arbetsformaga\/#primaryimage"},"thumbnailUrl":"https:\/\/egn.com\/se\/wp-content\/uploads\/sites\/6\/2022\/12\/inspiration_homepage_MATSBORJESSON-1.jpg","datePublished":"2023-02-07T13:15:14+00:00","dateModified":"2023-03-31T09:50:01+00:00","breadcrumb":{"@id":"https:\/\/egn.com\/se\/events\/egn-inspiration-forbattrad-arbetsformaga\/#breadcrumb"},"inLanguage":"sv-SE","potentialAction":[{"@type":"ReadAction","target":["https:\/\/egn.com\/se\/events\/egn-inspiration-forbattrad-arbetsformaga\/"]}]},{"@type":"ImageObject","inLanguage":"sv-SE","@id":"https:\/\/egn.com\/se\/events\/egn-inspiration-forbattrad-arbetsformaga\/#primaryimage","url":"https:\/\/egn.com\/se\/wp-content\/uploads\/sites\/6\/2022\/12\/inspiration_homepage_MATSBORJESSON-1.jpg","contentUrl":"https:\/\/egn.com\/se\/wp-content\/uploads\/sites\/6\/2022\/12\/inspiration_homepage_MATSBORJESSON-1.jpg","width":1090,"height":722},{"@type":"BreadcrumbList","@id":"https:\/\/egn.com\/se\/events\/egn-inspiration-forbattrad-arbetsformaga\/#breadcrumb","itemListElement":[{"@type":"ListItem","position":1,"name":"Hem","item":"https:\/\/egn.com\/se\/"},{"@type":"ListItem","position":2,"name":"Events","item":"https:\/\/egn.com\/se\/events\/"},{"@type":"ListItem","position":3,"name":"EGN Inspiration &#8211; Mats B\u00f6rjesson &hellip;"}]},{"@type":"WebSite","@id":"https:\/\/egn.com\/se\/#website","url":"https:\/\/egn.com\/se\/","name":"EGN Sverige","description":"Professionella n\u00e4tverk f\u00f6r ledare och specialister","publisher":{"@id":"https:\/\/egn.com\/se\/#organization"},"potentialAction":[{"@type":"SearchAction","target":{"@type":"EntryPoint","urlTemplate":"https:\/\/egn.com\/se\/?s={search_term_string}"},"query-input":{"@type":"PropertyValueSpecification","valueRequired":true,"valueName":"search_term_string"}}],"inLanguage":"sv-SE"},{"@type":"Organization","@id":"https:\/\/egn.com\/se\/#organization","name":"EGN Sverige","alternateName":"EGN","url":"https:\/\/egn.com\/se\/","logo":{"@type":"ImageObject","inLanguage":"sv-SE","@id":"https:\/\/egn.com\/se\/#\/schema\/logo\/image\/","url":"https:\/\/egn.com\/se\/wp-content\/uploads\/sites\/6\/2026\/02\/EGN.png","contentUrl":"https:\/\/egn.com\/se\/wp-content\/uploads\/sites\/6\/2026\/02\/EGN.png","width":2185,"height":699,"caption":"EGN Sverige"},"image":{"@id":"https:\/\/egn.com\/se\/#\/schema\/logo\/image\/"},"sameAs":["https:\/\/www.facebook.com\/egnsverige\/","https:\/\/www.instagram.com\/egnsverige","https:\/\/www.linkedin.com\/company\/executives-global-network"],"description":"EGN Sverige \u00e4r Sveriges st\u00f6rsta kompetensn\u00e4tverk f\u00f6r chefer och ledare som vill utveckla sitt ledarskap. Vi jobbar f\u00f6r att chefer och ledare tillsammans ska utvecklas och hj\u00e4lpa varandra med de utmaningar som man st\u00f6ter p\u00e5 i sin profession.","email":"info@egn.se","telephone":"+468210722","vatID":"556739-7905"}]}},"_links":{"self":[{"href":"https:\/\/egn.com\/se\/wp-json\/wp\/v2\/event\/8589","targetHints":{"allow":["GET"]}}],"collection":[{"href":"https:\/\/egn.com\/se\/wp-json\/wp\/v2\/event"}],"about":[{"href":"https:\/\/egn.com\/se\/wp-json\/wp\/v2\/types\/event"}],"version-history":[{"count":41,"href":"https:\/\/egn.com\/se\/wp-json\/wp\/v2\/event\/8589\/revisions"}],"predecessor-version":[{"id":9192,"href":"https:\/\/egn.com\/se\/wp-json\/wp\/v2\/event\/8589\/revisions\/9192"}],"wp:featuredmedia":[{"embeddable":true,"href":"https:\/\/egn.com\/se\/wp-json\/wp\/v2\/media\/8591"}],"wp:attachment":[{"href":"https:\/\/egn.com\/se\/wp-json\/wp\/v2\/media?parent=8589"}],"wp:term":[{"taxonomy":"event-type","embeddable":true,"href":"https:\/\/egn.com\/se\/wp-json\/wp\/v2\/event-type?post=8589"}],"curies":[{"name":"wp","href":"https:\/\/api.w.org\/{rel}","templated":true}]}}