{"id":8834,"date":"2023-02-02T14:00:00","date_gmt":"2023-02-02T12:00:00","guid":{"rendered":"https:\/\/egn.com\/se\/?post_type=events&#038;p=8834"},"modified":"2023-03-09T15:16:42","modified_gmt":"2023-03-09T13:16:42","slug":"international-webinar-the-communications-advisor-of-the-future-part-i","status":"publish","type":"event","link":"https:\/\/egn.com\/se\/events\/international-webinar-the-communications-advisor-of-the-future-part-i\/","title":{"rendered":"International webinar: The communications advisor of the future \u2013 part I"},"content":{"rendered":"\t\t<div data-elementor-type=\"wp-post\" data-elementor-id=\"8834\" class=\"elementor elementor-8834\">\n\t\t\t\t\t\t<section class=\"elementor-section elementor-top-section elementor-element elementor-element-3dfe87e elementor-section-boxed elementor-section-height-default elementor-section-height-default\" data-id=\"3dfe87e\" data-element_type=\"section\">\n\t\t\t\t\t\t<div class=\"elementor-container elementor-column-gap-default\">\n\t\t\t\t\t<div class=\"elementor-column elementor-col-100 elementor-top-column elementor-element elementor-element-8cad967\" data-id=\"8cad967\" data-element_type=\"column\">\n\t\t\t<div class=\"elementor-widget-wrap elementor-element-populated\">\n\t\t\t\t\t\t<div class=\"elementor-element elementor-element-03cd621 elementor-widget elementor-widget-text-editor\" data-id=\"03cd621\" data-element_type=\"widget\" data-widget_type=\"text-editor.default\">\n\t\t\t\t<div class=\"elementor-widget-container\">\n\t\t\t\t\t\t\t\t\t<p style=\"text-align: center\"><strong>M\u00e5ndag 13 mars kl 10:00-11:00<\/strong><br \/>Webinaret \u00e4r engelskspr\u00e5kig, digitalt och kostnadsfri<\/p>\t\t\t\t\t\t\t\t<\/div>\n\t\t\t\t<\/div>\n\t\t\t\t<div class=\"elementor-element elementor-element-aa0bb43 elementor-widget elementor-widget-text-editor\" data-id=\"aa0bb43\" data-element_type=\"widget\" data-widget_type=\"text-editor.default\">\n\t\t\t\t<div class=\"elementor-widget-container\">\n\t\t\t\t\t\t\t\t\t<h5>Hur blir du en bra Trusted Advisor till CXO i din organisation och vilka \u00e4r de f\u00e4rdigheter och kompetenser beh\u00f6ver du utveckla och bem\u00e4stra?<\/h5>\n<p>I detta internationella webinar kommer vi att prata med Anders Monrad Rendtorff, tidigare global kommunikationsdirekt\u00f6r f\u00f6r Vestas och Coloplast och medf\u00f6rfattare till den nya boken &#8217;The Communications Advisor&#8217;, som \u00e4r baserad p\u00e5 en omfattande vetenskaplig studie vid K\u00f6penhamns universitet 2018-2021.<\/p>\n<p>Boken drar slutsatsen att f\u00f6r att vara en framg\u00e5ngsrik kommunikationsr\u00e5dgivare \u2013 nu och i framtiden \u2013 m\u00e5ste en r\u00e5dgivare:<\/p>\n<p>\u2714\ufe0fF\u00f6rst\u00e5 och kunna navigera i organisationens aff\u00e4rssammanhang.<\/p>\n<p>\u2714\ufe0fL\u00e4r dig hur du anv\u00e4nder &#8217;Occasion Management&#8217; som en process f\u00f6r att gradvis vinna f\u00f6rtroende, ansvar och i slut\u00e4ndan inflytande.<\/p>\n<p>\u2714\ufe0fBem\u00e4stra en matris med 9 kritiskt viktiga nyckelkompetenser i r\u00e5dgivarerollen.<\/p>\n<p><\/p>\n<p>Detta webinar \u00e4r det f\u00f6rsta i en serie i tv\u00e5 delar. Den f\u00f6rsta delen kommer fokusera p\u00e5 att Anders l\u00e4gger upp och f\u00f6rklarar dessa koncept och varf\u00f6r de \u00e4r viktiga. I den andra delen kommer vi att bjuda in en kommunikationschef f\u00f6r att ge oss personliga exempel och insikter i hur allt detta fungerar i praktiken ute i verkligheten. P\u00e5 b\u00e5da webinaren kommer det att finnas tid f\u00f6r fr\u00e5gor till v\u00e5ra g\u00e4ster.<\/p>\n<p><\/p>\n<p>Det h\u00e4r \u00e4r f\u00f6r dig som \u00e4r ett kommunikationsproffs, oavsett om du \u00e4r specialist eller chef f\u00f6r ett team eller en avdelning. Webinariet \u00e4r p\u00e5 engelska.<\/p>\t\t\t\t\t\t\t\t<\/div>\n\t\t\t\t<\/div>\n\t\t\t\t<div class=\"elementor-element elementor-element-e31ab4c elementor-widget-divider--view-line elementor-widget elementor-widget-divider\" data-id=\"e31ab4c\" data-element_type=\"widget\" data-widget_type=\"divider.default\">\n\t\t\t\t<div class=\"elementor-widget-container\">\n\t\t\t\t\t\t\t<div class=\"elementor-divider\">\n\t\t\t<span class=\"elementor-divider-separator\">\n\t\t\t\t\t\t<\/span>\n\t\t<\/div>\n\t\t\t\t\t\t<\/div>\n\t\t\t\t<\/div>\n\t\t\t\t<div class=\"elementor-element elementor-element-8fd824a elementor-widget elementor-widget-author-box\" data-id=\"8fd824a\" data-element_type=\"widget\" data-widget_type=\"author-box.default\">\n\t\t\t\t<div class=\"elementor-widget-container\">\n\t\t\t\t\t\t\t<div class=\"elementor-author-box\">\n\t\t\t\t\t\t\t<a href=\"https:\/\/www.linkedin.com\/in\/andersrendtorff\/\" class=\"elementor-author-box__avatar\">\n\t\t\t\t\t<img decoding=\"async\" src=\"https:\/\/egn.com\/se\/wp-content\/uploads\/sites\/6\/2022\/10\/Anders-Monrad-Rendtorff-259x300.jpg\" alt=\"Anders Monrad Rendtorff\" loading=\"lazy\">\n\t\t\t\t<\/a>\n\t\t\t\n\t\t\t<div class=\"elementor-author-box__text\">\n\t\t\t\t\t\t\t\t\t<a href=\"https:\/\/www.linkedin.com\/in\/andersrendtorff\/\">\n\t\t\t\t\t\t<h4 class=\"elementor-author-box__name\">\n\t\t\t\t\t\t\tAnders Monrad Rendtorff\t\t\t\t\t\t<\/h4>\n\t\t\t\t\t<\/a>\n\t\t\t\t\n\t\t\t\t\t\t\t\t\t<div class=\"elementor-author-box__bio\">\n\t\t\t\t\t\t<p>Anders Monrad Rendtorff \u00e4r kommunikationsr\u00e5dgivare med mer \u00e4n 25 \u00e5rs erfarenhet i n\u00e5gra av de st\u00f6rsta nordiska f\u00f6retagen som Ericsson, Telia, Coloplast och Vestas, inklusive roller som global kommunikationsdirekt\u00f6r. Han \u00e4r f\u00f6r n\u00e4rvarande Associate Partner p\u00e5 kommunikationskonsultf\u00f6retaget RelationsPeople samt kommunikationschef f\u00f6r VL, Danish Management Society, och n\u00e4tverksdirekt\u00f6r f\u00f6r EGN, Executives Global Network.<\/p>\n<p>Sedan 2016 \u00e4r Anders Monrad Rendtorff anst\u00e4lld som extern lektor vid Copenhagen Business School vid Institutet f\u00f6r Management, Samh\u00e4lle och Kommunikation och han har skrivit en rad artiklar och varit medf\u00f6rfattare till en bok om forskningskommunikation.<\/p>\n<p>I november 2022 publicerade han 'The Communications Advisor' tillsammans med docent, PhD, Gitte Gravengaard (K\u00f6penhamns universitet) och Kristian Eiberg, VD och partner, RelationsPeople.<\/p>\n\t\t\t\t\t<\/div>\n\t\t\t\t\n\t\t\t\t\t\t\t<\/div>\n\t\t<\/div>\n\t\t\t\t\t\t<\/div>\n\t\t\t\t<\/div>\n\t\t\t\t<div class=\"elementor-element elementor-element-6e2156c elementor-widget elementor-widget-author-box\" data-id=\"6e2156c\" data-element_type=\"widget\" data-widget_type=\"author-box.default\">\n\t\t\t\t<div class=\"elementor-widget-container\">\n\t\t\t\t\t\t\t<div class=\"elementor-author-box\">\n\t\t\t\n\t\t\t<div class=\"elementor-author-box__text\">\n\t\t\t\t\n\t\t\t\t\n\t\t\t\t\t\t\t<\/div>\n\t\t<\/div>\n\t\t\t\t\t\t<\/div>\n\t\t\t\t<\/div>\n\t\t\t\t\t<\/div>\n\t\t<\/div>\n\t\t\t\t\t<\/div>\n\t\t<\/section>\n\t\t\t\t<\/div>\n\t\t","protected":false},"excerpt":{"rendered":"<p>M\u00e5ndag 13 mars kl 10:00-11:00 Webinaret \u00e4r engelskspr\u00e5kig, digitalt och kostnadsfri Hur blir du en bra Trusted Advisor till CXO i din organisation och vilka \u00e4r de f\u00e4rdigheter och kompetenser beh\u00f6ver du utveckla och bem\u00e4stra? I detta internationella webinar kommer vi att prata med Anders Monrad Rendtorff, tidigare global kommunikationsdirekt\u00f6r f\u00f6r Vestas och Coloplast och<a href=\"https:\/\/egn.com\/se\/events\/international-webinar-the-communications-advisor-of-the-future-part-i\/\">Forts\u00e4tt l\u00e4sa <span class=\"sr-only\">&#8221;International webinar: The communications advisor of the future \u2013 part I&#8221;<\/span><\/a><\/p>\n","protected":false},"featured_media":8835,"menu_order":0,"template":"","format":"standard","meta":{"_acf_changed":false,"footnotes":""},"event-type":[],"class_list":["post-8834","event","type-event","status-publish","format-standard","has-post-thumbnail","hentry"],"acf":[],"yoast_head":"<title>International webinar: The communications advisor of the future \u2013 part I | EGN.se<\/title>\n<meta name=\"description\" content=\"EGN Sverige genomf\u00f6r varje m\u00e5nad digitala f\u00f6rel\u00e4sningar. I Januari 2023 kommer vi dyka ner i chatGPT och se vilka f\u00f6rdelar och risker som finns.\" \/>\n<meta name=\"robots\" content=\"index, follow, max-snippet:-1, max-image-preview:large, max-video-preview:-1\" \/>\n<link rel=\"canonical\" href=\"https:\/\/egn.com\/se\/events\/international-webinar-the-communications-advisor-of-the-future-part-i\/\" \/>\n<meta property=\"og:locale\" content=\"sv_SE\" \/>\n<meta property=\"og:type\" content=\"article\" \/>\n<meta property=\"og:title\" content=\"International webinar: The communications advisor of the future \u2013 part I\" \/>\n<meta property=\"og:description\" content=\"EGN Sverige genomf\u00f6r varje m\u00e5nad digitala f\u00f6rel\u00e4sningar. I Januari 2023 kommer vi dyka ner i chatGPT och se vilka f\u00f6rdelar och risker som finns.\" \/>\n<meta property=\"og:url\" content=\"https:\/\/egn.com\/se\/events\/international-webinar-the-communications-advisor-of-the-future-part-i\/\" \/>\n<meta property=\"og:site_name\" content=\"EGN Sverige\" \/>\n<meta property=\"article:publisher\" content=\"https:\/\/www.facebook.com\/egnsverige\/\" \/>\n<meta property=\"article:modified_time\" content=\"2023-03-09T13:16:42+00:00\" \/>\n<meta property=\"og:image\" content=\"https:\/\/egn.com\/se\/wp-content\/uploads\/sites\/6\/2023\/02\/interweb_homepage.jpg\" \/>\n\t<meta property=\"og:image:width\" content=\"1090\" \/>\n\t<meta property=\"og:image:height\" content=\"722\" \/>\n\t<meta property=\"og:image:type\" content=\"image\/jpeg\" \/>\n<meta name=\"twitter:card\" content=\"summary_large_image\" \/>\n<meta name=\"twitter:title\" content=\"International webinar: The communications advisor of the future \u2013 part I\" \/>\n<meta name=\"twitter:label1\" content=\"Ber\u00e4knad l\u00e4stid\" \/>\n\t<meta name=\"twitter:data1\" content=\"2 minuter\" \/>\n<script type=\"application\/ld+json\" class=\"yoast-schema-graph\">{\"@context\":\"https:\\\/\\\/schema.org\",\"@graph\":[{\"@type\":\"WebPage\",\"@id\":\"https:\\\/\\\/egn.com\\\/se\\\/events\\\/international-webinar-the-communications-advisor-of-the-future-part-i\\\/\",\"url\":\"https:\\\/\\\/egn.com\\\/se\\\/events\\\/international-webinar-the-communications-advisor-of-the-future-part-i\\\/\",\"name\":\"International webinar: The communications advisor of the future \u2013 part I | EGN.se\",\"isPartOf\":{\"@id\":\"https:\\\/\\\/egn.com\\\/se\\\/#website\"},\"primaryImageOfPage\":{\"@id\":\"https:\\\/\\\/egn.com\\\/se\\\/events\\\/international-webinar-the-communications-advisor-of-the-future-part-i\\\/#primaryimage\"},\"image\":{\"@id\":\"https:\\\/\\\/egn.com\\\/se\\\/events\\\/international-webinar-the-communications-advisor-of-the-future-part-i\\\/#primaryimage\"},\"thumbnailUrl\":\"https:\\\/\\\/egn.com\\\/se\\\/wp-content\\\/uploads\\\/sites\\\/6\\\/2023\\\/02\\\/interweb_homepage.jpg\",\"datePublished\":\"2023-02-02T12:00:00+00:00\",\"dateModified\":\"2023-03-09T13:16:42+00:00\",\"description\":\"EGN Sverige genomf\u00f6r varje m\u00e5nad digitala f\u00f6rel\u00e4sningar. I Januari 2023 kommer vi dyka ner i chatGPT och se vilka f\u00f6rdelar och risker som finns.\",\"breadcrumb\":{\"@id\":\"https:\\\/\\\/egn.com\\\/se\\\/events\\\/international-webinar-the-communications-advisor-of-the-future-part-i\\\/#breadcrumb\"},\"inLanguage\":\"sv-SE\",\"potentialAction\":[{\"@type\":\"ReadAction\",\"target\":[\"https:\\\/\\\/egn.com\\\/se\\\/events\\\/international-webinar-the-communications-advisor-of-the-future-part-i\\\/\"]}]},{\"@type\":\"ImageObject\",\"inLanguage\":\"sv-SE\",\"@id\":\"https:\\\/\\\/egn.com\\\/se\\\/events\\\/international-webinar-the-communications-advisor-of-the-future-part-i\\\/#primaryimage\",\"url\":\"https:\\\/\\\/egn.com\\\/se\\\/wp-content\\\/uploads\\\/sites\\\/6\\\/2023\\\/02\\\/interweb_homepage.jpg\",\"contentUrl\":\"https:\\\/\\\/egn.com\\\/se\\\/wp-content\\\/uploads\\\/sites\\\/6\\\/2023\\\/02\\\/interweb_homepage.jpg\",\"width\":1090,\"height\":722},{\"@type\":\"BreadcrumbList\",\"@id\":\"https:\\\/\\\/egn.com\\\/se\\\/events\\\/international-webinar-the-communications-advisor-of-the-future-part-i\\\/#breadcrumb\",\"itemListElement\":[{\"@type\":\"ListItem\",\"position\":1,\"name\":\"Hem\",\"item\":\"https:\\\/\\\/egn.com\\\/se\\\/\"},{\"@type\":\"ListItem\",\"position\":2,\"name\":\"Events\",\"item\":\"https:\\\/\\\/egn.com\\\/se\\\/events\\\/\"},{\"@type\":\"ListItem\",\"position\":3,\"name\":\"International webinar: The communication&hellip;\"}]},{\"@type\":\"WebSite\",\"@id\":\"https:\\\/\\\/egn.com\\\/se\\\/#website\",\"url\":\"https:\\\/\\\/egn.com\\\/se\\\/\",\"name\":\"EGN Sverige\",\"description\":\"Professionella n\u00e4tverk f\u00f6r ledare och specialister\",\"publisher\":{\"@id\":\"https:\\\/\\\/egn.com\\\/se\\\/#organization\"},\"potentialAction\":[{\"@type\":\"SearchAction\",\"target\":{\"@type\":\"EntryPoint\",\"urlTemplate\":\"https:\\\/\\\/egn.com\\\/se\\\/?s={search_term_string}\"},\"query-input\":{\"@type\":\"PropertyValueSpecification\",\"valueRequired\":true,\"valueName\":\"search_term_string\"}}],\"inLanguage\":\"sv-SE\"},{\"@type\":\"Organization\",\"@id\":\"https:\\\/\\\/egn.com\\\/se\\\/#organization\",\"name\":\"EGN Sverige\",\"alternateName\":\"EGN\",\"url\":\"https:\\\/\\\/egn.com\\\/se\\\/\",\"logo\":{\"@type\":\"ImageObject\",\"inLanguage\":\"sv-SE\",\"@id\":\"https:\\\/\\\/egn.com\\\/se\\\/#\\\/schema\\\/logo\\\/image\\\/\",\"url\":\"https:\\\/\\\/egn.com\\\/se\\\/wp-content\\\/uploads\\\/sites\\\/6\\\/2026\\\/02\\\/EGN.png\",\"contentUrl\":\"https:\\\/\\\/egn.com\\\/se\\\/wp-content\\\/uploads\\\/sites\\\/6\\\/2026\\\/02\\\/EGN.png\",\"width\":2185,\"height\":699,\"caption\":\"EGN Sverige\"},\"image\":{\"@id\":\"https:\\\/\\\/egn.com\\\/se\\\/#\\\/schema\\\/logo\\\/image\\\/\"},\"sameAs\":[\"https:\\\/\\\/www.facebook.com\\\/egnsverige\\\/\",\"https:\\\/\\\/www.instagram.com\\\/egnsverige\",\"https:\\\/\\\/www.linkedin.com\\\/company\\\/executives-global-network\"],\"description\":\"EGN Sverige \u00e4r Sveriges st\u00f6rsta kompetensn\u00e4tverk f\u00f6r chefer och ledare som vill utveckla sitt ledarskap. Vi jobbar f\u00f6r att chefer och ledare tillsammans ska utvecklas och hj\u00e4lpa varandra med de utmaningar som man st\u00f6ter p\u00e5 i sin profession.\",\"email\":\"info@egn.se\",\"telephone\":\"+468210722\",\"vatID\":\"556739-7905\"}]}<\/script>","yoast_head_json":{"title":"International webinar: The communications advisor of the future \u2013 part I | EGN.se","description":"EGN Sverige genomf\u00f6r varje m\u00e5nad digitala f\u00f6rel\u00e4sningar. I Januari 2023 kommer vi dyka ner i chatGPT och se vilka f\u00f6rdelar och risker som finns.","robots":{"index":"index","follow":"follow","max-snippet":"max-snippet:-1","max-image-preview":"max-image-preview:large","max-video-preview":"max-video-preview:-1"},"canonical":"https:\/\/egn.com\/se\/events\/international-webinar-the-communications-advisor-of-the-future-part-i\/","og_locale":"sv_SE","og_type":"article","og_title":"International webinar: The communications advisor of the future \u2013 part I","og_description":"EGN Sverige genomf\u00f6r varje m\u00e5nad digitala f\u00f6rel\u00e4sningar. I Januari 2023 kommer vi dyka ner i chatGPT och se vilka f\u00f6rdelar och risker som finns.","og_url":"https:\/\/egn.com\/se\/events\/international-webinar-the-communications-advisor-of-the-future-part-i\/","og_site_name":"EGN Sverige","article_publisher":"https:\/\/www.facebook.com\/egnsverige\/","article_modified_time":"2023-03-09T13:16:42+00:00","og_image":[{"width":1090,"height":722,"url":"https:\/\/egn.com\/se\/wp-content\/uploads\/sites\/6\/2023\/02\/interweb_homepage.jpg","type":"image\/jpeg"}],"twitter_card":"summary_large_image","twitter_title":"International webinar: The communications advisor of the future \u2013 part I","twitter_misc":{"Ber\u00e4knad l\u00e4stid":"2 minuter"},"schema":{"@context":"https:\/\/schema.org","@graph":[{"@type":"WebPage","@id":"https:\/\/egn.com\/se\/events\/international-webinar-the-communications-advisor-of-the-future-part-i\/","url":"https:\/\/egn.com\/se\/events\/international-webinar-the-communications-advisor-of-the-future-part-i\/","name":"International webinar: The communications advisor of the future \u2013 part I | EGN.se","isPartOf":{"@id":"https:\/\/egn.com\/se\/#website"},"primaryImageOfPage":{"@id":"https:\/\/egn.com\/se\/events\/international-webinar-the-communications-advisor-of-the-future-part-i\/#primaryimage"},"image":{"@id":"https:\/\/egn.com\/se\/events\/international-webinar-the-communications-advisor-of-the-future-part-i\/#primaryimage"},"thumbnailUrl":"https:\/\/egn.com\/se\/wp-content\/uploads\/sites\/6\/2023\/02\/interweb_homepage.jpg","datePublished":"2023-02-02T12:00:00+00:00","dateModified":"2023-03-09T13:16:42+00:00","description":"EGN Sverige genomf\u00f6r varje m\u00e5nad digitala f\u00f6rel\u00e4sningar. I Januari 2023 kommer vi dyka ner i chatGPT och se vilka f\u00f6rdelar och risker som finns.","breadcrumb":{"@id":"https:\/\/egn.com\/se\/events\/international-webinar-the-communications-advisor-of-the-future-part-i\/#breadcrumb"},"inLanguage":"sv-SE","potentialAction":[{"@type":"ReadAction","target":["https:\/\/egn.com\/se\/events\/international-webinar-the-communications-advisor-of-the-future-part-i\/"]}]},{"@type":"ImageObject","inLanguage":"sv-SE","@id":"https:\/\/egn.com\/se\/events\/international-webinar-the-communications-advisor-of-the-future-part-i\/#primaryimage","url":"https:\/\/egn.com\/se\/wp-content\/uploads\/sites\/6\/2023\/02\/interweb_homepage.jpg","contentUrl":"https:\/\/egn.com\/se\/wp-content\/uploads\/sites\/6\/2023\/02\/interweb_homepage.jpg","width":1090,"height":722},{"@type":"BreadcrumbList","@id":"https:\/\/egn.com\/se\/events\/international-webinar-the-communications-advisor-of-the-future-part-i\/#breadcrumb","itemListElement":[{"@type":"ListItem","position":1,"name":"Hem","item":"https:\/\/egn.com\/se\/"},{"@type":"ListItem","position":2,"name":"Events","item":"https:\/\/egn.com\/se\/events\/"},{"@type":"ListItem","position":3,"name":"International webinar: The communication&hellip;"}]},{"@type":"WebSite","@id":"https:\/\/egn.com\/se\/#website","url":"https:\/\/egn.com\/se\/","name":"EGN Sverige","description":"Professionella n\u00e4tverk f\u00f6r ledare och specialister","publisher":{"@id":"https:\/\/egn.com\/se\/#organization"},"potentialAction":[{"@type":"SearchAction","target":{"@type":"EntryPoint","urlTemplate":"https:\/\/egn.com\/se\/?s={search_term_string}"},"query-input":{"@type":"PropertyValueSpecification","valueRequired":true,"valueName":"search_term_string"}}],"inLanguage":"sv-SE"},{"@type":"Organization","@id":"https:\/\/egn.com\/se\/#organization","name":"EGN Sverige","alternateName":"EGN","url":"https:\/\/egn.com\/se\/","logo":{"@type":"ImageObject","inLanguage":"sv-SE","@id":"https:\/\/egn.com\/se\/#\/schema\/logo\/image\/","url":"https:\/\/egn.com\/se\/wp-content\/uploads\/sites\/6\/2026\/02\/EGN.png","contentUrl":"https:\/\/egn.com\/se\/wp-content\/uploads\/sites\/6\/2026\/02\/EGN.png","width":2185,"height":699,"caption":"EGN Sverige"},"image":{"@id":"https:\/\/egn.com\/se\/#\/schema\/logo\/image\/"},"sameAs":["https:\/\/www.facebook.com\/egnsverige\/","https:\/\/www.instagram.com\/egnsverige","https:\/\/www.linkedin.com\/company\/executives-global-network"],"description":"EGN Sverige \u00e4r Sveriges st\u00f6rsta kompetensn\u00e4tverk f\u00f6r chefer och ledare som vill utveckla sitt ledarskap. Vi jobbar f\u00f6r att chefer och ledare tillsammans ska utvecklas och hj\u00e4lpa varandra med de utmaningar som man st\u00f6ter p\u00e5 i sin profession.","email":"info@egn.se","telephone":"+468210722","vatID":"556739-7905"}]}},"_links":{"self":[{"href":"https:\/\/egn.com\/se\/wp-json\/wp\/v2\/event\/8834","targetHints":{"allow":["GET"]}}],"collection":[{"href":"https:\/\/egn.com\/se\/wp-json\/wp\/v2\/event"}],"about":[{"href":"https:\/\/egn.com\/se\/wp-json\/wp\/v2\/types\/event"}],"version-history":[{"count":14,"href":"https:\/\/egn.com\/se\/wp-json\/wp\/v2\/event\/8834\/revisions"}],"predecessor-version":[{"id":9103,"href":"https:\/\/egn.com\/se\/wp-json\/wp\/v2\/event\/8834\/revisions\/9103"}],"wp:featuredmedia":[{"embeddable":true,"href":"https:\/\/egn.com\/se\/wp-json\/wp\/v2\/media\/8835"}],"wp:attachment":[{"href":"https:\/\/egn.com\/se\/wp-json\/wp\/v2\/media?parent=8834"}],"wp:term":[{"taxonomy":"event-type","embeddable":true,"href":"https:\/\/egn.com\/se\/wp-json\/wp\/v2\/event-type?post=8834"}],"curies":[{"name":"wp","href":"https:\/\/api.w.org\/{rel}","templated":true}]}}