{"id":9027,"date":"2023-02-20T14:54:58","date_gmt":"2023-02-20T12:54:58","guid":{"rendered":"https:\/\/egn.com\/se\/?post_type=events&#038;p=9027"},"modified":"2023-02-20T15:14:01","modified_gmt":"2023-02-20T13:14:01","slug":"global-webinar-mental-wellness-and-times-of-crisis","status":"publish","type":"event","link":"https:\/\/egn.com\/se\/events\/global-webinar-mental-wellness-and-times-of-crisis\/","title":{"rendered":"Global webinar: Mental Wellness and Times of Crisis"},"content":{"rendered":"\t\t<div data-elementor-type=\"wp-post\" data-elementor-id=\"9027\" class=\"elementor elementor-9027\">\n\t\t\t\t\t\t<section class=\"elementor-section elementor-top-section elementor-element elementor-element-3dfe87e elementor-section-boxed elementor-section-height-default elementor-section-height-default\" data-id=\"3dfe87e\" data-element_type=\"section\">\n\t\t\t\t\t\t<div class=\"elementor-container elementor-column-gap-default\">\n\t\t\t\t\t<div class=\"elementor-column elementor-col-100 elementor-top-column elementor-element elementor-element-8cad967\" data-id=\"8cad967\" data-element_type=\"column\">\n\t\t\t<div class=\"elementor-widget-wrap elementor-element-populated\">\n\t\t\t\t\t\t<div class=\"elementor-element elementor-element-03cd621 elementor-widget elementor-widget-text-editor\" data-id=\"03cd621\" data-element_type=\"widget\" data-widget_type=\"text-editor.default\">\n\t\t\t\t<div class=\"elementor-widget-container\">\n\t\t\t\t\t\t\t\t\t<p style=\"text-align: center\"><strong>M\u00e5ndag 23 februari kl 09:00-10:00<\/strong><br \/>Webinaret \u00e4r engelskspr\u00e5kig, digitalt och kostnadsfri<\/p>\t\t\t\t\t\t\t\t<\/div>\n\t\t\t\t<\/div>\n\t\t\t\t<div class=\"elementor-element elementor-element-aa0bb43 elementor-widget elementor-widget-text-editor\" data-id=\"aa0bb43\" data-element_type=\"widget\" data-widget_type=\"text-editor.default\">\n\t\t\t\t<div class=\"elementor-widget-container\">\n\t\t\t\t\t\t\t\t\t<h5>L\u00e4r dig hur du skapar en robust l\u00e4kande arbetsmilj\u00f6 f\u00f6r att f\u00f6rebygga de psykiska och fysiska h\u00e4lsorisker som \u00e4r f\u00f6rknippade med kris\u00f6gonblick.<\/h5><p><strong>Delta i EGN Global Webinar den 23 febrauri 09:00-10:00 och h\u00f6r Araceli Camargo, kognitiv neurovetare och medgrundare av Centric Lab.<\/strong><\/p><p>Det finns en individualiserad ber\u00e4ttelse om mental och fysisk motst\u00e5ndskraft i kristider, vilket leder till flera oj\u00e4mlikheter i h\u00e4lsa p\u00e5 arbetsplatsen. D\u00e4rf\u00f6r \u00e4r det viktigt att v\u00e4lbefinnande p\u00e5 arbetsplatsen har ett ekologiskt f\u00f6rh\u00e5llningss\u00e4tt. Det inneb\u00e4r att vi \u00f6verv\u00e4ger hur den fysiska arbetsmilj\u00f6n, kulturen och arbetstagarnas levda upplevelser bidrar till h\u00e4lsan. Det h\u00e4r f\u00f6redraget kommer att titta p\u00e5 stressresponsens biologi, dess h\u00e4lsokonsekvenser, och presenterar metoder f\u00f6r att skapa en arbetsmilj\u00f6 f\u00f6rankrad i friskv\u00e5rd.<\/p><p><strong>Om webinaraet<br \/><\/strong>Vi kommer att t\u00e4cka f\u00f6ljande:<br \/>1. Vad \u00e4r stressreaktionen och hur det relaterar till kris\u00f6gonblick<br \/>2. Hur skapar vi en arbetsmilj\u00f6 som bottnar i friskv\u00e5rd snarare \u00e4n kris<br \/>3. Fr\u00e5n det kommunala till det individuella: vilka kognitiva ramar och f\u00e4rdigheter (kognitiv flexibilitet) f\u00f6r\u00e4ndrar v\u00e5r uppfattning om kris?<\/p>\t\t\t\t\t\t\t\t<\/div>\n\t\t\t\t<\/div>\n\t\t\t\t<div class=\"elementor-element elementor-element-e31ab4c elementor-widget-divider--view-line elementor-widget elementor-widget-divider\" data-id=\"e31ab4c\" data-element_type=\"widget\" data-widget_type=\"divider.default\">\n\t\t\t\t<div class=\"elementor-widget-container\">\n\t\t\t\t\t\t\t<div class=\"elementor-divider\">\n\t\t\t<span class=\"elementor-divider-separator\">\n\t\t\t\t\t\t<\/span>\n\t\t<\/div>\n\t\t\t\t\t\t<\/div>\n\t\t\t\t<\/div>\n\t\t\t\t<div class=\"elementor-element elementor-element-8fd824a elementor-widget elementor-widget-author-box\" data-id=\"8fd824a\" data-element_type=\"widget\" data-widget_type=\"author-box.default\">\n\t\t\t\t<div class=\"elementor-widget-container\">\n\t\t\t\t\t\t\t<div class=\"elementor-author-box\">\n\t\t\t\t\t\t\t<a href=\"https:\/\/www.linkedin.com\/in\/andersrendtorff\/\" class=\"elementor-author-box__avatar\">\n\t\t\t\t\t<img decoding=\"async\" src=\"https:\/\/egn.com\/se\/wp-content\/uploads\/sites\/6\/2023\/02\/Camargo_Araceli-300x300.jpg\" alt=\"M\u00f6t Araceli Camargo\" loading=\"lazy\">\n\t\t\t\t<\/a>\n\t\t\t\n\t\t\t<div class=\"elementor-author-box__text\">\n\t\t\t\t\t\t\t\t\t<a href=\"https:\/\/www.linkedin.com\/in\/andersrendtorff\/\">\n\t\t\t\t\t\t<h4 class=\"elementor-author-box__name\">\n\t\t\t\t\t\t\tM\u00f6t Araceli Camargo\t\t\t\t\t\t<\/h4>\n\t\t\t\t\t<\/a>\n\t\t\t\t\n\t\t\t\t\t\t\t\t\t<div class=\"elementor-author-box__bio\">\n\t\t\t\t\t\t<p>Araceli Camargo \u00e4r en kognitiv neurovetare och vetenskapskommunikat\u00f6r. Hon var labbchef p\u00e5 The Centrica Lab som \u00e4r i samarbete med University College London. Hon tar med sig sin expertis inom kognitiv flexibilitet till f\u00f6retagsmilj\u00f6er och uppmuntrar f\u00f6retag att m\u00f6jligg\u00f6ra f\u00f6r\u00e4ndringar i sina arbetsvanor, med verktyg snarare \u00e4n processer.<\/p>\n<p>Hon \u00e4r banbrytande f\u00f6r tankeskolan, att f\u00f6rst\u00e5 hur hj\u00e4rnan fungerar och l\u00e4ra sig hur man interagerar med den effektivt \u00e4r avg\u00f6rande f\u00f6r varje arbetspraktik. Hon anv\u00e4nder denna id\u00e9 f\u00f6r att ge oss insikt i hur man t\u00e4nker, hur man l\u00f6ser problem och hur man hanterar st\u00e4ndig f\u00f6r\u00e4ndring.<\/p>\n\t\t\t\t\t<\/div>\n\t\t\t\t\n\t\t\t\t\t\t\t<\/div>\n\t\t<\/div>\n\t\t\t\t\t\t<\/div>\n\t\t\t\t<\/div>\n\t\t\t\t<div class=\"elementor-element elementor-element-6e2156c elementor-widget elementor-widget-author-box\" data-id=\"6e2156c\" data-element_type=\"widget\" data-widget_type=\"author-box.default\">\n\t\t\t\t<div class=\"elementor-widget-container\">\n\t\t\t\t\t\t\t<div class=\"elementor-author-box\">\n\t\t\t\n\t\t\t<div class=\"elementor-author-box__text\">\n\t\t\t\t\n\t\t\t\t\n\t\t\t\t\t\t\t<\/div>\n\t\t<\/div>\n\t\t\t\t\t\t<\/div>\n\t\t\t\t<\/div>\n\t\t\t\t\t<\/div>\n\t\t<\/div>\n\t\t\t\t\t<\/div>\n\t\t<\/section>\n\t\t\t\t<\/div>\n\t\t","protected":false},"excerpt":{"rendered":"<p>M\u00e5ndag 23 februari kl 09:00-10:00Webinaret \u00e4r engelskspr\u00e5kig, digitalt och kostnadsfri L\u00e4r dig hur du skapar en robust l\u00e4kande arbetsmilj\u00f6 f\u00f6r att f\u00f6rebygga de psykiska och fysiska h\u00e4lsorisker som \u00e4r f\u00f6rknippade med kris\u00f6gonblick. Delta i EGN Global Webinar den 23 febrauri 09:00-10:00 och h\u00f6r Araceli Camargo, kognitiv neurovetare och medgrundare av Centric Lab. Det finns en<a href=\"https:\/\/egn.com\/se\/events\/global-webinar-mental-wellness-and-times-of-crisis\/\">Forts\u00e4tt l\u00e4sa <span class=\"sr-only\">&#8221;Global webinar: Mental Wellness and Times of Crisis&#8221;<\/span><\/a><\/p>\n","protected":false},"featured_media":9028,"menu_order":0,"template":"","format":"standard","meta":{"_acf_changed":false,"footnotes":""},"event-type":[],"class_list":["post-9027","event","type-event","status-publish","format-standard","has-post-thumbnail","hentry"],"acf":[],"yoast_head":"<title>Global webinar: Mental Wellness and Times of Crisis | EGN.se<\/title>\n<meta name=\"description\" content=\"EGN Sverige genomf\u00f6r varje m\u00e5nad digitala f\u00f6rel\u00e4sningar, denna g\u00e5ng om stressreaktionen och hur det relaterar till kris.\" \/>\n<meta name=\"robots\" content=\"index, follow, max-snippet:-1, max-image-preview:large, max-video-preview:-1\" \/>\n<link rel=\"canonical\" href=\"https:\/\/egn.com\/se\/events\/global-webinar-mental-wellness-and-times-of-crisis\/\" \/>\n<meta property=\"og:locale\" content=\"sv_SE\" \/>\n<meta property=\"og:type\" content=\"article\" \/>\n<meta property=\"og:title\" content=\"Global webinar: Mental Wellness and Times of Crisis\" \/>\n<meta property=\"og:description\" content=\"EGN Sverige genomf\u00f6r varje m\u00e5nad digitala f\u00f6rel\u00e4sningar, denna g\u00e5ng om stressreaktionen och hur det relaterar till kris.\" \/>\n<meta property=\"og:url\" content=\"https:\/\/egn.com\/se\/events\/global-webinar-mental-wellness-and-times-of-crisis\/\" \/>\n<meta property=\"og:site_name\" content=\"EGN Sverige\" \/>\n<meta property=\"article:publisher\" content=\"https:\/\/www.facebook.com\/egnsverige\/\" \/>\n<meta property=\"article:modified_time\" content=\"2023-02-20T13:14:01+00:00\" \/>\n<meta property=\"og:image\" content=\"https:\/\/egn.com\/se\/wp-content\/uploads\/sites\/6\/2023\/02\/Youtube_MentalWellness.jpg\" \/>\n\t<meta property=\"og:image:width\" content=\"1280\" \/>\n\t<meta property=\"og:image:height\" content=\"720\" \/>\n\t<meta property=\"og:image:type\" content=\"image\/jpeg\" \/>\n<meta name=\"twitter:card\" content=\"summary_large_image\" \/>\n<meta name=\"twitter:title\" content=\"Global webinar: Mental Wellness and Times of Crisis\" \/>\n<meta name=\"twitter:label1\" content=\"Ber\u00e4knad l\u00e4stid\" \/>\n\t<meta name=\"twitter:data1\" content=\"2 minuter\" \/>\n<script type=\"application\/ld+json\" class=\"yoast-schema-graph\">{\"@context\":\"https:\\\/\\\/schema.org\",\"@graph\":[{\"@type\":\"WebPage\",\"@id\":\"https:\\\/\\\/egn.com\\\/se\\\/events\\\/global-webinar-mental-wellness-and-times-of-crisis\\\/\",\"url\":\"https:\\\/\\\/egn.com\\\/se\\\/events\\\/global-webinar-mental-wellness-and-times-of-crisis\\\/\",\"name\":\"Global webinar: Mental Wellness and Times of Crisis | EGN.se\",\"isPartOf\":{\"@id\":\"https:\\\/\\\/egn.com\\\/se\\\/#website\"},\"primaryImageOfPage\":{\"@id\":\"https:\\\/\\\/egn.com\\\/se\\\/events\\\/global-webinar-mental-wellness-and-times-of-crisis\\\/#primaryimage\"},\"image\":{\"@id\":\"https:\\\/\\\/egn.com\\\/se\\\/events\\\/global-webinar-mental-wellness-and-times-of-crisis\\\/#primaryimage\"},\"thumbnailUrl\":\"https:\\\/\\\/egn.com\\\/se\\\/wp-content\\\/uploads\\\/sites\\\/6\\\/2023\\\/02\\\/globalweb_homepage-23FEB2023.jpg\",\"datePublished\":\"2023-02-20T12:54:58+00:00\",\"dateModified\":\"2023-02-20T13:14:01+00:00\",\"description\":\"EGN Sverige genomf\u00f6r varje m\u00e5nad digitala f\u00f6rel\u00e4sningar, denna g\u00e5ng om stressreaktionen och hur det relaterar till kris.\",\"breadcrumb\":{\"@id\":\"https:\\\/\\\/egn.com\\\/se\\\/events\\\/global-webinar-mental-wellness-and-times-of-crisis\\\/#breadcrumb\"},\"inLanguage\":\"sv-SE\",\"potentialAction\":[{\"@type\":\"ReadAction\",\"target\":[\"https:\\\/\\\/egn.com\\\/se\\\/events\\\/global-webinar-mental-wellness-and-times-of-crisis\\\/\"]}]},{\"@type\":\"ImageObject\",\"inLanguage\":\"sv-SE\",\"@id\":\"https:\\\/\\\/egn.com\\\/se\\\/events\\\/global-webinar-mental-wellness-and-times-of-crisis\\\/#primaryimage\",\"url\":\"https:\\\/\\\/egn.com\\\/se\\\/wp-content\\\/uploads\\\/sites\\\/6\\\/2023\\\/02\\\/globalweb_homepage-23FEB2023.jpg\",\"contentUrl\":\"https:\\\/\\\/egn.com\\\/se\\\/wp-content\\\/uploads\\\/sites\\\/6\\\/2023\\\/02\\\/globalweb_homepage-23FEB2023.jpg\",\"width\":1090,\"height\":722},{\"@type\":\"BreadcrumbList\",\"@id\":\"https:\\\/\\\/egn.com\\\/se\\\/events\\\/global-webinar-mental-wellness-and-times-of-crisis\\\/#breadcrumb\",\"itemListElement\":[{\"@type\":\"ListItem\",\"position\":1,\"name\":\"Hem\",\"item\":\"https:\\\/\\\/egn.com\\\/se\\\/\"},{\"@type\":\"ListItem\",\"position\":2,\"name\":\"Events\",\"item\":\"https:\\\/\\\/egn.com\\\/se\\\/events\\\/\"},{\"@type\":\"ListItem\",\"position\":3,\"name\":\"Global webinar: Mental Wellness and Time&hellip;\"}]},{\"@type\":\"WebSite\",\"@id\":\"https:\\\/\\\/egn.com\\\/se\\\/#website\",\"url\":\"https:\\\/\\\/egn.com\\\/se\\\/\",\"name\":\"EGN Sverige\",\"description\":\"Professionella n\u00e4tverk f\u00f6r ledare och specialister\",\"publisher\":{\"@id\":\"https:\\\/\\\/egn.com\\\/se\\\/#organization\"},\"potentialAction\":[{\"@type\":\"SearchAction\",\"target\":{\"@type\":\"EntryPoint\",\"urlTemplate\":\"https:\\\/\\\/egn.com\\\/se\\\/?s={search_term_string}\"},\"query-input\":{\"@type\":\"PropertyValueSpecification\",\"valueRequired\":true,\"valueName\":\"search_term_string\"}}],\"inLanguage\":\"sv-SE\"},{\"@type\":\"Organization\",\"@id\":\"https:\\\/\\\/egn.com\\\/se\\\/#organization\",\"name\":\"EGN Sverige\",\"alternateName\":\"EGN\",\"url\":\"https:\\\/\\\/egn.com\\\/se\\\/\",\"logo\":{\"@type\":\"ImageObject\",\"inLanguage\":\"sv-SE\",\"@id\":\"https:\\\/\\\/egn.com\\\/se\\\/#\\\/schema\\\/logo\\\/image\\\/\",\"url\":\"https:\\\/\\\/egn.com\\\/se\\\/wp-content\\\/uploads\\\/sites\\\/6\\\/2026\\\/02\\\/EGN.png\",\"contentUrl\":\"https:\\\/\\\/egn.com\\\/se\\\/wp-content\\\/uploads\\\/sites\\\/6\\\/2026\\\/02\\\/EGN.png\",\"width\":2185,\"height\":699,\"caption\":\"EGN Sverige\"},\"image\":{\"@id\":\"https:\\\/\\\/egn.com\\\/se\\\/#\\\/schema\\\/logo\\\/image\\\/\"},\"sameAs\":[\"https:\\\/\\\/www.facebook.com\\\/egnsverige\\\/\",\"https:\\\/\\\/www.instagram.com\\\/egnsverige\",\"https:\\\/\\\/www.linkedin.com\\\/company\\\/executives-global-network\"],\"description\":\"EGN Sverige \u00e4r Sveriges st\u00f6rsta kompetensn\u00e4tverk f\u00f6r chefer och ledare som vill utveckla sitt ledarskap. Vi jobbar f\u00f6r att chefer och ledare tillsammans ska utvecklas och hj\u00e4lpa varandra med de utmaningar som man st\u00f6ter p\u00e5 i sin profession.\",\"email\":\"info@egn.se\",\"telephone\":\"+468210722\",\"vatID\":\"556739-7905\"}]}<\/script>","yoast_head_json":{"title":"Global webinar: Mental Wellness and Times of Crisis | EGN.se","description":"EGN Sverige genomf\u00f6r varje m\u00e5nad digitala f\u00f6rel\u00e4sningar, denna g\u00e5ng om stressreaktionen och hur det relaterar till kris.","robots":{"index":"index","follow":"follow","max-snippet":"max-snippet:-1","max-image-preview":"max-image-preview:large","max-video-preview":"max-video-preview:-1"},"canonical":"https:\/\/egn.com\/se\/events\/global-webinar-mental-wellness-and-times-of-crisis\/","og_locale":"sv_SE","og_type":"article","og_title":"Global webinar: Mental Wellness and Times of Crisis","og_description":"EGN Sverige genomf\u00f6r varje m\u00e5nad digitala f\u00f6rel\u00e4sningar, denna g\u00e5ng om stressreaktionen och hur det relaterar till kris.","og_url":"https:\/\/egn.com\/se\/events\/global-webinar-mental-wellness-and-times-of-crisis\/","og_site_name":"EGN Sverige","article_publisher":"https:\/\/www.facebook.com\/egnsverige\/","article_modified_time":"2023-02-20T13:14:01+00:00","og_image":[{"width":1280,"height":720,"url":"https:\/\/egn.com\/se\/wp-content\/uploads\/sites\/6\/2023\/02\/Youtube_MentalWellness.jpg","type":"image\/jpeg"}],"twitter_card":"summary_large_image","twitter_title":"Global webinar: Mental Wellness and Times of Crisis","twitter_misc":{"Ber\u00e4knad l\u00e4stid":"2 minuter"},"schema":{"@context":"https:\/\/schema.org","@graph":[{"@type":"WebPage","@id":"https:\/\/egn.com\/se\/events\/global-webinar-mental-wellness-and-times-of-crisis\/","url":"https:\/\/egn.com\/se\/events\/global-webinar-mental-wellness-and-times-of-crisis\/","name":"Global webinar: Mental Wellness and Times of Crisis | EGN.se","isPartOf":{"@id":"https:\/\/egn.com\/se\/#website"},"primaryImageOfPage":{"@id":"https:\/\/egn.com\/se\/events\/global-webinar-mental-wellness-and-times-of-crisis\/#primaryimage"},"image":{"@id":"https:\/\/egn.com\/se\/events\/global-webinar-mental-wellness-and-times-of-crisis\/#primaryimage"},"thumbnailUrl":"https:\/\/egn.com\/se\/wp-content\/uploads\/sites\/6\/2023\/02\/globalweb_homepage-23FEB2023.jpg","datePublished":"2023-02-20T12:54:58+00:00","dateModified":"2023-02-20T13:14:01+00:00","description":"EGN Sverige genomf\u00f6r varje m\u00e5nad digitala f\u00f6rel\u00e4sningar, denna g\u00e5ng om stressreaktionen och hur det relaterar till kris.","breadcrumb":{"@id":"https:\/\/egn.com\/se\/events\/global-webinar-mental-wellness-and-times-of-crisis\/#breadcrumb"},"inLanguage":"sv-SE","potentialAction":[{"@type":"ReadAction","target":["https:\/\/egn.com\/se\/events\/global-webinar-mental-wellness-and-times-of-crisis\/"]}]},{"@type":"ImageObject","inLanguage":"sv-SE","@id":"https:\/\/egn.com\/se\/events\/global-webinar-mental-wellness-and-times-of-crisis\/#primaryimage","url":"https:\/\/egn.com\/se\/wp-content\/uploads\/sites\/6\/2023\/02\/globalweb_homepage-23FEB2023.jpg","contentUrl":"https:\/\/egn.com\/se\/wp-content\/uploads\/sites\/6\/2023\/02\/globalweb_homepage-23FEB2023.jpg","width":1090,"height":722},{"@type":"BreadcrumbList","@id":"https:\/\/egn.com\/se\/events\/global-webinar-mental-wellness-and-times-of-crisis\/#breadcrumb","itemListElement":[{"@type":"ListItem","position":1,"name":"Hem","item":"https:\/\/egn.com\/se\/"},{"@type":"ListItem","position":2,"name":"Events","item":"https:\/\/egn.com\/se\/events\/"},{"@type":"ListItem","position":3,"name":"Global webinar: Mental Wellness and Time&hellip;"}]},{"@type":"WebSite","@id":"https:\/\/egn.com\/se\/#website","url":"https:\/\/egn.com\/se\/","name":"EGN Sverige","description":"Professionella n\u00e4tverk f\u00f6r ledare och specialister","publisher":{"@id":"https:\/\/egn.com\/se\/#organization"},"potentialAction":[{"@type":"SearchAction","target":{"@type":"EntryPoint","urlTemplate":"https:\/\/egn.com\/se\/?s={search_term_string}"},"query-input":{"@type":"PropertyValueSpecification","valueRequired":true,"valueName":"search_term_string"}}],"inLanguage":"sv-SE"},{"@type":"Organization","@id":"https:\/\/egn.com\/se\/#organization","name":"EGN Sverige","alternateName":"EGN","url":"https:\/\/egn.com\/se\/","logo":{"@type":"ImageObject","inLanguage":"sv-SE","@id":"https:\/\/egn.com\/se\/#\/schema\/logo\/image\/","url":"https:\/\/egn.com\/se\/wp-content\/uploads\/sites\/6\/2026\/02\/EGN.png","contentUrl":"https:\/\/egn.com\/se\/wp-content\/uploads\/sites\/6\/2026\/02\/EGN.png","width":2185,"height":699,"caption":"EGN Sverige"},"image":{"@id":"https:\/\/egn.com\/se\/#\/schema\/logo\/image\/"},"sameAs":["https:\/\/www.facebook.com\/egnsverige\/","https:\/\/www.instagram.com\/egnsverige","https:\/\/www.linkedin.com\/company\/executives-global-network"],"description":"EGN Sverige \u00e4r Sveriges st\u00f6rsta kompetensn\u00e4tverk f\u00f6r chefer och ledare som vill utveckla sitt ledarskap. Vi jobbar f\u00f6r att chefer och ledare tillsammans ska utvecklas och hj\u00e4lpa varandra med de utmaningar som man st\u00f6ter p\u00e5 i sin profession.","email":"info@egn.se","telephone":"+468210722","vatID":"556739-7905"}]}},"_links":{"self":[{"href":"https:\/\/egn.com\/se\/wp-json\/wp\/v2\/event\/9027","targetHints":{"allow":["GET"]}}],"collection":[{"href":"https:\/\/egn.com\/se\/wp-json\/wp\/v2\/event"}],"about":[{"href":"https:\/\/egn.com\/se\/wp-json\/wp\/v2\/types\/event"}],"version-history":[{"count":11,"href":"https:\/\/egn.com\/se\/wp-json\/wp\/v2\/event\/9027\/revisions"}],"predecessor-version":[{"id":9043,"href":"https:\/\/egn.com\/se\/wp-json\/wp\/v2\/event\/9027\/revisions\/9043"}],"wp:featuredmedia":[{"embeddable":true,"href":"https:\/\/egn.com\/se\/wp-json\/wp\/v2\/media\/9028"}],"wp:attachment":[{"href":"https:\/\/egn.com\/se\/wp-json\/wp\/v2\/media?parent=9027"}],"wp:term":[{"taxonomy":"event-type","embeddable":true,"href":"https:\/\/egn.com\/se\/wp-json\/wp\/v2\/event-type?post=9027"}],"curies":[{"name":"wp","href":"https:\/\/api.w.org\/{rel}","templated":true}]}}