{"id":9087,"date":"2023-02-01T15:09:29","date_gmt":"2023-02-01T13:09:29","guid":{"rendered":"https:\/\/egn.com\/se\/?post_type=events&#038;p=9087"},"modified":"2023-03-16T11:36:48","modified_gmt":"2023-03-16T09:36:48","slug":"globalt-webinar-change-is-the-new-normal","status":"publish","type":"event","link":"https:\/\/egn.com\/se\/events\/globalt-webinar-change-is-the-new-normal\/","title":{"rendered":"Globalt webinar: Change is the new normal"},"content":{"rendered":"\t\t<div data-elementor-type=\"wp-post\" data-elementor-id=\"9087\" class=\"elementor elementor-9087\">\n\t\t\t\t\t\t<section class=\"elementor-section elementor-top-section elementor-element elementor-element-3dfe87e elementor-section-boxed elementor-section-height-default elementor-section-height-default\" data-id=\"3dfe87e\" data-element_type=\"section\">\n\t\t\t\t\t\t<div class=\"elementor-container elementor-column-gap-default\">\n\t\t\t\t\t<div class=\"elementor-column elementor-col-100 elementor-top-column elementor-element elementor-element-8cad967\" data-id=\"8cad967\" data-element_type=\"column\">\n\t\t\t<div class=\"elementor-widget-wrap elementor-element-populated\">\n\t\t\t\t\t\t<div class=\"elementor-element elementor-element-03cd621 elementor-widget elementor-widget-text-editor\" data-id=\"03cd621\" data-element_type=\"widget\" data-widget_type=\"text-editor.default\">\n\t\t\t\t<div class=\"elementor-widget-container\">\n\t\t\t\t\t\t\t\t\t<p style=\"text-align: center\"><strong>Torsdag 30 mars kl 09:00-10:00<\/strong><br \/>F\u00f6rel\u00e4sningen \u00e4r engelskspr\u00e5kig, digital och kostnadsfri<\/p>\t\t\t\t\t\t\t\t<\/div>\n\t\t\t\t<\/div>\n\t\t\t\t<div class=\"elementor-element elementor-element-aa0bb43 elementor-widget elementor-widget-text-editor\" data-id=\"aa0bb43\" data-element_type=\"widget\" data-widget_type=\"text-editor.default\">\n\t\t\t\t<div class=\"elementor-widget-container\">\n\t\t\t\t\t\t\t\t\t<h3 id=\"hur-lyckas-du-med-din-forandringskommunikation-i-din-organisation\">Hur lyckas du med din f\u00f6r\u00e4ndringskommunikation i din organisation?<\/h3><p>V\u00e4lkommen till EGN Global webinar och lyssna till Mathias Gr\u00fcttner, VD f\u00f6r Napica, docent och internationell konsult. I detta webinar kommer Mathias dela med sig av n\u00e5gra av sina favoritverktyg fr\u00e5n mer \u00e4n 20 \u00e5rs arbete med f\u00f6r\u00e4ndring, ledarskap, kommunikation och motivation.<\/p><p><strong>F\u00f6r\u00e4ndringskommunikation<br \/><\/strong><\/p><p>Att kommunicera nya initiativ, nya strategiska beslut, nya koncept eller andra typer av f\u00f6r\u00e4ndringar till dina intressenter eller organisation kan vara sv\u00e5rt. Men vi beh\u00f6ver lyckas med v\u00e5r f\u00f6r\u00e4ndringskommunikation f\u00f6r att n\u00e5 v\u00e5ra f\u00f6retagsm\u00e5l. Att f\u00e5 ett ja till det nya initiativet, skapa motivation och beteendef\u00f6r\u00e4ndring och f\u00e5 organisationen eller intressentgruppen att f\u00f6lja det nya arbetss\u00e4ttet \u00e4r avg\u00f6rande.<\/p><p>Om du misslyckas med att kommunicera, f\u00e5 med andra och skapa motivation och engagemang kommer ditt f\u00f6r\u00e4ndringsprojekt att misslyckas. Och det kommer du ocks\u00e5.<\/p><p>Delta i mars m\u00e5nads EGN Global Webinar f\u00f6r att f\u00e5 insikter och verktyg om hur du f\u00e5r den f\u00f6r\u00e4ndring du vill ha f\u00f6r ditt projekt, ditt team eller hela din organisation.<\/p><p>Anm\u00e4l dig kostnadsfritt idag!<\/p>\t\t\t\t\t\t\t\t<\/div>\n\t\t\t\t<\/div>\n\t\t\t\t<div class=\"elementor-element elementor-element-e31ab4c elementor-widget-divider--view-line elementor-widget elementor-widget-divider\" data-id=\"e31ab4c\" data-element_type=\"widget\" data-widget_type=\"divider.default\">\n\t\t\t\t<div class=\"elementor-widget-container\">\n\t\t\t\t\t\t\t<div class=\"elementor-divider\">\n\t\t\t<span class=\"elementor-divider-separator\">\n\t\t\t\t\t\t<\/span>\n\t\t<\/div>\n\t\t\t\t\t\t<\/div>\n\t\t\t\t<\/div>\n\t\t\t\t<div class=\"elementor-element elementor-element-8fd824a elementor-widget elementor-widget-author-box\" data-id=\"8fd824a\" data-element_type=\"widget\" data-widget_type=\"author-box.default\">\n\t\t\t\t<div class=\"elementor-widget-container\">\n\t\t\t\t\t\t\t<div class=\"elementor-author-box\">\n\t\t\t\t\t\t\t<a href=\"https:\/\/www.linkedin.com\/in\/mathiasgruttner\/\" class=\"elementor-author-box__avatar\">\n\t\t\t\t\t<img decoding=\"async\" src=\"https:\/\/egn.com\/se\/wp-content\/uploads\/sites\/6\/2023\/03\/mathias-300x300.jpg\" alt=\"M\u00f6t Mathias Gr\u00fcttner\" loading=\"lazy\">\n\t\t\t\t<\/a>\n\t\t\t\n\t\t\t<div class=\"elementor-author-box__text\">\n\t\t\t\t\t\t\t\t\t<a href=\"https:\/\/www.linkedin.com\/in\/mathiasgruttner\/\">\n\t\t\t\t\t\t<h4 class=\"elementor-author-box__name\">\n\t\t\t\t\t\t\tM\u00f6t Mathias Gr\u00fcttner\t\t\t\t\t\t<\/h4>\n\t\t\t\t\t<\/a>\n\t\t\t\t\n\t\t\t\t\t\t\t\t\t<div class=\"elementor-author-box__bio\">\n\t\t\t\t\t\t<p>VD p\u00e5 Napica, docent och konsult.<\/p>\n\t\t\t\t\t<\/div>\n\t\t\t\t\n\t\t\t\t\t\t\t<\/div>\n\t\t<\/div>\n\t\t\t\t\t\t<\/div>\n\t\t\t\t<\/div>\n\t\t\t\t<div class=\"elementor-element elementor-element-42a1207 elementor-widget elementor-widget-text-editor\" data-id=\"42a1207\" data-element_type=\"widget\" data-widget_type=\"text-editor.default\">\n\t\t\t\t<div class=\"elementor-widget-container\">\n\t\t\t\t\t\t\t\t\t<p>Mathias Gr\u00fcttner har mer \u00e4n 20 \u00e5rs erfarenhet av ledarskapscoachning och f\u00f6r\u00e4ndringsledning och ger r\u00e5d till kunskapsintensiva f\u00f6retag inom ledarskap, kommunikation och implementering av f\u00f6r\u00e4ndring. Han \u00e4r \u00e4ven docent i kommunikation, management och ledarskap.<\/p><p><a href=\"https:\/\/www.linkedin.com\/company\/napica\/\">Napica<\/a> \u00e4r ett internationellt konsultf\u00f6retag inom f\u00f6r\u00e4ndring, kommunikation och ledarskap med kontor Danmark och Australien. De \u00e4r r\u00e5dgivare inom f\u00f6r\u00e4ndring, strategiimplementering och ledarskapsprojekt och designar och genomf\u00f6r \u00e4ven utbildningsprogram i ledarskap, hur man kommunicerar f\u00f6r\u00e4ndring och skapar motivation.<\/p><p>Napica arbetar tillsammans med flera universitet och har bland annat gjort ett forskningsprojekt om hur man b\u00e4st kommunicerar implementeringen av en IT-strategi i en finansiell organisation.<\/p>\t\t\t\t\t\t\t\t<\/div>\n\t\t\t\t<\/div>\n\t\t\t\t\t<\/div>\n\t\t<\/div>\n\t\t\t\t\t<\/div>\n\t\t<\/section>\n\t\t\t\t<\/div>\n\t\t","protected":false},"excerpt":{"rendered":"<p>Torsdag 30 mars kl 09:00-10:00 F\u00f6rel\u00e4sningen \u00e4r engelskspr\u00e5kig, digital och kostnadsfri Hur lyckas du med din f\u00f6r\u00e4ndringskommunikation i din organisation? V\u00e4lkommen till EGN Global webinar och lyssna till Mathias Gr\u00fcttner, VD f\u00f6r Napica, docent och internationell konsult. I detta webinar kommer Mathias dela med sig av n\u00e5gra av sina favoritverktyg fr\u00e5n mer \u00e4n 20 \u00e5rs<a href=\"https:\/\/egn.com\/se\/events\/globalt-webinar-change-is-the-new-normal\/\">Forts\u00e4tt l\u00e4sa <span class=\"sr-only\">&#8221;Globalt webinar: Change is the new normal&#8221;<\/span><\/a><\/p>\n","protected":false},"featured_media":9088,"menu_order":0,"template":"","format":"standard","meta":{"_acf_changed":false,"footnotes":""},"event-type":[],"class_list":["post-9087","event","type-event","status-publish","format-standard","has-post-thumbnail","hentry"],"acf":[],"yoast_head":"<title>Globalt webinar: Change is the new normal | EGN.se<\/title>\n<meta name=\"description\" content=\"EGN Sverige genomf\u00f6r varje m\u00e5nad digitala f\u00f6rel\u00e4sningar. I mars pratar vi om hur du lyckas med f\u00f6r\u00e4ndringskommunikation i din organisation.\" \/>\n<meta name=\"robots\" content=\"index, follow, max-snippet:-1, max-image-preview:large, max-video-preview:-1\" \/>\n<link rel=\"canonical\" href=\"https:\/\/egn.com\/se\/events\/globalt-webinar-change-is-the-new-normal\/\" \/>\n<meta property=\"og:locale\" content=\"sv_SE\" \/>\n<meta property=\"og:type\" content=\"article\" \/>\n<meta property=\"og:title\" content=\"Globalt webinar: Change is the new normal\" \/>\n<meta property=\"og:description\" content=\"Hur du lyckas med f\u00f6r\u00e4ndringskommunikation i din organisation?\" \/>\n<meta property=\"og:url\" content=\"https:\/\/egn.com\/se\/events\/globalt-webinar-change-is-the-new-normal\/\" \/>\n<meta property=\"og:site_name\" content=\"EGN Sverige\" \/>\n<meta property=\"article:publisher\" content=\"https:\/\/www.facebook.com\/egnsverige\/\" \/>\n<meta property=\"article:modified_time\" content=\"2023-03-16T09:36:48+00:00\" \/>\n<meta property=\"og:image\" content=\"https:\/\/egn.com\/se\/wp-content\/uploads\/sites\/6\/2023\/03\/inspiration_homepage_globalMARS.jpg\" \/>\n\t<meta property=\"og:image:width\" content=\"1090\" \/>\n\t<meta property=\"og:image:height\" content=\"722\" \/>\n\t<meta property=\"og:image:type\" content=\"image\/jpeg\" \/>\n<meta name=\"twitter:card\" content=\"summary_large_image\" \/>\n<meta name=\"twitter:title\" content=\"Globalt webinar: Change is the new normal\" \/>\n<meta name=\"twitter:label1\" content=\"Ber\u00e4knad l\u00e4stid\" \/>\n\t<meta name=\"twitter:data1\" content=\"2 minuter\" \/>\n<script type=\"application\/ld+json\" class=\"yoast-schema-graph\">{\"@context\":\"https:\\\/\\\/schema.org\",\"@graph\":[{\"@type\":\"WebPage\",\"@id\":\"https:\\\/\\\/egn.com\\\/se\\\/events\\\/globalt-webinar-change-is-the-new-normal\\\/\",\"url\":\"https:\\\/\\\/egn.com\\\/se\\\/events\\\/globalt-webinar-change-is-the-new-normal\\\/\",\"name\":\"Globalt webinar: Change is the new normal | EGN.se\",\"isPartOf\":{\"@id\":\"https:\\\/\\\/egn.com\\\/se\\\/#website\"},\"primaryImageOfPage\":{\"@id\":\"https:\\\/\\\/egn.com\\\/se\\\/events\\\/globalt-webinar-change-is-the-new-normal\\\/#primaryimage\"},\"image\":{\"@id\":\"https:\\\/\\\/egn.com\\\/se\\\/events\\\/globalt-webinar-change-is-the-new-normal\\\/#primaryimage\"},\"thumbnailUrl\":\"https:\\\/\\\/egn.com\\\/se\\\/wp-content\\\/uploads\\\/sites\\\/6\\\/2023\\\/03\\\/inspiration_homepage_globalMARS.jpg\",\"datePublished\":\"2023-02-01T13:09:29+00:00\",\"dateModified\":\"2023-03-16T09:36:48+00:00\",\"description\":\"EGN Sverige genomf\u00f6r varje m\u00e5nad digitala f\u00f6rel\u00e4sningar. I mars pratar vi om hur du lyckas med f\u00f6r\u00e4ndringskommunikation i din organisation.\",\"breadcrumb\":{\"@id\":\"https:\\\/\\\/egn.com\\\/se\\\/events\\\/globalt-webinar-change-is-the-new-normal\\\/#breadcrumb\"},\"inLanguage\":\"sv-SE\",\"potentialAction\":[{\"@type\":\"ReadAction\",\"target\":[\"https:\\\/\\\/egn.com\\\/se\\\/events\\\/globalt-webinar-change-is-the-new-normal\\\/\"]}]},{\"@type\":\"ImageObject\",\"inLanguage\":\"sv-SE\",\"@id\":\"https:\\\/\\\/egn.com\\\/se\\\/events\\\/globalt-webinar-change-is-the-new-normal\\\/#primaryimage\",\"url\":\"https:\\\/\\\/egn.com\\\/se\\\/wp-content\\\/uploads\\\/sites\\\/6\\\/2023\\\/03\\\/inspiration_homepage_globalMARS.jpg\",\"contentUrl\":\"https:\\\/\\\/egn.com\\\/se\\\/wp-content\\\/uploads\\\/sites\\\/6\\\/2023\\\/03\\\/inspiration_homepage_globalMARS.jpg\",\"width\":1090,\"height\":722},{\"@type\":\"BreadcrumbList\",\"@id\":\"https:\\\/\\\/egn.com\\\/se\\\/events\\\/globalt-webinar-change-is-the-new-normal\\\/#breadcrumb\",\"itemListElement\":[{\"@type\":\"ListItem\",\"position\":1,\"name\":\"Hem\",\"item\":\"https:\\\/\\\/egn.com\\\/se\\\/\"},{\"@type\":\"ListItem\",\"position\":2,\"name\":\"Events\",\"item\":\"https:\\\/\\\/egn.com\\\/se\\\/events\\\/\"},{\"@type\":\"ListItem\",\"position\":3,\"name\":\"Globalt webinar: Change is the new norma&hellip;\"}]},{\"@type\":\"WebSite\",\"@id\":\"https:\\\/\\\/egn.com\\\/se\\\/#website\",\"url\":\"https:\\\/\\\/egn.com\\\/se\\\/\",\"name\":\"EGN Sverige\",\"description\":\"Professionella n\u00e4tverk f\u00f6r ledare och specialister\",\"publisher\":{\"@id\":\"https:\\\/\\\/egn.com\\\/se\\\/#organization\"},\"potentialAction\":[{\"@type\":\"SearchAction\",\"target\":{\"@type\":\"EntryPoint\",\"urlTemplate\":\"https:\\\/\\\/egn.com\\\/se\\\/?s={search_term_string}\"},\"query-input\":{\"@type\":\"PropertyValueSpecification\",\"valueRequired\":true,\"valueName\":\"search_term_string\"}}],\"inLanguage\":\"sv-SE\"},{\"@type\":\"Organization\",\"@id\":\"https:\\\/\\\/egn.com\\\/se\\\/#organization\",\"name\":\"EGN Sverige\",\"alternateName\":\"EGN\",\"url\":\"https:\\\/\\\/egn.com\\\/se\\\/\",\"logo\":{\"@type\":\"ImageObject\",\"inLanguage\":\"sv-SE\",\"@id\":\"https:\\\/\\\/egn.com\\\/se\\\/#\\\/schema\\\/logo\\\/image\\\/\",\"url\":\"https:\\\/\\\/egn.com\\\/se\\\/wp-content\\\/uploads\\\/sites\\\/6\\\/2026\\\/02\\\/EGN.png\",\"contentUrl\":\"https:\\\/\\\/egn.com\\\/se\\\/wp-content\\\/uploads\\\/sites\\\/6\\\/2026\\\/02\\\/EGN.png\",\"width\":2185,\"height\":699,\"caption\":\"EGN Sverige\"},\"image\":{\"@id\":\"https:\\\/\\\/egn.com\\\/se\\\/#\\\/schema\\\/logo\\\/image\\\/\"},\"sameAs\":[\"https:\\\/\\\/www.facebook.com\\\/egnsverige\\\/\",\"https:\\\/\\\/www.instagram.com\\\/egnsverige\",\"https:\\\/\\\/www.linkedin.com\\\/company\\\/executives-global-network\"],\"description\":\"EGN Sverige \u00e4r Sveriges st\u00f6rsta kompetensn\u00e4tverk f\u00f6r chefer och ledare som vill utveckla sitt ledarskap. Vi jobbar f\u00f6r att chefer och ledare tillsammans ska utvecklas och hj\u00e4lpa varandra med de utmaningar som man st\u00f6ter p\u00e5 i sin profession.\",\"email\":\"info@egn.se\",\"telephone\":\"+468210722\",\"vatID\":\"556739-7905\"}]}<\/script>","yoast_head_json":{"title":"Globalt webinar: Change is the new normal | EGN.se","description":"EGN Sverige genomf\u00f6r varje m\u00e5nad digitala f\u00f6rel\u00e4sningar. I mars pratar vi om hur du lyckas med f\u00f6r\u00e4ndringskommunikation i din organisation.","robots":{"index":"index","follow":"follow","max-snippet":"max-snippet:-1","max-image-preview":"max-image-preview:large","max-video-preview":"max-video-preview:-1"},"canonical":"https:\/\/egn.com\/se\/events\/globalt-webinar-change-is-the-new-normal\/","og_locale":"sv_SE","og_type":"article","og_title":"Globalt webinar: Change is the new normal","og_description":"Hur du lyckas med f\u00f6r\u00e4ndringskommunikation i din organisation?","og_url":"https:\/\/egn.com\/se\/events\/globalt-webinar-change-is-the-new-normal\/","og_site_name":"EGN Sverige","article_publisher":"https:\/\/www.facebook.com\/egnsverige\/","article_modified_time":"2023-03-16T09:36:48+00:00","og_image":[{"width":1090,"height":722,"url":"https:\/\/egn.com\/se\/wp-content\/uploads\/sites\/6\/2023\/03\/inspiration_homepage_globalMARS.jpg","type":"image\/jpeg"}],"twitter_card":"summary_large_image","twitter_title":"Globalt webinar: Change is the new normal","twitter_misc":{"Ber\u00e4knad l\u00e4stid":"2 minuter"},"schema":{"@context":"https:\/\/schema.org","@graph":[{"@type":"WebPage","@id":"https:\/\/egn.com\/se\/events\/globalt-webinar-change-is-the-new-normal\/","url":"https:\/\/egn.com\/se\/events\/globalt-webinar-change-is-the-new-normal\/","name":"Globalt webinar: Change is the new normal | EGN.se","isPartOf":{"@id":"https:\/\/egn.com\/se\/#website"},"primaryImageOfPage":{"@id":"https:\/\/egn.com\/se\/events\/globalt-webinar-change-is-the-new-normal\/#primaryimage"},"image":{"@id":"https:\/\/egn.com\/se\/events\/globalt-webinar-change-is-the-new-normal\/#primaryimage"},"thumbnailUrl":"https:\/\/egn.com\/se\/wp-content\/uploads\/sites\/6\/2023\/03\/inspiration_homepage_globalMARS.jpg","datePublished":"2023-02-01T13:09:29+00:00","dateModified":"2023-03-16T09:36:48+00:00","description":"EGN Sverige genomf\u00f6r varje m\u00e5nad digitala f\u00f6rel\u00e4sningar. I mars pratar vi om hur du lyckas med f\u00f6r\u00e4ndringskommunikation i din organisation.","breadcrumb":{"@id":"https:\/\/egn.com\/se\/events\/globalt-webinar-change-is-the-new-normal\/#breadcrumb"},"inLanguage":"sv-SE","potentialAction":[{"@type":"ReadAction","target":["https:\/\/egn.com\/se\/events\/globalt-webinar-change-is-the-new-normal\/"]}]},{"@type":"ImageObject","inLanguage":"sv-SE","@id":"https:\/\/egn.com\/se\/events\/globalt-webinar-change-is-the-new-normal\/#primaryimage","url":"https:\/\/egn.com\/se\/wp-content\/uploads\/sites\/6\/2023\/03\/inspiration_homepage_globalMARS.jpg","contentUrl":"https:\/\/egn.com\/se\/wp-content\/uploads\/sites\/6\/2023\/03\/inspiration_homepage_globalMARS.jpg","width":1090,"height":722},{"@type":"BreadcrumbList","@id":"https:\/\/egn.com\/se\/events\/globalt-webinar-change-is-the-new-normal\/#breadcrumb","itemListElement":[{"@type":"ListItem","position":1,"name":"Hem","item":"https:\/\/egn.com\/se\/"},{"@type":"ListItem","position":2,"name":"Events","item":"https:\/\/egn.com\/se\/events\/"},{"@type":"ListItem","position":3,"name":"Globalt webinar: Change is the new norma&hellip;"}]},{"@type":"WebSite","@id":"https:\/\/egn.com\/se\/#website","url":"https:\/\/egn.com\/se\/","name":"EGN Sverige","description":"Professionella n\u00e4tverk f\u00f6r ledare och specialister","publisher":{"@id":"https:\/\/egn.com\/se\/#organization"},"potentialAction":[{"@type":"SearchAction","target":{"@type":"EntryPoint","urlTemplate":"https:\/\/egn.com\/se\/?s={search_term_string}"},"query-input":{"@type":"PropertyValueSpecification","valueRequired":true,"valueName":"search_term_string"}}],"inLanguage":"sv-SE"},{"@type":"Organization","@id":"https:\/\/egn.com\/se\/#organization","name":"EGN Sverige","alternateName":"EGN","url":"https:\/\/egn.com\/se\/","logo":{"@type":"ImageObject","inLanguage":"sv-SE","@id":"https:\/\/egn.com\/se\/#\/schema\/logo\/image\/","url":"https:\/\/egn.com\/se\/wp-content\/uploads\/sites\/6\/2026\/02\/EGN.png","contentUrl":"https:\/\/egn.com\/se\/wp-content\/uploads\/sites\/6\/2026\/02\/EGN.png","width":2185,"height":699,"caption":"EGN Sverige"},"image":{"@id":"https:\/\/egn.com\/se\/#\/schema\/logo\/image\/"},"sameAs":["https:\/\/www.facebook.com\/egnsverige\/","https:\/\/www.instagram.com\/egnsverige","https:\/\/www.linkedin.com\/company\/executives-global-network"],"description":"EGN Sverige \u00e4r Sveriges st\u00f6rsta kompetensn\u00e4tverk f\u00f6r chefer och ledare som vill utveckla sitt ledarskap. Vi jobbar f\u00f6r att chefer och ledare tillsammans ska utvecklas och hj\u00e4lpa varandra med de utmaningar som man st\u00f6ter p\u00e5 i sin profession.","email":"info@egn.se","telephone":"+468210722","vatID":"556739-7905"}]}},"_links":{"self":[{"href":"https:\/\/egn.com\/se\/wp-json\/wp\/v2\/event\/9087","targetHints":{"allow":["GET"]}}],"collection":[{"href":"https:\/\/egn.com\/se\/wp-json\/wp\/v2\/event"}],"about":[{"href":"https:\/\/egn.com\/se\/wp-json\/wp\/v2\/types\/event"}],"version-history":[{"count":11,"href":"https:\/\/egn.com\/se\/wp-json\/wp\/v2\/event\/9087\/revisions"}],"predecessor-version":[{"id":9101,"href":"https:\/\/egn.com\/se\/wp-json\/wp\/v2\/event\/9087\/revisions\/9101"}],"wp:featuredmedia":[{"embeddable":true,"href":"https:\/\/egn.com\/se\/wp-json\/wp\/v2\/media\/9088"}],"wp:attachment":[{"href":"https:\/\/egn.com\/se\/wp-json\/wp\/v2\/media?parent=9087"}],"wp:term":[{"taxonomy":"event-type","embeddable":true,"href":"https:\/\/egn.com\/se\/wp-json\/wp\/v2\/event-type?post=9087"}],"curies":[{"name":"wp","href":"https:\/\/api.w.org\/{rel}","templated":true}]}}