{"id":9124,"date":"2023-02-05T16:33:02","date_gmt":"2023-02-05T14:33:02","guid":{"rendered":"https:\/\/egn.com\/se\/?post_type=events&#038;p=9124"},"modified":"2023-03-20T17:40:33","modified_gmt":"2023-03-20T15:40:33","slug":"in-times-of-crisis-emotional-intelligence-is-crucial-for-successful-leadership","status":"publish","type":"event","link":"https:\/\/egn.com\/se\/events\/in-times-of-crisis-emotional-intelligence-is-crucial-for-successful-leadership\/","title":{"rendered":"Global webinar: In times of crisis, emotional intelligence is crucial for successful leadership"},"content":{"rendered":"\t\t<div data-elementor-type=\"wp-post\" data-elementor-id=\"9124\" class=\"elementor elementor-9124\">\n\t\t\t\t\t\t<section class=\"elementor-section elementor-top-section elementor-element elementor-element-3dfe87e elementor-section-boxed elementor-section-height-default elementor-section-height-default\" data-id=\"3dfe87e\" data-element_type=\"section\">\n\t\t\t\t\t\t<div class=\"elementor-container elementor-column-gap-default\">\n\t\t\t\t\t<div class=\"elementor-column elementor-col-100 elementor-top-column elementor-element elementor-element-8cad967\" data-id=\"8cad967\" data-element_type=\"column\">\n\t\t\t<div class=\"elementor-widget-wrap elementor-element-populated\">\n\t\t\t\t\t\t<div class=\"elementor-element elementor-element-03cd621 elementor-widget elementor-widget-text-editor\" data-id=\"03cd621\" data-element_type=\"widget\" data-widget_type=\"text-editor.default\">\n\t\t\t\t<div class=\"elementor-widget-container\">\n\t\t\t\t\t\t\t\t\t<p style=\"text-align: center\"><strong>M\u00e5ndag 27 april kl 09:00-10:00<\/strong><br \/>Webinaret \u00e4r engelskspr\u00e5kig, digitalt och kostnadsfritt<\/p>\t\t\t\t\t\t\t\t<\/div>\n\t\t\t\t<\/div>\n\t\t\t\t<div class=\"elementor-element elementor-element-aa0bb43 elementor-widget elementor-widget-text-editor\" data-id=\"aa0bb43\" data-element_type=\"widget\" data-widget_type=\"text-editor.default\">\n\t\t\t\t<div class=\"elementor-widget-container\">\n\t\t\t\t\t\t\t\t\t<h5>I kristider blir behovet av ledarskap f\u00f6r emotionell intelligens (EQ) \u00e4nnu mer uttalat. I en v\u00e4rld som st\u00e4ndigt blir mer komplex, mer samarbetsvillig och mer os\u00e4ker, blir n\u00f6dv\u00e4ndigheten av EQ f\u00f6r att skapa framg\u00e5ngsrika resultat \u00e4nnu mer uttalad.<\/h5><p><strong>Delta i EGN Global Webinar den 27 april 09:00-10:00 och h\u00f6r Mikkel Severin, Danmarks ledande expert p\u00e5 emotionell intelligens.<\/strong><\/p><p>I en v\u00e4rld som domineras av krig, inflation, de s\u00e5 kallade &#8221;nya kraven&#8221; fr\u00e5n Generation Z, konstant volatilitet och h\u00f6ga niv\u00e5er av stress och sjukdomsk\u00e4nsla, \u00e4r vinnarna de som beh\u00e4rskar m\u00e4nskliga interaktioner.<\/p><p><strong>Emotionell intelligens \u00e4r den komparativa f\u00f6rdelen<\/strong><br \/>. Men hur st\u00e5r sig f\u00f6retagen egentligen n\u00e4r det kommer till EQ som en strategisk prioritet?\u00a0<span style=\"font-size: 1rem\">Aff\u00e4rscaset f\u00f6r EQ \u00e4r o\u00f6vertr\u00e4ffat, men h<\/span><span style=\"font-size: 1rem\">ur m\u00e5nga prioriterar det? Hur m\u00e4ter och f\u00f6rb\u00e4ttrar vi EQ? Och vad k\u00e4nnetecknar individer med h\u00f6g och l\u00e5g EQ?<\/span><\/p><p>N\u00e5gra av k\u00e4rnkompetenserna inom EQ \u00e4r sj\u00e4lvk\u00e4nnedom, sj\u00e4lvreglering och empati. H\u00f6g EQ driver bra ledarskap, psykologisk s\u00e4kerhet, ansvarsskyldighet, optimal teamprestation, effektiv konfliktl\u00f6sning och utm\u00e4rkt f\u00f6rhandling. Tyv\u00e4rr befordrar m\u00e5nga f\u00f6retag m\u00e4nniskor till ledande positioner utan h\u00e4nsyn till deras EQ, med betydande konsekvenser f\u00f6r avdelningen och f\u00f6retaget \u2013 b\u00e5de ekonomiskt och humant.<\/p><p><strong>EQ \u00e4r nedprioriterat bland genomsnittsf\u00f6retag i kristider<\/strong><br \/>I kristider blir EQ som en strategisk prioritet \u00e4nnu viktigare. Tyv\u00e4rr agerar m\u00e5nga f\u00f6retag i kristider genom toppstyrning, h\u00e5rda KPI:er, bristande engagemang, bristande f\u00f6rst\u00e5else och d\u00e4r anst\u00e4llda ses som en resurs som beh\u00f6ver sk\u00e4ras ned. Ofta med katastrofala konsekvenser, intern misstro, h\u00f6ga stressniv\u00e5er, silobildning, r\u00e4dsla, &#8221;retention challenges&#8221; etc. Utmaningar som den \u00f6versta 1% av f\u00f6retagen inte har.<\/p><p><b>Vad f\u00e5r du med dig?<\/b><br \/>I webinaret f\u00e5r du insikt i vad som skiljer den \u00f6versta 1 % av f\u00f6retagen fr\u00e5n genomsnittet och varf\u00f6r den \u00f6versta 1 % av f\u00f6retagen g\u00f6r m\u00e4nniskor till en strategisk prioritet. Inte bara en strategisk prioritet &#8211; den viktigaste strategiska prioriteringen. Och som ett resultat skapar de enorma resultat. F\u00f6rest\u00e4ll dig att m\u00f6tas med f\u00f6rst\u00e5else, \u00f6ppenhet och erk\u00e4nnande i en trygg och inspirerande milj\u00f6 d\u00e4r perspektiv kan diskuteras och utmanas, och de b\u00e4sta l\u00f6sningarna vinner i kristider. D\u00e4r fokus ligger p\u00e5 teamet och gemenskapen snarare \u00e4n ego, r\u00e4dsla och informationsvakuum.<\/p><p><i>Varmt v\u00e4lkommen till april m\u00e5nads globala webinar!<\/i><\/p>\t\t\t\t\t\t\t\t<\/div>\n\t\t\t\t<\/div>\n\t\t\t\t<div class=\"elementor-element elementor-element-e31ab4c elementor-widget-divider--view-line elementor-widget elementor-widget-divider\" data-id=\"e31ab4c\" data-element_type=\"widget\" data-widget_type=\"divider.default\">\n\t\t\t\t<div class=\"elementor-widget-container\">\n\t\t\t\t\t\t\t<div class=\"elementor-divider\">\n\t\t\t<span class=\"elementor-divider-separator\">\n\t\t\t\t\t\t<\/span>\n\t\t<\/div>\n\t\t\t\t\t\t<\/div>\n\t\t\t\t<\/div>\n\t\t\t\t<div class=\"elementor-element elementor-element-8fd824a elementor-widget elementor-widget-author-box\" data-id=\"8fd824a\" data-element_type=\"widget\" data-widget_type=\"author-box.default\">\n\t\t\t\t<div class=\"elementor-widget-container\">\n\t\t\t\t\t\t\t<div class=\"elementor-author-box\">\n\t\t\t\t\t\t\t<a href=\"https:\/\/www.linkedin.com\/in\/mikkelseverin\/\" class=\"elementor-author-box__avatar\">\n\t\t\t\t\t<img decoding=\"async\" src=\"https:\/\/egn.com\/se\/wp-content\/uploads\/sites\/6\/2023\/03\/Mikkel_Severin-300x300.jpg\" alt=\"M\u00f6t Mikkel Severin\" loading=\"lazy\">\n\t\t\t\t<\/a>\n\t\t\t\n\t\t\t<div class=\"elementor-author-box__text\">\n\t\t\t\t\t\t\t\t\t<a href=\"https:\/\/www.linkedin.com\/in\/mikkelseverin\/\">\n\t\t\t\t\t\t<h4 class=\"elementor-author-box__name\">\n\t\t\t\t\t\t\tM\u00f6t Mikkel Severin\t\t\t\t\t\t<\/h4>\n\t\t\t\t\t<\/a>\n\t\t\t\t\n\t\t\t\t\t\t\t\t\t<div class=\"elementor-author-box__bio\">\n\t\t\t\t\t\t<p>Mikkel Severin \u00e4r Danmarks ledande expert p\u00e5 emotionell intelligens. Han ger r\u00e5d till toppledare och f\u00f6retag om att avkoda m\u00e4nniskors k\u00e4nslom\u00e4ssiga intelligens i ledarskap och f\u00f6rhandling baserat p\u00e5 hans Mind Control-tekniker. Mikkel \u00e4r extern r\u00e5dgivare till Copenhagen Business Schools styrelseutbildning, d\u00e4r han har undervisat i emotionell intelligens, avkodning av m\u00e4nniskor, optimal teamprestation och f\u00f6rhandling baserat p\u00e5 hans Mind Control-tekniker.<\/p>\n\t\t\t\t\t<\/div>\n\t\t\t\t\n\t\t\t\t\t\t\t<\/div>\n\t\t<\/div>\n\t\t\t\t\t\t<\/div>\n\t\t\t\t<\/div>\n\t\t\t\t<div class=\"elementor-element elementor-element-6e2156c elementor-widget elementor-widget-author-box\" data-id=\"6e2156c\" data-element_type=\"widget\" data-widget_type=\"author-box.default\">\n\t\t\t\t<div class=\"elementor-widget-container\">\n\t\t\t\t\t\t\t<div class=\"elementor-author-box\">\n\t\t\t\n\t\t\t<div class=\"elementor-author-box__text\">\n\t\t\t\t\n\t\t\t\t\n\t\t\t\t\t\t\t<\/div>\n\t\t<\/div>\n\t\t\t\t\t\t<\/div>\n\t\t\t\t<\/div>\n\t\t\t\t\t<\/div>\n\t\t<\/div>\n\t\t\t\t\t<\/div>\n\t\t<\/section>\n\t\t\t\t<\/div>\n\t\t","protected":false},"excerpt":{"rendered":"<p>M\u00e5ndag 27 april kl 09:00-10:00 Webinaret \u00e4r engelskspr\u00e5kig, digitalt och kostnadsfritt I kristider blir behovet av ledarskap f\u00f6r emotionell intelligens (EQ) \u00e4nnu mer uttalat. I en v\u00e4rld som st\u00e4ndigt blir mer komplex, mer samarbetsvillig och mer os\u00e4ker, blir n\u00f6dv\u00e4ndigheten av EQ f\u00f6r att skapa framg\u00e5ngsrika resultat \u00e4nnu mer uttalad. Delta i EGN Global Webinar den<a href=\"https:\/\/egn.com\/se\/events\/in-times-of-crisis-emotional-intelligence-is-crucial-for-successful-leadership\/\">Forts\u00e4tt l\u00e4sa <span class=\"sr-only\">&#8221;Global webinar: In times of crisis, emotional intelligence is crucial for successful leadership&#8221;<\/span><\/a><\/p>\n","protected":false},"featured_media":9125,"menu_order":0,"template":"","format":"standard","meta":{"_acf_changed":false,"footnotes":""},"event-type":[],"class_list":["post-9124","event","type-event","status-publish","format-standard","has-post-thumbnail","hentry"],"acf":[],"yoast_head":"<title>Global webinar: In times of crisis, emotional intelligence is crucial for successful leadership | EGN.se<\/title>\n<meta name=\"description\" content=\"EGN Sverige genomf\u00f6r varje m\u00e5nad digitala f\u00f6rel\u00e4sningar, denna g\u00e5ng om varf\u00f6r emotionell intelegens ger framg\u00e5ngsrikt ledarskap.\" \/>\n<meta name=\"robots\" content=\"index, follow, max-snippet:-1, max-image-preview:large, max-video-preview:-1\" \/>\n<link rel=\"canonical\" href=\"https:\/\/egn.com\/se\/events\/in-times-of-crisis-emotional-intelligence-is-crucial-for-successful-leadership\/\" \/>\n<meta property=\"og:locale\" content=\"sv_SE\" \/>\n<meta property=\"og:type\" content=\"article\" \/>\n<meta property=\"og:title\" content=\"Global webinar: In times of crisis, emotional intelligence is crucial for successful leadership\" \/>\n<meta property=\"og:description\" content=\"EGN Sverige genomf\u00f6r varje m\u00e5nad digitala f\u00f6rel\u00e4sningar, denna g\u00e5ng om varf\u00f6r emotionell intelegens ger framg\u00e5ngsrikt ledarskap.\" \/>\n<meta property=\"og:url\" content=\"https:\/\/egn.com\/se\/events\/in-times-of-crisis-emotional-intelligence-is-crucial-for-successful-leadership\/\" \/>\n<meta property=\"og:site_name\" content=\"EGN Sverige\" \/>\n<meta property=\"article:publisher\" content=\"https:\/\/www.facebook.com\/egnsverige\/\" \/>\n<meta property=\"article:modified_time\" content=\"2023-03-20T15:40:33+00:00\" \/>\n<meta property=\"og:image\" content=\"https:\/\/egn.com\/se\/wp-content\/uploads\/sites\/6\/2023\/03\/globalweb_homepage-april22.jpg\" \/>\n\t<meta property=\"og:image:width\" content=\"1090\" \/>\n\t<meta property=\"og:image:height\" content=\"722\" \/>\n\t<meta property=\"og:image:type\" content=\"image\/jpeg\" \/>\n<meta name=\"twitter:card\" content=\"summary_large_image\" \/>\n<meta name=\"twitter:title\" content=\"Global webinar: In times of crisis, emotional intelligence is crucial for successful leadership\" \/>\n<meta name=\"twitter:label1\" content=\"Ber\u00e4knad l\u00e4stid\" \/>\n\t<meta name=\"twitter:data1\" content=\"2 minuter\" \/>\n<script type=\"application\/ld+json\" class=\"yoast-schema-graph\">{\"@context\":\"https:\\\/\\\/schema.org\",\"@graph\":[{\"@type\":\"WebPage\",\"@id\":\"https:\\\/\\\/egn.com\\\/se\\\/events\\\/in-times-of-crisis-emotional-intelligence-is-crucial-for-successful-leadership\\\/\",\"url\":\"https:\\\/\\\/egn.com\\\/se\\\/events\\\/in-times-of-crisis-emotional-intelligence-is-crucial-for-successful-leadership\\\/\",\"name\":\"Global webinar: In times of crisis, emotional intelligence is crucial for successful leadership | EGN.se\",\"isPartOf\":{\"@id\":\"https:\\\/\\\/egn.com\\\/se\\\/#website\"},\"primaryImageOfPage\":{\"@id\":\"https:\\\/\\\/egn.com\\\/se\\\/events\\\/in-times-of-crisis-emotional-intelligence-is-crucial-for-successful-leadership\\\/#primaryimage\"},\"image\":{\"@id\":\"https:\\\/\\\/egn.com\\\/se\\\/events\\\/in-times-of-crisis-emotional-intelligence-is-crucial-for-successful-leadership\\\/#primaryimage\"},\"thumbnailUrl\":\"https:\\\/\\\/egn.com\\\/se\\\/wp-content\\\/uploads\\\/sites\\\/6\\\/2023\\\/03\\\/globalweb_homepage-april22.jpg\",\"datePublished\":\"2023-02-05T14:33:02+00:00\",\"dateModified\":\"2023-03-20T15:40:33+00:00\",\"description\":\"EGN Sverige genomf\u00f6r varje m\u00e5nad digitala f\u00f6rel\u00e4sningar, denna g\u00e5ng om varf\u00f6r emotionell intelegens ger framg\u00e5ngsrikt ledarskap.\",\"breadcrumb\":{\"@id\":\"https:\\\/\\\/egn.com\\\/se\\\/events\\\/in-times-of-crisis-emotional-intelligence-is-crucial-for-successful-leadership\\\/#breadcrumb\"},\"inLanguage\":\"sv-SE\",\"potentialAction\":[{\"@type\":\"ReadAction\",\"target\":[\"https:\\\/\\\/egn.com\\\/se\\\/events\\\/in-times-of-crisis-emotional-intelligence-is-crucial-for-successful-leadership\\\/\"]}]},{\"@type\":\"ImageObject\",\"inLanguage\":\"sv-SE\",\"@id\":\"https:\\\/\\\/egn.com\\\/se\\\/events\\\/in-times-of-crisis-emotional-intelligence-is-crucial-for-successful-leadership\\\/#primaryimage\",\"url\":\"https:\\\/\\\/egn.com\\\/se\\\/wp-content\\\/uploads\\\/sites\\\/6\\\/2023\\\/03\\\/globalweb_homepage-april22.jpg\",\"contentUrl\":\"https:\\\/\\\/egn.com\\\/se\\\/wp-content\\\/uploads\\\/sites\\\/6\\\/2023\\\/03\\\/globalweb_homepage-april22.jpg\",\"width\":1090,\"height\":722},{\"@type\":\"BreadcrumbList\",\"@id\":\"https:\\\/\\\/egn.com\\\/se\\\/events\\\/in-times-of-crisis-emotional-intelligence-is-crucial-for-successful-leadership\\\/#breadcrumb\",\"itemListElement\":[{\"@type\":\"ListItem\",\"position\":1,\"name\":\"Hem\",\"item\":\"https:\\\/\\\/egn.com\\\/se\\\/\"},{\"@type\":\"ListItem\",\"position\":2,\"name\":\"Events\",\"item\":\"https:\\\/\\\/egn.com\\\/se\\\/events\\\/\"},{\"@type\":\"ListItem\",\"position\":3,\"name\":\"Global webinar: In times of crisis, emot&hellip;\"}]},{\"@type\":\"WebSite\",\"@id\":\"https:\\\/\\\/egn.com\\\/se\\\/#website\",\"url\":\"https:\\\/\\\/egn.com\\\/se\\\/\",\"name\":\"EGN Sverige\",\"description\":\"Professionella n\u00e4tverk f\u00f6r ledare och specialister\",\"publisher\":{\"@id\":\"https:\\\/\\\/egn.com\\\/se\\\/#organization\"},\"potentialAction\":[{\"@type\":\"SearchAction\",\"target\":{\"@type\":\"EntryPoint\",\"urlTemplate\":\"https:\\\/\\\/egn.com\\\/se\\\/?s={search_term_string}\"},\"query-input\":{\"@type\":\"PropertyValueSpecification\",\"valueRequired\":true,\"valueName\":\"search_term_string\"}}],\"inLanguage\":\"sv-SE\"},{\"@type\":\"Organization\",\"@id\":\"https:\\\/\\\/egn.com\\\/se\\\/#organization\",\"name\":\"EGN Sverige\",\"alternateName\":\"EGN\",\"url\":\"https:\\\/\\\/egn.com\\\/se\\\/\",\"logo\":{\"@type\":\"ImageObject\",\"inLanguage\":\"sv-SE\",\"@id\":\"https:\\\/\\\/egn.com\\\/se\\\/#\\\/schema\\\/logo\\\/image\\\/\",\"url\":\"https:\\\/\\\/egn.com\\\/se\\\/wp-content\\\/uploads\\\/sites\\\/6\\\/2026\\\/02\\\/EGN.png\",\"contentUrl\":\"https:\\\/\\\/egn.com\\\/se\\\/wp-content\\\/uploads\\\/sites\\\/6\\\/2026\\\/02\\\/EGN.png\",\"width\":2185,\"height\":699,\"caption\":\"EGN Sverige\"},\"image\":{\"@id\":\"https:\\\/\\\/egn.com\\\/se\\\/#\\\/schema\\\/logo\\\/image\\\/\"},\"sameAs\":[\"https:\\\/\\\/www.facebook.com\\\/egnsverige\\\/\",\"https:\\\/\\\/www.instagram.com\\\/egnsverige\",\"https:\\\/\\\/www.linkedin.com\\\/company\\\/executives-global-network\"],\"description\":\"EGN Sverige \u00e4r Sveriges st\u00f6rsta kompetensn\u00e4tverk f\u00f6r chefer och ledare som vill utveckla sitt ledarskap. Vi jobbar f\u00f6r att chefer och ledare tillsammans ska utvecklas och hj\u00e4lpa varandra med de utmaningar som man st\u00f6ter p\u00e5 i sin profession.\",\"email\":\"info@egn.se\",\"telephone\":\"+468210722\",\"vatID\":\"556739-7905\"}]}<\/script>","yoast_head_json":{"title":"Global webinar: In times of crisis, emotional intelligence is crucial for successful leadership | EGN.se","description":"EGN Sverige genomf\u00f6r varje m\u00e5nad digitala f\u00f6rel\u00e4sningar, denna g\u00e5ng om varf\u00f6r emotionell intelegens ger framg\u00e5ngsrikt ledarskap.","robots":{"index":"index","follow":"follow","max-snippet":"max-snippet:-1","max-image-preview":"max-image-preview:large","max-video-preview":"max-video-preview:-1"},"canonical":"https:\/\/egn.com\/se\/events\/in-times-of-crisis-emotional-intelligence-is-crucial-for-successful-leadership\/","og_locale":"sv_SE","og_type":"article","og_title":"Global webinar: In times of crisis, emotional intelligence is crucial for successful leadership","og_description":"EGN Sverige genomf\u00f6r varje m\u00e5nad digitala f\u00f6rel\u00e4sningar, denna g\u00e5ng om varf\u00f6r emotionell intelegens ger framg\u00e5ngsrikt ledarskap.","og_url":"https:\/\/egn.com\/se\/events\/in-times-of-crisis-emotional-intelligence-is-crucial-for-successful-leadership\/","og_site_name":"EGN Sverige","article_publisher":"https:\/\/www.facebook.com\/egnsverige\/","article_modified_time":"2023-03-20T15:40:33+00:00","og_image":[{"width":1090,"height":722,"url":"https:\/\/egn.com\/se\/wp-content\/uploads\/sites\/6\/2023\/03\/globalweb_homepage-april22.jpg","type":"image\/jpeg"}],"twitter_card":"summary_large_image","twitter_title":"Global webinar: In times of crisis, emotional intelligence is crucial for successful leadership","twitter_misc":{"Ber\u00e4knad l\u00e4stid":"2 minuter"},"schema":{"@context":"https:\/\/schema.org","@graph":[{"@type":"WebPage","@id":"https:\/\/egn.com\/se\/events\/in-times-of-crisis-emotional-intelligence-is-crucial-for-successful-leadership\/","url":"https:\/\/egn.com\/se\/events\/in-times-of-crisis-emotional-intelligence-is-crucial-for-successful-leadership\/","name":"Global webinar: In times of crisis, emotional intelligence is crucial for successful leadership | EGN.se","isPartOf":{"@id":"https:\/\/egn.com\/se\/#website"},"primaryImageOfPage":{"@id":"https:\/\/egn.com\/se\/events\/in-times-of-crisis-emotional-intelligence-is-crucial-for-successful-leadership\/#primaryimage"},"image":{"@id":"https:\/\/egn.com\/se\/events\/in-times-of-crisis-emotional-intelligence-is-crucial-for-successful-leadership\/#primaryimage"},"thumbnailUrl":"https:\/\/egn.com\/se\/wp-content\/uploads\/sites\/6\/2023\/03\/globalweb_homepage-april22.jpg","datePublished":"2023-02-05T14:33:02+00:00","dateModified":"2023-03-20T15:40:33+00:00","description":"EGN Sverige genomf\u00f6r varje m\u00e5nad digitala f\u00f6rel\u00e4sningar, denna g\u00e5ng om varf\u00f6r emotionell intelegens ger framg\u00e5ngsrikt ledarskap.","breadcrumb":{"@id":"https:\/\/egn.com\/se\/events\/in-times-of-crisis-emotional-intelligence-is-crucial-for-successful-leadership\/#breadcrumb"},"inLanguage":"sv-SE","potentialAction":[{"@type":"ReadAction","target":["https:\/\/egn.com\/se\/events\/in-times-of-crisis-emotional-intelligence-is-crucial-for-successful-leadership\/"]}]},{"@type":"ImageObject","inLanguage":"sv-SE","@id":"https:\/\/egn.com\/se\/events\/in-times-of-crisis-emotional-intelligence-is-crucial-for-successful-leadership\/#primaryimage","url":"https:\/\/egn.com\/se\/wp-content\/uploads\/sites\/6\/2023\/03\/globalweb_homepage-april22.jpg","contentUrl":"https:\/\/egn.com\/se\/wp-content\/uploads\/sites\/6\/2023\/03\/globalweb_homepage-april22.jpg","width":1090,"height":722},{"@type":"BreadcrumbList","@id":"https:\/\/egn.com\/se\/events\/in-times-of-crisis-emotional-intelligence-is-crucial-for-successful-leadership\/#breadcrumb","itemListElement":[{"@type":"ListItem","position":1,"name":"Hem","item":"https:\/\/egn.com\/se\/"},{"@type":"ListItem","position":2,"name":"Events","item":"https:\/\/egn.com\/se\/events\/"},{"@type":"ListItem","position":3,"name":"Global webinar: In times of crisis, emot&hellip;"}]},{"@type":"WebSite","@id":"https:\/\/egn.com\/se\/#website","url":"https:\/\/egn.com\/se\/","name":"EGN Sverige","description":"Professionella n\u00e4tverk f\u00f6r ledare och specialister","publisher":{"@id":"https:\/\/egn.com\/se\/#organization"},"potentialAction":[{"@type":"SearchAction","target":{"@type":"EntryPoint","urlTemplate":"https:\/\/egn.com\/se\/?s={search_term_string}"},"query-input":{"@type":"PropertyValueSpecification","valueRequired":true,"valueName":"search_term_string"}}],"inLanguage":"sv-SE"},{"@type":"Organization","@id":"https:\/\/egn.com\/se\/#organization","name":"EGN Sverige","alternateName":"EGN","url":"https:\/\/egn.com\/se\/","logo":{"@type":"ImageObject","inLanguage":"sv-SE","@id":"https:\/\/egn.com\/se\/#\/schema\/logo\/image\/","url":"https:\/\/egn.com\/se\/wp-content\/uploads\/sites\/6\/2026\/02\/EGN.png","contentUrl":"https:\/\/egn.com\/se\/wp-content\/uploads\/sites\/6\/2026\/02\/EGN.png","width":2185,"height":699,"caption":"EGN Sverige"},"image":{"@id":"https:\/\/egn.com\/se\/#\/schema\/logo\/image\/"},"sameAs":["https:\/\/www.facebook.com\/egnsverige\/","https:\/\/www.instagram.com\/egnsverige","https:\/\/www.linkedin.com\/company\/executives-global-network"],"description":"EGN Sverige \u00e4r Sveriges st\u00f6rsta kompetensn\u00e4tverk f\u00f6r chefer och ledare som vill utveckla sitt ledarskap. Vi jobbar f\u00f6r att chefer och ledare tillsammans ska utvecklas och hj\u00e4lpa varandra med de utmaningar som man st\u00f6ter p\u00e5 i sin profession.","email":"info@egn.se","telephone":"+468210722","vatID":"556739-7905"}]}},"_links":{"self":[{"href":"https:\/\/egn.com\/se\/wp-json\/wp\/v2\/event\/9124","targetHints":{"allow":["GET"]}}],"collection":[{"href":"https:\/\/egn.com\/se\/wp-json\/wp\/v2\/event"}],"about":[{"href":"https:\/\/egn.com\/se\/wp-json\/wp\/v2\/types\/event"}],"version-history":[{"count":12,"href":"https:\/\/egn.com\/se\/wp-json\/wp\/v2\/event\/9124\/revisions"}],"predecessor-version":[{"id":9138,"href":"https:\/\/egn.com\/se\/wp-json\/wp\/v2\/event\/9124\/revisions\/9138"}],"wp:featuredmedia":[{"embeddable":true,"href":"https:\/\/egn.com\/se\/wp-json\/wp\/v2\/media\/9125"}],"wp:attachment":[{"href":"https:\/\/egn.com\/se\/wp-json\/wp\/v2\/media?parent=9124"}],"wp:term":[{"taxonomy":"event-type","embeddable":true,"href":"https:\/\/egn.com\/se\/wp-json\/wp\/v2\/event-type?post=9124"}],"curies":[{"name":"wp","href":"https:\/\/api.w.org\/{rel}","templated":true}]}}