{"id":9359,"date":"2023-02-05T13:43:08","date_gmt":"2023-02-05T11:43:08","guid":{"rendered":"https:\/\/egn.com\/se\/?post_type=events&#038;p=9359"},"modified":"2023-06-21T09:15:21","modified_gmt":"2023-06-21T07:15:21","slug":"egn-inspiration-principer-for-intraprenoriellt-ledarskap","status":"publish","type":"event","link":"https:\/\/egn.com\/se\/events\/egn-inspiration-principer-for-intraprenoriellt-ledarskap\/","title":{"rendered":"EGN Inspiration &#8211; Albert Bengtsson &#8211; Principer f\u00f6r intrapren\u00f6riellt ledarskap"},"content":{"rendered":"\t\t<div data-elementor-type=\"wp-post\" data-elementor-id=\"9359\" class=\"elementor elementor-9359\">\n\t\t\t\t\t\t<section class=\"elementor-section elementor-top-section elementor-element elementor-element-3dfe87e elementor-section-boxed elementor-section-height-default elementor-section-height-default\" data-id=\"3dfe87e\" data-element_type=\"section\">\n\t\t\t\t\t\t<div class=\"elementor-container elementor-column-gap-default\">\n\t\t\t\t\t<div class=\"elementor-column elementor-col-100 elementor-top-column elementor-element elementor-element-8cad967\" data-id=\"8cad967\" data-element_type=\"column\">\n\t\t\t<div class=\"elementor-widget-wrap elementor-element-populated\">\n\t\t\t\t\t\t<div class=\"elementor-element elementor-element-03cd621 elementor-widget elementor-widget-text-editor\" data-id=\"03cd621\" data-element_type=\"widget\" data-widget_type=\"text-editor.default\">\n\t\t\t\t<div class=\"elementor-widget-container\">\n\t\t\t\t\t\t\t\t\t<p style=\"text-align: center\"><strong>Fredag 16 juni kl 08:00-09:00<\/strong><br \/>F\u00f6rel\u00e4sningen \u00e4r digital och kostnadsfri<br \/><strong>F\u00f6rel\u00e4sare:<\/strong> Albert Bengtsson tillsammans med Roland Williams och Birgitte Stj\u00e4rne<\/p>\t\t\t\t\t\t\t\t<\/div>\n\t\t\t\t<\/div>\n\t\t\t\t<div class=\"elementor-element elementor-element-0cd4c90 elementor-widget elementor-widget-video\" data-id=\"0cd4c90\" data-element_type=\"widget\" data-settings=\"{&quot;video_type&quot;:&quot;vimeo&quot;}\" data-widget_type=\"video.default\">\n\t\t\t\t<div class=\"elementor-widget-container\">\n\t\t\t\t\t\t\t<div class=\"elementor-wrapper elementor-open-inline\">\n\t\t\t<iframe class=\"elementor-video-iframe\" allowfullscreen allow=\"clipboard-write\" title=\"vimeo-videospelare\" src=\"https:\/\/player.vimeo.com\/video\/838197052?color&amp;autopause=0&amp;loop=0&amp;muted=0&amp;title=1&amp;portrait=1&amp;byline=1#t=\"><\/iframe>\t\t<\/div>\n\t\t\t\t\t\t<\/div>\n\t\t\t\t<\/div>\n\t\t\t\t<div class=\"elementor-element elementor-element-7816933 elementor-mobile-align-center elementor-hidden-desktop elementor-hidden-tablet elementor-widget elementor-widget-button\" data-id=\"7816933\" data-element_type=\"widget\" data-widget_type=\"button.default\">\n\t\t\t\t<div class=\"elementor-widget-container\">\n\t\t\t\t\t\t\t\t\t<div class=\"elementor-button-wrapper\">\n\t\t\t\t\t<a class=\"elementor-button elementor-button-link elementor-size-md\" href=\"http:\/\/eepurl.com\/gRzusj\" target=\"_blank\">\n\t\t\t\t\t\t<span class=\"elementor-button-content-wrapper\">\n\t\t\t\t\t\t\t\t\t<span class=\"elementor-button-text\">Anm\u00e4l dig h\u00e4r<\/span>\n\t\t\t\t\t<\/span>\n\t\t\t\t\t<\/a>\n\t\t\t\t<\/div>\n\t\t\t\t\t\t\t\t<\/div>\n\t\t\t\t<\/div>\n\t\t\t\t<div class=\"elementor-element elementor-element-aa0bb43 elementor-widget elementor-widget-text-editor\" data-id=\"aa0bb43\" data-element_type=\"widget\" data-widget_type=\"text-editor.default\">\n\t\t\t\t<div class=\"elementor-widget-container\">\n\t\t\t\t\t\t\t\t\t<p><strong>Intrapren\u00f6rer \u00e4r av yttersta vikt f\u00f6r bolag d\u00e5 de bidrar till att fr\u00e4mja innovation, driva f\u00f6r\u00e4ndring och s\u00e4kerst\u00e4lla l\u00e5ngsiktig tillv\u00e4xt. <\/strong><\/p><p>Dessa individer kombinerar entrepren\u00f6riella egenskaper med kunskapen och resurserna inom ett etablerat f\u00f6retag, vilket ger dem en unik f\u00f6rm\u00e5ga att skapa merv\u00e4rde och konkurrensf\u00f6rdelar f\u00f6r bolagen.<\/p><p><strong>Intrapren\u00f6ren<\/strong> st\u00e5r ofta f\u00f6r de stora <strong>innovationerna<\/strong> i st\u00f6rre bolag och har f\u00f6rm\u00e5gor att t\u00e4nka utanf\u00f6r ramarna och identifiera m\u00f6jligheter till f\u00f6rb\u00e4ttring och p\u00e5 s\u00e5 s\u00e4tt ge tillv\u00e4xt.<\/p><p><strong>I den h\u00e4r f\u00f6rel\u00e4sningen kommer du f\u00e5 med dig:<br \/>\u2714<\/strong> Insikter om innovationsprocesser<br \/><strong>\u2714 <\/strong>F\u00f6rst\u00e5else i hur f\u00f6retagskulturen fr\u00e4mjar intrapren\u00f6ren och innovationen<br \/><span style=\"font-weight: bolder\">\u2714\u00a0<\/span>Hur du f\u00e5r ut det mesta av komplexiteten och lokalisera intrapren\u00f6ren<br \/><strong>\u2714 <\/strong>\u00d6verblick \u00f6ver C4-modellen<\/p><p><span style=\"font-weight: bolder\">M\u00f6t Albert Bengtsson, Roland Williams och Birgitte Stj\u00e4rne.<\/span><\/p><p><a href=\"https:\/\/www.linkedin.com\/in\/albertbengtson\/\">Albert Bengtsson<\/a>\u00a0har tillsammans med <a href=\"https:\/\/www.linkedin.com\/in\/williamsroland\/\">Roland Williams<\/a> och <a href=\"https:\/\/www.linkedin.com\/in\/birgittestjarne\/\">Birgitte Stj\u00e4rne<\/a>\u00a0som alla tre \u00e4r med p\u00e5\u00a0 EGN Inspiration den 16 juni har skrivit boken <a href=\"https:\/\/www.storytel.com\/se\/books\/principles-of-intrapreneurial-capital-2138295\">&#8221;Principles of Intrapreneurial Capital&#8221;<\/a> som bla handlar om hur du fr\u00e4mjar personer med intrapren\u00f6riellt kapital och f\u00e5r ut max av dessa personer.<\/p><p>&#8221;Genom att fr\u00e4mja en kultur av kreativitet och nyt\u00e4nkande kan intrapren\u00f6rer bidra till att skapa och utveckla innovativa produkter, tj\u00e4nster och aff\u00e4rsmodeller som kan h\u00e5lla f\u00f6retaget i framkant av sin bransch. &#8211; Ur boken\u00a0<span style=\"font-size: 1rem\">&#8221;Principles of Intrapreneurial Capital&#8221;<\/span><\/p>\t\t\t\t\t\t\t\t<\/div>\n\t\t\t\t<\/div>\n\t\t\t\t<div class=\"elementor-element elementor-element-7d4eb95 elementor-widget elementor-widget-image\" data-id=\"7d4eb95\" data-element_type=\"widget\" data-widget_type=\"image.default\">\n\t\t\t\t<div class=\"elementor-widget-container\">\n\t\t\t\t\t\t\t\t\t\t\t\t\t\t\t\t<a href=\"https:\/\/www.storytel.com\/se\/books\/principles-of-intrapreneurial-capital-2138295\">\n\t\t\t\t\t\t\t<img decoding=\"async\" src=\"https:\/\/egn.com\/se\/wp-content\/uploads\/sites\/6\/elementor\/thumbs\/ic_cover_highres-scaled-q6vmjxst2clsbw2pod9897xaoq6kbzclysnqw0cmk8.jpg\" title=\"Principles of Intrapreneurial Capital\" alt=\"Principles of Intrapreneurial Capital\" loading=\"lazy\" \/>\t\t\t\t\t\t\t\t<\/a>\n\t\t\t\t\t\t\t\t\t\t\t\t\t\t\t<\/div>\n\t\t\t\t<\/div>\n\t\t\t\t<div class=\"elementor-element elementor-element-301e53a elementor-mobile-align-center elementor-hidden-desktop elementor-hidden-tablet elementor-widget elementor-widget-button\" data-id=\"301e53a\" data-element_type=\"widget\" data-widget_type=\"button.default\">\n\t\t\t\t<div class=\"elementor-widget-container\">\n\t\t\t\t\t\t\t\t\t<div class=\"elementor-button-wrapper\">\n\t\t\t\t\t<a class=\"elementor-button elementor-button-link elementor-size-md\" href=\"http:\/\/eepurl.com\/gRzusj\" target=\"_blank\">\n\t\t\t\t\t\t<span class=\"elementor-button-content-wrapper\">\n\t\t\t\t\t\t\t\t\t<span class=\"elementor-button-text\">Anm\u00e4l dig h\u00e4r<\/span>\n\t\t\t\t\t<\/span>\n\t\t\t\t\t<\/a>\n\t\t\t\t<\/div>\n\t\t\t\t\t\t\t\t<\/div>\n\t\t\t\t<\/div>\n\t\t\t\t<div class=\"elementor-element elementor-element-e31ab4c elementor-widget-divider--view-line elementor-widget elementor-widget-divider\" data-id=\"e31ab4c\" data-element_type=\"widget\" data-widget_type=\"divider.default\">\n\t\t\t\t<div class=\"elementor-widget-container\">\n\t\t\t\t\t\t\t<div class=\"elementor-divider\">\n\t\t\t<span class=\"elementor-divider-separator\">\n\t\t\t\t\t\t<\/span>\n\t\t<\/div>\n\t\t\t\t\t\t<\/div>\n\t\t\t\t<\/div>\n\t\t\t\t<div class=\"elementor-element elementor-element-8fd824a elementor-widget elementor-widget-author-box\" data-id=\"8fd824a\" data-element_type=\"widget\" data-widget_type=\"author-box.default\">\n\t\t\t\t<div class=\"elementor-widget-container\">\n\t\t\t\t\t\t\t<div class=\"elementor-author-box\">\n\t\t\t\t\t\t\t<a href=\"https:\/\/www.linkedin.com\/in\/mikkelseverin\/\" class=\"elementor-author-box__avatar\">\n\t\t\t\t\t<img decoding=\"async\" src=\"https:\/\/egn.com\/se\/wp-content\/uploads\/sites\/6\/2023\/05\/albert-bengtson-300x300.jpg\" alt=\"Albert Bengtsson\" loading=\"lazy\">\n\t\t\t\t<\/a>\n\t\t\t\n\t\t\t<div class=\"elementor-author-box__text\">\n\t\t\t\t\t\t\t\t\t<a href=\"https:\/\/www.linkedin.com\/in\/mikkelseverin\/\">\n\t\t\t\t\t\t<h4 class=\"elementor-author-box__name\">\n\t\t\t\t\t\t\tAlbert Bengtsson\t\t\t\t\t\t<\/h4>\n\t\t\t\t\t<\/a>\n\t\t\t\t\n\t\t\t\t\t\t\t\t\t<div class=\"elementor-author-box__bio\">\n\t\t\t\t\t\t<p>Medskapare av 4C-modellen och medf\u00f6rfattare till boken Principles of Intrapreneurial Capital. Han har ocks\u00e5 en bakgrund inom ekonomi och djup kunskap om hur man utvecklar koncept och l\u00f6sningar f\u00f6r webben. Han brinner inte bara f\u00f6r intrapren\u00f6rskap utan \u00e4ven f\u00f6r den \u00e4nnu mer kaotiska delen av ett projekts f\u00f6delseprocess. Som entrepren\u00f6r grundade han flera f\u00f6retag, varav ett vann Elon Musks \u00e5rliga pris Developer Challenge, medan han fortfarande arbetade p\u00e5 Paypal. Nu \u00e4r Albert en f\u00f6retagsevangelist p\u00e5 ett stort multinationellt f\u00f6retag och forts\u00e4tter att utveckla n\u00e4ra samarbeten med m\u00e5nga etablerade f\u00f6retag. Under mer \u00e4n ett decennium har han arbetat mycket med att coacha och koppla samman intrapren\u00f6riella talanger f\u00f6r att driva syfte och p\u00e5verkan inom detaljhandel, bankverksamhet och logistik.<\/p>\n\t\t\t\t\t<\/div>\n\t\t\t\t\n\t\t\t\t\t\t\t<\/div>\n\t\t<\/div>\n\t\t\t\t\t\t<\/div>\n\t\t\t\t<\/div>\n\t\t\t\t<div class=\"elementor-element elementor-element-2a0cc7a elementor-widget elementor-widget-author-box\" data-id=\"2a0cc7a\" data-element_type=\"widget\" data-widget_type=\"author-box.default\">\n\t\t\t\t<div class=\"elementor-widget-container\">\n\t\t\t\t\t\t\t<div class=\"elementor-author-box\">\n\t\t\t\t\t\t\t<a href=\"https:\/\/www.linkedin.com\/in\/williamsroland\/\" class=\"elementor-author-box__avatar\">\n\t\t\t\t\t<img decoding=\"async\" src=\"https:\/\/egn.com\/se\/wp-content\/uploads\/sites\/6\/2023\/05\/1-300x300.jpg\" alt=\"Roland Williams\" loading=\"lazy\">\n\t\t\t\t<\/a>\n\t\t\t\n\t\t\t<div class=\"elementor-author-box__text\">\n\t\t\t\t\t\t\t\t\t<a href=\"https:\/\/www.linkedin.com\/in\/williamsroland\/\">\n\t\t\t\t\t\t<h4 class=\"elementor-author-box__name\">\n\t\t\t\t\t\t\tRoland Williams\t\t\t\t\t\t<\/h4>\n\t\t\t\t\t<\/a>\n\t\t\t\t\n\t\t\t\t\t\t\t\t\t<div class=\"elementor-author-box__bio\">\n\t\t\t\t\t\t<p>Medf\u00f6rfattare till boken Principles of Intrapreneurial Capital och en kreativ person med m\u00e5nga olika inriktningar som underl\u00e4ttar aff\u00e4rseffekter i teknikv\u00e4rlden. Genom att arbeta i sk\u00e4rningspunkten mellan kommunikation, aff\u00e4rsverksamhet och teknik tidigt i sin karri\u00e4r p\u00e5 Coca-Cola fick han chansen att ta interaktivt engagemang till nya h\u00f6jder - fr\u00e5n att vinna en avg\u00f6rande investeringsrunda som senare tillk\u00e4nnagavs i Wall Street Journal till att utforma inneh\u00e5llsliga beh\u00e5llningar f\u00f6r en stor skara f\u00f6retagsledare. Ett erbjudande fr\u00e5n ett PR-bolag ledde sedan till en flytt till Sverige f\u00f6r fusionen mellan Astra och Zeneca, samt till inneh\u00e5llsutveckling f\u00f6r en ledande svensk banks intr\u00e4de i internetbankverksamhet och m\u00e5nga andra uppdrag. Roland har ocks\u00e5 haft liknande roller p\u00e5 ett antal byr\u00e5er f\u00f6r att hj\u00e4lpa design- och utvecklingsteam att l\u00f6sa utmaningar, och \u00e4r en ivrig supporter f\u00f6r studenter p\u00e5 Hyper Island d\u00e4r han sitter med i programstyrningskommitt\u00e9n f\u00f6r Digital Creatives.<\/p>\n\t\t\t\t\t<\/div>\n\t\t\t\t\n\t\t\t\t\t\t\t<\/div>\n\t\t<\/div>\n\t\t\t\t\t\t<\/div>\n\t\t\t\t<\/div>\n\t\t\t\t<div class=\"elementor-element elementor-element-946ded0 elementor-widget elementor-widget-author-box\" data-id=\"946ded0\" data-element_type=\"widget\" data-widget_type=\"author-box.default\">\n\t\t\t\t<div class=\"elementor-widget-container\">\n\t\t\t\t\t\t\t<div class=\"elementor-author-box\">\n\t\t\t\t\t\t\t<a href=\"https:\/\/www.linkedin.com\/in\/birgittestjarne\/\" class=\"elementor-author-box__avatar\">\n\t\t\t\t\t<img decoding=\"async\" src=\"https:\/\/egn.com\/se\/wp-content\/uploads\/sites\/6\/2023\/05\/2-300x300.jpg\" alt=\"Birgitte Stj\u00e4rne\" loading=\"lazy\">\n\t\t\t\t<\/a>\n\t\t\t\n\t\t\t<div class=\"elementor-author-box__text\">\n\t\t\t\t\t\t\t\t\t<a href=\"https:\/\/www.linkedin.com\/in\/birgittestjarne\/\">\n\t\t\t\t\t\t<h4 class=\"elementor-author-box__name\">\n\t\t\t\t\t\t\tBirgitte Stj\u00e4rne\t\t\t\t\t\t<\/h4>\n\t\t\t\t\t<\/a>\n\t\t\t\t\n\t\t\t\t\t\t\t\t\t<div class=\"elementor-author-box__bio\">\n\t\t\t\t\t\t<p>Medskapare av 4C-modellen och medf\u00f6rfattare till boken Principles of Intrapreneurial Capital. Hon har ocks\u00e5 en bakgrund inom ekonomi och juridik. Under sina n\u00e4stan tv\u00e5 decennier som direkt\u00f6r f\u00f6r ett resef\u00f6rs\u00e4kringsf\u00f6retag ledde hon ett antal strategiska f\u00f6r\u00e4ndringsprojekt inom ekonomi, produktutveckling, marknadsf\u00f6ring och IT. De produktl\u00f6sningar som vissa f\u00f6rst s\u00e5g som \"om\u00f6jliga\" och som genomf\u00f6rdes av hennes team har nu blivit branschstandarder f\u00f6r transformativt f\u00f6r\u00e4ndringsarbete, vilket har gett dem flera internationella marknadsf\u00f6ringspriser. Strax f\u00f6re 2000 ledde hon utvecklingen och lanseringen av en framg\u00e5ngsrik svensk f\u00f6reg\u00e5ngare till dagens sociala medier bland resen\u00e4rer. Efter ett par \u00e5r i en tidig startup f\u00f6r \u00e5tervinning genomf\u00f6rde Birgitte omfattande studier om intrapren\u00f6rer och intrapren\u00f6rskap och sammanfattade sina resultat i boken The Intrapreneur - The key to innovation (2017). Ut\u00f6ver sin nuvarande roll som konsult inom innovationshantering \u00e4r hon ocks\u00e5 engagerad i arbetet med att utveckla standarder f\u00f6r innovation.<\/p>\n\t\t\t\t\t<\/div>\n\t\t\t\t\n\t\t\t\t\t\t\t<\/div>\n\t\t<\/div>\n\t\t\t\t\t\t<\/div>\n\t\t\t\t<\/div>\n\t\t\t\t\t<\/div>\n\t\t<\/div>\n\t\t\t\t\t<\/div>\n\t\t<\/section>\n\t\t\t\t<\/div>\n\t\t","protected":false},"excerpt":{"rendered":"<p>Fredag 16 juni kl 08:00-09:00F\u00f6rel\u00e4sningen \u00e4r digital och kostnadsfriF\u00f6rel\u00e4sare: Albert Bengtsson tillsammans med Roland Williams och Birgitte Stj\u00e4rne https:\/\/vimeo.com\/838197052 Anm\u00e4l dig h\u00e4r Intrapren\u00f6rer \u00e4r av yttersta vikt f\u00f6r bolag d\u00e5 de bidrar till att fr\u00e4mja innovation, driva f\u00f6r\u00e4ndring och s\u00e4kerst\u00e4lla l\u00e5ngsiktig tillv\u00e4xt. Dessa individer kombinerar entrepren\u00f6riella egenskaper med kunskapen och resurserna inom ett etablerat f\u00f6retag,<a href=\"https:\/\/egn.com\/se\/events\/egn-inspiration-principer-for-intraprenoriellt-ledarskap\/\">Forts\u00e4tt l\u00e4sa <span class=\"sr-only\">&#8221;EGN Inspiration &#8211; Albert Bengtsson &#8211; Principer f\u00f6r intrapren\u00f6riellt ledarskap&#8221;<\/span><\/a><\/p>\n","protected":false},"featured_media":9449,"menu_order":0,"template":"","format":"standard","meta":{"_acf_changed":false,"footnotes":""},"event-type":[],"class_list":["post-9359","event","type-event","status-publish","format-standard","has-post-thumbnail","hentry"],"acf":[],"yoast_head":"<title>EGN Inspiration - Intrapren\u00f6rens roll f\u00f6r innovation | EGN.se<\/title>\n<meta name=\"description\" content=\"EGN Sverige genomf\u00f6r varje m\u00e5nad digitala f\u00f6rel\u00e4sningar, denna g\u00e5ng om Intrapren\u00f6rens roll i de stora bolagen och den innovation dom st\u00e5r f\u00f6r\" \/>\n<meta name=\"robots\" content=\"index, follow, max-snippet:-1, max-image-preview:large, max-video-preview:-1\" \/>\n<link rel=\"canonical\" href=\"https:\/\/egn.com\/se\/events\/egn-inspiration-principer-for-intraprenoriellt-ledarskap\/\" \/>\n<meta property=\"og:locale\" content=\"sv_SE\" \/>\n<meta property=\"og:type\" content=\"article\" \/>\n<meta property=\"og:title\" content=\"EGN Inspiration - Innovation \u00e4r en viktig del i f\u00f6retagens tillv\u00e4xt och intrapren\u00f6rens roll har visat sig vara central i f\u00f6retagens utveckling. Denna f\u00f6rel\u00e4sning kommer att guida dig genom intrapren\u00f6rens ledarskap och hur du kan ta till dig intrapren\u00f6rens krafter.\" \/>\n<meta property=\"og:description\" content=\"EGN Sverige genomf\u00f6r varje m\u00e5nad digitala f\u00f6rel\u00e4sningar, denna g\u00e5ng om Intrapren\u00f6rens roll i de stora bolagen och den innovation dom st\u00e5r f\u00f6r\" \/>\n<meta property=\"og:url\" content=\"https:\/\/egn.com\/se\/events\/egn-inspiration-principer-for-intraprenoriellt-ledarskap\/\" \/>\n<meta property=\"og:site_name\" content=\"EGN Sverige\" \/>\n<meta property=\"article:publisher\" content=\"https:\/\/www.facebook.com\/egnsverige\/\" \/>\n<meta property=\"article:modified_time\" content=\"2023-06-21T07:15:21+00:00\" \/>\n<meta property=\"og:image\" content=\"https:\/\/egn.com\/se\/wp-content\/uploads\/sites\/6\/2023\/05\/hero_mailchimp_ALBERT2.jpg\" \/>\n\t<meta property=\"og:image:width\" content=\"1090\" \/>\n\t<meta property=\"og:image:height\" content=\"722\" \/>\n\t<meta property=\"og:image:type\" content=\"image\/jpeg\" \/>\n<meta name=\"twitter:card\" content=\"summary_large_image\" \/>\n<meta name=\"twitter:title\" content=\"EGN Inspiration - Albert Bengtsson - Principer f\u00f6r intrapren\u00f6riellt ledarskap\" \/>\n<meta name=\"twitter:label1\" content=\"Ber\u00e4knad l\u00e4stid\" \/>\n\t<meta name=\"twitter:data1\" content=\"4 minuter\" \/>\n<script type=\"application\/ld+json\" class=\"yoast-schema-graph\">{\"@context\":\"https:\\\/\\\/schema.org\",\"@graph\":[{\"@type\":\"WebPage\",\"@id\":\"https:\\\/\\\/egn.com\\\/se\\\/events\\\/egn-inspiration-principer-for-intraprenoriellt-ledarskap\\\/\",\"url\":\"https:\\\/\\\/egn.com\\\/se\\\/events\\\/egn-inspiration-principer-for-intraprenoriellt-ledarskap\\\/\",\"name\":\"EGN Inspiration - Intrapren\u00f6rens roll f\u00f6r innovation | EGN.se\",\"isPartOf\":{\"@id\":\"https:\\\/\\\/egn.com\\\/se\\\/#website\"},\"primaryImageOfPage\":{\"@id\":\"https:\\\/\\\/egn.com\\\/se\\\/events\\\/egn-inspiration-principer-for-intraprenoriellt-ledarskap\\\/#primaryimage\"},\"image\":{\"@id\":\"https:\\\/\\\/egn.com\\\/se\\\/events\\\/egn-inspiration-principer-for-intraprenoriellt-ledarskap\\\/#primaryimage\"},\"thumbnailUrl\":\"https:\\\/\\\/egn.com\\\/se\\\/wp-content\\\/uploads\\\/sites\\\/6\\\/2023\\\/02\\\/inspiration_homepage_ALBERT_NEW.jpg\",\"datePublished\":\"2023-02-05T11:43:08+00:00\",\"dateModified\":\"2023-06-21T07:15:21+00:00\",\"description\":\"EGN Sverige genomf\u00f6r varje m\u00e5nad digitala f\u00f6rel\u00e4sningar, denna g\u00e5ng om Intrapren\u00f6rens roll i de stora bolagen och den innovation dom st\u00e5r f\u00f6r\",\"breadcrumb\":{\"@id\":\"https:\\\/\\\/egn.com\\\/se\\\/events\\\/egn-inspiration-principer-for-intraprenoriellt-ledarskap\\\/#breadcrumb\"},\"inLanguage\":\"sv-SE\",\"potentialAction\":[{\"@type\":\"ReadAction\",\"target\":[\"https:\\\/\\\/egn.com\\\/se\\\/events\\\/egn-inspiration-principer-for-intraprenoriellt-ledarskap\\\/\"]}]},{\"@type\":\"ImageObject\",\"inLanguage\":\"sv-SE\",\"@id\":\"https:\\\/\\\/egn.com\\\/se\\\/events\\\/egn-inspiration-principer-for-intraprenoriellt-ledarskap\\\/#primaryimage\",\"url\":\"https:\\\/\\\/egn.com\\\/se\\\/wp-content\\\/uploads\\\/sites\\\/6\\\/2023\\\/02\\\/inspiration_homepage_ALBERT_NEW.jpg\",\"contentUrl\":\"https:\\\/\\\/egn.com\\\/se\\\/wp-content\\\/uploads\\\/sites\\\/6\\\/2023\\\/02\\\/inspiration_homepage_ALBERT_NEW.jpg\",\"width\":1090,\"height\":722},{\"@type\":\"BreadcrumbList\",\"@id\":\"https:\\\/\\\/egn.com\\\/se\\\/events\\\/egn-inspiration-principer-for-intraprenoriellt-ledarskap\\\/#breadcrumb\",\"itemListElement\":[{\"@type\":\"ListItem\",\"position\":1,\"name\":\"Hem\",\"item\":\"https:\\\/\\\/egn.com\\\/se\\\/\"},{\"@type\":\"ListItem\",\"position\":2,\"name\":\"Events\",\"item\":\"https:\\\/\\\/egn.com\\\/se\\\/events\\\/\"},{\"@type\":\"ListItem\",\"position\":3,\"name\":\"EGN Inspiration &#8211; Albert Bengtsson&hellip;\"}]},{\"@type\":\"WebSite\",\"@id\":\"https:\\\/\\\/egn.com\\\/se\\\/#website\",\"url\":\"https:\\\/\\\/egn.com\\\/se\\\/\",\"name\":\"EGN Sverige\",\"description\":\"Professionella n\u00e4tverk f\u00f6r ledare och specialister\",\"publisher\":{\"@id\":\"https:\\\/\\\/egn.com\\\/se\\\/#organization\"},\"potentialAction\":[{\"@type\":\"SearchAction\",\"target\":{\"@type\":\"EntryPoint\",\"urlTemplate\":\"https:\\\/\\\/egn.com\\\/se\\\/?s={search_term_string}\"},\"query-input\":{\"@type\":\"PropertyValueSpecification\",\"valueRequired\":true,\"valueName\":\"search_term_string\"}}],\"inLanguage\":\"sv-SE\"},{\"@type\":\"Organization\",\"@id\":\"https:\\\/\\\/egn.com\\\/se\\\/#organization\",\"name\":\"EGN Sverige\",\"alternateName\":\"EGN\",\"url\":\"https:\\\/\\\/egn.com\\\/se\\\/\",\"logo\":{\"@type\":\"ImageObject\",\"inLanguage\":\"sv-SE\",\"@id\":\"https:\\\/\\\/egn.com\\\/se\\\/#\\\/schema\\\/logo\\\/image\\\/\",\"url\":\"https:\\\/\\\/egn.com\\\/se\\\/wp-content\\\/uploads\\\/sites\\\/6\\\/2026\\\/02\\\/EGN.png\",\"contentUrl\":\"https:\\\/\\\/egn.com\\\/se\\\/wp-content\\\/uploads\\\/sites\\\/6\\\/2026\\\/02\\\/EGN.png\",\"width\":2185,\"height\":699,\"caption\":\"EGN Sverige\"},\"image\":{\"@id\":\"https:\\\/\\\/egn.com\\\/se\\\/#\\\/schema\\\/logo\\\/image\\\/\"},\"sameAs\":[\"https:\\\/\\\/www.facebook.com\\\/egnsverige\\\/\",\"https:\\\/\\\/www.instagram.com\\\/egnsverige\",\"https:\\\/\\\/www.linkedin.com\\\/company\\\/executives-global-network\"],\"description\":\"EGN Sverige \u00e4r Sveriges st\u00f6rsta kompetensn\u00e4tverk f\u00f6r chefer och ledare som vill utveckla sitt ledarskap. Vi jobbar f\u00f6r att chefer och ledare tillsammans ska utvecklas och hj\u00e4lpa varandra med de utmaningar som man st\u00f6ter p\u00e5 i sin profession.\",\"email\":\"info@egn.se\",\"telephone\":\"+468210722\",\"vatID\":\"556739-7905\"}]}<\/script>","yoast_head_json":{"title":"EGN Inspiration - Intrapren\u00f6rens roll f\u00f6r innovation | EGN.se","description":"EGN Sverige genomf\u00f6r varje m\u00e5nad digitala f\u00f6rel\u00e4sningar, denna g\u00e5ng om Intrapren\u00f6rens roll i de stora bolagen och den innovation dom st\u00e5r f\u00f6r","robots":{"index":"index","follow":"follow","max-snippet":"max-snippet:-1","max-image-preview":"max-image-preview:large","max-video-preview":"max-video-preview:-1"},"canonical":"https:\/\/egn.com\/se\/events\/egn-inspiration-principer-for-intraprenoriellt-ledarskap\/","og_locale":"sv_SE","og_type":"article","og_title":"EGN Inspiration - Innovation \u00e4r en viktig del i f\u00f6retagens tillv\u00e4xt och intrapren\u00f6rens roll har visat sig vara central i f\u00f6retagens utveckling. Denna f\u00f6rel\u00e4sning kommer att guida dig genom intrapren\u00f6rens ledarskap och hur du kan ta till dig intrapren\u00f6rens krafter.","og_description":"EGN Sverige genomf\u00f6r varje m\u00e5nad digitala f\u00f6rel\u00e4sningar, denna g\u00e5ng om Intrapren\u00f6rens roll i de stora bolagen och den innovation dom st\u00e5r f\u00f6r","og_url":"https:\/\/egn.com\/se\/events\/egn-inspiration-principer-for-intraprenoriellt-ledarskap\/","og_site_name":"EGN Sverige","article_publisher":"https:\/\/www.facebook.com\/egnsverige\/","article_modified_time":"2023-06-21T07:15:21+00:00","og_image":[{"width":1090,"height":722,"url":"https:\/\/egn.com\/se\/wp-content\/uploads\/sites\/6\/2023\/05\/hero_mailchimp_ALBERT2.jpg","type":"image\/jpeg"}],"twitter_card":"summary_large_image","twitter_title":"EGN Inspiration - Albert Bengtsson - Principer f\u00f6r intrapren\u00f6riellt ledarskap","twitter_misc":{"Ber\u00e4knad l\u00e4stid":"4 minuter"},"schema":{"@context":"https:\/\/schema.org","@graph":[{"@type":"WebPage","@id":"https:\/\/egn.com\/se\/events\/egn-inspiration-principer-for-intraprenoriellt-ledarskap\/","url":"https:\/\/egn.com\/se\/events\/egn-inspiration-principer-for-intraprenoriellt-ledarskap\/","name":"EGN Inspiration - Intrapren\u00f6rens roll f\u00f6r innovation | EGN.se","isPartOf":{"@id":"https:\/\/egn.com\/se\/#website"},"primaryImageOfPage":{"@id":"https:\/\/egn.com\/se\/events\/egn-inspiration-principer-for-intraprenoriellt-ledarskap\/#primaryimage"},"image":{"@id":"https:\/\/egn.com\/se\/events\/egn-inspiration-principer-for-intraprenoriellt-ledarskap\/#primaryimage"},"thumbnailUrl":"https:\/\/egn.com\/se\/wp-content\/uploads\/sites\/6\/2023\/02\/inspiration_homepage_ALBERT_NEW.jpg","datePublished":"2023-02-05T11:43:08+00:00","dateModified":"2023-06-21T07:15:21+00:00","description":"EGN Sverige genomf\u00f6r varje m\u00e5nad digitala f\u00f6rel\u00e4sningar, denna g\u00e5ng om Intrapren\u00f6rens roll i de stora bolagen och den innovation dom st\u00e5r f\u00f6r","breadcrumb":{"@id":"https:\/\/egn.com\/se\/events\/egn-inspiration-principer-for-intraprenoriellt-ledarskap\/#breadcrumb"},"inLanguage":"sv-SE","potentialAction":[{"@type":"ReadAction","target":["https:\/\/egn.com\/se\/events\/egn-inspiration-principer-for-intraprenoriellt-ledarskap\/"]}]},{"@type":"ImageObject","inLanguage":"sv-SE","@id":"https:\/\/egn.com\/se\/events\/egn-inspiration-principer-for-intraprenoriellt-ledarskap\/#primaryimage","url":"https:\/\/egn.com\/se\/wp-content\/uploads\/sites\/6\/2023\/02\/inspiration_homepage_ALBERT_NEW.jpg","contentUrl":"https:\/\/egn.com\/se\/wp-content\/uploads\/sites\/6\/2023\/02\/inspiration_homepage_ALBERT_NEW.jpg","width":1090,"height":722},{"@type":"BreadcrumbList","@id":"https:\/\/egn.com\/se\/events\/egn-inspiration-principer-for-intraprenoriellt-ledarskap\/#breadcrumb","itemListElement":[{"@type":"ListItem","position":1,"name":"Hem","item":"https:\/\/egn.com\/se\/"},{"@type":"ListItem","position":2,"name":"Events","item":"https:\/\/egn.com\/se\/events\/"},{"@type":"ListItem","position":3,"name":"EGN Inspiration &#8211; Albert Bengtsson&hellip;"}]},{"@type":"WebSite","@id":"https:\/\/egn.com\/se\/#website","url":"https:\/\/egn.com\/se\/","name":"EGN Sverige","description":"Professionella n\u00e4tverk f\u00f6r ledare och specialister","publisher":{"@id":"https:\/\/egn.com\/se\/#organization"},"potentialAction":[{"@type":"SearchAction","target":{"@type":"EntryPoint","urlTemplate":"https:\/\/egn.com\/se\/?s={search_term_string}"},"query-input":{"@type":"PropertyValueSpecification","valueRequired":true,"valueName":"search_term_string"}}],"inLanguage":"sv-SE"},{"@type":"Organization","@id":"https:\/\/egn.com\/se\/#organization","name":"EGN Sverige","alternateName":"EGN","url":"https:\/\/egn.com\/se\/","logo":{"@type":"ImageObject","inLanguage":"sv-SE","@id":"https:\/\/egn.com\/se\/#\/schema\/logo\/image\/","url":"https:\/\/egn.com\/se\/wp-content\/uploads\/sites\/6\/2026\/02\/EGN.png","contentUrl":"https:\/\/egn.com\/se\/wp-content\/uploads\/sites\/6\/2026\/02\/EGN.png","width":2185,"height":699,"caption":"EGN Sverige"},"image":{"@id":"https:\/\/egn.com\/se\/#\/schema\/logo\/image\/"},"sameAs":["https:\/\/www.facebook.com\/egnsverige\/","https:\/\/www.instagram.com\/egnsverige","https:\/\/www.linkedin.com\/company\/executives-global-network"],"description":"EGN Sverige \u00e4r Sveriges st\u00f6rsta kompetensn\u00e4tverk f\u00f6r chefer och ledare som vill utveckla sitt ledarskap. Vi jobbar f\u00f6r att chefer och ledare tillsammans ska utvecklas och hj\u00e4lpa varandra med de utmaningar som man st\u00f6ter p\u00e5 i sin profession.","email":"info@egn.se","telephone":"+468210722","vatID":"556739-7905"}]}},"_links":{"self":[{"href":"https:\/\/egn.com\/se\/wp-json\/wp\/v2\/event\/9359","targetHints":{"allow":["GET"]}}],"collection":[{"href":"https:\/\/egn.com\/se\/wp-json\/wp\/v2\/event"}],"about":[{"href":"https:\/\/egn.com\/se\/wp-json\/wp\/v2\/types\/event"}],"version-history":[{"count":51,"href":"https:\/\/egn.com\/se\/wp-json\/wp\/v2\/event\/9359\/revisions"}],"predecessor-version":[{"id":9525,"href":"https:\/\/egn.com\/se\/wp-json\/wp\/v2\/event\/9359\/revisions\/9525"}],"wp:featuredmedia":[{"embeddable":true,"href":"https:\/\/egn.com\/se\/wp-json\/wp\/v2\/media\/9449"}],"wp:attachment":[{"href":"https:\/\/egn.com\/se\/wp-json\/wp\/v2\/media?parent=9359"}],"wp:term":[{"taxonomy":"event-type","embeddable":true,"href":"https:\/\/egn.com\/se\/wp-json\/wp\/v2\/event-type?post=9359"}],"curies":[{"name":"wp","href":"https:\/\/api.w.org\/{rel}","templated":true}]}}