{"id":9527,"date":"2023-06-22T15:22:17","date_gmt":"2023-06-22T13:22:17","guid":{"rendered":"https:\/\/egn.com\/se\/?post_type=events&#038;p=9527"},"modified":"2024-12-19T13:40:03","modified_gmt":"2024-12-19T11:40:03","slug":"kraften-i-ai-och-chatgpt","status":"publish","type":"event","link":"https:\/\/egn.com\/se\/events\/kraften-i-ai-och-chatgpt\/","title":{"rendered":"Global webinar: Kraften i AI och ChatGPT"},"content":{"rendered":"\t\t<div data-elementor-type=\"wp-post\" data-elementor-id=\"9527\" class=\"elementor elementor-9527\">\n\t\t\t\t\t\t<section class=\"elementor-section elementor-top-section elementor-element elementor-element-3dfe87e elementor-section-boxed elementor-section-height-default elementor-section-height-default\" data-id=\"3dfe87e\" data-element_type=\"section\">\n\t\t\t\t\t\t<div class=\"elementor-container elementor-column-gap-default\">\n\t\t\t\t\t<div class=\"elementor-column elementor-col-100 elementor-top-column elementor-element elementor-element-8cad967\" data-id=\"8cad967\" data-element_type=\"column\">\n\t\t\t<div class=\"elementor-widget-wrap elementor-element-populated\">\n\t\t\t\t\t\t<div class=\"elementor-element elementor-element-03cd621 elementor-widget elementor-widget-text-editor\" data-id=\"03cd621\" data-element_type=\"widget\" data-widget_type=\"text-editor.default\">\n\t\t\t\t<div class=\"elementor-widget-container\">\n\t\t\t\t\t\t\t\t\t<p style=\"text-align: center\"><strong>Torsdag 29 juni kl 09:00-10:00<\/strong><br \/>Webinaret \u00e4r engelskspr\u00e5kig, digitalt och kostnadsfritt<\/p>\t\t\t\t\t\t\t\t<\/div>\n\t\t\t\t<\/div>\n\t\t\t\t<div class=\"elementor-element elementor-element-7816933 elementor-mobile-align-center elementor-hidden-desktop elementor-hidden-tablet elementor-widget elementor-widget-button\" data-id=\"7816933\" data-element_type=\"widget\" data-widget_type=\"button.default\">\n\t\t\t\t<div class=\"elementor-widget-container\">\n\t\t\t\t\t\t\t\t\t<div class=\"elementor-button-wrapper\">\n\t\t\t\t\t<a class=\"elementor-button elementor-button-link elementor-size-md\" href=\"https:\/\/egn.zoom.us\/webinar\/register\/WN_6oMhnK3zQC6QdgRNUn2RIw\" target=\"_blank\">\n\t\t\t\t\t\t<span class=\"elementor-button-content-wrapper\">\n\t\t\t\t\t\t\t\t\t<span class=\"elementor-button-text\">Anm\u00e4l dig h\u00e4r<\/span>\n\t\t\t\t\t<\/span>\n\t\t\t\t\t<\/a>\n\t\t\t\t<\/div>\n\t\t\t\t\t\t\t\t<\/div>\n\t\t\t\t<\/div>\n\t\t\t\t<div class=\"elementor-element elementor-element-aa0bb43 elementor-widget elementor-widget-text-editor\" data-id=\"aa0bb43\" data-element_type=\"widget\" data-widget_type=\"text-editor.default\">\n\t\t\t\t<div class=\"elementor-widget-container\">\n\t\t\t\t\t\t\t\t\t<p>V\u00e4lkommen till s\u00e4songens sista EGN Global live-webbinarium torsdagen den 29 juni kl. 9-10.00\u00a0 med AI-experten Andrew Louder, VD och grundare av Louder Co.<\/p><p>Tiden d\u00e5 artificiell intelligens (AI) var skr\u00e4mmande och ouppn\u00e5eligt \u00e4r \u00f6ver, och detta webbinarium syftar till att bevisa det. AI b\u00f6r ses som ett snabbt och praktiskt s\u00e4tt att \u00f6ka vinsten genom \u00f6kad produktivitet och effektivitet.<\/p><p>Denna presentation \u00e4r mycket engagerande, mycket praktisk och inte alls teknisk. Alla niv\u00e5er av AI-medvetenhet b\u00f6r dra nytta av denna presentation, s\u00e4rskilt de med noll kunskap om AI.\u00a0<span style=\"font-size: 1rem\">Vi genomf\u00f6r under seminariet en live-demo av ChatGPT, tar kommandon och uppmaningar fr\u00e5n publiken s\u00e5 ni ser dess kraft i realtid!<\/span><\/p><p>Den h\u00e4r presentationen ger EGN-medlemmar och medlemmars v\u00e4nner och kollegor grundl\u00e4ggande kunskaper om AI s\u00e5 att de vet var de kan hitta m\u00f6jligheter f\u00f6r AI i sin verksamhet.<\/p><p>Vi kommer diskutera skillnaderna mellan att bygga och k\u00f6pa AI med fokus p\u00e5 hur man k\u00f6per f\u00e4rdiga AI-l\u00f6sningar som kan gynna deras verksamhet omedelbart. Vi tillhandah\u00e5ller flera videor s\u00e5 att medlemmen kan se AI h\u00e4nda framf\u00f6r sina \u00f6gon och koppla det till sina aff\u00e4rsm\u00f6jligheter.<\/p><p><strong>Du kommer f\u00e5 med dig:<\/strong><\/p><p>\u2714 Medvetenhet om hur l\u00e4tt AI \u00e4r att uppn\u00e5 s\u00e5 att det kan b\u00f6rja generera \u00f6kade vinster direkt<br \/>\u2714 En h\u00f6g niv\u00e5 av kunskap om vad artificiell intelligens \u00e4r och hur vi alla anv\u00e4nder det idag<br \/>\u2714 S\u00e4tt p\u00e5 vilka de kan implementera l\u00e4ttillg\u00e4nglig AI snabbt och prisv\u00e4rt med stor ROI<br \/>\u2714 Verkliga exempel p\u00e5 hur AI anv\u00e4nds i f\u00f6retag idag<br \/>\u2714 Ett s\u00e4tt att avg\u00f6ra vilka steg deras f\u00f6retag skulle beh\u00f6va ta f\u00f6r att vara redo f\u00f6r AI<br \/>\u2714 Medvetenhet om m\u00f6jligheterna med AI i deras f\u00f6retag och ett f\u00f6rtroende f\u00f6r att g\u00e5 vidare<\/p><p><i>Varmt v\u00e4lkommen till maj m\u00e5nads globala webinar!<\/i><\/p>\t\t\t\t\t\t\t\t<\/div>\n\t\t\t\t<\/div>\n\t\t\t\t<div class=\"elementor-element elementor-element-e31ab4c elementor-widget-divider--view-line elementor-widget elementor-widget-divider\" data-id=\"e31ab4c\" data-element_type=\"widget\" data-widget_type=\"divider.default\">\n\t\t\t\t<div class=\"elementor-widget-container\">\n\t\t\t\t\t\t\t<div class=\"elementor-divider\">\n\t\t\t<span class=\"elementor-divider-separator\">\n\t\t\t\t\t\t<\/span>\n\t\t<\/div>\n\t\t\t\t\t\t<\/div>\n\t\t\t\t<\/div>\n\t\t\t\t<div class=\"elementor-element elementor-element-8fd824a elementor-widget elementor-widget-author-box\" data-id=\"8fd824a\" data-element_type=\"widget\" data-widget_type=\"author-box.default\">\n\t\t\t\t<div class=\"elementor-widget-container\">\n\t\t\t\t\t\t\t<div class=\"elementor-author-box\">\n\t\t\t\t\t\t\t<a href=\"https:\/\/www.linkedin.com\/in\/mikkelseverin\/\" class=\"elementor-author-box__avatar\">\n\t\t\t\t\t<img decoding=\"async\" src=\"https:\/\/egn.com\/se\/wp-content\/uploads\/sites\/6\/2023\/06\/Andrew-Louder-300x300.jpg\" alt=\"M\u00f6t Andrew Louder\" loading=\"lazy\">\n\t\t\t\t<\/a>\n\t\t\t\n\t\t\t<div class=\"elementor-author-box__text\">\n\t\t\t\t\t\t\t\t\t<a href=\"https:\/\/www.linkedin.com\/in\/mikkelseverin\/\">\n\t\t\t\t\t\t<h4 class=\"elementor-author-box__name\">\n\t\t\t\t\t\t\tM\u00f6t Andrew Louder\t\t\t\t\t\t<\/h4>\n\t\t\t\t\t<\/a>\n\t\t\t\t\n\t\t\t\t\t\t\t\t\t<div class=\"elementor-author-box__bio\">\n\t\t\t\t\t\t<p>Andrew Louder \u00e4r grundare och VD f\u00f6r konsultf\u00f6retaget Louder Co. De hj\u00e4lper f\u00f6retag att f\u00f6r\u00e4ndra sitt arbetss\u00e4tt s\u00e5 att de kan bli mer l\u00f6nsamma.<\/p>\n<p>Andrew har tillbringat 16+ \u00e5r inom Management Consulting, d\u00e4r han tidigare har arbetat f\u00f6r stora f\u00f6retag som KPMG och EY inom deras strategi och operativa r\u00e5dgivning. Louder Co. anv\u00e4nder hans och hans teams erfarenheter fr\u00e5n stora f\u00f6retag f\u00f6r att hj\u00e4lpa f\u00f6retag med en \u00e5rlig oms\u00e4ttning p\u00e5 under 100 miljoner dollar.<\/p>\n<p>De g\u00f6r det genom att g\u00f6ra verksamheten mer effektiv och produktiv p\u00e5 det gamla hederliga s\u00e4ttet genom att f\u00f6rb\u00e4ttra processer, och p\u00e5 det mer innovativa s\u00e4ttet genom att implementera AI-l\u00f6sningar.<\/p>\n\t\t\t\t\t<\/div>\n\t\t\t\t\n\t\t\t\t\t\t\t<\/div>\n\t\t<\/div>\n\t\t\t\t\t\t<\/div>\n\t\t\t\t<\/div>\n\t\t\t\t<div class=\"elementor-element elementor-element-6e2156c elementor-widget elementor-widget-author-box\" data-id=\"6e2156c\" data-element_type=\"widget\" data-widget_type=\"author-box.default\">\n\t\t\t\t<div class=\"elementor-widget-container\">\n\t\t\t\t\t\t\t<div class=\"elementor-author-box\">\n\t\t\t\n\t\t\t<div class=\"elementor-author-box__text\">\n\t\t\t\t\n\t\t\t\t\n\t\t\t\t\t\t\t<\/div>\n\t\t<\/div>\n\t\t\t\t\t\t<\/div>\n\t\t\t\t<\/div>\n\t\t\t\t\t<\/div>\n\t\t<\/div>\n\t\t\t\t\t<\/div>\n\t\t<\/section>\n\t\t\t\t<\/div>\n\t\t","protected":false},"excerpt":{"rendered":"<p>Torsdag 29 juni kl 09:00-10:00 Webinaret \u00e4r engelskspr\u00e5kig, digitalt och kostnadsfritt Anm\u00e4l dig h\u00e4r V\u00e4lkommen till s\u00e4songens sista EGN Global live-webbinarium torsdagen den 29 juni kl. 9-10.00\u00a0 med AI-experten Andrew Louder, VD och grundare av Louder Co. Tiden d\u00e5 artificiell intelligens (AI) var skr\u00e4mmande och ouppn\u00e5eligt \u00e4r \u00f6ver, och detta webbinarium syftar till att bevisa<a href=\"https:\/\/egn.com\/se\/events\/kraften-i-ai-och-chatgpt\/\">Forts\u00e4tt l\u00e4sa <span class=\"sr-only\">&#8221;Global webinar: Kraften i AI och ChatGPT&#8221;<\/span><\/a><\/p>\n","protected":false},"featured_media":9528,"menu_order":0,"template":"","format":"standard","meta":{"_acf_changed":false,"footnotes":""},"event-type":[],"class_list":["post-9527","event","type-event","status-publish","format-standard","has-post-thumbnail","hentry"],"acf":[],"yoast_head":"<title>Global webinar: Kraften i AI och ChatGPT | EGN.se<\/title>\n<meta name=\"description\" content=\"EGN Sverige genomf\u00f6r varje m\u00e5nad digitala f\u00f6rel\u00e4sningar, denna g\u00e5ng om AI, Chat GPT och dess f\u00f6rdelar i arbetslivet\" \/>\n<meta name=\"robots\" content=\"index, follow, max-snippet:-1, max-image-preview:large, max-video-preview:-1\" \/>\n<link rel=\"canonical\" href=\"https:\/\/egn.com\/se\/events\/kraften-i-ai-och-chatgpt\/\" \/>\n<meta property=\"og:locale\" content=\"sv_SE\" \/>\n<meta property=\"og:type\" content=\"article\" \/>\n<meta property=\"og:title\" content=\"Global webinar: Produktivitet och vinster med AI och ChatGPT\" \/>\n<meta property=\"og:description\" content=\"Denna presentation \u00e4r mycket engagerande, mycket praktisk och inte alls teknisk. Alla niv\u00e5er av AI-medvetenhet b\u00f6r dra nytta av denna presentation, s\u00e4rskilt de med noll kunskap om AI. Anm\u00e4l dig nu kostnadsfritt till detta webinar och l\u00e4r dig mer om aff\u00e4rsnyttan med Ai och ChatGPT\" \/>\n<meta property=\"og:url\" content=\"https:\/\/egn.com\/se\/events\/kraften-i-ai-och-chatgpt\/\" \/>\n<meta property=\"og:site_name\" content=\"EGN Sverige\" \/>\n<meta property=\"article:publisher\" content=\"https:\/\/www.facebook.com\/egnsverige\/\" \/>\n<meta property=\"article:modified_time\" content=\"2024-12-19T11:40:03+00:00\" \/>\n<meta property=\"og:image\" content=\"https:\/\/egn.com\/se\/wp-content\/uploads\/sites\/6\/2023\/06\/inspiration_homepage_global-june.jpg\" \/>\n\t<meta property=\"og:image:width\" content=\"1090\" \/>\n\t<meta property=\"og:image:height\" content=\"722\" \/>\n\t<meta property=\"og:image:type\" content=\"image\/jpeg\" \/>\n<meta name=\"twitter:card\" content=\"summary_large_image\" \/>\n<meta name=\"twitter:title\" content=\"Global webinar: Kraften i AI och ChatGPT\" \/>\n<meta name=\"twitter:label1\" content=\"Ber\u00e4knad l\u00e4stid\" \/>\n\t<meta name=\"twitter:data1\" content=\"2 minuter\" \/>\n<script type=\"application\/ld+json\" class=\"yoast-schema-graph\">{\"@context\":\"https:\\\/\\\/schema.org\",\"@graph\":[{\"@type\":\"WebPage\",\"@id\":\"https:\\\/\\\/egn.com\\\/se\\\/events\\\/kraften-i-ai-och-chatgpt\\\/\",\"url\":\"https:\\\/\\\/egn.com\\\/se\\\/events\\\/kraften-i-ai-och-chatgpt\\\/\",\"name\":\"Global webinar: Kraften i AI och ChatGPT | EGN.se\",\"isPartOf\":{\"@id\":\"https:\\\/\\\/egn.com\\\/se\\\/#website\"},\"primaryImageOfPage\":{\"@id\":\"https:\\\/\\\/egn.com\\\/se\\\/events\\\/kraften-i-ai-och-chatgpt\\\/#primaryimage\"},\"image\":{\"@id\":\"https:\\\/\\\/egn.com\\\/se\\\/events\\\/kraften-i-ai-och-chatgpt\\\/#primaryimage\"},\"thumbnailUrl\":\"https:\\\/\\\/egn.com\\\/se\\\/wp-content\\\/uploads\\\/sites\\\/6\\\/2023\\\/06\\\/inspiration_homepage_global-june.jpg\",\"datePublished\":\"2023-06-22T13:22:17+00:00\",\"dateModified\":\"2024-12-19T11:40:03+00:00\",\"description\":\"EGN Sverige genomf\u00f6r varje m\u00e5nad digitala f\u00f6rel\u00e4sningar, denna g\u00e5ng om AI, Chat GPT och dess f\u00f6rdelar i arbetslivet\",\"breadcrumb\":{\"@id\":\"https:\\\/\\\/egn.com\\\/se\\\/events\\\/kraften-i-ai-och-chatgpt\\\/#breadcrumb\"},\"inLanguage\":\"sv-SE\",\"potentialAction\":[{\"@type\":\"ReadAction\",\"target\":[\"https:\\\/\\\/egn.com\\\/se\\\/events\\\/kraften-i-ai-och-chatgpt\\\/\"]}]},{\"@type\":\"ImageObject\",\"inLanguage\":\"sv-SE\",\"@id\":\"https:\\\/\\\/egn.com\\\/se\\\/events\\\/kraften-i-ai-och-chatgpt\\\/#primaryimage\",\"url\":\"https:\\\/\\\/egn.com\\\/se\\\/wp-content\\\/uploads\\\/sites\\\/6\\\/2023\\\/06\\\/inspiration_homepage_global-june.jpg\",\"contentUrl\":\"https:\\\/\\\/egn.com\\\/se\\\/wp-content\\\/uploads\\\/sites\\\/6\\\/2023\\\/06\\\/inspiration_homepage_global-june.jpg\",\"width\":1090,\"height\":722},{\"@type\":\"BreadcrumbList\",\"@id\":\"https:\\\/\\\/egn.com\\\/se\\\/events\\\/kraften-i-ai-och-chatgpt\\\/#breadcrumb\",\"itemListElement\":[{\"@type\":\"ListItem\",\"position\":1,\"name\":\"Hem\",\"item\":\"https:\\\/\\\/egn.com\\\/se\\\/\"},{\"@type\":\"ListItem\",\"position\":2,\"name\":\"Events\",\"item\":\"https:\\\/\\\/egn.com\\\/se\\\/events\\\/\"},{\"@type\":\"ListItem\",\"position\":3,\"name\":\"Global webinar: Kraften i AI och ChatGPT\"}]},{\"@type\":\"WebSite\",\"@id\":\"https:\\\/\\\/egn.com\\\/se\\\/#website\",\"url\":\"https:\\\/\\\/egn.com\\\/se\\\/\",\"name\":\"EGN Sverige\",\"description\":\"Professionella n\u00e4tverk f\u00f6r ledare och specialister\",\"publisher\":{\"@id\":\"https:\\\/\\\/egn.com\\\/se\\\/#organization\"},\"potentialAction\":[{\"@type\":\"SearchAction\",\"target\":{\"@type\":\"EntryPoint\",\"urlTemplate\":\"https:\\\/\\\/egn.com\\\/se\\\/?s={search_term_string}\"},\"query-input\":{\"@type\":\"PropertyValueSpecification\",\"valueRequired\":true,\"valueName\":\"search_term_string\"}}],\"inLanguage\":\"sv-SE\"},{\"@type\":\"Organization\",\"@id\":\"https:\\\/\\\/egn.com\\\/se\\\/#organization\",\"name\":\"EGN Sverige\",\"alternateName\":\"EGN\",\"url\":\"https:\\\/\\\/egn.com\\\/se\\\/\",\"logo\":{\"@type\":\"ImageObject\",\"inLanguage\":\"sv-SE\",\"@id\":\"https:\\\/\\\/egn.com\\\/se\\\/#\\\/schema\\\/logo\\\/image\\\/\",\"url\":\"https:\\\/\\\/egn.com\\\/se\\\/wp-content\\\/uploads\\\/sites\\\/6\\\/2026\\\/02\\\/EGN.png\",\"contentUrl\":\"https:\\\/\\\/egn.com\\\/se\\\/wp-content\\\/uploads\\\/sites\\\/6\\\/2026\\\/02\\\/EGN.png\",\"width\":2185,\"height\":699,\"caption\":\"EGN Sverige\"},\"image\":{\"@id\":\"https:\\\/\\\/egn.com\\\/se\\\/#\\\/schema\\\/logo\\\/image\\\/\"},\"sameAs\":[\"https:\\\/\\\/www.facebook.com\\\/egnsverige\\\/\",\"https:\\\/\\\/www.instagram.com\\\/egnsverige\",\"https:\\\/\\\/www.linkedin.com\\\/company\\\/executives-global-network\"],\"description\":\"EGN Sverige \u00e4r Sveriges st\u00f6rsta kompetensn\u00e4tverk f\u00f6r chefer och ledare som vill utveckla sitt ledarskap. Vi jobbar f\u00f6r att chefer och ledare tillsammans ska utvecklas och hj\u00e4lpa varandra med de utmaningar som man st\u00f6ter p\u00e5 i sin profession.\",\"email\":\"info@egn.se\",\"telephone\":\"+468210722\",\"vatID\":\"556739-7905\"}]}<\/script>","yoast_head_json":{"title":"Global webinar: Kraften i AI och ChatGPT | EGN.se","description":"EGN Sverige genomf\u00f6r varje m\u00e5nad digitala f\u00f6rel\u00e4sningar, denna g\u00e5ng om AI, Chat GPT och dess f\u00f6rdelar i arbetslivet","robots":{"index":"index","follow":"follow","max-snippet":"max-snippet:-1","max-image-preview":"max-image-preview:large","max-video-preview":"max-video-preview:-1"},"canonical":"https:\/\/egn.com\/se\/events\/kraften-i-ai-och-chatgpt\/","og_locale":"sv_SE","og_type":"article","og_title":"Global webinar: Produktivitet och vinster med AI och ChatGPT","og_description":"Denna presentation \u00e4r mycket engagerande, mycket praktisk och inte alls teknisk. Alla niv\u00e5er av AI-medvetenhet b\u00f6r dra nytta av denna presentation, s\u00e4rskilt de med noll kunskap om AI. Anm\u00e4l dig nu kostnadsfritt till detta webinar och l\u00e4r dig mer om aff\u00e4rsnyttan med Ai och ChatGPT","og_url":"https:\/\/egn.com\/se\/events\/kraften-i-ai-och-chatgpt\/","og_site_name":"EGN Sverige","article_publisher":"https:\/\/www.facebook.com\/egnsverige\/","article_modified_time":"2024-12-19T11:40:03+00:00","og_image":[{"width":1090,"height":722,"url":"https:\/\/egn.com\/se\/wp-content\/uploads\/sites\/6\/2023\/06\/inspiration_homepage_global-june.jpg","type":"image\/jpeg"}],"twitter_card":"summary_large_image","twitter_title":"Global webinar: Kraften i AI och ChatGPT","twitter_misc":{"Ber\u00e4knad l\u00e4stid":"2 minuter"},"schema":{"@context":"https:\/\/schema.org","@graph":[{"@type":"WebPage","@id":"https:\/\/egn.com\/se\/events\/kraften-i-ai-och-chatgpt\/","url":"https:\/\/egn.com\/se\/events\/kraften-i-ai-och-chatgpt\/","name":"Global webinar: Kraften i AI och ChatGPT | EGN.se","isPartOf":{"@id":"https:\/\/egn.com\/se\/#website"},"primaryImageOfPage":{"@id":"https:\/\/egn.com\/se\/events\/kraften-i-ai-och-chatgpt\/#primaryimage"},"image":{"@id":"https:\/\/egn.com\/se\/events\/kraften-i-ai-och-chatgpt\/#primaryimage"},"thumbnailUrl":"https:\/\/egn.com\/se\/wp-content\/uploads\/sites\/6\/2023\/06\/inspiration_homepage_global-june.jpg","datePublished":"2023-06-22T13:22:17+00:00","dateModified":"2024-12-19T11:40:03+00:00","description":"EGN Sverige genomf\u00f6r varje m\u00e5nad digitala f\u00f6rel\u00e4sningar, denna g\u00e5ng om AI, Chat GPT och dess f\u00f6rdelar i arbetslivet","breadcrumb":{"@id":"https:\/\/egn.com\/se\/events\/kraften-i-ai-och-chatgpt\/#breadcrumb"},"inLanguage":"sv-SE","potentialAction":[{"@type":"ReadAction","target":["https:\/\/egn.com\/se\/events\/kraften-i-ai-och-chatgpt\/"]}]},{"@type":"ImageObject","inLanguage":"sv-SE","@id":"https:\/\/egn.com\/se\/events\/kraften-i-ai-och-chatgpt\/#primaryimage","url":"https:\/\/egn.com\/se\/wp-content\/uploads\/sites\/6\/2023\/06\/inspiration_homepage_global-june.jpg","contentUrl":"https:\/\/egn.com\/se\/wp-content\/uploads\/sites\/6\/2023\/06\/inspiration_homepage_global-june.jpg","width":1090,"height":722},{"@type":"BreadcrumbList","@id":"https:\/\/egn.com\/se\/events\/kraften-i-ai-och-chatgpt\/#breadcrumb","itemListElement":[{"@type":"ListItem","position":1,"name":"Hem","item":"https:\/\/egn.com\/se\/"},{"@type":"ListItem","position":2,"name":"Events","item":"https:\/\/egn.com\/se\/events\/"},{"@type":"ListItem","position":3,"name":"Global webinar: Kraften i AI och ChatGPT"}]},{"@type":"WebSite","@id":"https:\/\/egn.com\/se\/#website","url":"https:\/\/egn.com\/se\/","name":"EGN Sverige","description":"Professionella n\u00e4tverk f\u00f6r ledare och specialister","publisher":{"@id":"https:\/\/egn.com\/se\/#organization"},"potentialAction":[{"@type":"SearchAction","target":{"@type":"EntryPoint","urlTemplate":"https:\/\/egn.com\/se\/?s={search_term_string}"},"query-input":{"@type":"PropertyValueSpecification","valueRequired":true,"valueName":"search_term_string"}}],"inLanguage":"sv-SE"},{"@type":"Organization","@id":"https:\/\/egn.com\/se\/#organization","name":"EGN Sverige","alternateName":"EGN","url":"https:\/\/egn.com\/se\/","logo":{"@type":"ImageObject","inLanguage":"sv-SE","@id":"https:\/\/egn.com\/se\/#\/schema\/logo\/image\/","url":"https:\/\/egn.com\/se\/wp-content\/uploads\/sites\/6\/2026\/02\/EGN.png","contentUrl":"https:\/\/egn.com\/se\/wp-content\/uploads\/sites\/6\/2026\/02\/EGN.png","width":2185,"height":699,"caption":"EGN Sverige"},"image":{"@id":"https:\/\/egn.com\/se\/#\/schema\/logo\/image\/"},"sameAs":["https:\/\/www.facebook.com\/egnsverige\/","https:\/\/www.instagram.com\/egnsverige","https:\/\/www.linkedin.com\/company\/executives-global-network"],"description":"EGN Sverige \u00e4r Sveriges st\u00f6rsta kompetensn\u00e4tverk f\u00f6r chefer och ledare som vill utveckla sitt ledarskap. Vi jobbar f\u00f6r att chefer och ledare tillsammans ska utvecklas och hj\u00e4lpa varandra med de utmaningar som man st\u00f6ter p\u00e5 i sin profession.","email":"info@egn.se","telephone":"+468210722","vatID":"556739-7905"}]}},"_links":{"self":[{"href":"https:\/\/egn.com\/se\/wp-json\/wp\/v2\/event\/9527","targetHints":{"allow":["GET"]}}],"collection":[{"href":"https:\/\/egn.com\/se\/wp-json\/wp\/v2\/event"}],"about":[{"href":"https:\/\/egn.com\/se\/wp-json\/wp\/v2\/types\/event"}],"version-history":[{"count":12,"href":"https:\/\/egn.com\/se\/wp-json\/wp\/v2\/event\/9527\/revisions"}],"predecessor-version":[{"id":13446,"href":"https:\/\/egn.com\/se\/wp-json\/wp\/v2\/event\/9527\/revisions\/13446"}],"wp:featuredmedia":[{"embeddable":true,"href":"https:\/\/egn.com\/se\/wp-json\/wp\/v2\/media\/9528"}],"wp:attachment":[{"href":"https:\/\/egn.com\/se\/wp-json\/wp\/v2\/media?parent=9527"}],"wp:term":[{"taxonomy":"event-type","embeddable":true,"href":"https:\/\/egn.com\/se\/wp-json\/wp\/v2\/event-type?post=9527"}],"curies":[{"name":"wp","href":"https:\/\/api.w.org\/{rel}","templated":true}]}}