{"id":9546,"date":"2023-02-05T15:00:54","date_gmt":"2023-02-05T13:00:54","guid":{"rendered":"https:\/\/egn.com\/se\/?post_type=events&#038;p=9546"},"modified":"2023-09-29T16:36:53","modified_gmt":"2023-09-29T14:36:53","slug":"egn-inspiration-29-september-litar-ditt-team-pa-dig","status":"publish","type":"event","link":"https:\/\/egn.com\/se\/events\/egn-inspiration-29-september-litar-ditt-team-pa-dig\/","title":{"rendered":"EGN Inspiration &#8211; Litar ditt team p\u00e5 dig?"},"content":{"rendered":"\t\t<div data-elementor-type=\"wp-post\" data-elementor-id=\"9546\" class=\"elementor elementor-9546\">\n\t\t\t\t\t\t<section class=\"elementor-section elementor-top-section elementor-element elementor-element-cd11d4c elementor-section-boxed elementor-section-height-default elementor-section-height-default\" data-id=\"cd11d4c\" data-element_type=\"section\">\n\t\t\t\t\t\t<div class=\"elementor-container elementor-column-gap-default\">\n\t\t\t\t\t<div class=\"elementor-column elementor-col-100 elementor-top-column elementor-element elementor-element-c91a62c\" data-id=\"c91a62c\" data-element_type=\"column\">\n\t\t\t<div class=\"elementor-widget-wrap elementor-element-populated\">\n\t\t\t\t\t\t<div class=\"elementor-element elementor-element-1feff53 elementor-widget elementor-widget-text-editor\" data-id=\"1feff53\" data-element_type=\"widget\" data-widget_type=\"text-editor.default\">\n\t\t\t\t<div class=\"elementor-widget-container\">\n\t\t\t\t\t\t\t\t\t<p style=\"text-align: center\"><strong>Fredagen 29 september kl 08:00-09:00<\/strong><br \/>Digital och kostnadsfritt webinar<\/p>\t\t\t\t\t\t\t\t<\/div>\n\t\t\t\t<\/div>\n\t\t\t\t<div class=\"elementor-element elementor-element-ec3d67f elementor-widget-divider--view-line elementor-widget elementor-widget-divider\" data-id=\"ec3d67f\" data-element_type=\"widget\" data-widget_type=\"divider.default\">\n\t\t\t\t<div class=\"elementor-widget-container\">\n\t\t\t\t\t\t\t<div class=\"elementor-divider\">\n\t\t\t<span class=\"elementor-divider-separator\">\n\t\t\t\t\t\t<\/span>\n\t\t<\/div>\n\t\t\t\t\t\t<\/div>\n\t\t\t\t<\/div>\n\t\t\t\t<div class=\"elementor-element elementor-element-d50479f elementor-widget elementor-widget-text-editor\" data-id=\"d50479f\" data-element_type=\"widget\" data-widget_type=\"text-editor.default\">\n\t\t\t\t<div class=\"elementor-widget-container\">\n\t\t\t\t\t\t\t\t\t<h5 style=\"text-align: center\">Se videon i efterhand!<\/h5>\t\t\t\t\t\t\t\t<\/div>\n\t\t\t\t<\/div>\n\t\t\t\t<div class=\"elementor-element elementor-element-42c4c50 elementor-widget elementor-widget-video\" data-id=\"42c4c50\" data-element_type=\"widget\" data-settings=\"{&quot;video_type&quot;:&quot;vimeo&quot;}\" data-widget_type=\"video.default\">\n\t\t\t\t<div class=\"elementor-widget-container\">\n\t\t\t\t\t\t\t<div class=\"elementor-wrapper elementor-open-inline\">\n\t\t\t<iframe class=\"elementor-video-iframe\" allowfullscreen allow=\"clipboard-write\" title=\"vimeo-videospelare\" src=\"https:\/\/player.vimeo.com\/video\/869537420?color&amp;autopause=0&amp;loop=0&amp;muted=0&amp;title=1&amp;portrait=1&amp;byline=1#t=\"><\/iframe>\t\t<\/div>\n\t\t\t\t\t\t<\/div>\n\t\t\t\t<\/div>\n\t\t\t\t<div class=\"elementor-element elementor-element-988d707 elementor-widget elementor-widget-text-editor\" data-id=\"988d707\" data-element_type=\"widget\" data-widget_type=\"text-editor.default\">\n\t\t\t\t<div class=\"elementor-widget-container\">\n\t\t\t\t\t\t\t\t\t<h6>H\u00e4r finner du \u00e4ven fr\u00e5gorna och svaren som kom in under f\u00f6rel\u00e4sningen<\/h6>\t\t\t\t\t\t\t\t<\/div>\n\t\t\t\t<\/div>\n\t\t\t\t<div class=\"elementor-element elementor-element-4fb7e18 elementor-widget elementor-widget-toggle\" data-id=\"4fb7e18\" data-element_type=\"widget\" data-widget_type=\"toggle.default\">\n\t\t\t\t<div class=\"elementor-widget-container\">\n\t\t\t\t\t\t\t<div class=\"elementor-toggle\">\n\t\t\t\t\t\t\t<div class=\"elementor-toggle-item\">\n\t\t\t\t\t<div id=\"elementor-tab-title-8351\" class=\"elementor-tab-title\" data-tab=\"1\" role=\"button\" aria-controls=\"elementor-tab-content-8351\" aria-expanded=\"false\">\n\t\t\t\t\t\t\t\t\t\t\t\t<span class=\"elementor-toggle-icon elementor-toggle-icon-left\" aria-hidden=\"true\">\n\t\t\t\t\t\t\t\t\t\t\t\t\t\t\t<span class=\"elementor-toggle-icon-closed\"><i class=\"fas fa-caret-right\"><\/i><\/span>\n\t\t\t\t\t\t\t\t<span class=\"elementor-toggle-icon-opened\"><i class=\"elementor-toggle-icon-opened fas fa-caret-up\"><\/i><\/span>\n\t\t\t\t\t\t\t\t\t\t\t\t\t<\/span>\n\t\t\t\t\t\t\t\t\t\t\t\t<a class=\"elementor-toggle-title\" tabindex=\"0\">Var hittar man boken Trust Guide?<\/a>\n\t\t\t\t\t<\/div>\n\n\t\t\t\t\t<div id=\"elementor-tab-content-8351\" class=\"elementor-tab-content elementor-clearfix\" data-tab=\"1\" role=\"region\" aria-labelledby=\"elementor-tab-title-8351\"><p style=\"margin: 0cm\"><span style=\"font-size: 10.5pt;font-family: 'Arial',sans-serif;color: black\">Den har vi som verktyg n\u00e4r vi arbetar med v\u00e5ra kunder! \u00c4r man extra nyfiken kan man ta ett m\u00f6te d\u00e4r vi kort ber\u00e4ttar om guiden och dess inneh\u00e5ll!<\/span><\/p><\/div>\n\t\t\t\t<\/div>\n\t\t\t\t\t\t\t<div class=\"elementor-toggle-item\">\n\t\t\t\t\t<div id=\"elementor-tab-title-8352\" class=\"elementor-tab-title\" data-tab=\"2\" role=\"button\" aria-controls=\"elementor-tab-content-8352\" aria-expanded=\"false\">\n\t\t\t\t\t\t\t\t\t\t\t\t<span class=\"elementor-toggle-icon elementor-toggle-icon-left\" aria-hidden=\"true\">\n\t\t\t\t\t\t\t\t\t\t\t\t\t\t\t<span class=\"elementor-toggle-icon-closed\"><i class=\"fas fa-caret-right\"><\/i><\/span>\n\t\t\t\t\t\t\t\t<span class=\"elementor-toggle-icon-opened\"><i class=\"elementor-toggle-icon-opened fas fa-caret-up\"><\/i><\/span>\n\t\t\t\t\t\t\t\t\t\t\t\t\t<\/span>\n\t\t\t\t\t\t\t\t\t\t\t\t<a class=\"elementor-toggle-title\" tabindex=\"0\">Fungerar Trust guide som 360 graders analys?<\/a>\n\t\t\t\t\t<\/div>\n\n\t\t\t\t\t<div id=\"elementor-tab-content-8352\" class=\"elementor-tab-content elementor-clearfix\" data-tab=\"2\" role=\"region\" aria-labelledby=\"elementor-tab-title-8352\"><p style=\"margin: 0cm\"><span style=\"font-size: 10.5pt;font-family: 'Arial',sans-serif;color: black\">Ja, det \u00e4r dina egna reflektioner tillsammans med dina medarbetares observationer och reflektioner. Allt material genereras i analysen.<\/span><\/p><\/div>\n\t\t\t\t<\/div>\n\t\t\t\t\t\t\t<div class=\"elementor-toggle-item\">\n\t\t\t\t\t<div id=\"elementor-tab-title-8353\" class=\"elementor-tab-title\" data-tab=\"3\" role=\"button\" aria-controls=\"elementor-tab-content-8353\" aria-expanded=\"false\">\n\t\t\t\t\t\t\t\t\t\t\t\t<span class=\"elementor-toggle-icon elementor-toggle-icon-left\" aria-hidden=\"true\">\n\t\t\t\t\t\t\t\t\t\t\t\t\t\t\t<span class=\"elementor-toggle-icon-closed\"><i class=\"fas fa-caret-right\"><\/i><\/span>\n\t\t\t\t\t\t\t\t<span class=\"elementor-toggle-icon-opened\"><i class=\"elementor-toggle-icon-opened fas fa-caret-up\"><\/i><\/span>\n\t\t\t\t\t\t\t\t\t\t\t\t\t<\/span>\n\t\t\t\t\t\t\t\t\t\t\t\t<a class=\"elementor-toggle-title\" tabindex=\"0\">F\u00f6rtroendeanalysen - hur g\u00e5r den till?<\/a>\n\t\t\t\t\t<\/div>\n\n\t\t\t\t\t<div id=\"elementor-tab-content-8353\" class=\"elementor-tab-content elementor-clearfix\" data-tab=\"3\" role=\"region\" aria-labelledby=\"elementor-tab-title-8353\"><p style=\"margin: 0cm\"><span style=\"font-size: 10.5pt;font-family: 'Arial',sans-serif;color: black\">Den \u00e4r tv\u00e5delad: ena delen handlar om att du utv\u00e4rderar dig sj\u00e4lv och din ben\u00e4genhet att lita p\u00e5 andra som chef och ledare. Till den andra delen bjuder du in valda observat\u00f6rer (f\u00f6rslagsvis ditt eget team) f\u00f6r att kartl\u00e4gga hur de uppfattar dig i kontexter som ber\u00f6r f\u00f6rtroende och tillit.<\/span><\/p><\/div>\n\t\t\t\t<\/div>\n\t\t\t\t\t\t\t<div class=\"elementor-toggle-item\">\n\t\t\t\t\t<div id=\"elementor-tab-title-8354\" class=\"elementor-tab-title\" data-tab=\"4\" role=\"button\" aria-controls=\"elementor-tab-content-8354\" aria-expanded=\"false\">\n\t\t\t\t\t\t\t\t\t\t\t\t<span class=\"elementor-toggle-icon elementor-toggle-icon-left\" aria-hidden=\"true\">\n\t\t\t\t\t\t\t\t\t\t\t\t\t\t\t<span class=\"elementor-toggle-icon-closed\"><i class=\"fas fa-caret-right\"><\/i><\/span>\n\t\t\t\t\t\t\t\t<span class=\"elementor-toggle-icon-opened\"><i class=\"elementor-toggle-icon-opened fas fa-caret-up\"><\/i><\/span>\n\t\t\t\t\t\t\t\t\t\t\t\t\t<\/span>\n\t\t\t\t\t\t\t\t\t\t\t\t<a class=\"elementor-toggle-title\" tabindex=\"0\">Vilket(a) verktyg anv\u00e4nder ni n\u00e4r ni g\u00f6r personlighetsanalyser i ert f\u00f6rsta erbjudande? FFM\/Big5?<\/a>\n\t\t\t\t\t<\/div>\n\n\t\t\t\t\t<div id=\"elementor-tab-content-8354\" class=\"elementor-tab-content elementor-clearfix\" data-tab=\"4\" role=\"region\" aria-labelledby=\"elementor-tab-title-8354\"><p style=\"margin: 0cm\"><span style=\"font-family: 'Arial',sans-serif;color: black\">Vi beskriver v\u00e5r personlighet utifr\u00e5n v\u00e5ra v\u00e4rderingar, v\u00e5r disposition och v\u00e5r persona. Vi anv\u00e4nder DISC f\u00f6r att b\u00e4ttre f\u00f6rst\u00e5 en del av v\u00e5r personlighet, v\u00e5rt naturliga beteendem\u00f6nster i syfte att b\u00e4ttre f\u00f6rst\u00e5 v\u00e5r kommunikation. Dr Drea Zigarmi har gjort m\u00e5nga studier f\u00f6r att korrelera naturliga beteendem\u00f6nster till upplevda ledarskapsbeteenden och vi ser en styrka i att \u00f6ka medvetenheten kring en individs beteendem\u00f6nster och f\u00f6rm\u00e5gan att situationsanpassa sitt ledarskapsbeteende. Ut\u00f6ver det g\u00f6r vi en analys av din egen ben\u00e4genhet att lita p\u00e5 andra som tillsammans ger v\u00e4rdefulla insikter f\u00f6r att utveckla ditt ledarskap.<\/span><\/p><\/div>\n\t\t\t\t<\/div>\n\t\t\t\t\t\t\t<div class=\"elementor-toggle-item\">\n\t\t\t\t\t<div id=\"elementor-tab-title-8355\" class=\"elementor-tab-title\" data-tab=\"5\" role=\"button\" aria-controls=\"elementor-tab-content-8355\" aria-expanded=\"false\">\n\t\t\t\t\t\t\t\t\t\t\t\t<span class=\"elementor-toggle-icon elementor-toggle-icon-left\" aria-hidden=\"true\">\n\t\t\t\t\t\t\t\t\t\t\t\t\t\t\t<span class=\"elementor-toggle-icon-closed\"><i class=\"fas fa-caret-right\"><\/i><\/span>\n\t\t\t\t\t\t\t\t<span class=\"elementor-toggle-icon-opened\"><i class=\"elementor-toggle-icon-opened fas fa-caret-up\"><\/i><\/span>\n\t\t\t\t\t\t\t\t\t\t\t\t\t<\/span>\n\t\t\t\t\t\t\t\t\t\t\t\t<a class=\"elementor-toggle-title\" tabindex=\"0\">Annan litteratur?<\/a>\n\t\t\t\t\t<\/div>\n\n\t\t\t\t\t<div id=\"elementor-tab-content-8355\" class=\"elementor-tab-content elementor-clearfix\" data-tab=\"5\" role=\"region\" aria-labelledby=\"elementor-tab-title-8355\"><p style=\"margin: 0cm\"><span style=\"font-size: 10.5pt;font-family: 'Arial',sans-serif;color: #222222\">En bok som \u00e4r kraftfull \u00e4r v\u00e5ra forskare Susan Fowler och Drea Zigarmi\u2019s bok Achive Leadership Genius<\/span><\/p><\/div>\n\t\t\t\t<\/div>\n\t\t\t\t\t\t\t<div class=\"elementor-toggle-item\">\n\t\t\t\t\t<div id=\"elementor-tab-title-8356\" class=\"elementor-tab-title\" data-tab=\"6\" role=\"button\" aria-controls=\"elementor-tab-content-8356\" aria-expanded=\"false\">\n\t\t\t\t\t\t\t\t\t\t\t\t<span class=\"elementor-toggle-icon elementor-toggle-icon-left\" aria-hidden=\"true\">\n\t\t\t\t\t\t\t\t\t\t\t\t\t\t\t<span class=\"elementor-toggle-icon-closed\"><i class=\"fas fa-caret-right\"><\/i><\/span>\n\t\t\t\t\t\t\t\t<span class=\"elementor-toggle-icon-opened\"><i class=\"elementor-toggle-icon-opened fas fa-caret-up\"><\/i><\/span>\n\t\t\t\t\t\t\t\t\t\t\t\t\t<\/span>\n\t\t\t\t\t\t\t\t\t\t\t\t<a class=\"elementor-toggle-title\" tabindex=\"0\">F\u00e5r jag ta del av erbjudandet Great Leaders hade under f\u00f6rel\u00e4snigen?<\/a>\n\t\t\t\t\t<\/div>\n\n\t\t\t\t\t<div id=\"elementor-tab-content-8356\" class=\"elementor-tab-content elementor-clearfix\" data-tab=\"6\" role=\"region\" aria-labelledby=\"elementor-tab-title-8356\"><p>Ja, G\u00e5 in p\u00e5 deras hemsida f\u00f6r att ta del av erbjudandet. L\u00e4nk hittar du <a href=\"http:\/\/www.greatleaders.se\/egn-offer\">H\u00c4R<\/a><\/p><\/div>\n\t\t\t\t<\/div>\n\t\t\t\t\t\t\t\t<\/div>\n\t\t\t\t\t\t<\/div>\n\t\t\t\t<\/div>\n\t\t\t\t<div class=\"elementor-element elementor-element-74b7745 elementor-align-center elementor-widget elementor-widget-button\" data-id=\"74b7745\" data-element_type=\"widget\" data-widget_type=\"button.default\">\n\t\t\t\t<div class=\"elementor-widget-container\">\n\t\t\t\t\t\t\t\t\t<div class=\"elementor-button-wrapper\">\n\t\t\t\t\t<a class=\"elementor-button elementor-button-link elementor-size-md\" href=\"http:\/\/eepurl.com\/gRzusj\">\n\t\t\t\t\t\t<span class=\"elementor-button-content-wrapper\">\n\t\t\t\t\t\t\t\t\t<span class=\"elementor-button-text\">Anm\u00e4l dig h\u00e4r!<\/span>\n\t\t\t\t\t<\/span>\n\t\t\t\t\t<\/a>\n\t\t\t\t<\/div>\n\t\t\t\t\t\t\t\t<\/div>\n\t\t\t\t<\/div>\n\t\t\t\t<div class=\"elementor-element elementor-element-0b6da81 elementor-widget elementor-widget-text-editor\" data-id=\"0b6da81\" data-element_type=\"widget\" data-widget_type=\"text-editor.default\">\n\t\t\t\t<div class=\"elementor-widget-container\">\n\t\t\t\t\t\t\t\t\t<h5><b>Lyssna till Mattias Dahlgren och Petra Broh\u00e4ll fr\u00e5n <a href=\"http:\/\/www.greatleaders.se\">Great Leaders<\/a> om tillitsbaserat ledarskap.<\/b><\/h5><p>Forskning visar att f\u00f6rtroende och psykologisk trygghet \u00e4r de viktigaste komponenterna i ett bra ledarskap. F\u00f6r att skapa h\u00f6gpresterande team, d\u00e4r hybrid- och distansarbete \u00e4r en del av den nya vardagen, kr\u00e4vs ett h\u00e5llbart ledarskap med medvetna och systematiska utvecklingsinsatser.<\/p><p>Fundamentet och v\u00e4gen till framg\u00e5ng \u00e4r h\u00f6gt f\u00f6rtroende. Men hur vet man att f\u00f6rtroende verkligen finns och i vilken utstr\u00e4ckning?<\/p><p><strong>I den h\u00e4r f\u00f6rel\u00e4sningen f\u00e5r du:<\/strong><br \/>\u2714\ufe0f Forskningsbaserad kunskap som du direkt kan omvandla till praktisk till\u00e4mpning i din vardag<br \/>\u2714\ufe0f Konkreta verktyg som m\u00f6jligg\u00f6r att du som chef och ledare kan jobba tillitsbaserat och h\u00e5llbart<br \/>\u2714\ufe0f F\u00f6rst\u00e5else f\u00f6r vilken kraft och styrka ditt Trust Score kan skapa f\u00f6r ditt ledarskap, ditt team och din organisation<\/p><h4>Forskningsbaserad f\u00f6rtroendeanalys<\/h4><p data-pm-slice=\"1 1 []\"><em>P\u00e5 f\u00f6rel\u00e4sningen kommer du \u00e4ven f\u00e5 forskningsbaserad f\u00f6rtroendeanalys (Trust Score) som ger dig m\u00f6jligheten att med precision f\u00e5 svar p\u00e5 hur f\u00f6rtroendet ser ut i ditt team. Det ger dig en \u00f6vergripande nul\u00e4gesbild och utg\u00e5ngspunkt f\u00f6r att kunna utveckla dig och ditt team tillsammans.<\/em><\/p><p><em>Mattias och Petra kommer att ber\u00e4tta om varf\u00f6r f\u00f6rtroende \u00e4r viktigt, vad det best\u00e5r av, hur man ska jobba f\u00f6r att bygga tillitsfulla relationer men framf\u00f6rallt: Hur man kan m\u00e4ta niv\u00e5n av f\u00f6rtroende hos chefer i er organisation.<\/em><\/p>\t\t\t\t\t\t\t\t<\/div>\n\t\t\t\t<\/div>\n\t\t\t\t<div class=\"elementor-element elementor-element-358fea7 elementor-align-center elementor-widget elementor-widget-button\" data-id=\"358fea7\" data-element_type=\"widget\" data-widget_type=\"button.default\">\n\t\t\t\t<div class=\"elementor-widget-container\">\n\t\t\t\t\t\t\t\t\t<div class=\"elementor-button-wrapper\">\n\t\t\t\t\t<a class=\"elementor-button elementor-button-link elementor-size-md\" href=\"http:\/\/www.trustscore.se\">\n\t\t\t\t\t\t<span class=\"elementor-button-content-wrapper\">\n\t\t\t\t\t\t\t\t\t<span class=\"elementor-button-text\">L\u00e4s mer om Trustscore h\u00e4r!<\/span>\n\t\t\t\t\t<\/span>\n\t\t\t\t\t<\/a>\n\t\t\t\t<\/div>\n\t\t\t\t\t\t\t\t<\/div>\n\t\t\t\t<\/div>\n\t\t\t\t<div class=\"elementor-element elementor-element-055d78e elementor-widget-divider--view-line elementor-widget elementor-widget-divider\" data-id=\"055d78e\" data-element_type=\"widget\" data-widget_type=\"divider.default\">\n\t\t\t\t<div class=\"elementor-widget-container\">\n\t\t\t\t\t\t\t<div class=\"elementor-divider\">\n\t\t\t<span class=\"elementor-divider-separator\">\n\t\t\t\t\t\t<\/span>\n\t\t<\/div>\n\t\t\t\t\t\t<\/div>\n\t\t\t\t<\/div>\n\t\t\t\t<div class=\"elementor-element elementor-element-143df31 elementor-widget elementor-widget-author-box\" data-id=\"143df31\" data-element_type=\"widget\" data-widget_type=\"author-box.default\">\n\t\t\t\t<div class=\"elementor-widget-container\">\n\t\t\t\t\t\t\t<div class=\"elementor-author-box\">\n\t\t\t\t\t\t\t<a href=\"https:\/\/www.linkedin.com\/in\/mattias-dahlgren-a9bbba16\/\" class=\"elementor-author-box__avatar\">\n\t\t\t\t\t<img decoding=\"async\" src=\"https:\/\/egn.com\/se\/wp-content\/uploads\/sites\/6\/2023\/02\/Mattias_Dahlgren_Portratt_breddat_S79A6350-scaled-e1687812882622-300x300.jpg\" alt=\"M\u00f6t Mattias Dahlgren\" loading=\"lazy\">\n\t\t\t\t<\/a>\n\t\t\t\n\t\t\t<div class=\"elementor-author-box__text\">\n\t\t\t\t\t\t\t\t\t<a href=\"https:\/\/www.linkedin.com\/in\/mattias-dahlgren-a9bbba16\/\">\n\t\t\t\t\t\t<h4 class=\"elementor-author-box__name\">\n\t\t\t\t\t\t\tM\u00f6t Mattias Dahlgren\t\t\t\t\t\t<\/h4>\n\t\t\t\t\t<\/a>\n\t\t\t\t\n\t\t\t\t\t\t\t\t\t<div class=\"elementor-author-box__bio\">\n\t\t\t\t\t\t<p>Mattias \u00e4r grundare och VD f\u00f6r Great Leaders och har i \u00f6ver 20 \u00e5r utvecklat ledare med ambitionen att skapa relevanta och praktiska verktyg med beteendevetenskaplig forskning som utg\u00e5ngspunk. Trustscore \u00e4r ett resultat av ett passionerat samarbete med ledande forskare inom omr\u00e5det validerat tillsammans med n\u00e5gra av Sveriges mest framg\u00e5ngsrika spelf\u00f6retag (King, Paradox mfl). Mattias motto i livet \u00e4r \u201dLive as you will die tomorrow and learn as you never will die\u201d.<\/p>\n\t\t\t\t\t<\/div>\n\t\t\t\t\n\t\t\t\t\t\t\t<\/div>\n\t\t<\/div>\n\t\t\t\t\t\t<\/div>\n\t\t\t\t<\/div>\n\t\t\t\t<div class=\"elementor-element elementor-element-e6f9b13 elementor-widget elementor-widget-author-box\" data-id=\"e6f9b13\" data-element_type=\"widget\" data-widget_type=\"author-box.default\">\n\t\t\t\t<div class=\"elementor-widget-container\">\n\t\t\t\t\t\t\t<div class=\"elementor-author-box\">\n\t\t\t\t\t\t\t<a href=\"https:\/\/www.linkedin.com\/in\/petrabrohall\/\" class=\"elementor-author-box__avatar\">\n\t\t\t\t\t<img decoding=\"async\" src=\"https:\/\/egn.com\/se\/wp-content\/uploads\/sites\/6\/2023\/02\/PetraBrohall_CAM17248-scaled-e1687812838262-300x300.jpg\" alt=\"M\u00f6t Petra Broh\u00e4ll\" loading=\"lazy\">\n\t\t\t\t<\/a>\n\t\t\t\n\t\t\t<div class=\"elementor-author-box__text\">\n\t\t\t\t\t\t\t\t\t<a href=\"https:\/\/www.linkedin.com\/in\/petrabrohall\/\">\n\t\t\t\t\t\t<h4 class=\"elementor-author-box__name\">\n\t\t\t\t\t\t\tM\u00f6t Petra Broh\u00e4ll\t\t\t\t\t\t<\/h4>\n\t\t\t\t\t<\/a>\n\t\t\t\t\n\t\t\t\t\t\t\t\t\t<div class=\"elementor-author-box__bio\">\n\t\t\t\t\t\t<p>Efter Uppsala-studier inom beteendevetenskap, kommunikation och retorik \u00e4gnade Petra sina f\u00f6rsta 10 \u00e5r av arbetslivet i utbildningsbranschen, d\u00e4r hon haft olika ledarroller, bland annat aff\u00e4rsomr\u00e5deschef och kommunikationschef.\u00a0Petras intresse f\u00f6r ledarskap ledde henne till Great Leaders och h\u00e4r arbetar hon sedan tre \u00e5r tillbaka som ledarskaps-PT, f\u00f6rel\u00e4sare, moderator och utbildare.<\/p>\n\t\t\t\t\t<\/div>\n\t\t\t\t\n\t\t\t\t\t\t\t<\/div>\n\t\t<\/div>\n\t\t\t\t\t\t<\/div>\n\t\t\t\t<\/div>\n\t\t\t\t<div class=\"elementor-element elementor-element-9063a01 elementor-shape-rounded elementor-grid-0 e-grid-align-center elementor-widget elementor-widget-social-icons\" data-id=\"9063a01\" data-element_type=\"widget\" data-widget_type=\"social-icons.default\">\n\t\t\t\t<div class=\"elementor-widget-container\">\n\t\t\t\t\t\t\t<div class=\"elementor-social-icons-wrapper elementor-grid\">\n\t\t\t\t\t\t\t<span class=\"elementor-grid-item\">\n\t\t\t\t\t<a class=\"elementor-icon elementor-social-icon elementor-social-icon-linkedin elementor-animation-pop elementor-repeater-item-0d431ac\" href=\"https:\/\/www.linkedin.com\/company\/great-leaders-ab\/\" target=\"_blank\">\n\t\t\t\t\t\t<span class=\"elementor-screen-only\">Linkedin<\/span>\n\t\t\t\t\t\t<i class=\"fab fa-linkedin\"><\/i>\t\t\t\t\t<\/a>\n\t\t\t\t<\/span>\n\t\t\t\t\t\t\t<span class=\"elementor-grid-item\">\n\t\t\t\t\t<a class=\"elementor-icon elementor-social-icon elementor-social-icon-globe-europe elementor-animation-pop elementor-repeater-item-3209f95\" href=\"http:\/\/www.greatleaders.se\" target=\"_blank\">\n\t\t\t\t\t\t<span class=\"elementor-screen-only\">Globe-europe<\/span>\n\t\t\t\t\t\t<i class=\"fas fa-globe-europe\"><\/i>\t\t\t\t\t<\/a>\n\t\t\t\t<\/span>\n\t\t\t\t\t<\/div>\n\t\t\t\t\t\t<\/div>\n\t\t\t\t<\/div>\n\t\t\t\t\t<\/div>\n\t\t<\/div>\n\t\t\t\t\t<\/div>\n\t\t<\/section>\n\t\t\t\t<\/div>\n\t\t","protected":false},"excerpt":{"rendered":"<p>Fredagen 29 september kl 08:00-09:00Digital och kostnadsfritt webinar Se videon i efterhand! https:\/\/vimeo.com\/869537420?share=copy H\u00e4r finner du \u00e4ven fr\u00e5gorna och svaren som kom in under f\u00f6rel\u00e4sningen Var hittar man boken Trust Guide? Den har vi som verktyg n\u00e4r vi arbetar med v\u00e5ra kunder! \u00c4r man extra nyfiken kan man ta ett m\u00f6te d\u00e4r vi kort ber\u00e4ttar<a href=\"https:\/\/egn.com\/se\/events\/egn-inspiration-29-september-litar-ditt-team-pa-dig\/\">Forts\u00e4tt l\u00e4sa <span class=\"sr-only\">&#8221;EGN Inspiration &#8211; Litar ditt team p\u00e5 dig?&#8221;<\/span><\/a><\/p>\n","protected":false},"featured_media":9552,"menu_order":0,"template":"","format":"standard","meta":{"_acf_changed":false,"footnotes":""},"event-type":[],"class_list":["post-9546","event","type-event","status-publish","format-standard","has-post-thumbnail","hentry"],"acf":[],"yoast_head":"<title>EGN Inspiration | Litar ditt team p\u00e5 dig? | EGN.se<\/title>\n<meta name=\"robots\" content=\"index, follow, max-snippet:-1, max-image-preview:large, max-video-preview:-1\" \/>\n<link rel=\"canonical\" href=\"https:\/\/egn.com\/se\/events\/egn-inspiration-29-september-litar-ditt-team-pa-dig\/\" \/>\n<meta property=\"og:locale\" content=\"sv_SE\" \/>\n<meta property=\"og:type\" content=\"article\" \/>\n<meta property=\"og:title\" content=\"EGN Inspiration 29 september - Litar ditt team p\u00e5 dig?\" \/>\n<meta property=\"og:description\" content=\"F\u00f6r att skapa h\u00f6gpresterande team, d\u00e4r hybrid- och distansarbete \u00e4r en del av den nya vardagen, kr\u00e4vs ett h\u00e5llbart ledarskap med medvetna och systematiska utvecklingsinsatser. Fundamentet och v\u00e4gen till framg\u00e5ng \u00e4r h\u00f6gt f\u00f6rtroende. Men hur vet man att f\u00f6rtroende verkligen finns och i vilken utstr\u00e4ckning? Anm\u00e4l dig till detta webinar d\u00e4r Mattias och Petra bland annat kommer f\u00e5 forskningsbaserad kunskap som du direkt kan omvandla till praktisk till\u00e4mpning i din vardag.\" \/>\n<meta property=\"og:url\" content=\"https:\/\/egn.com\/se\/events\/egn-inspiration-29-september-litar-ditt-team-pa-dig\/\" \/>\n<meta property=\"og:site_name\" content=\"EGN Sverige\" \/>\n<meta property=\"article:publisher\" content=\"https:\/\/www.facebook.com\/egnsverige\/\" \/>\n<meta property=\"article:modified_time\" content=\"2023-09-29T14:36:53+00:00\" \/>\n<meta property=\"og:image\" content=\"https:\/\/egn.com\/se\/wp-content\/uploads\/sites\/6\/2023\/06\/inspiration_homepage_sept.jpg\" \/>\n\t<meta property=\"og:image:width\" content=\"1090\" \/>\n\t<meta property=\"og:image:height\" content=\"722\" \/>\n\t<meta property=\"og:image:type\" content=\"image\/jpeg\" \/>\n<meta name=\"twitter:card\" content=\"summary_large_image\" \/>\n<meta name=\"twitter:title\" content=\"EGN Inspiration - Litar ditt team p\u00e5 dig?\" \/>\n<meta name=\"twitter:label1\" content=\"Ber\u00e4knad l\u00e4stid\" \/>\n\t<meta name=\"twitter:data1\" content=\"4 minuter\" \/>\n<script type=\"application\/ld+json\" class=\"yoast-schema-graph\">{\"@context\":\"https:\\\/\\\/schema.org\",\"@graph\":[{\"@type\":\"WebPage\",\"@id\":\"https:\\\/\\\/egn.com\\\/se\\\/events\\\/egn-inspiration-29-september-litar-ditt-team-pa-dig\\\/\",\"url\":\"https:\\\/\\\/egn.com\\\/se\\\/events\\\/egn-inspiration-29-september-litar-ditt-team-pa-dig\\\/\",\"name\":\"EGN Inspiration | Litar ditt team p\u00e5 dig? | EGN.se\",\"isPartOf\":{\"@id\":\"https:\\\/\\\/egn.com\\\/se\\\/#website\"},\"primaryImageOfPage\":{\"@id\":\"https:\\\/\\\/egn.com\\\/se\\\/events\\\/egn-inspiration-29-september-litar-ditt-team-pa-dig\\\/#primaryimage\"},\"image\":{\"@id\":\"https:\\\/\\\/egn.com\\\/se\\\/events\\\/egn-inspiration-29-september-litar-ditt-team-pa-dig\\\/#primaryimage\"},\"thumbnailUrl\":\"https:\\\/\\\/egn.com\\\/se\\\/wp-content\\\/uploads\\\/sites\\\/6\\\/2023\\\/06\\\/inspiration_homepage_sept.jpg\",\"datePublished\":\"2023-02-05T13:00:54+00:00\",\"dateModified\":\"2023-09-29T14:36:53+00:00\",\"breadcrumb\":{\"@id\":\"https:\\\/\\\/egn.com\\\/se\\\/events\\\/egn-inspiration-29-september-litar-ditt-team-pa-dig\\\/#breadcrumb\"},\"inLanguage\":\"sv-SE\",\"potentialAction\":[{\"@type\":\"ReadAction\",\"target\":[\"https:\\\/\\\/egn.com\\\/se\\\/events\\\/egn-inspiration-29-september-litar-ditt-team-pa-dig\\\/\"]}]},{\"@type\":\"ImageObject\",\"inLanguage\":\"sv-SE\",\"@id\":\"https:\\\/\\\/egn.com\\\/se\\\/events\\\/egn-inspiration-29-september-litar-ditt-team-pa-dig\\\/#primaryimage\",\"url\":\"https:\\\/\\\/egn.com\\\/se\\\/wp-content\\\/uploads\\\/sites\\\/6\\\/2023\\\/06\\\/inspiration_homepage_sept.jpg\",\"contentUrl\":\"https:\\\/\\\/egn.com\\\/se\\\/wp-content\\\/uploads\\\/sites\\\/6\\\/2023\\\/06\\\/inspiration_homepage_sept.jpg\",\"width\":1090,\"height\":722},{\"@type\":\"BreadcrumbList\",\"@id\":\"https:\\\/\\\/egn.com\\\/se\\\/events\\\/egn-inspiration-29-september-litar-ditt-team-pa-dig\\\/#breadcrumb\",\"itemListElement\":[{\"@type\":\"ListItem\",\"position\":1,\"name\":\"Hem\",\"item\":\"https:\\\/\\\/egn.com\\\/se\\\/\"},{\"@type\":\"ListItem\",\"position\":2,\"name\":\"Events\",\"item\":\"https:\\\/\\\/egn.com\\\/se\\\/events\\\/\"},{\"@type\":\"ListItem\",\"position\":3,\"name\":\"EGN Inspiration &#8211; Litar ditt team &hellip;\"}]},{\"@type\":\"WebSite\",\"@id\":\"https:\\\/\\\/egn.com\\\/se\\\/#website\",\"url\":\"https:\\\/\\\/egn.com\\\/se\\\/\",\"name\":\"EGN Sverige\",\"description\":\"Professionella n\u00e4tverk f\u00f6r ledare och specialister\",\"publisher\":{\"@id\":\"https:\\\/\\\/egn.com\\\/se\\\/#organization\"},\"potentialAction\":[{\"@type\":\"SearchAction\",\"target\":{\"@type\":\"EntryPoint\",\"urlTemplate\":\"https:\\\/\\\/egn.com\\\/se\\\/?s={search_term_string}\"},\"query-input\":{\"@type\":\"PropertyValueSpecification\",\"valueRequired\":true,\"valueName\":\"search_term_string\"}}],\"inLanguage\":\"sv-SE\"},{\"@type\":\"Organization\",\"@id\":\"https:\\\/\\\/egn.com\\\/se\\\/#organization\",\"name\":\"EGN Sverige\",\"alternateName\":\"EGN\",\"url\":\"https:\\\/\\\/egn.com\\\/se\\\/\",\"logo\":{\"@type\":\"ImageObject\",\"inLanguage\":\"sv-SE\",\"@id\":\"https:\\\/\\\/egn.com\\\/se\\\/#\\\/schema\\\/logo\\\/image\\\/\",\"url\":\"https:\\\/\\\/egn.com\\\/se\\\/wp-content\\\/uploads\\\/sites\\\/6\\\/2026\\\/02\\\/EGN.png\",\"contentUrl\":\"https:\\\/\\\/egn.com\\\/se\\\/wp-content\\\/uploads\\\/sites\\\/6\\\/2026\\\/02\\\/EGN.png\",\"width\":2185,\"height\":699,\"caption\":\"EGN Sverige\"},\"image\":{\"@id\":\"https:\\\/\\\/egn.com\\\/se\\\/#\\\/schema\\\/logo\\\/image\\\/\"},\"sameAs\":[\"https:\\\/\\\/www.facebook.com\\\/egnsverige\\\/\",\"https:\\\/\\\/www.instagram.com\\\/egnsverige\",\"https:\\\/\\\/www.linkedin.com\\\/company\\\/executives-global-network\"],\"description\":\"EGN Sverige \u00e4r Sveriges st\u00f6rsta kompetensn\u00e4tverk f\u00f6r chefer och ledare som vill utveckla sitt ledarskap. Vi jobbar f\u00f6r att chefer och ledare tillsammans ska utvecklas och hj\u00e4lpa varandra med de utmaningar som man st\u00f6ter p\u00e5 i sin profession.\",\"email\":\"info@egn.se\",\"telephone\":\"+468210722\",\"vatID\":\"556739-7905\"}]}<\/script>","yoast_head_json":{"title":"EGN Inspiration | Litar ditt team p\u00e5 dig? | EGN.se","robots":{"index":"index","follow":"follow","max-snippet":"max-snippet:-1","max-image-preview":"max-image-preview:large","max-video-preview":"max-video-preview:-1"},"canonical":"https:\/\/egn.com\/se\/events\/egn-inspiration-29-september-litar-ditt-team-pa-dig\/","og_locale":"sv_SE","og_type":"article","og_title":"EGN Inspiration 29 september - Litar ditt team p\u00e5 dig?","og_description":"F\u00f6r att skapa h\u00f6gpresterande team, d\u00e4r hybrid- och distansarbete \u00e4r en del av den nya vardagen, kr\u00e4vs ett h\u00e5llbart ledarskap med medvetna och systematiska utvecklingsinsatser. Fundamentet och v\u00e4gen till framg\u00e5ng \u00e4r h\u00f6gt f\u00f6rtroende. Men hur vet man att f\u00f6rtroende verkligen finns och i vilken utstr\u00e4ckning? Anm\u00e4l dig till detta webinar d\u00e4r Mattias och Petra bland annat kommer f\u00e5 forskningsbaserad kunskap som du direkt kan omvandla till praktisk till\u00e4mpning i din vardag.","og_url":"https:\/\/egn.com\/se\/events\/egn-inspiration-29-september-litar-ditt-team-pa-dig\/","og_site_name":"EGN Sverige","article_publisher":"https:\/\/www.facebook.com\/egnsverige\/","article_modified_time":"2023-09-29T14:36:53+00:00","og_image":[{"width":1090,"height":722,"url":"https:\/\/egn.com\/se\/wp-content\/uploads\/sites\/6\/2023\/06\/inspiration_homepage_sept.jpg","type":"image\/jpeg"}],"twitter_card":"summary_large_image","twitter_title":"EGN Inspiration - Litar ditt team p\u00e5 dig?","twitter_misc":{"Ber\u00e4knad l\u00e4stid":"4 minuter"},"schema":{"@context":"https:\/\/schema.org","@graph":[{"@type":"WebPage","@id":"https:\/\/egn.com\/se\/events\/egn-inspiration-29-september-litar-ditt-team-pa-dig\/","url":"https:\/\/egn.com\/se\/events\/egn-inspiration-29-september-litar-ditt-team-pa-dig\/","name":"EGN Inspiration | Litar ditt team p\u00e5 dig? | EGN.se","isPartOf":{"@id":"https:\/\/egn.com\/se\/#website"},"primaryImageOfPage":{"@id":"https:\/\/egn.com\/se\/events\/egn-inspiration-29-september-litar-ditt-team-pa-dig\/#primaryimage"},"image":{"@id":"https:\/\/egn.com\/se\/events\/egn-inspiration-29-september-litar-ditt-team-pa-dig\/#primaryimage"},"thumbnailUrl":"https:\/\/egn.com\/se\/wp-content\/uploads\/sites\/6\/2023\/06\/inspiration_homepage_sept.jpg","datePublished":"2023-02-05T13:00:54+00:00","dateModified":"2023-09-29T14:36:53+00:00","breadcrumb":{"@id":"https:\/\/egn.com\/se\/events\/egn-inspiration-29-september-litar-ditt-team-pa-dig\/#breadcrumb"},"inLanguage":"sv-SE","potentialAction":[{"@type":"ReadAction","target":["https:\/\/egn.com\/se\/events\/egn-inspiration-29-september-litar-ditt-team-pa-dig\/"]}]},{"@type":"ImageObject","inLanguage":"sv-SE","@id":"https:\/\/egn.com\/se\/events\/egn-inspiration-29-september-litar-ditt-team-pa-dig\/#primaryimage","url":"https:\/\/egn.com\/se\/wp-content\/uploads\/sites\/6\/2023\/06\/inspiration_homepage_sept.jpg","contentUrl":"https:\/\/egn.com\/se\/wp-content\/uploads\/sites\/6\/2023\/06\/inspiration_homepage_sept.jpg","width":1090,"height":722},{"@type":"BreadcrumbList","@id":"https:\/\/egn.com\/se\/events\/egn-inspiration-29-september-litar-ditt-team-pa-dig\/#breadcrumb","itemListElement":[{"@type":"ListItem","position":1,"name":"Hem","item":"https:\/\/egn.com\/se\/"},{"@type":"ListItem","position":2,"name":"Events","item":"https:\/\/egn.com\/se\/events\/"},{"@type":"ListItem","position":3,"name":"EGN Inspiration &#8211; Litar ditt team &hellip;"}]},{"@type":"WebSite","@id":"https:\/\/egn.com\/se\/#website","url":"https:\/\/egn.com\/se\/","name":"EGN Sverige","description":"Professionella n\u00e4tverk f\u00f6r ledare och specialister","publisher":{"@id":"https:\/\/egn.com\/se\/#organization"},"potentialAction":[{"@type":"SearchAction","target":{"@type":"EntryPoint","urlTemplate":"https:\/\/egn.com\/se\/?s={search_term_string}"},"query-input":{"@type":"PropertyValueSpecification","valueRequired":true,"valueName":"search_term_string"}}],"inLanguage":"sv-SE"},{"@type":"Organization","@id":"https:\/\/egn.com\/se\/#organization","name":"EGN Sverige","alternateName":"EGN","url":"https:\/\/egn.com\/se\/","logo":{"@type":"ImageObject","inLanguage":"sv-SE","@id":"https:\/\/egn.com\/se\/#\/schema\/logo\/image\/","url":"https:\/\/egn.com\/se\/wp-content\/uploads\/sites\/6\/2026\/02\/EGN.png","contentUrl":"https:\/\/egn.com\/se\/wp-content\/uploads\/sites\/6\/2026\/02\/EGN.png","width":2185,"height":699,"caption":"EGN Sverige"},"image":{"@id":"https:\/\/egn.com\/se\/#\/schema\/logo\/image\/"},"sameAs":["https:\/\/www.facebook.com\/egnsverige\/","https:\/\/www.instagram.com\/egnsverige","https:\/\/www.linkedin.com\/company\/executives-global-network"],"description":"EGN Sverige \u00e4r Sveriges st\u00f6rsta kompetensn\u00e4tverk f\u00f6r chefer och ledare som vill utveckla sitt ledarskap. Vi jobbar f\u00f6r att chefer och ledare tillsammans ska utvecklas och hj\u00e4lpa varandra med de utmaningar som man st\u00f6ter p\u00e5 i sin profession.","email":"info@egn.se","telephone":"+468210722","vatID":"556739-7905"}]}},"_links":{"self":[{"href":"https:\/\/egn.com\/se\/wp-json\/wp\/v2\/event\/9546","targetHints":{"allow":["GET"]}}],"collection":[{"href":"https:\/\/egn.com\/se\/wp-json\/wp\/v2\/event"}],"about":[{"href":"https:\/\/egn.com\/se\/wp-json\/wp\/v2\/types\/event"}],"version-history":[{"count":46,"href":"https:\/\/egn.com\/se\/wp-json\/wp\/v2\/event\/9546\/revisions"}],"predecessor-version":[{"id":9967,"href":"https:\/\/egn.com\/se\/wp-json\/wp\/v2\/event\/9546\/revisions\/9967"}],"wp:featuredmedia":[{"embeddable":true,"href":"https:\/\/egn.com\/se\/wp-json\/wp\/v2\/media\/9552"}],"wp:attachment":[{"href":"https:\/\/egn.com\/se\/wp-json\/wp\/v2\/media?parent=9546"}],"wp:term":[{"taxonomy":"event-type","embeddable":true,"href":"https:\/\/egn.com\/se\/wp-json\/wp\/v2\/event-type?post=9546"}],"curies":[{"name":"wp","href":"https:\/\/api.w.org\/{rel}","templated":true}]}}