{"id":9495,"date":"2023-05-31T15:30:39","date_gmt":"2023-05-31T13:30:39","guid":{"rendered":"https:\/\/egn.com\/se\/?page_id=9495"},"modified":"2023-05-31T16:20:28","modified_gmt":"2023-05-31T14:20:28","slug":"onboarding-survey","status":"publish","type":"page","link":"https:\/\/egn.com\/se\/onboarding-survey\/","title":{"rendered":"Onboarding Survey"},"content":{"rendered":"\t\t<div data-elementor-type=\"wp-page\" data-elementor-id=\"9495\" class=\"elementor elementor-9495\">\n\t\t\t\t\t\t<section class=\"elementor-section elementor-top-section elementor-element elementor-element-74c7356 elementor-section-boxed elementor-section-height-default elementor-section-height-default\" data-id=\"74c7356\" data-element_type=\"section\">\n\t\t\t\t\t\t<div class=\"elementor-container elementor-column-gap-default\">\n\t\t\t\t\t<div class=\"elementor-column elementor-col-100 elementor-top-column elementor-element elementor-element-6ea1bdb\" data-id=\"6ea1bdb\" data-element_type=\"column\">\n\t\t\t<div class=\"elementor-widget-wrap elementor-element-populated\">\n\t\t\t\t\t\t<div class=\"elementor-element elementor-element-99b4a90 pp-gravity-form-button-custom pp-gravity-form-pagination-buttons-auto elementor-widget elementor-widget-pp-gravity-forms\" data-id=\"99b4a90\" data-element_type=\"widget\" data-widget_type=\"pp-gravity-forms.default\">\n\t\t\t\t<div class=\"elementor-widget-container\">\n\t\t\t\t\t\t\t\t\t<div class=\"pp-contact-form pp-gravity-form\">\n\t\t\t\t\t\t\t\t\t\t\t\t\t\t<\/div>\n\t\t\t\t\t\t\t\t<\/div>\n\t\t\t\t<\/div>\n\t\t\t\t\t<\/div>\n\t\t<\/div>\n\t\t\t\t\t<\/div>\n\t\t<\/section>\n\t\t\t\t<\/div>\n\t\t","protected":false},"excerpt":{"rendered":"<p>Onboarding Utv\u00e4rderingsformul\u00e4r efter onboarding Ange p\u00e5 skalan nedan hur v\u00e4rdefull du tycker Onboardingen varit f\u00f6r dig idag. (0 \u00e4r inte v\u00e4rdefullt och 10 \u00e4r extremt v\u00e4rdefullt)012345678910Motsvarade Onboardingen dina f\u00f6rv\u00e4ntningar p\u00e5 dagen? (0 \u00e4r inte alls och 10 \u00e4r helt enligt f\u00f6rv\u00e4ntan)012345678910Var det n\u00e5gon del i Onboardingen som dy tycker va extra v\u00e4rdefull och skulle vilja<a href=\"https:\/\/egn.com\/se\/onboarding-survey\/\">Forts\u00e4tt l\u00e4sa <span class=\"sr-only\">&#8221;Onboarding Survey&#8221;<\/span><\/a><\/p>\n","protected":false},"author":36,"featured_media":3873,"parent":0,"menu_order":0,"comment_status":"closed","ping_status":"closed","template":"","meta":{"_acf_changed":false,"footnotes":""},"class_list":["post-9495","page","type-page","status-publish","has-post-thumbnail","hentry"],"acf":[],"yoast_head":"<title>Onboarding Survey | EGN Sverige<\/title>\n<meta name=\"description\" content=\"EGN Sverige skapar f\u00f6ruts\u00e4ttningar f\u00f6r chefer och ledare som tillsammans vill n\u00e5 n\u00e4sta niv\u00e5 i sig sj\u00e4lva och i sin professionella roll.\" \/>\n<meta name=\"robots\" content=\"index, follow, max-snippet:-1, max-image-preview:large, max-video-preview:-1\" \/>\n<link rel=\"canonical\" href=\"https:\/\/egn.com\/se\/onboarding-survey\/\" \/>\n<meta property=\"og:locale\" content=\"sv_SE\" \/>\n<meta property=\"og:type\" content=\"article\" \/>\n<meta property=\"og:title\" content=\"Onboarding Survey\" \/>\n<meta property=\"og:description\" content=\"Onboarding Utv\u00e4rderingsformul\u00e4r efter onboarding Ange p\u00e5 skalan nedan hur v\u00e4rdefull du tycker Onboardingen varit f\u00f6r dig idag. (0 \u00e4r inte v\u00e4rdefullt och\" \/>\n<meta property=\"og:url\" content=\"https:\/\/egn.com\/se\/onboarding-survey\/\" \/>\n<meta property=\"og:site_name\" content=\"EGN Sverige\" \/>\n<meta property=\"article:publisher\" content=\"https:\/\/www.facebook.com\/egnsverige\/\" \/>\n<meta property=\"article:modified_time\" content=\"2023-05-31T14:20:28+00:00\" \/>\n<meta property=\"og:image\" content=\"https:\/\/egn.com\/se\/wp-content\/uploads\/sites\/6\/2021\/10\/landing_2-scaled.jpg\" \/>\n\t<meta property=\"og:image:width\" content=\"3000\" \/>\n\t<meta property=\"og:image:height\" content=\"531\" \/>\n\t<meta property=\"og:image:type\" content=\"image\/jpeg\" \/>\n<meta name=\"twitter:card\" content=\"summary_large_image\" \/>\n<meta name=\"twitter:label1\" content=\"Ber\u00e4knad l\u00e4stid\" \/>\n\t<meta name=\"twitter:data1\" content=\"1 minut\" \/>\n<script type=\"application\/ld+json\" class=\"yoast-schema-graph\">{\"@context\":\"https:\\\/\\\/schema.org\",\"@graph\":[{\"@type\":[\"WebPage\",\"ContactPage\"],\"@id\":\"https:\\\/\\\/egn.com\\\/se\\\/onboarding-survey\\\/\",\"url\":\"https:\\\/\\\/egn.com\\\/se\\\/onboarding-survey\\\/\",\"name\":\"Onboarding Survey | EGN Sverige\",\"isPartOf\":{\"@id\":\"https:\\\/\\\/egn.com\\\/se\\\/#website\"},\"primaryImageOfPage\":{\"@id\":\"https:\\\/\\\/egn.com\\\/se\\\/onboarding-survey\\\/#primaryimage\"},\"image\":{\"@id\":\"https:\\\/\\\/egn.com\\\/se\\\/onboarding-survey\\\/#primaryimage\"},\"thumbnailUrl\":\"https:\\\/\\\/egn.com\\\/se\\\/wp-content\\\/uploads\\\/sites\\\/6\\\/2021\\\/10\\\/landing_2-scaled.jpg\",\"datePublished\":\"2023-05-31T13:30:39+00:00\",\"dateModified\":\"2023-05-31T14:20:28+00:00\",\"description\":\"EGN Sverige skapar f\u00f6ruts\u00e4ttningar f\u00f6r chefer och ledare som tillsammans vill n\u00e5 n\u00e4sta niv\u00e5 i sig sj\u00e4lva och i sin professionella roll.\",\"breadcrumb\":{\"@id\":\"https:\\\/\\\/egn.com\\\/se\\\/onboarding-survey\\\/#breadcrumb\"},\"inLanguage\":\"sv-SE\",\"potentialAction\":[{\"@type\":\"ReadAction\",\"target\":[\"https:\\\/\\\/egn.com\\\/se\\\/onboarding-survey\\\/\"]}]},{\"@type\":\"ImageObject\",\"inLanguage\":\"sv-SE\",\"@id\":\"https:\\\/\\\/egn.com\\\/se\\\/onboarding-survey\\\/#primaryimage\",\"url\":\"https:\\\/\\\/egn.com\\\/se\\\/wp-content\\\/uploads\\\/sites\\\/6\\\/2021\\\/10\\\/landing_2-scaled.jpg\",\"contentUrl\":\"https:\\\/\\\/egn.com\\\/se\\\/wp-content\\\/uploads\\\/sites\\\/6\\\/2021\\\/10\\\/landing_2-scaled.jpg\",\"width\":3000,\"height\":531,\"caption\":\"Svart och bl\u00e5 graphic med EGN-logga.\"},{\"@type\":\"BreadcrumbList\",\"@id\":\"https:\\\/\\\/egn.com\\\/se\\\/onboarding-survey\\\/#breadcrumb\",\"itemListElement\":[{\"@type\":\"ListItem\",\"position\":1,\"name\":\"Hem\",\"item\":\"https:\\\/\\\/egn.com\\\/se\\\/\"},{\"@type\":\"ListItem\",\"position\":2,\"name\":\"Onboarding Survey\"}]},{\"@type\":\"WebSite\",\"@id\":\"https:\\\/\\\/egn.com\\\/se\\\/#website\",\"url\":\"https:\\\/\\\/egn.com\\\/se\\\/\",\"name\":\"EGN Sverige\",\"description\":\"Professionella n\u00e4tverk f\u00f6r ledare och specialister\",\"publisher\":{\"@id\":\"https:\\\/\\\/egn.com\\\/se\\\/#organization\"},\"potentialAction\":[{\"@type\":\"SearchAction\",\"target\":{\"@type\":\"EntryPoint\",\"urlTemplate\":\"https:\\\/\\\/egn.com\\\/se\\\/?s={search_term_string}\"},\"query-input\":{\"@type\":\"PropertyValueSpecification\",\"valueRequired\":true,\"valueName\":\"search_term_string\"}}],\"inLanguage\":\"sv-SE\"},{\"@type\":\"Organization\",\"@id\":\"https:\\\/\\\/egn.com\\\/se\\\/#organization\",\"name\":\"EGN Sverige\",\"alternateName\":\"EGN\",\"url\":\"https:\\\/\\\/egn.com\\\/se\\\/\",\"logo\":{\"@type\":\"ImageObject\",\"inLanguage\":\"sv-SE\",\"@id\":\"https:\\\/\\\/egn.com\\\/se\\\/#\\\/schema\\\/logo\\\/image\\\/\",\"url\":\"https:\\\/\\\/egn.com\\\/se\\\/wp-content\\\/uploads\\\/sites\\\/6\\\/2026\\\/02\\\/EGN.png\",\"contentUrl\":\"https:\\\/\\\/egn.com\\\/se\\\/wp-content\\\/uploads\\\/sites\\\/6\\\/2026\\\/02\\\/EGN.png\",\"width\":2185,\"height\":699,\"caption\":\"EGN Sverige\"},\"image\":{\"@id\":\"https:\\\/\\\/egn.com\\\/se\\\/#\\\/schema\\\/logo\\\/image\\\/\"},\"sameAs\":[\"https:\\\/\\\/www.facebook.com\\\/egnsverige\\\/\",\"https:\\\/\\\/www.instagram.com\\\/egnsverige\",\"https:\\\/\\\/www.linkedin.com\\\/company\\\/executives-global-network\"],\"description\":\"EGN Sverige \u00e4r Sveriges st\u00f6rsta kompetensn\u00e4tverk f\u00f6r chefer och ledare som vill utveckla sitt ledarskap. Vi jobbar f\u00f6r att chefer och ledare tillsammans ska utvecklas och hj\u00e4lpa varandra med de utmaningar som man st\u00f6ter p\u00e5 i sin profession.\",\"email\":\"info@egn.se\",\"telephone\":\"+468210722\",\"vatID\":\"556739-7905\"}]}<\/script>","yoast_head_json":{"title":"Onboarding Survey | EGN Sverige","description":"EGN Sverige skapar f\u00f6ruts\u00e4ttningar f\u00f6r chefer och ledare som tillsammans vill n\u00e5 n\u00e4sta niv\u00e5 i sig sj\u00e4lva och i sin professionella roll.","robots":{"index":"index","follow":"follow","max-snippet":"max-snippet:-1","max-image-preview":"max-image-preview:large","max-video-preview":"max-video-preview:-1"},"canonical":"https:\/\/egn.com\/se\/onboarding-survey\/","og_locale":"sv_SE","og_type":"article","og_title":"Onboarding Survey","og_description":"Onboarding Utv\u00e4rderingsformul\u00e4r efter onboarding Ange p\u00e5 skalan nedan hur v\u00e4rdefull du tycker Onboardingen varit f\u00f6r dig idag. (0 \u00e4r inte v\u00e4rdefullt och","og_url":"https:\/\/egn.com\/se\/onboarding-survey\/","og_site_name":"EGN Sverige","article_publisher":"https:\/\/www.facebook.com\/egnsverige\/","article_modified_time":"2023-05-31T14:20:28+00:00","og_image":[{"width":3000,"height":531,"url":"https:\/\/egn.com\/se\/wp-content\/uploads\/sites\/6\/2021\/10\/landing_2-scaled.jpg","type":"image\/jpeg"}],"twitter_card":"summary_large_image","twitter_misc":{"Ber\u00e4knad l\u00e4stid":"1 minut"},"schema":{"@context":"https:\/\/schema.org","@graph":[{"@type":["WebPage","ContactPage"],"@id":"https:\/\/egn.com\/se\/onboarding-survey\/","url":"https:\/\/egn.com\/se\/onboarding-survey\/","name":"Onboarding Survey | EGN Sverige","isPartOf":{"@id":"https:\/\/egn.com\/se\/#website"},"primaryImageOfPage":{"@id":"https:\/\/egn.com\/se\/onboarding-survey\/#primaryimage"},"image":{"@id":"https:\/\/egn.com\/se\/onboarding-survey\/#primaryimage"},"thumbnailUrl":"https:\/\/egn.com\/se\/wp-content\/uploads\/sites\/6\/2021\/10\/landing_2-scaled.jpg","datePublished":"2023-05-31T13:30:39+00:00","dateModified":"2023-05-31T14:20:28+00:00","description":"EGN Sverige skapar f\u00f6ruts\u00e4ttningar f\u00f6r chefer och ledare som tillsammans vill n\u00e5 n\u00e4sta niv\u00e5 i sig sj\u00e4lva och i sin professionella roll.","breadcrumb":{"@id":"https:\/\/egn.com\/se\/onboarding-survey\/#breadcrumb"},"inLanguage":"sv-SE","potentialAction":[{"@type":"ReadAction","target":["https:\/\/egn.com\/se\/onboarding-survey\/"]}]},{"@type":"ImageObject","inLanguage":"sv-SE","@id":"https:\/\/egn.com\/se\/onboarding-survey\/#primaryimage","url":"https:\/\/egn.com\/se\/wp-content\/uploads\/sites\/6\/2021\/10\/landing_2-scaled.jpg","contentUrl":"https:\/\/egn.com\/se\/wp-content\/uploads\/sites\/6\/2021\/10\/landing_2-scaled.jpg","width":3000,"height":531,"caption":"Svart och bl\u00e5 graphic med EGN-logga."},{"@type":"BreadcrumbList","@id":"https:\/\/egn.com\/se\/onboarding-survey\/#breadcrumb","itemListElement":[{"@type":"ListItem","position":1,"name":"Hem","item":"https:\/\/egn.com\/se\/"},{"@type":"ListItem","position":2,"name":"Onboarding Survey"}]},{"@type":"WebSite","@id":"https:\/\/egn.com\/se\/#website","url":"https:\/\/egn.com\/se\/","name":"EGN Sverige","description":"Professionella n\u00e4tverk f\u00f6r ledare och specialister","publisher":{"@id":"https:\/\/egn.com\/se\/#organization"},"potentialAction":[{"@type":"SearchAction","target":{"@type":"EntryPoint","urlTemplate":"https:\/\/egn.com\/se\/?s={search_term_string}"},"query-input":{"@type":"PropertyValueSpecification","valueRequired":true,"valueName":"search_term_string"}}],"inLanguage":"sv-SE"},{"@type":"Organization","@id":"https:\/\/egn.com\/se\/#organization","name":"EGN Sverige","alternateName":"EGN","url":"https:\/\/egn.com\/se\/","logo":{"@type":"ImageObject","inLanguage":"sv-SE","@id":"https:\/\/egn.com\/se\/#\/schema\/logo\/image\/","url":"https:\/\/egn.com\/se\/wp-content\/uploads\/sites\/6\/2026\/02\/EGN.png","contentUrl":"https:\/\/egn.com\/se\/wp-content\/uploads\/sites\/6\/2026\/02\/EGN.png","width":2185,"height":699,"caption":"EGN Sverige"},"image":{"@id":"https:\/\/egn.com\/se\/#\/schema\/logo\/image\/"},"sameAs":["https:\/\/www.facebook.com\/egnsverige\/","https:\/\/www.instagram.com\/egnsverige","https:\/\/www.linkedin.com\/company\/executives-global-network"],"description":"EGN Sverige \u00e4r Sveriges st\u00f6rsta kompetensn\u00e4tverk f\u00f6r chefer och ledare som vill utveckla sitt ledarskap. Vi jobbar f\u00f6r att chefer och ledare tillsammans ska utvecklas och hj\u00e4lpa varandra med de utmaningar som man st\u00f6ter p\u00e5 i sin profession.","email":"info@egn.se","telephone":"+468210722","vatID":"556739-7905"}]}},"_links":{"self":[{"href":"https:\/\/egn.com\/se\/wp-json\/wp\/v2\/pages\/9495","targetHints":{"allow":["GET"]}}],"collection":[{"href":"https:\/\/egn.com\/se\/wp-json\/wp\/v2\/pages"}],"about":[{"href":"https:\/\/egn.com\/se\/wp-json\/wp\/v2\/types\/page"}],"author":[{"embeddable":true,"href":"https:\/\/egn.com\/se\/wp-json\/wp\/v2\/users\/36"}],"replies":[{"embeddable":true,"href":"https:\/\/egn.com\/se\/wp-json\/wp\/v2\/comments?post=9495"}],"version-history":[{"count":4,"href":"https:\/\/egn.com\/se\/wp-json\/wp\/v2\/pages\/9495\/revisions"}],"predecessor-version":[{"id":9499,"href":"https:\/\/egn.com\/se\/wp-json\/wp\/v2\/pages\/9495\/revisions\/9499"}],"wp:featuredmedia":[{"embeddable":true,"href":"https:\/\/egn.com\/se\/wp-json\/wp\/v2\/media\/3873"}],"wp:attachment":[{"href":"https:\/\/egn.com\/se\/wp-json\/wp\/v2\/media?parent=9495"}],"curies":[{"name":"wp","href":"https:\/\/api.w.org\/{rel}","templated":true}]}}