{"id":129,"date":"2020-06-15T17:56:59","date_gmt":"2020-06-15T15:56:59","guid":{"rendered":"https:\/\/egn.com\/se\/?post_type=policies&#038;p=129"},"modified":"2021-12-23T09:47:35","modified_gmt":"2021-12-23T07:47:35","slug":"swedish-privacy-policy","status":"publish","type":"policies","link":"https:\/\/egn.com\/se\/policies\/swedish-privacy-policy\/","title":{"rendered":"N\u00e4tverksmedlemmar"},"content":{"rendered":"<p><strong>Data controller \/ Personuppgiftsansvarig<\/strong><\/p>\n<p>Executives Global Network, Sverige AB<br \/>\nTelefonv\u00e4gen 30<br \/>\n126 26\u00a0 H\u00e4gersten<\/p>\n<p>Org.nr. 556739-7905<\/p>\n<p>Telefon: 08-21 07 22<\/p>\n<p>&nbsp;<\/p>\n<p><strong>Varf\u00f6r behandlar vi dina data?<\/strong><\/p>\n<p>Vi behandlar personliga data om alla som \u00e4r en del av EGN:s n\u00e4tverksgrupper eller andra n\u00e4tverksrelaterade aktiviteter. Det \u00e4r n\u00f6dv\u00e4ndigt f\u00f6r oss att behandla personliga data f\u00f6r att kunna anordna n\u00e4tverksm\u00f6ten, aktiviteter, etc.<\/p>\n<p>&nbsp;<\/p>\n<p><strong>F\u00e5r vi behandla dina data? <\/strong><\/p>\n<p>Vi f\u00e5r behandla dina data f\u00f6r att det \u00e4r en f\u00f6ruts\u00e4ttning f\u00f6r att vi ska kunna uppr\u00e4ttah\u00e5lla v\u00e5r del av avtalet (kontraktet) vi har tr\u00e4ffat med dig (Artikel 6, undersektion 1, \u00a7b i EU:s General Data Protection Regulation (GDPR)).<\/p>\n<p>&nbsp;<\/p>\n<p><strong>Kategorier av personliga data<\/strong><\/p>\n<p>Vi behandlar f\u00f6ljande kategorier av dina personliga data:<\/p>\n<ul>\n<li>Vi behandlar bara generella personliga data (s.k. Artikel 6-data), som namn, kontaktuppgifter, titel, arbetsplats, etc.<\/li>\n<\/ul>\n<p>&nbsp;<\/p>\n<p><strong>Mottagare av data eller kategorier av s\u00e5dana<\/strong><\/p>\n<p>Vi delar eller ger dina personliga data till f\u00f6ljande mottagare:<\/p>\n<ul>\n<li>Vi ger personliga data till externa n\u00e4tverksledare.<\/li>\n<\/ul>\n<p>&nbsp;<\/p>\n<p><strong>\u00d6verf\u00f6ring av data till andra l\u00e4nder, inklusive internationella organisationer <\/strong><\/p>\n<p>Vi \u00f6verf\u00f6r inte personliga data till andra l\u00e4nder utanf\u00f6r EU\/EES.<\/p>\n<p>&nbsp;<\/p>\n<p><strong>Hur samlar vi in dina personliga data? <\/strong><\/p>\n<p>Den personliga data vi har samlat in om dig har du antingen gett oss sj\u00e4lv i samband med att du blivit medlem, eller s\u00e5 har vi f\u00e5tt den fr\u00e5n \u00f6ppna k\u00e4llor, t.ex. LinkedIn.<\/p>\n<p>&nbsp;<\/p>\n<p><strong>Lagring av personliga data<\/strong><\/p>\n<p>Vi lagrar dina personliga data s\u00e5 l\u00e4nge det \u00e4r relevant i relation till dina aktiviteter inom n\u00e4tverket. Om du l\u00e4mnar n\u00e4tverket raderar vi dina data efter tv\u00e5 \u00e5r. Ett undantag fr\u00e5n detta \u00e4r information som anv\u00e4nds f\u00f6r ekonomisk redovisning, som vi beh\u00e5ller i sju \u00e5r i enlighet med r\u00e5dande lagstiftning.<\/p>\n<p>&nbsp;<\/p>\n<p><strong>Automatiserat beslutstagande, inklusive profilering<\/strong><\/p>\n<p>Vi anv\u00e4nder oss inte av automatiserat beslutsfattande, inklusive profilering.<\/p>\n<p>&nbsp;<\/p>\n<h2 id=\"dina-rattigheter\">Dina r\u00e4ttigheter<\/h2>\n<p>Enligt EU:s General Data Protection Regulation (GDPR), har du en rad r\u00e4ttigheter g\u00e4llande v\u00e5r behandling av dina personliga data. Du \u00e4r v\u00e4lkommen att kontakta oss om du vill ut\u00f6va dessa r\u00e4ttigheter.<\/p>\n<p>&nbsp;<\/p>\n<p><strong>R\u00e4tten till information<\/strong><\/p>\n<p>Du har r\u00e4tt att f\u00e5 tillg\u00e5ng till dina personliga data som vi behandlar. P\u00e5 EGN:s Members\u2019 Universe kan du se den mesta data vi har om dig.<\/p>\n<p>&nbsp;<\/p>\n<p><strong>R\u00e4tten till r\u00e4ttelse<\/strong><\/p>\n<p>Du har r\u00e4tt att f\u00e5 inkorrekta data om dig korrigerad. Kontakta oss om du vill det.<\/p>\n<p>&nbsp;<\/p>\n<p><strong>R\u00e4tten till radering<\/strong><\/p>\n<p>Under vissa omst\u00e4ndigheter har du r\u00e4tt att f\u00e5 dina data raderade tidigare \u00e4n v\u00e5r normala tidsperiod f\u00f6r radering.<\/p>\n<p>Kontakta oss om du vill det.<\/p>\n<p>OBS att det inte \u00e4r m\u00f6jligt f\u00f6r oss att radera dina personliga data om du fortfarande vill anv\u00e4nda dig av EGN:s n\u00e4tverkstj\u00e4nster.<\/p>\n<p>Vi kommer inte radera dina data direkt om det st\u00e5r i mots\u00e4ttning till relevant lagstiftning.<\/p>\n<p>&nbsp;<\/p>\n<p><strong>R\u00e4tten till begr\u00e4nsning av behandling<\/strong><\/p>\n<p>Under vissa omst\u00e4ndigheter kan du beg\u00e4ra en begr\u00e4nsning av v\u00e5ra behandling av dina personliga data. Om du beg\u00e4r en s\u00e5dan begr\u00e4nsning, till\u00e5ts vi i framtiden endast behandla din information \u2013 ut\u00f6ver att lagra den \u2013 med ditt medgivande eller i syfte att handla i juridisk kapacitet, beskydda en person eller ett viktigt samh\u00e4lleligt intresse.<\/p>\n<p>&nbsp;<\/p>\n<p><strong>R\u00e4tten att g\u00f6ra inv\u00e4ndningar<\/strong><\/p>\n<p>Under vissa omst\u00e4ndigheter har du r\u00e4tt att inv\u00e4nda g\u00e4llande v\u00e5r lagliga behandling av dina personliga data. Du har ocks\u00e5 r\u00e4tt att inv\u00e4nda mot att din data anv\u00e4nds i reklam-\/marknadsf\u00f6ringssyfte.<\/p>\n<p>&nbsp;<\/p>\n<p><strong>Dataportabilitet<\/strong><\/p>\n<p>Under vissa omst\u00e4ndigheter har du r\u00e4tt att f\u00e5 ut dina personliga data i ett strukturerat och maskinl\u00e4sligt format, och att f\u00e5 denna data \u00f6verf\u00f6rd fr\u00e5n en data controller till en annan utan f\u00f6rdr\u00f6jning eller hinder.<\/p>\n<p>&nbsp;<\/p>\n<p>Du kan l\u00e4sa mer om dina r\u00e4ttigheter i Datainspektionens riktlinjer g\u00e4llande individers r\u00e4tt till sina data, som finns p\u00e5 <a href=\"https:\/\/www.datainspektionen.se\/dataskyddsreformen\/dataskyddsforordningen\/de-registrerades-rattigheter\/\">h\u00e4r<\/a>.<\/p>\n<p>&nbsp;<\/p>\n<p>Du har r\u00e4tt att skicka klagom\u00e5l till Datainspektionen om du \u00e4r missn\u00f6jd med s\u00e4ttet vi behandlar din personliga information. G\u00e5 till <a href=\"http:\/\/www.datainspektionen.se\/\">www.datainspektionen.se<\/a> f\u00f6r kontaktuppgifter.<\/p>\n<p>&nbsp;<\/p>\n<p><b>Integritetspolicy p\u00e5 engelska<br \/>\n<\/b><br \/>\nHitta EGN Groups integritetspolicy p\u00e5 engelska h\u00e4r:<br \/>\n<a href=\"https:\/\/egn.com\/privacy-policy\/\" target=\"_blank\" rel=\"noopener\">Data Protection and Privacy Policy<\/a><\/p>\n","protected":false},"template":"","class_list":["post-129","policies","type-policies","status-publish","hentry"],"acf":[],"yoast_head":"<title>N\u00e4tverksmedlemmar | EGN Sverige<\/title>\n<meta name=\"description\" content=\"EGN Sverige s\u00e4tter integritet h\u00f6gt upp p\u00e5 listan. Genom policy s\u00e5 blir du guidad i hur vi hanterar personuppgifter med mera.\" \/>\n<meta name=\"robots\" content=\"index, follow, max-snippet:-1, max-image-preview:large, max-video-preview:-1\" \/>\n<link rel=\"canonical\" href=\"https:\/\/egn.com\/se\/policies\/swedish-privacy-policy\/\" \/>\n<meta property=\"og:locale\" content=\"sv_SE\" \/>\n<meta property=\"og:type\" content=\"article\" \/>\n<meta property=\"og:title\" content=\"N\u00e4tverksmedlemmar\" \/>\n<meta property=\"og:description\" content=\"Data controller \/ Personuppgiftsansvarig Executives Global Network, Sverige AB Telefonv\u00e4gen 30 126 26\u00a0 H\u00e4gersten Org.nr. 556739-7905 Telefon: 08-21 07\" \/>\n<meta property=\"og:url\" content=\"https:\/\/egn.com\/se\/policies\/swedish-privacy-policy\/\" \/>\n<meta property=\"og:site_name\" content=\"EGN Sverige\" \/>\n<meta property=\"article:publisher\" content=\"https:\/\/www.facebook.com\/egnsverige\/\" \/>\n<meta property=\"article:modified_time\" content=\"2021-12-23T07:47:35+00:00\" \/>\n<meta name=\"twitter:card\" content=\"summary_large_image\" \/>\n<meta name=\"twitter:label1\" content=\"Ber\u00e4knad l\u00e4stid\" \/>\n\t<meta name=\"twitter:data1\" content=\"3 minuter\" \/>\n<script type=\"application\/ld+json\" class=\"yoast-schema-graph\">{\"@context\":\"https:\\\/\\\/schema.org\",\"@graph\":[{\"@type\":\"WebPage\",\"@id\":\"https:\\\/\\\/egn.com\\\/se\\\/policies\\\/swedish-privacy-policy\\\/\",\"url\":\"https:\\\/\\\/egn.com\\\/se\\\/policies\\\/swedish-privacy-policy\\\/\",\"name\":\"N\u00e4tverksmedlemmar | EGN Sverige\",\"isPartOf\":{\"@id\":\"https:\\\/\\\/egn.com\\\/se\\\/#website\"},\"datePublished\":\"2020-06-15T15:56:59+00:00\",\"dateModified\":\"2021-12-23T07:47:35+00:00\",\"description\":\"EGN Sverige s\u00e4tter integritet h\u00f6gt upp p\u00e5 listan. Genom policy s\u00e5 blir du guidad i hur vi hanterar personuppgifter med mera.\",\"breadcrumb\":{\"@id\":\"https:\\\/\\\/egn.com\\\/se\\\/policies\\\/swedish-privacy-policy\\\/#breadcrumb\"},\"inLanguage\":\"sv-SE\",\"potentialAction\":[{\"@type\":\"ReadAction\",\"target\":[\"https:\\\/\\\/egn.com\\\/se\\\/policies\\\/swedish-privacy-policy\\\/\"]}]},{\"@type\":\"BreadcrumbList\",\"@id\":\"https:\\\/\\\/egn.com\\\/se\\\/policies\\\/swedish-privacy-policy\\\/#breadcrumb\",\"itemListElement\":[{\"@type\":\"ListItem\",\"position\":1,\"name\":\"Hem\",\"item\":\"https:\\\/\\\/egn.com\\\/se\\\/\"},{\"@type\":\"ListItem\",\"position\":2,\"name\":\"Policies\",\"item\":\"https:\\\/\\\/egn.com\\\/se\\\/policies\\\/\"},{\"@type\":\"ListItem\",\"position\":3,\"name\":\"N\u00e4tverksmedlemmar\"}]},{\"@type\":\"WebSite\",\"@id\":\"https:\\\/\\\/egn.com\\\/se\\\/#website\",\"url\":\"https:\\\/\\\/egn.com\\\/se\\\/\",\"name\":\"EGN Sverige\",\"description\":\"Professionella n\u00e4tverk f\u00f6r ledare och specialister\",\"publisher\":{\"@id\":\"https:\\\/\\\/egn.com\\\/se\\\/#organization\"},\"potentialAction\":[{\"@type\":\"SearchAction\",\"target\":{\"@type\":\"EntryPoint\",\"urlTemplate\":\"https:\\\/\\\/egn.com\\\/se\\\/?s={search_term_string}\"},\"query-input\":{\"@type\":\"PropertyValueSpecification\",\"valueRequired\":true,\"valueName\":\"search_term_string\"}}],\"inLanguage\":\"sv-SE\"},{\"@type\":\"Organization\",\"@id\":\"https:\\\/\\\/egn.com\\\/se\\\/#organization\",\"name\":\"EGN Sverige\",\"alternateName\":\"EGN\",\"url\":\"https:\\\/\\\/egn.com\\\/se\\\/\",\"logo\":{\"@type\":\"ImageObject\",\"inLanguage\":\"sv-SE\",\"@id\":\"https:\\\/\\\/egn.com\\\/se\\\/#\\\/schema\\\/logo\\\/image\\\/\",\"url\":\"https:\\\/\\\/egn.com\\\/se\\\/wp-content\\\/uploads\\\/sites\\\/6\\\/2026\\\/02\\\/EGN.png\",\"contentUrl\":\"https:\\\/\\\/egn.com\\\/se\\\/wp-content\\\/uploads\\\/sites\\\/6\\\/2026\\\/02\\\/EGN.png\",\"width\":2185,\"height\":699,\"caption\":\"EGN Sverige\"},\"image\":{\"@id\":\"https:\\\/\\\/egn.com\\\/se\\\/#\\\/schema\\\/logo\\\/image\\\/\"},\"sameAs\":[\"https:\\\/\\\/www.facebook.com\\\/egnsverige\\\/\",\"https:\\\/\\\/www.instagram.com\\\/egnsverige\",\"https:\\\/\\\/www.linkedin.com\\\/company\\\/executives-global-network\"],\"description\":\"EGN Sverige \u00e4r Sveriges st\u00f6rsta kompetensn\u00e4tverk f\u00f6r chefer och ledare som vill utveckla sitt ledarskap. Vi jobbar f\u00f6r att chefer och ledare tillsammans ska utvecklas och hj\u00e4lpa varandra med de utmaningar som man st\u00f6ter p\u00e5 i sin profession.\",\"email\":\"info@egn.se\",\"telephone\":\"+468210722\",\"vatID\":\"556739-7905\"}]}<\/script>","yoast_head_json":{"title":"N\u00e4tverksmedlemmar | EGN Sverige","description":"EGN Sverige s\u00e4tter integritet h\u00f6gt upp p\u00e5 listan. Genom policy s\u00e5 blir du guidad i hur vi hanterar personuppgifter med mera.","robots":{"index":"index","follow":"follow","max-snippet":"max-snippet:-1","max-image-preview":"max-image-preview:large","max-video-preview":"max-video-preview:-1"},"canonical":"https:\/\/egn.com\/se\/policies\/swedish-privacy-policy\/","og_locale":"sv_SE","og_type":"article","og_title":"N\u00e4tverksmedlemmar","og_description":"Data controller \/ Personuppgiftsansvarig Executives Global Network, Sverige AB Telefonv\u00e4gen 30 126 26\u00a0 H\u00e4gersten Org.nr. 556739-7905 Telefon: 08-21 07","og_url":"https:\/\/egn.com\/se\/policies\/swedish-privacy-policy\/","og_site_name":"EGN Sverige","article_publisher":"https:\/\/www.facebook.com\/egnsverige\/","article_modified_time":"2021-12-23T07:47:35+00:00","twitter_card":"summary_large_image","twitter_misc":{"Ber\u00e4knad l\u00e4stid":"3 minuter"},"schema":{"@context":"https:\/\/schema.org","@graph":[{"@type":"WebPage","@id":"https:\/\/egn.com\/se\/policies\/swedish-privacy-policy\/","url":"https:\/\/egn.com\/se\/policies\/swedish-privacy-policy\/","name":"N\u00e4tverksmedlemmar | EGN Sverige","isPartOf":{"@id":"https:\/\/egn.com\/se\/#website"},"datePublished":"2020-06-15T15:56:59+00:00","dateModified":"2021-12-23T07:47:35+00:00","description":"EGN Sverige s\u00e4tter integritet h\u00f6gt upp p\u00e5 listan. Genom policy s\u00e5 blir du guidad i hur vi hanterar personuppgifter med mera.","breadcrumb":{"@id":"https:\/\/egn.com\/se\/policies\/swedish-privacy-policy\/#breadcrumb"},"inLanguage":"sv-SE","potentialAction":[{"@type":"ReadAction","target":["https:\/\/egn.com\/se\/policies\/swedish-privacy-policy\/"]}]},{"@type":"BreadcrumbList","@id":"https:\/\/egn.com\/se\/policies\/swedish-privacy-policy\/#breadcrumb","itemListElement":[{"@type":"ListItem","position":1,"name":"Hem","item":"https:\/\/egn.com\/se\/"},{"@type":"ListItem","position":2,"name":"Policies","item":"https:\/\/egn.com\/se\/policies\/"},{"@type":"ListItem","position":3,"name":"N\u00e4tverksmedlemmar"}]},{"@type":"WebSite","@id":"https:\/\/egn.com\/se\/#website","url":"https:\/\/egn.com\/se\/","name":"EGN Sverige","description":"Professionella n\u00e4tverk f\u00f6r ledare och specialister","publisher":{"@id":"https:\/\/egn.com\/se\/#organization"},"potentialAction":[{"@type":"SearchAction","target":{"@type":"EntryPoint","urlTemplate":"https:\/\/egn.com\/se\/?s={search_term_string}"},"query-input":{"@type":"PropertyValueSpecification","valueRequired":true,"valueName":"search_term_string"}}],"inLanguage":"sv-SE"},{"@type":"Organization","@id":"https:\/\/egn.com\/se\/#organization","name":"EGN Sverige","alternateName":"EGN","url":"https:\/\/egn.com\/se\/","logo":{"@type":"ImageObject","inLanguage":"sv-SE","@id":"https:\/\/egn.com\/se\/#\/schema\/logo\/image\/","url":"https:\/\/egn.com\/se\/wp-content\/uploads\/sites\/6\/2026\/02\/EGN.png","contentUrl":"https:\/\/egn.com\/se\/wp-content\/uploads\/sites\/6\/2026\/02\/EGN.png","width":2185,"height":699,"caption":"EGN Sverige"},"image":{"@id":"https:\/\/egn.com\/se\/#\/schema\/logo\/image\/"},"sameAs":["https:\/\/www.facebook.com\/egnsverige\/","https:\/\/www.instagram.com\/egnsverige","https:\/\/www.linkedin.com\/company\/executives-global-network"],"description":"EGN Sverige \u00e4r Sveriges st\u00f6rsta kompetensn\u00e4tverk f\u00f6r chefer och ledare som vill utveckla sitt ledarskap. Vi jobbar f\u00f6r att chefer och ledare tillsammans ska utvecklas och hj\u00e4lpa varandra med de utmaningar som man st\u00f6ter p\u00e5 i sin profession.","email":"info@egn.se","telephone":"+468210722","vatID":"556739-7905"}]}},"_links":{"self":[{"href":"https:\/\/egn.com\/se\/wp-json\/wp\/v2\/policies\/129","targetHints":{"allow":["GET"]}}],"collection":[{"href":"https:\/\/egn.com\/se\/wp-json\/wp\/v2\/policies"}],"about":[{"href":"https:\/\/egn.com\/se\/wp-json\/wp\/v2\/types\/policies"}],"version-history":[{"count":0,"href":"https:\/\/egn.com\/se\/wp-json\/wp\/v2\/policies\/129\/revisions"}],"wp:attachment":[{"href":"https:\/\/egn.com\/se\/wp-json\/wp\/v2\/media?parent=129"}],"curies":[{"name":"wp","href":"https:\/\/api.w.org\/{rel}","templated":true}]}}